{"id":16210,"date":"2026-04-27T04:46:09","date_gmt":"2026-04-27T04:46:09","guid":{"rendered":"https:\/\/homeproject.fr\/fr\/?post_type=product&#038;p=16210"},"modified":"2026-04-27T04:56:22","modified_gmt":"2026-04-27T04:56:22","slug":"table-basse-au-design-sculptural-effet-travertin-st-jean-cap-ferrat-l-130-cm","status":"publish","type":"product","link":"https:\/\/homeproject.fr\/fr\/produit\/table-basse-au-design-sculptural-effet-travertin-st-jean-cap-ferrat-l-130-cm\/","title":{"rendered":"Table basse au design sculptural effet travertin ST JEAN CAP FERRAT L 130 cm"},"content":{"rendered":"<div class=\"flex-1 overflow-hidden @container\/thread\">\n<div class=\"h-full\">\n<div class=\"react-scroll-to-bottom--css-avwfw-79elbk h-full\">\n<div class=\"react-scroll-to-bottom--css-avwfw-1n7m0yu\">\n<div class=\"flex flex-col text-sm md:pb-9\">\n<article class=\"w-full scroll-mb-[var(--thread-trailing-height,150px)] text-token-text-primary focus-visible:outline-2 focus-visible:outline-offset-[-4px]\" dir=\"auto\" data-testid=\"conversation-turn-13\" data-scroll-anchor=\"true\">\n<div class=\"m-auto text-base py-[18px] px-3 md:px-4 w-full md:px-5 lg:px-4 xl:px-5\">\n<div class=\"mx-auto flex flex-1 gap-4 text-base md:gap-5 lg:gap-6 md:max-w-3xl lg:max-w-[40rem] xl:max-w-[48rem]\">\n<div class=\"group\/conversation-turn relative flex w-full min-w-0 flex-col agent-turn\">\n<div class=\"flex-col gap-1 md:gap-3\">\n<div class=\"flex max-w-full flex-col flex-grow\">\n<div class=\"min-h-8 text-message flex w-full flex-col items-end gap-2 whitespace-normal break-words text-start [.text-message+&amp;]:mt-5\" dir=\"auto\" data-message-author-role=\"assistant\" data-message-id=\"dc5cab26-9697-46d2-b6fe-c8745ded277b\" data-message-model-slug=\"gpt-4o\">\n<div class=\"flex w-full flex-col gap-1 empty:hidden first:pt-[3px]\">\n<div class=\"markdown prose w-full break-words dark:prose-invert light\">\n<h2>Une table basse design pour sublimer votre salon<\/h2>\n<p><span class=\"s1\">Reposant sur trois pieds cylindriques stri\u00e9s au style sculptural, la table St Jean Cap Ferrat joue sur les volumes et les reliefs, cr\u00e9ant une esth\u00e9tique \u00e0 la fois minimaliste et chaleureuse. Son design \u00e9quilibr\u00e9 s\u2019int\u00e8gre parfaitement dans un int\u00e9rieur contemporain, m\u00e9diterran\u00e9en ou japandi.<\/span><\/p>\n<p class=\"p1\"><span class=\"s1\">Pens\u00e9e comme une pi\u00e8ce centrale, la table basse St Jean Cap Ferrat structure l\u2019espace avec \u00e9l\u00e9gance. Sa surface g\u00e9n\u00e9reuse permet d\u2019accueillir livres, objets d\u00e9coratifs ou accessoires du quotidien, tout en conservant une allure \u00e9pur\u00e9e.<\/span><\/p>\n<p class=\"p1\"><span class=\"s1\">Parfaite dans un salon aux tons neutres, elle s\u2019associe id\u00e9alement \u00e0 des mati\u00e8res naturelles comme le lin, le bois clair ou la c\u00e9ramique, pour cr\u00e9er une ambiance douce et intemporelle.<\/span><\/p>\n<h3 class=\"p1\"><span class=\"s2\">Caract\u00e9ristiques techniques<\/span><\/h3>\n<ul class=\"ul1\">\n<li class=\"li1\"><span class=\"s2\">Nom du mod\u00e8le :<\/span><span class=\"s1\"> St Jean Cap Ferrat<\/span><\/li>\n<li class=\"li1\"><span class=\"s2\">Type :<\/span><span class=\"s1\"> Table basse design<\/span><\/li>\n<li class=\"li1\"><span class=\"s2\">Dimensions :<\/span><span class=\"s1\"> 130 x 70 x H45 cm<\/span><\/li>\n<li class=\"li1\"><span class=\"s2\">Poids :<\/span><span class=\"s1\"> 59 kg<\/span><\/li>\n<li class=\"li1\"><span class=\"s2\">Mat\u00e9riaux :<\/span><span class=\"s1\"> Granit et MDF<\/span><\/li>\n<li class=\"li1\"><span class=\"s2\">Finition :<\/span><span class=\"s1\"> Aspect marbre beige<\/span><\/li>\n<li class=\"li1\"><span class=\"s2\">Structure :<\/span><span class=\"s1\"> Plateau organique + pieds cylindriques stri\u00e9s<\/span><\/li>\n<li class=\"li1\"><span class=\"s2\">Style :<\/span><span class=\"s1\"> Contemporain \/ minimaliste<\/span><\/li>\n<li class=\"li1\"><span class=\"s2\">Utilisation :<\/span><span class=\"s1\"> Int\u00e9rieur<\/span><\/li>\n<\/ul>\n<h3 class=\"p1\"><span class=\"s2\">Pourquoi choisir la table basse St Jean Cap Ferrat ?<\/span><\/h3>\n<ul class=\"ul1\">\n<li class=\"li1\"><span class=\"s1\">Design sculptural inspir\u00e9 de la pierre naturelle<\/span><\/li>\n<li class=\"li1\"><span class=\"s1\">Finition effet marbre \u00e9l\u00e9gante et intemporelle<\/span><\/li>\n<li class=\"li1\"><span class=\"s1\">Structure robuste et durable<\/span><\/li>\n<li class=\"li1\"><span class=\"s1\">Id\u00e9ale pour un int\u00e9rieur contemporain haut de gamme<\/span><\/li>\n<li class=\"li1\"><span class=\"s1\">Pi\u00e8ce forte au rendu architectural<\/span><\/li>\n<\/ul>\n<h3 class=\"p1\"><span class=\"s2\">Conseils d\u00e9co<\/span><\/h3>\n<p class=\"p1\"><span class=\"s1\">Associez la table basse St Jean Cap Ferrat \u00e0 un canap\u00e9 aux formes arrondies, un tapis textur\u00e9 ton sur ton et quelques objets en c\u00e9ramique pour renforcer son esth\u00e9tique min\u00e9rale et cr\u00e9er un espace harmonieux et apaisant.<\/span><\/p>\n<h3><strong style=\"font-family: inherit; font-size: 30px;\">Vous avez des questions ?<\/strong><\/h3>\n<\/div>\n<\/div>\n<\/div>\n<\/div>\n<\/div>\n<\/div>\n<\/div>\n<\/div>\n<\/article>\n<\/div>\n<\/div>\n<\/div>\n<\/div>\n<\/div>\n<style id=\"wpforms-css-vars-3675\">\n\t\t\t\t#wpforms-3675 {\n\t\t\t\t\n\t\t\t}\n\t\t\t<\/style><div class=\"wpforms-container wpforms-container-full wpforms-render-modern\" id=\"wpforms-3675\"><form id=\"wpforms-form-3675\" class=\"wpforms-validate wpforms-form wpforms-ajax-form\" data-formid=\"3675\" method=\"post\" enctype=\"multipart\/form-data\" action=\"\/fr\/wp-json\/wp\/v2\/product\/16210\" data-token=\"ee3b2447eb238272737254e75645b681\" data-token-time=\"1777298799\"><noscript class=\"wpforms-error-noscript\">Veuillez activer JavaScript dans votre navigateur pour remplir ce formulaire.<\/noscript><div id=\"wpforms-error-noscript\" style=\"display: none;\">Veuillez activer JavaScript dans votre navigateur pour remplir ce formulaire.<\/div><div class=\"wpforms-field-container\"><div id=\"wpforms-3675-field_3-container\" class=\"wpforms-field wpforms-field-name\" data-field-id=\"3\"><fieldset><legend class=\"wpforms-field-label\">Nom <span class=\"wpforms-required-label\" aria-hidden=\"true\">*<\/span><\/legend><div class=\"wpforms-field-row wpforms-field-medium\"><div class=\"wpforms-field-row-block wpforms-first wpforms-one-half\"><input type=\"text\" id=\"wpforms-3675-field_3\" class=\"wpforms-field-name-first wpforms-field-required\" name=\"wpforms[fields][3][first]\" aria-errormessage=\"wpforms-3675-field_3-error\" required><label for=\"wpforms-3675-field_3\" class=\"wpforms-field-sublabel after\">Pr\u00e9nom<\/label><\/div><div class=\"wpforms-field-row-block wpforms-one-half\"><input type=\"text\" id=\"wpforms-3675-field_3-last\" class=\"wpforms-field-name-last wpforms-field-required\" name=\"wpforms[fields][3][last]\" aria-errormessage=\"wpforms-3675-field_3-last-error\" required><label for=\"wpforms-3675-field_3-last\" class=\"wpforms-field-sublabel after\">Nom<\/label><\/div><\/div><\/fieldset><\/div>\t\t<div id=\"wpforms-3675-field_1-container\"\n\t\t\tclass=\"wpforms-field wpforms-field-text\"\n\t\t\tdata-field-type=\"text\"\n\t\t\tdata-field-id=\"1\"\n\t\t\t>\n\t\t\t<label class=\"wpforms-field-label\" for=\"wpforms-3675-field_1\" >Nom E-mail Message<\/label>\n\t\t\t<input type=\"text\" id=\"wpforms-3675-field_1\" class=\"wpforms-field-medium\" name=\"wpforms[fields][1]\" >\n\t\t<\/div>\n\t\t<div id=\"wpforms-3675-field_4-container\" class=\"wpforms-field wpforms-field-email\" data-field-id=\"4\"><label class=\"wpforms-field-label\" for=\"wpforms-3675-field_4\">E-mail <span class=\"wpforms-required-label\" aria-hidden=\"true\">*<\/span><\/label><input type=\"email\" id=\"wpforms-3675-field_4\" class=\"wpforms-field-medium wpforms-field-required\" name=\"wpforms[fields][4]\" spellcheck=\"false\" aria-errormessage=\"wpforms-3675-field_4-error\" required><\/div><div id=\"wpforms-3675-field_5-container\" class=\"wpforms-field wpforms-field-textarea\" data-field-id=\"5\"><label class=\"wpforms-field-label\" for=\"wpforms-3675-field_5\">Message <span class=\"wpforms-required-label\" aria-hidden=\"true\">*<\/span><\/label><textarea id=\"wpforms-3675-field_5\" class=\"wpforms-field-medium wpforms-field-required\" name=\"wpforms[fields][5]\" aria-errormessage=\"wpforms-3675-field_5-error\" required><\/textarea><\/div><script>\n\t\t\t\t( function() {\n\t\t\t\t\tconst style = document.createElement( 'style' );\n\t\t\t\t\tstyle.appendChild( document.createTextNode( '#wpforms-3675-field_1-container { position: absolute !important; overflow: hidden !important; display: inline !important; height: 1px !important; width: 1px !important; z-index: -1000 !important; padding: 0 !important; } #wpforms-3675-field_1-container input { visibility: hidden; } #wpforms-conversational-form-page #wpforms-3675-field_1-container label { counter-increment: none; }' ) );\n\t\t\t\t\tdocument.head.appendChild( style );\n\t\t\t\t\tdocument.currentScript?.remove();\n\t\t\t\t} )();\n\t\t\t<\/script><\/div><!-- .wpforms-field-container --><div class=\"wpforms-submit-container\" ><input type=\"hidden\" name=\"wpforms[id]\" value=\"3675\"><input type=\"hidden\" name=\"page_title\" value=\"\"><input type=\"hidden\" name=\"page_url\" value=\"https:\/\/homeproject.fr\/fr\/wp-json\/wp\/v2\/product\/16210\"><input type=\"hidden\" name=\"url_referer\" value=\"\"><button type=\"submit\" name=\"wpforms[submit]\" id=\"wpforms-submit-3675\" class=\"wpforms-submit\" data-alt-text=\"Envoi...\" data-submit-text=\"Envoyer\" aria-live=\"assertive\" value=\"wpforms-submit\">Envoyer<\/button><img decoding=\"async\" src=\"https:\/\/homeproject.fr\/fr\/wp-content\/plugins\/wpforms-lite\/assets\/images\/submit-spin.svg\" class=\"wpforms-submit-spinner\" style=\"display: none;\" width=\"26\" height=\"26\" alt=\"Chargement en cours\"><\/div><\/form><\/div>  <!-- .wpforms-container -->\n","protected":false},"excerpt":{"rendered":"<p>La table basse St Jean Cap Ferrat incarne une vision contemporaine du mobilier, o\u00f9 la mati\u00e8re devient \u00e9l\u00e9ment architectural. Inspir\u00e9e des lignes organiques et des textures min\u00e9rales, cette pi\u00e8ce s\u2019impose comme un v\u00e9ritable objet de design au c\u0153ur du salon.<\/p>\n<p>Son plateau aux formes libres, subtilement irr\u00e9guli\u00e8res, \u00e9voque la douceur du marbre naturel, tandis que sa finition beige lumineuse apporte une sensation de s\u00e9r\u00e9nit\u00e9 et de sophistication. L\u2019association du granit et du MDF haute densit\u00e9 garantit \u00e0 la fois robustesse et stabilit\u00e9, pour un usage quotidien durable.<\/p>\n","protected":false},"featured_media":16211,"template":"","meta":{"_uf_show_specific_survey":0,"_uf_disable_surveys":false,"iawp_total_views":5},"product_brand":[],"product_cat":[151],"product_tag":[],"class_list":{"0":"post-16210","1":"product","2":"type-product","3":"status-publish","4":"has-post-thumbnail","6":"product_cat-tables-basses","7":"product_shipping_class-gros-colis-messagerie","8":"pa_collection-natura-line","9":"pa_materiau-granit","10":"pa_materiau-mdf","12":"first","13":"instock","14":"taxable","15":"shipping-taxable","16":"purchasable","17":"product-type-simple"},"yoast_head":"<!-- This site is optimized with the Yoast SEO plugin v27.4 - https:\/\/yoast.com\/product\/yoast-seo-wordpress\/ -->\n<title>Table basse au design sculptural effet travertin ST JEAN CAP FERRAT L 130 cm - Homeproject.fr<\/title>\n<meta name=\"robots\" content=\"index, follow, max-snippet:-1, max-image-preview:large, max-video-preview:-1\" \/>\n<link rel=\"canonical\" href=\"https:\/\/homeproject.fr\/fr\/produit\/table-basse-au-design-sculptural-effet-travertin-st-jean-cap-ferrat-l-130-cm\/\" \/>\n<meta property=\"og:locale\" content=\"fr_FR\" \/>\n<meta property=\"og:type\" content=\"article\" \/>\n<meta property=\"og:title\" content=\"Table basse au design sculptural effet travertin ST JEAN CAP FERRAT L 130 cm - Homeproject.fr\" \/>\n<meta property=\"og:description\" content=\"La table basse St Jean Cap Ferrat incarne une vision contemporaine du mobilier, o\u00f9 la mati\u00e8re devient \u00e9l\u00e9ment architectural. Inspir\u00e9e des lignes organiques et des textures min\u00e9rales, cette pi\u00e8ce s\u2019impose comme un v\u00e9ritable objet de design au c\u0153ur du salon.  Son plateau aux formes libres, subtilement irr\u00e9guli\u00e8res, \u00e9voque la douceur du marbre naturel, tandis que sa finition beige lumineuse apporte une sensation de s\u00e9r\u00e9nit\u00e9 et de sophistication. L\u2019association du granit et du MDF haute densit\u00e9 garantit \u00e0 la fois robustesse et stabilit\u00e9, pour un usage quotidien durable.\" \/>\n<meta property=\"og:url\" content=\"https:\/\/homeproject.fr\/fr\/produit\/table-basse-au-design-sculptural-effet-travertin-st-jean-cap-ferrat-l-130-cm\/\" \/>\n<meta property=\"og:site_name\" content=\"Homeproject.fr\" \/>\n<meta property=\"article:modified_time\" content=\"2026-04-27T04:56:22+00:00\" \/>\n<meta property=\"og:image\" content=\"https:\/\/homeproject.fr\/fr\/wp-content\/uploads\/2026\/04\/Table-basse-imitation-travertin-ovale-130-x-70-cm-Cap-Ferrat-8.jpg\" \/>\n\t<meta property=\"og:image:width\" content=\"1254\" \/>\n\t<meta property=\"og:image:height\" content=\"1254\" \/>\n\t<meta property=\"og:image:type\" content=\"image\/jpeg\" \/>\n<meta name=\"twitter:card\" content=\"summary_large_image\" \/>\n<meta name=\"twitter:label1\" content=\"Dur\u00e9e de lecture estim\u00e9e\" \/>\n\t<meta name=\"twitter:data1\" content=\"2 minutes\" \/>\n<script type=\"application\/ld+json\" class=\"yoast-schema-graph\">{\"@context\":\"https:\\\/\\\/schema.org\",\"@graph\":[{\"@type\":\"WebPage\",\"@id\":\"https:\\\/\\\/homeproject.fr\\\/fr\\\/produit\\\/table-basse-au-design-sculptural-effet-travertin-st-jean-cap-ferrat-l-130-cm\\\/\",\"url\":\"https:\\\/\\\/homeproject.fr\\\/fr\\\/produit\\\/table-basse-au-design-sculptural-effet-travertin-st-jean-cap-ferrat-l-130-cm\\\/\",\"name\":\"Table basse au design sculptural effet travertin ST JEAN CAP FERRAT L 130 cm - Homeproject.fr\",\"isPartOf\":{\"@id\":\"https:\\\/\\\/homeproject.fr\\\/fr\\\/#website\"},\"primaryImageOfPage\":{\"@id\":\"https:\\\/\\\/homeproject.fr\\\/fr\\\/produit\\\/table-basse-au-design-sculptural-effet-travertin-st-jean-cap-ferrat-l-130-cm\\\/#primaryimage\"},\"image\":{\"@id\":\"https:\\\/\\\/homeproject.fr\\\/fr\\\/produit\\\/table-basse-au-design-sculptural-effet-travertin-st-jean-cap-ferrat-l-130-cm\\\/#primaryimage\"},\"thumbnailUrl\":\"https:\\\/\\\/homeproject.fr\\\/fr\\\/wp-content\\\/uploads\\\/2026\\\/04\\\/Table-basse-imitation-travertin-ovale-130-x-70-cm-Cap-Ferrat-8.jpg\",\"datePublished\":\"2026-04-27T04:46:09+00:00\",\"dateModified\":\"2026-04-27T04:56:22+00:00\",\"breadcrumb\":{\"@id\":\"https:\\\/\\\/homeproject.fr\\\/fr\\\/produit\\\/table-basse-au-design-sculptural-effet-travertin-st-jean-cap-ferrat-l-130-cm\\\/#breadcrumb\"},\"inLanguage\":\"fr-FR\",\"potentialAction\":[{\"@type\":\"ReadAction\",\"target\":[\"https:\\\/\\\/homeproject.fr\\\/fr\\\/produit\\\/table-basse-au-design-sculptural-effet-travertin-st-jean-cap-ferrat-l-130-cm\\\/\"]}]},{\"@type\":\"ImageObject\",\"inLanguage\":\"fr-FR\",\"@id\":\"https:\\\/\\\/homeproject.fr\\\/fr\\\/produit\\\/table-basse-au-design-sculptural-effet-travertin-st-jean-cap-ferrat-l-130-cm\\\/#primaryimage\",\"url\":\"https:\\\/\\\/homeproject.fr\\\/fr\\\/wp-content\\\/uploads\\\/2026\\\/04\\\/Table-basse-imitation-travertin-ovale-130-x-70-cm-Cap-Ferrat-8.jpg\",\"contentUrl\":\"https:\\\/\\\/homeproject.fr\\\/fr\\\/wp-content\\\/uploads\\\/2026\\\/04\\\/Table-basse-imitation-travertin-ovale-130-x-70-cm-Cap-Ferrat-8.jpg\",\"width\":1254,\"height\":1254},{\"@type\":\"BreadcrumbList\",\"@id\":\"https:\\\/\\\/homeproject.fr\\\/fr\\\/produit\\\/table-basse-au-design-sculptural-effet-travertin-st-jean-cap-ferrat-l-130-cm\\\/#breadcrumb\",\"itemListElement\":[{\"@type\":\"ListItem\",\"position\":1,\"name\":\"Accueil\",\"item\":\"https:\\\/\\\/homeproject.fr\\\/fr\\\/\"},{\"@type\":\"ListItem\",\"position\":2,\"name\":\"Boutique\",\"item\":\"https:\\\/\\\/homeproject.fr\\\/fr\\\/boutique\\\/\"},{\"@type\":\"ListItem\",\"position\":3,\"name\":\"Table basse au design sculptural effet travertin ST JEAN CAP FERRAT L 130 cm\"}]},{\"@type\":\"WebSite\",\"@id\":\"https:\\\/\\\/homeproject.fr\\\/fr\\\/#website\",\"url\":\"https:\\\/\\\/homeproject.fr\\\/fr\\\/\",\"name\":\"Homeproject.fr\",\"description\":\"Offrez l&#039;exceptionnel \u00e0 vos espaces \u00e0 vivre\",\"publisher\":{\"@id\":\"https:\\\/\\\/homeproject.fr\\\/fr\\\/#organization\"},\"potentialAction\":[{\"@type\":\"SearchAction\",\"target\":{\"@type\":\"EntryPoint\",\"urlTemplate\":\"https:\\\/\\\/homeproject.fr\\\/fr\\\/?s={search_term_string}\"},\"query-input\":{\"@type\":\"PropertyValueSpecification\",\"valueRequired\":true,\"valueName\":\"search_term_string\"}}],\"inLanguage\":\"fr-FR\"},{\"@type\":\"Organization\",\"@id\":\"https:\\\/\\\/homeproject.fr\\\/fr\\\/#organization\",\"name\":\"Homeproject.fr\",\"url\":\"https:\\\/\\\/homeproject.fr\\\/fr\\\/\",\"logo\":{\"@type\":\"ImageObject\",\"inLanguage\":\"fr-FR\",\"@id\":\"https:\\\/\\\/homeproject.fr\\\/fr\\\/#\\\/schema\\\/logo\\\/image\\\/\",\"url\":\"https:\\\/\\\/homeproject.fr\\\/fr\\\/wp-content\\\/uploads\\\/2024\\\/12\\\/Logo_HomeProject-noir-2.png\",\"contentUrl\":\"https:\\\/\\\/homeproject.fr\\\/fr\\\/wp-content\\\/uploads\\\/2024\\\/12\\\/Logo_HomeProject-noir-2.png\",\"width\":300,\"height\":91,\"caption\":\"Homeproject.fr\"},\"image\":{\"@id\":\"https:\\\/\\\/homeproject.fr\\\/fr\\\/#\\\/schema\\\/logo\\\/image\\\/\"}}]}<\/script>\n<!-- \/ Yoast SEO plugin. -->","yoast_head_json":{"title":"Table basse au design sculptural effet travertin ST JEAN CAP FERRAT L 130 cm - Homeproject.fr","robots":{"index":"index","follow":"follow","max-snippet":"max-snippet:-1","max-image-preview":"max-image-preview:large","max-video-preview":"max-video-preview:-1"},"canonical":"https:\/\/homeproject.fr\/fr\/produit\/table-basse-au-design-sculptural-effet-travertin-st-jean-cap-ferrat-l-130-cm\/","og_locale":"fr_FR","og_type":"article","og_title":"Table basse au design sculptural effet travertin ST JEAN CAP FERRAT L 130 cm - Homeproject.fr","og_description":"La table basse St Jean Cap Ferrat incarne une vision contemporaine du mobilier, o\u00f9 la mati\u00e8re devient \u00e9l\u00e9ment architectural. Inspir\u00e9e des lignes organiques et des textures min\u00e9rales, cette pi\u00e8ce s\u2019impose comme un v\u00e9ritable objet de design au c\u0153ur du salon.  Son plateau aux formes libres, subtilement irr\u00e9guli\u00e8res, \u00e9voque la douceur du marbre naturel, tandis que sa finition beige lumineuse apporte une sensation de s\u00e9r\u00e9nit\u00e9 et de sophistication. L\u2019association du granit et du MDF haute densit\u00e9 garantit \u00e0 la fois robustesse et stabilit\u00e9, pour un usage quotidien durable.","og_url":"https:\/\/homeproject.fr\/fr\/produit\/table-basse-au-design-sculptural-effet-travertin-st-jean-cap-ferrat-l-130-cm\/","og_site_name":"Homeproject.fr","article_modified_time":"2026-04-27T04:56:22+00:00","og_image":[{"width":1254,"height":1254,"url":"https:\/\/homeproject.fr\/fr\/wp-content\/uploads\/2026\/04\/Table-basse-imitation-travertin-ovale-130-x-70-cm-Cap-Ferrat-8.jpg","type":"image\/jpeg"}],"twitter_card":"summary_large_image","twitter_misc":{"Dur\u00e9e de lecture estim\u00e9e":"2 minutes"},"schema":{"@context":"https:\/\/schema.org","@graph":[{"@type":"WebPage","@id":"https:\/\/homeproject.fr\/fr\/produit\/table-basse-au-design-sculptural-effet-travertin-st-jean-cap-ferrat-l-130-cm\/","url":"https:\/\/homeproject.fr\/fr\/produit\/table-basse-au-design-sculptural-effet-travertin-st-jean-cap-ferrat-l-130-cm\/","name":"Table basse au design sculptural effet travertin ST JEAN CAP FERRAT L 130 cm - Homeproject.fr","isPartOf":{"@id":"https:\/\/homeproject.fr\/fr\/#website"},"primaryImageOfPage":{"@id":"https:\/\/homeproject.fr\/fr\/produit\/table-basse-au-design-sculptural-effet-travertin-st-jean-cap-ferrat-l-130-cm\/#primaryimage"},"image":{"@id":"https:\/\/homeproject.fr\/fr\/produit\/table-basse-au-design-sculptural-effet-travertin-st-jean-cap-ferrat-l-130-cm\/#primaryimage"},"thumbnailUrl":"https:\/\/homeproject.fr\/fr\/wp-content\/uploads\/2026\/04\/Table-basse-imitation-travertin-ovale-130-x-70-cm-Cap-Ferrat-8.jpg","datePublished":"2026-04-27T04:46:09+00:00","dateModified":"2026-04-27T04:56:22+00:00","breadcrumb":{"@id":"https:\/\/homeproject.fr\/fr\/produit\/table-basse-au-design-sculptural-effet-travertin-st-jean-cap-ferrat-l-130-cm\/#breadcrumb"},"inLanguage":"fr-FR","potentialAction":[{"@type":"ReadAction","target":["https:\/\/homeproject.fr\/fr\/produit\/table-basse-au-design-sculptural-effet-travertin-st-jean-cap-ferrat-l-130-cm\/"]}]},{"@type":"ImageObject","inLanguage":"fr-FR","@id":"https:\/\/homeproject.fr\/fr\/produit\/table-basse-au-design-sculptural-effet-travertin-st-jean-cap-ferrat-l-130-cm\/#primaryimage","url":"https:\/\/homeproject.fr\/fr\/wp-content\/uploads\/2026\/04\/Table-basse-imitation-travertin-ovale-130-x-70-cm-Cap-Ferrat-8.jpg","contentUrl":"https:\/\/homeproject.fr\/fr\/wp-content\/uploads\/2026\/04\/Table-basse-imitation-travertin-ovale-130-x-70-cm-Cap-Ferrat-8.jpg","width":1254,"height":1254},{"@type":"BreadcrumbList","@id":"https:\/\/homeproject.fr\/fr\/produit\/table-basse-au-design-sculptural-effet-travertin-st-jean-cap-ferrat-l-130-cm\/#breadcrumb","itemListElement":[{"@type":"ListItem","position":1,"name":"Accueil","item":"https:\/\/homeproject.fr\/fr\/"},{"@type":"ListItem","position":2,"name":"Boutique","item":"https:\/\/homeproject.fr\/fr\/boutique\/"},{"@type":"ListItem","position":3,"name":"Table basse au design sculptural effet travertin ST JEAN CAP FERRAT L 130 cm"}]},{"@type":"WebSite","@id":"https:\/\/homeproject.fr\/fr\/#website","url":"https:\/\/homeproject.fr\/fr\/","name":"Homeproject.fr","description":"Offrez l&#039;exceptionnel \u00e0 vos espaces \u00e0 vivre","publisher":{"@id":"https:\/\/homeproject.fr\/fr\/#organization"},"potentialAction":[{"@type":"SearchAction","target":{"@type":"EntryPoint","urlTemplate":"https:\/\/homeproject.fr\/fr\/?s={search_term_string}"},"query-input":{"@type":"PropertyValueSpecification","valueRequired":true,"valueName":"search_term_string"}}],"inLanguage":"fr-FR"},{"@type":"Organization","@id":"https:\/\/homeproject.fr\/fr\/#organization","name":"Homeproject.fr","url":"https:\/\/homeproject.fr\/fr\/","logo":{"@type":"ImageObject","inLanguage":"fr-FR","@id":"https:\/\/homeproject.fr\/fr\/#\/schema\/logo\/image\/","url":"https:\/\/homeproject.fr\/fr\/wp-content\/uploads\/2024\/12\/Logo_HomeProject-noir-2.png","contentUrl":"https:\/\/homeproject.fr\/fr\/wp-content\/uploads\/2024\/12\/Logo_HomeProject-noir-2.png","width":300,"height":91,"caption":"Homeproject.fr"},"image":{"@id":"https:\/\/homeproject.fr\/fr\/#\/schema\/logo\/image\/"}}]}},"_links":{"self":[{"href":"https:\/\/homeproject.fr\/fr\/wp-json\/wp\/v2\/product\/16210","targetHints":{"allow":["GET"]}}],"collection":[{"href":"https:\/\/homeproject.fr\/fr\/wp-json\/wp\/v2\/product"}],"about":[{"href":"https:\/\/homeproject.fr\/fr\/wp-json\/wp\/v2\/types\/product"}],"version-history":[{"count":3,"href":"https:\/\/homeproject.fr\/fr\/wp-json\/wp\/v2\/product\/16210\/revisions"}],"predecessor-version":[{"id":16218,"href":"https:\/\/homeproject.fr\/fr\/wp-json\/wp\/v2\/product\/16210\/revisions\/16218"}],"wp:featuredmedia":[{"embeddable":true,"href":"https:\/\/homeproject.fr\/fr\/wp-json\/wp\/v2\/media\/16211"}],"wp:attachment":[{"href":"https:\/\/homeproject.fr\/fr\/wp-json\/wp\/v2\/media?parent=16210"}],"wp:term":[{"taxonomy":"product_brand","embeddable":true,"href":"https:\/\/homeproject.fr\/fr\/wp-json\/wp\/v2\/product_brand?post=16210"},{"taxonomy":"product_cat","embeddable":true,"href":"https:\/\/homeproject.fr\/fr\/wp-json\/wp\/v2\/product_cat?post=16210"},{"taxonomy":"product_tag","embeddable":true,"href":"https:\/\/homeproject.fr\/fr\/wp-json\/wp\/v2\/product_tag?post=16210"}],"curies":[{"name":"wp","href":"https:\/\/api.w.org\/{rel}","templated":true}]}}