{"id":15462,"date":"2025-08-29T15:01:25","date_gmt":"2025-08-29T15:01:25","guid":{"rendered":"https:\/\/homeproject.fr\/fr\/?post_type=product&#038;p=15462"},"modified":"2025-08-29T15:16:01","modified_gmt":"2025-08-29T15:16:01","slug":"profile-en-bois-mutina-brac-lineare-et-terminale","status":"publish","type":"product","link":"https:\/\/homeproject.fr\/fr\/produit\/profile-en-bois-mutina-brac-lineare-et-terminale\/","title":{"rendered":"Profil\u00e9 en bois Mutina Brac \u2013 Lineare et Terminale"},"content":{"rendered":"<h2 data-start=\"1177\" data-end=\"1209\">Caract\u00e9ristiques techniques<\/h2>\n<ul data-start=\"1210\" data-end=\"1813\">\n<li data-start=\"1210\" data-end=\"1249\">\n<p data-start=\"1212\" data-end=\"1249\"><strong data-start=\"1212\" data-end=\"1226\">Designer :<\/strong> Nathalie Du Pasquier<\/p>\n<\/li>\n<li data-start=\"1250\" data-end=\"1285\">\n<p data-start=\"1252\" data-end=\"1285\"><strong data-start=\"1252\" data-end=\"1267\">Fabricant :<\/strong> Mutina (Italie)<\/p>\n<\/li>\n<li data-start=\"1286\" data-end=\"1325\">\n<p data-start=\"1288\" data-end=\"1325\"><strong data-start=\"1288\" data-end=\"1304\">Collection :<\/strong> Brac \u2013 accessoires<\/p>\n<\/li>\n<li data-start=\"1326\" data-end=\"1424\">\n<p data-start=\"1328\" data-end=\"1424\"><strong data-start=\"1328\" data-end=\"1342\">Mat\u00e9riau :<\/strong> Bois de saule peint (adapt\u00e9 aussi \u00e0 l\u2019ext\u00e9rieur)<\/p>\n<\/li>\n<li data-start=\"1425\" data-end=\"1473\">\n<p data-start=\"1427\" data-end=\"1473\"><strong data-start=\"1427\" data-end=\"1453\">Dimensions nominales :<\/strong> 12,5 \u00d7 300 \u00d7 4 cm<\/p>\n<\/li>\n<li data-start=\"1474\" data-end=\"1511\">\n<p data-start=\"1476\" data-end=\"1511\"><strong data-start=\"1476\" data-end=\"1487\">Poids :<\/strong> env. 8,7 kg par pi\u00e8ce<\/p>\n<\/li>\n<li data-start=\"1512\" data-end=\"1701\">\n<p data-start=\"1514\" data-end=\"1533\"><strong data-start=\"1514\" data-end=\"1531\">Utilisation :<\/strong><\/p>\n<ul data-start=\"1536\" data-end=\"1701\">\n<li data-start=\"1536\" data-end=\"1612\">\n<p data-start=\"1538\" data-end=\"1612\">Profil\u00e9 lineare : pour l\u2019alignement horizontal et vertical des claustras<\/p>\n<\/li>\n<li data-start=\"1615\" data-end=\"1701\">\n<p data-start=\"1617\" data-end=\"1701\">Profil\u00e9 terminale : pour la <strong data-start=\"1645\" data-end=\"1669\">fermeture au plafond<\/strong> avec syst\u00e8me amovible int\u00e9gr\u00e9<\/p>\n<\/li>\n<\/ul>\n<\/li>\n<li data-start=\"1702\" data-end=\"1773\">\n<p data-start=\"1704\" data-end=\"1773\"><strong data-start=\"1704\" data-end=\"1732\">Compatibilit\u00e9 couleurs :<\/strong> Argilla, Bianco, Nero, Salvia, Marrone<\/p>\n<\/li>\n<li data-start=\"1774\" data-end=\"1813\">\n<p data-start=\"1776\" data-end=\"1813\"><strong data-start=\"1776\" data-end=\"1807\">Hauteur maximale de paroi :<\/strong> 4 m<\/p>\n<\/li>\n<\/ul>\n<h2 data-start=\"1815\" data-end=\"1826\">Atouts<\/h2>\n<ul data-start=\"1827\" data-end=\"2198\">\n<li data-start=\"1827\" data-end=\"1903\">\n<p data-start=\"1829\" data-end=\"1903\">Accessoires <strong data-start=\"1841\" data-end=\"1861\">officiels Mutina<\/strong>, garantissant une installation optimale<\/p>\n<\/li>\n<li data-start=\"1904\" data-end=\"1983\">\n<p data-start=\"1906\" data-end=\"1983\">Design pens\u00e9 par <strong data-start=\"1923\" data-end=\"1947\">Nathalie Du Pasquier<\/strong> pour compl\u00e9ter la collection Brac<\/p>\n<\/li>\n<li data-start=\"1984\" data-end=\"2039\">\n<p data-start=\"1986\" data-end=\"2039\">Fabrication de haute qualit\u00e9 en bois de saule peint<\/p>\n<\/li>\n<li data-start=\"2040\" data-end=\"2113\">\n<p data-start=\"2042\" data-end=\"2113\">Assurent <strong data-start=\"2051\" data-end=\"2097\">stabilit\u00e9, s\u00e9curit\u00e9 et finition esth\u00e9tique<\/strong> des murs Brac<\/p>\n<\/li>\n<li data-start=\"2114\" data-end=\"2198\">\n<p data-start=\"2116\" data-end=\"2198\">Conviennent aux projets <strong data-start=\"2140\" data-end=\"2196\">r\u00e9sidentiels, commerciaux et h\u00f4teliers haut de gamme<\/strong><\/p>\n<\/li>\n<\/ul>\n<hr data-start=\"2324\" data-end=\"2327\" \/>\n<h2 data-start=\"1235\" data-end=\"1267\"><strong style=\"font-size: 1.875rem;\">Vous avez des questions ?<\/strong><\/h2>\n<style id=\"wpforms-css-vars-3675\">\n\t\t\t\t#wpforms-3675 {\n\t\t\t\t\n\t\t\t}\n\t\t\t<\/style><div class=\"wpforms-container wpforms-container-full wpforms-render-modern\" id=\"wpforms-3675\"><form id=\"wpforms-form-3675\" class=\"wpforms-validate wpforms-form wpforms-ajax-form\" data-formid=\"3675\" method=\"post\" enctype=\"multipart\/form-data\" action=\"\/fr\/wp-json\/wp\/v2\/product\/15462\" data-token=\"9d579c4fe014830de7f99f3dcbfaaa07\" data-token-time=\"1777518309\"><noscript class=\"wpforms-error-noscript\">Veuillez activer JavaScript dans votre navigateur pour remplir ce formulaire.<\/noscript><div id=\"wpforms-error-noscript\" style=\"display: none;\">Veuillez activer JavaScript dans votre navigateur pour remplir ce formulaire.<\/div><div class=\"wpforms-field-container\"><div id=\"wpforms-3675-field_3-container\" class=\"wpforms-field wpforms-field-name\" data-field-id=\"3\"><fieldset><legend class=\"wpforms-field-label\">Nom <span class=\"wpforms-required-label\" aria-hidden=\"true\">*<\/span><\/legend><div class=\"wpforms-field-row wpforms-field-medium\"><div class=\"wpforms-field-row-block wpforms-first wpforms-one-half\"><input type=\"text\" id=\"wpforms-3675-field_3\" class=\"wpforms-field-name-first wpforms-field-required\" name=\"wpforms[fields][3][first]\" aria-errormessage=\"wpforms-3675-field_3-error\" required><label for=\"wpforms-3675-field_3\" class=\"wpforms-field-sublabel after\">Pr\u00e9nom<\/label><\/div><div class=\"wpforms-field-row-block wpforms-one-half\"><input type=\"text\" id=\"wpforms-3675-field_3-last\" class=\"wpforms-field-name-last wpforms-field-required\" name=\"wpforms[fields][3][last]\" aria-errormessage=\"wpforms-3675-field_3-last-error\" required><label for=\"wpforms-3675-field_3-last\" class=\"wpforms-field-sublabel after\">Nom<\/label><\/div><\/div><\/fieldset><\/div>\t\t<div id=\"wpforms-3675-field_1-container\"\n\t\t\tclass=\"wpforms-field wpforms-field-text\"\n\t\t\tdata-field-type=\"text\"\n\t\t\tdata-field-id=\"1\"\n\t\t\t>\n\t\t\t<label class=\"wpforms-field-label\" for=\"wpforms-3675-field_1\" >E-mail Nom Message<\/label>\n\t\t\t<input type=\"text\" id=\"wpforms-3675-field_1\" class=\"wpforms-field-medium\" name=\"wpforms[fields][1]\" >\n\t\t<\/div>\n\t\t<div id=\"wpforms-3675-field_4-container\" class=\"wpforms-field wpforms-field-email\" data-field-id=\"4\"><label class=\"wpforms-field-label\" for=\"wpforms-3675-field_4\">E-mail <span class=\"wpforms-required-label\" aria-hidden=\"true\">*<\/span><\/label><input type=\"email\" id=\"wpforms-3675-field_4\" class=\"wpforms-field-medium wpforms-field-required\" name=\"wpforms[fields][4]\" spellcheck=\"false\" aria-errormessage=\"wpforms-3675-field_4-error\" required><\/div><div id=\"wpforms-3675-field_5-container\" class=\"wpforms-field wpforms-field-textarea\" data-field-id=\"5\"><label class=\"wpforms-field-label\" for=\"wpforms-3675-field_5\">Message <span class=\"wpforms-required-label\" aria-hidden=\"true\">*<\/span><\/label><textarea id=\"wpforms-3675-field_5\" class=\"wpforms-field-medium wpforms-field-required\" name=\"wpforms[fields][5]\" aria-errormessage=\"wpforms-3675-field_5-error\" required><\/textarea><\/div><script>\n\t\t\t\t( function() {\n\t\t\t\t\tconst style = document.createElement( 'style' );\n\t\t\t\t\tstyle.appendChild( document.createTextNode( '#wpforms-3675-field_1-container { position: absolute !important; overflow: hidden !important; display: inline !important; height: 1px !important; width: 1px !important; z-index: -1000 !important; padding: 0 !important; } #wpforms-3675-field_1-container input { visibility: hidden; } #wpforms-conversational-form-page #wpforms-3675-field_1-container label { counter-increment: none; }' ) );\n\t\t\t\t\tdocument.head.appendChild( style );\n\t\t\t\t\tdocument.currentScript?.remove();\n\t\t\t\t} )();\n\t\t\t<\/script><\/div><!-- .wpforms-field-container --><div class=\"wpforms-submit-container\" ><input type=\"hidden\" name=\"wpforms[id]\" value=\"3675\"><input type=\"hidden\" name=\"page_title\" value=\"\"><input type=\"hidden\" name=\"page_url\" value=\"https:\/\/homeproject.fr\/fr\/wp-json\/wp\/v2\/product\/15462\"><input type=\"hidden\" name=\"url_referer\" value=\"\"><button type=\"submit\" name=\"wpforms[submit]\" id=\"wpforms-submit-3675\" class=\"wpforms-submit\" data-alt-text=\"Envoi...\" data-submit-text=\"Envoyer\" aria-live=\"assertive\" value=\"wpforms-submit\">Envoyer<\/button><img decoding=\"async\" src=\"https:\/\/homeproject.fr\/fr\/wp-content\/plugins\/wpforms-lite\/assets\/images\/submit-spin.svg\" class=\"wpforms-submit-spinner\" style=\"display: none;\" width=\"26\" height=\"26\" alt=\"Chargement en cours\"><\/div><\/form><\/div>  <!-- .wpforms-container -->\n","protected":false},"excerpt":{"rendered":"<p data-start=\"279\" data-end=\"367\"><strong data-start=\"279\" data-end=\"367\">Accessoires indispensables pour une installation parfaite des claustras Mutina Brac.<\/strong><\/p>\n<p data-start=\"397\" data-end=\"662\">Les <strong data-start=\"401\" data-end=\"425\">profil\u00e9s Mutina Brac<\/strong> \u2013 disponibles en version <strong data-start=\"451\" data-end=\"462\">lineare<\/strong> (lin\u00e9aire) et <strong data-start=\"477\" data-end=\"490\">terminale<\/strong> (haut) \u2013 sont des \u00e9l\u00e9ments en <strong data-start=\"521\" data-end=\"557\">bois de saule verniciato (peint)<\/strong> con\u00e7us sp\u00e9cialement pour la collection <strong data-start=\"597\" data-end=\"605\">Brac<\/strong> dessin\u00e9e par <strong data-start=\"619\" data-end=\"643\">Nathalie Du Pasquier<\/strong> pour <strong data-start=\"649\" data-end=\"659\">Mutina<\/strong>.<\/p>\n<p data-start=\"664\" data-end=\"1001\">Ils permettent de garantir une pose stable et esth\u00e9tique des claustras Brac, que ce soit en int\u00e9rieur ou en ext\u00e9rieur (uniquement pour la version Argilla). Le <strong data-start=\"823\" data-end=\"842\">profil\u00e9 lineare<\/strong> assure l\u2019alignement des modules, tandis que le <strong data-start=\"890\" data-end=\"911\">profil\u00e9 terminale<\/strong>, dot\u00e9 d\u2019une extr\u00e9mit\u00e9 fa\u00e7onn\u00e9e et d\u2019un c\u00f4t\u00e9 amovible, facilite la fermeture au plafond.<\/p>\n<p data-start=\"1003\" data-end=\"1175\">Ces accessoires en bois peint sont essentiels pour obtenir un r\u00e9sultat architectural harmonieux et s\u00e9curis\u00e9, que ce soit dans des <strong data-start=\"1133\" data-end=\"1172\">espaces r\u00e9sidentiels ou commerciaux<\/strong>.<\/p>\n","protected":false},"featured_media":15463,"template":"","meta":{"_uf_show_specific_survey":0,"_uf_disable_surveys":false,"iawp_total_views":26},"product_brand":[620],"product_cat":[20,194],"product_tag":[],"class_list":{"0":"post-15462","1":"product","2":"type-product","3":"status-publish","4":"has-post-thumbnail","6":"product_brand-mutina","7":"product_cat-carrelage","8":"product_cat-claustras","9":"product_shipping_class-carrelage","10":"pa_collection-brac-par-mutina","11":"pa_designer-nathalie-du-pasquier","12":"pa_effet-claustra","13":"pa_marque-mutina","15":"first","16":"instock","17":"taxable","18":"shipping-taxable","19":"product-type-variable"},"yoast_head":"<!-- This site is optimized with the Yoast SEO plugin v27.5 - https:\/\/yoast.com\/product\/yoast-seo-wordpress\/ -->\n<title>Profil\u00e9 en bois Mutina Brac \u2013 Lineare et Terminale - Homeproject.fr<\/title>\n<meta name=\"robots\" content=\"index, follow, max-snippet:-1, max-image-preview:large, max-video-preview:-1\" \/>\n<link rel=\"canonical\" href=\"https:\/\/homeproject.fr\/fr\/produit\/profile-en-bois-mutina-brac-lineare-et-terminale\/\" \/>\n<meta property=\"og:locale\" content=\"fr_FR\" \/>\n<meta property=\"og:type\" content=\"article\" \/>\n<meta property=\"og:title\" content=\"Profil\u00e9 en bois Mutina Brac \u2013 Lineare et Terminale - Homeproject.fr\" \/>\n<meta property=\"og:description\" content=\"Accessoires indispensables pour une installation parfaite des claustras Mutina Brac. Les profil\u00e9s Mutina Brac \u2013 disponibles en version lineare (lin\u00e9aire) et terminale (haut) \u2013 sont des \u00e9l\u00e9ments en bois de saule verniciato (peint) con\u00e7us sp\u00e9cialement pour la collection Brac dessin\u00e9e par Nathalie Du Pasquier pour Mutina. Ils permettent de garantir une pose stable et esth\u00e9tique des claustras Brac, que ce soit en int\u00e9rieur ou en ext\u00e9rieur (uniquement pour la version Argilla). Le profil\u00e9 lineare assure l\u2019alignement des modules, tandis que le profil\u00e9 terminale, dot\u00e9 d\u2019une extr\u00e9mit\u00e9 fa\u00e7onn\u00e9e et d\u2019un c\u00f4t\u00e9 amovible, facilite la fermeture au plafond. Ces accessoires en bois peint sont essentiels pour obtenir un r\u00e9sultat architectural harmonieux et s\u00e9curis\u00e9, que ce soit dans des espaces r\u00e9sidentiels ou commerciaux.\" \/>\n<meta property=\"og:url\" content=\"https:\/\/homeproject.fr\/fr\/produit\/profile-en-bois-mutina-brac-lineare-et-terminale\/\" \/>\n<meta property=\"og:site_name\" content=\"Homeproject.fr\" \/>\n<meta property=\"article:modified_time\" content=\"2025-08-29T15:16:01+00:00\" \/>\n<meta property=\"og:image\" content=\"https:\/\/homeproject.fr\/fr\/wp-content\/uploads\/2025\/08\/Profile-Brac.jpg\" \/>\n\t<meta property=\"og:image:width\" content=\"510\" \/>\n\t<meta property=\"og:image:height\" content=\"510\" \/>\n\t<meta property=\"og:image:type\" content=\"image\/jpeg\" \/>\n<meta name=\"twitter:card\" content=\"summary_large_image\" \/>\n<meta name=\"twitter:label1\" content=\"Dur\u00e9e de lecture estim\u00e9e\" \/>\n\t<meta name=\"twitter:data1\" content=\"1 minute\" \/>\n<script type=\"application\/ld+json\" class=\"yoast-schema-graph\">{\"@context\":\"https:\\\/\\\/schema.org\",\"@graph\":[{\"@type\":\"WebPage\",\"@id\":\"https:\\\/\\\/homeproject.fr\\\/fr\\\/produit\\\/profile-en-bois-mutina-brac-lineare-et-terminale\\\/\",\"url\":\"https:\\\/\\\/homeproject.fr\\\/fr\\\/produit\\\/profile-en-bois-mutina-brac-lineare-et-terminale\\\/\",\"name\":\"Profil\u00e9 en bois Mutina Brac \u2013 Lineare et Terminale - Homeproject.fr\",\"isPartOf\":{\"@id\":\"https:\\\/\\\/homeproject.fr\\\/fr\\\/#website\"},\"primaryImageOfPage\":{\"@id\":\"https:\\\/\\\/homeproject.fr\\\/fr\\\/produit\\\/profile-en-bois-mutina-brac-lineare-et-terminale\\\/#primaryimage\"},\"image\":{\"@id\":\"https:\\\/\\\/homeproject.fr\\\/fr\\\/produit\\\/profile-en-bois-mutina-brac-lineare-et-terminale\\\/#primaryimage\"},\"thumbnailUrl\":\"https:\\\/\\\/homeproject.fr\\\/fr\\\/wp-content\\\/uploads\\\/2025\\\/08\\\/Profile-Brac.jpg\",\"datePublished\":\"2025-08-29T15:01:25+00:00\",\"dateModified\":\"2025-08-29T15:16:01+00:00\",\"breadcrumb\":{\"@id\":\"https:\\\/\\\/homeproject.fr\\\/fr\\\/produit\\\/profile-en-bois-mutina-brac-lineare-et-terminale\\\/#breadcrumb\"},\"inLanguage\":\"fr-FR\",\"potentialAction\":[{\"@type\":\"ReadAction\",\"target\":[\"https:\\\/\\\/homeproject.fr\\\/fr\\\/produit\\\/profile-en-bois-mutina-brac-lineare-et-terminale\\\/\"]}]},{\"@type\":\"ImageObject\",\"inLanguage\":\"fr-FR\",\"@id\":\"https:\\\/\\\/homeproject.fr\\\/fr\\\/produit\\\/profile-en-bois-mutina-brac-lineare-et-terminale\\\/#primaryimage\",\"url\":\"https:\\\/\\\/homeproject.fr\\\/fr\\\/wp-content\\\/uploads\\\/2025\\\/08\\\/Profile-Brac.jpg\",\"contentUrl\":\"https:\\\/\\\/homeproject.fr\\\/fr\\\/wp-content\\\/uploads\\\/2025\\\/08\\\/Profile-Brac.jpg\",\"width\":510,\"height\":510},{\"@type\":\"BreadcrumbList\",\"@id\":\"https:\\\/\\\/homeproject.fr\\\/fr\\\/produit\\\/profile-en-bois-mutina-brac-lineare-et-terminale\\\/#breadcrumb\",\"itemListElement\":[{\"@type\":\"ListItem\",\"position\":1,\"name\":\"Accueil\",\"item\":\"https:\\\/\\\/homeproject.fr\\\/fr\\\/\"},{\"@type\":\"ListItem\",\"position\":2,\"name\":\"Boutique\",\"item\":\"https:\\\/\\\/homeproject.fr\\\/fr\\\/boutique\\\/\"},{\"@type\":\"ListItem\",\"position\":3,\"name\":\"Profil\u00e9 en bois Mutina Brac \u2013 Lineare et Terminale\"}]},{\"@type\":\"WebSite\",\"@id\":\"https:\\\/\\\/homeproject.fr\\\/fr\\\/#website\",\"url\":\"https:\\\/\\\/homeproject.fr\\\/fr\\\/\",\"name\":\"Homeproject.fr\",\"description\":\"Offrez l&#039;exceptionnel \u00e0 vos espaces \u00e0 vivre\",\"publisher\":{\"@id\":\"https:\\\/\\\/homeproject.fr\\\/fr\\\/#organization\"},\"potentialAction\":[{\"@type\":\"SearchAction\",\"target\":{\"@type\":\"EntryPoint\",\"urlTemplate\":\"https:\\\/\\\/homeproject.fr\\\/fr\\\/?s={search_term_string}\"},\"query-input\":{\"@type\":\"PropertyValueSpecification\",\"valueRequired\":true,\"valueName\":\"search_term_string\"}}],\"inLanguage\":\"fr-FR\"},{\"@type\":\"Organization\",\"@id\":\"https:\\\/\\\/homeproject.fr\\\/fr\\\/#organization\",\"name\":\"Homeproject.fr\",\"url\":\"https:\\\/\\\/homeproject.fr\\\/fr\\\/\",\"logo\":{\"@type\":\"ImageObject\",\"inLanguage\":\"fr-FR\",\"@id\":\"https:\\\/\\\/homeproject.fr\\\/fr\\\/#\\\/schema\\\/logo\\\/image\\\/\",\"url\":\"https:\\\/\\\/homeproject.fr\\\/fr\\\/wp-content\\\/uploads\\\/2024\\\/12\\\/Logo_HomeProject-noir-2.png\",\"contentUrl\":\"https:\\\/\\\/homeproject.fr\\\/fr\\\/wp-content\\\/uploads\\\/2024\\\/12\\\/Logo_HomeProject-noir-2.png\",\"width\":300,\"height\":91,\"caption\":\"Homeproject.fr\"},\"image\":{\"@id\":\"https:\\\/\\\/homeproject.fr\\\/fr\\\/#\\\/schema\\\/logo\\\/image\\\/\"}}]}<\/script>\n<!-- \/ Yoast SEO plugin. -->","yoast_head_json":{"title":"Profil\u00e9 en bois Mutina Brac \u2013 Lineare et Terminale - Homeproject.fr","robots":{"index":"index","follow":"follow","max-snippet":"max-snippet:-1","max-image-preview":"max-image-preview:large","max-video-preview":"max-video-preview:-1"},"canonical":"https:\/\/homeproject.fr\/fr\/produit\/profile-en-bois-mutina-brac-lineare-et-terminale\/","og_locale":"fr_FR","og_type":"article","og_title":"Profil\u00e9 en bois Mutina Brac \u2013 Lineare et Terminale - Homeproject.fr","og_description":"Accessoires indispensables pour une installation parfaite des claustras Mutina Brac. Les profil\u00e9s Mutina Brac \u2013 disponibles en version lineare (lin\u00e9aire) et terminale (haut) \u2013 sont des \u00e9l\u00e9ments en bois de saule verniciato (peint) con\u00e7us sp\u00e9cialement pour la collection Brac dessin\u00e9e par Nathalie Du Pasquier pour Mutina. Ils permettent de garantir une pose stable et esth\u00e9tique des claustras Brac, que ce soit en int\u00e9rieur ou en ext\u00e9rieur (uniquement pour la version Argilla). Le profil\u00e9 lineare assure l\u2019alignement des modules, tandis que le profil\u00e9 terminale, dot\u00e9 d\u2019une extr\u00e9mit\u00e9 fa\u00e7onn\u00e9e et d\u2019un c\u00f4t\u00e9 amovible, facilite la fermeture au plafond. Ces accessoires en bois peint sont essentiels pour obtenir un r\u00e9sultat architectural harmonieux et s\u00e9curis\u00e9, que ce soit dans des espaces r\u00e9sidentiels ou commerciaux.","og_url":"https:\/\/homeproject.fr\/fr\/produit\/profile-en-bois-mutina-brac-lineare-et-terminale\/","og_site_name":"Homeproject.fr","article_modified_time":"2025-08-29T15:16:01+00:00","og_image":[{"width":510,"height":510,"url":"https:\/\/homeproject.fr\/fr\/wp-content\/uploads\/2025\/08\/Profile-Brac.jpg","type":"image\/jpeg"}],"twitter_card":"summary_large_image","twitter_misc":{"Dur\u00e9e de lecture estim\u00e9e":"1 minute"},"schema":{"@context":"https:\/\/schema.org","@graph":[{"@type":"WebPage","@id":"https:\/\/homeproject.fr\/fr\/produit\/profile-en-bois-mutina-brac-lineare-et-terminale\/","url":"https:\/\/homeproject.fr\/fr\/produit\/profile-en-bois-mutina-brac-lineare-et-terminale\/","name":"Profil\u00e9 en bois Mutina Brac \u2013 Lineare et Terminale - Homeproject.fr","isPartOf":{"@id":"https:\/\/homeproject.fr\/fr\/#website"},"primaryImageOfPage":{"@id":"https:\/\/homeproject.fr\/fr\/produit\/profile-en-bois-mutina-brac-lineare-et-terminale\/#primaryimage"},"image":{"@id":"https:\/\/homeproject.fr\/fr\/produit\/profile-en-bois-mutina-brac-lineare-et-terminale\/#primaryimage"},"thumbnailUrl":"https:\/\/homeproject.fr\/fr\/wp-content\/uploads\/2025\/08\/Profile-Brac.jpg","datePublished":"2025-08-29T15:01:25+00:00","dateModified":"2025-08-29T15:16:01+00:00","breadcrumb":{"@id":"https:\/\/homeproject.fr\/fr\/produit\/profile-en-bois-mutina-brac-lineare-et-terminale\/#breadcrumb"},"inLanguage":"fr-FR","potentialAction":[{"@type":"ReadAction","target":["https:\/\/homeproject.fr\/fr\/produit\/profile-en-bois-mutina-brac-lineare-et-terminale\/"]}]},{"@type":"ImageObject","inLanguage":"fr-FR","@id":"https:\/\/homeproject.fr\/fr\/produit\/profile-en-bois-mutina-brac-lineare-et-terminale\/#primaryimage","url":"https:\/\/homeproject.fr\/fr\/wp-content\/uploads\/2025\/08\/Profile-Brac.jpg","contentUrl":"https:\/\/homeproject.fr\/fr\/wp-content\/uploads\/2025\/08\/Profile-Brac.jpg","width":510,"height":510},{"@type":"BreadcrumbList","@id":"https:\/\/homeproject.fr\/fr\/produit\/profile-en-bois-mutina-brac-lineare-et-terminale\/#breadcrumb","itemListElement":[{"@type":"ListItem","position":1,"name":"Accueil","item":"https:\/\/homeproject.fr\/fr\/"},{"@type":"ListItem","position":2,"name":"Boutique","item":"https:\/\/homeproject.fr\/fr\/boutique\/"},{"@type":"ListItem","position":3,"name":"Profil\u00e9 en bois Mutina Brac \u2013 Lineare et Terminale"}]},{"@type":"WebSite","@id":"https:\/\/homeproject.fr\/fr\/#website","url":"https:\/\/homeproject.fr\/fr\/","name":"Homeproject.fr","description":"Offrez l&#039;exceptionnel \u00e0 vos espaces \u00e0 vivre","publisher":{"@id":"https:\/\/homeproject.fr\/fr\/#organization"},"potentialAction":[{"@type":"SearchAction","target":{"@type":"EntryPoint","urlTemplate":"https:\/\/homeproject.fr\/fr\/?s={search_term_string}"},"query-input":{"@type":"PropertyValueSpecification","valueRequired":true,"valueName":"search_term_string"}}],"inLanguage":"fr-FR"},{"@type":"Organization","@id":"https:\/\/homeproject.fr\/fr\/#organization","name":"Homeproject.fr","url":"https:\/\/homeproject.fr\/fr\/","logo":{"@type":"ImageObject","inLanguage":"fr-FR","@id":"https:\/\/homeproject.fr\/fr\/#\/schema\/logo\/image\/","url":"https:\/\/homeproject.fr\/fr\/wp-content\/uploads\/2024\/12\/Logo_HomeProject-noir-2.png","contentUrl":"https:\/\/homeproject.fr\/fr\/wp-content\/uploads\/2024\/12\/Logo_HomeProject-noir-2.png","width":300,"height":91,"caption":"Homeproject.fr"},"image":{"@id":"https:\/\/homeproject.fr\/fr\/#\/schema\/logo\/image\/"}}]}},"_links":{"self":[{"href":"https:\/\/homeproject.fr\/fr\/wp-json\/wp\/v2\/product\/15462","targetHints":{"allow":["GET"]}}],"collection":[{"href":"https:\/\/homeproject.fr\/fr\/wp-json\/wp\/v2\/product"}],"about":[{"href":"https:\/\/homeproject.fr\/fr\/wp-json\/wp\/v2\/types\/product"}],"version-history":[{"count":3,"href":"https:\/\/homeproject.fr\/fr\/wp-json\/wp\/v2\/product\/15462\/revisions"}],"predecessor-version":[{"id":15476,"href":"https:\/\/homeproject.fr\/fr\/wp-json\/wp\/v2\/product\/15462\/revisions\/15476"}],"wp:featuredmedia":[{"embeddable":true,"href":"https:\/\/homeproject.fr\/fr\/wp-json\/wp\/v2\/media\/15463"}],"wp:attachment":[{"href":"https:\/\/homeproject.fr\/fr\/wp-json\/wp\/v2\/media?parent=15462"}],"wp:term":[{"taxonomy":"product_brand","embeddable":true,"href":"https:\/\/homeproject.fr\/fr\/wp-json\/wp\/v2\/product_brand?post=15462"},{"taxonomy":"product_cat","embeddable":true,"href":"https:\/\/homeproject.fr\/fr\/wp-json\/wp\/v2\/product_cat?post=15462"},{"taxonomy":"product_tag","embeddable":true,"href":"https:\/\/homeproject.fr\/fr\/wp-json\/wp\/v2\/product_tag?post=15462"}],"curies":[{"name":"wp","href":"https:\/\/api.w.org\/{rel}","templated":true}]}}