{"id":15281,"date":"2025-08-27T08:30:25","date_gmt":"2025-08-27T08:30:25","guid":{"rendered":"https:\/\/homeproject.fr\/fr\/?post_type=product&#038;p=15281"},"modified":"2025-08-27T08:41:19","modified_gmt":"2025-08-27T08:41:19","slug":"claustra-mistral-black-mutina-l-125-x-h-255-x-p-125-cm","status":"publish","type":"product","link":"https:\/\/homeproject.fr\/fr\/produit\/claustra-mistral-black-mutina-l-125-x-h-255-x-p-125-cm\/","title":{"rendered":"Claustra Mistral Black \u2013 Mutina L.12,5 x H.25,5 x P.12,5 cm"},"content":{"rendered":"<h2 data-start=\"1052\" data-end=\"1084\">Caract\u00e9ristiques techniques<\/h2>\n<ul data-start=\"1085\" data-end=\"1804\">\n<li data-start=\"1085\" data-end=\"1131\">\n<p data-start=\"1087\" data-end=\"1131\"><strong data-start=\"1087\" data-end=\"1099\">Designer<\/strong> : Edward Barber &amp; Jay Osgerby<\/p>\n<\/li>\n<li data-start=\"1132\" data-end=\"1155\">\n<p data-start=\"1134\" data-end=\"1155\"><strong data-start=\"1134\" data-end=\"1144\">Marque<\/strong> : Mutina<\/p>\n<\/li>\n<li data-start=\"1156\" data-end=\"1184\">\n<p data-start=\"1158\" data-end=\"1184\"><strong data-start=\"1158\" data-end=\"1172\">Collection<\/strong> : Mistral<\/p>\n<\/li>\n<li data-start=\"1185\" data-end=\"1227\">\n<p data-start=\"1187\" data-end=\"1227\"><strong data-start=\"1187\" data-end=\"1198\">Coloris<\/strong> : Black (noir profond mat)<\/p>\n<\/li>\n<li data-start=\"1228\" data-end=\"1290\">\n<p data-start=\"1230\" data-end=\"1290\"><strong data-start=\"1230\" data-end=\"1242\">Mat\u00e9riau<\/strong> : Terre cuite produite par collage (artisanal)<\/p>\n<\/li>\n<li data-start=\"1291\" data-end=\"1329\">\n<p data-start=\"1293\" data-end=\"1329\"><strong data-start=\"1293\" data-end=\"1303\">Format<\/strong> : 12,5 \u00d7 25,5 \u00d7 12,5 cm<\/p>\n<\/li>\n<li data-start=\"1330\" data-end=\"1357\">\n<p data-start=\"1332\" data-end=\"1357\"><strong data-start=\"1332\" data-end=\"1345\">\u00c9paisseur<\/strong> : 12,5 cm<\/p>\n<\/li>\n<li data-start=\"1358\" data-end=\"1460\">\n<p data-start=\"1360\" data-end=\"1460\"><strong data-start=\"1360\" data-end=\"1375\">Utilisation<\/strong> : Int\u00e9rieur &amp; ext\u00e9rieur (conforme \u00e0 la norme UNI EN 772-22 F2 \u2013 exposition s\u00e9v\u00e8re)<\/p>\n<\/li>\n<li data-start=\"1461\" data-end=\"1558\">\n<p data-start=\"1463\" data-end=\"1558\"><strong data-start=\"1463\" data-end=\"1479\">Applications<\/strong> : Claustra, s\u00e9parateur d\u2019espaces, mur ajour\u00e9, installation d\u00e9corative murale<\/p>\n<\/li>\n<li data-start=\"1559\" data-end=\"1701\">\n<p data-start=\"1561\" data-end=\"1701\"><strong data-start=\"1561\" data-end=\"1577\">Installation<\/strong> : Montage avec profil\u00e9s en bois de saule peints (accessoires disponibles) \u2013 recommand\u00e9 sans d\u00e9coupe pour un rendu optimal<\/p>\n<\/li>\n<li data-start=\"1702\" data-end=\"1734\">\n<p data-start=\"1704\" data-end=\"1734\"><strong data-start=\"1704\" data-end=\"1723\">Poids par bo\u00eete<\/strong> : 6,6 kg<\/p>\n<\/li>\n<li data-start=\"1735\" data-end=\"1804\">\n<p data-start=\"1737\" data-end=\"1804\"><strong data-start=\"1737\" data-end=\"1754\">Certification<\/strong> : Contient 5 % de mat\u00e9riaux recycl\u00e9s (LEED 4.1)<\/p>\n<\/li>\n<\/ul>\n<h2 data-start=\"1806\" data-end=\"1820\">Avantages<\/h2>\n<ul data-start=\"1821\" data-end=\"2226\">\n<li data-start=\"1821\" data-end=\"1914\">\n<p data-start=\"1823\" data-end=\"1914\">\u00c9l\u00e9ment <strong data-start=\"1831\" data-end=\"1855\">design haut de gamme<\/strong> alliant tradition artisanale et innovation contemporaine<\/p>\n<\/li>\n<li data-start=\"1915\" data-end=\"2013\">\n<p data-start=\"1917\" data-end=\"2013\"><strong data-start=\"1917\" data-end=\"1938\">Grande modularit\u00e9<\/strong> : compositions multiples (verticales, horizontales, ferm\u00e9es ou ouvertes)<\/p>\n<\/li>\n<li data-start=\"2014\" data-end=\"2094\">\n<p data-start=\"2016\" data-end=\"2094\">R\u00e9sistant et durable, adapt\u00e9 \u00e0 une <strong data-start=\"2051\" data-end=\"2092\">utilisation r\u00e9sidentielle et Contract<\/strong><\/p>\n<\/li>\n<li data-start=\"2095\" data-end=\"2145\">\n<p data-start=\"2097\" data-end=\"2145\">Produit \u00e9coresponsable avec mat\u00e9riaux recycl\u00e9s<\/p>\n<\/li>\n<li data-start=\"2146\" data-end=\"2226\">\n<p data-start=\"2148\" data-end=\"2226\">Cr\u00e9ation d\u2019<strong data-start=\"2159\" data-end=\"2196\">ambiances architecturales uniques<\/strong> gr\u00e2ce aux effets de lumi\u00e8re<\/p>\n<\/li>\n<\/ul>\n<h2 data-start=\"2228\" data-end=\"2252\">Id\u00e9es d\u2019utilisation<\/h2>\n<ul data-start=\"2253\" data-end=\"2524\">\n<li data-start=\"2253\" data-end=\"2324\">\n<p data-start=\"2255\" data-end=\"2324\">Cloisonner un espace int\u00e9rieur tout en laissant circuler la lumi\u00e8re<\/p>\n<\/li>\n<li data-start=\"2325\" data-end=\"2385\">\n<p data-start=\"2327\" data-end=\"2385\">Cr\u00e9er une <strong data-start=\"2337\" data-end=\"2360\">s\u00e9paration \u00e9l\u00e9gante<\/strong> entre cuisine et salon<\/p>\n<\/li>\n<li data-start=\"2386\" data-end=\"2451\">\n<p data-start=\"2388\" data-end=\"2451\">R\u00e9aliser une <strong data-start=\"2401\" data-end=\"2419\">fa\u00e7ade ajour\u00e9e<\/strong> ou un mur d\u00e9coratif ext\u00e9rieur<\/p>\n<\/li>\n<li data-start=\"2452\" data-end=\"2524\">\n<p data-start=\"2454\" data-end=\"2524\">Am\u00e9nager un espace semi-privatif dans un restaurant, h\u00f4tel ou bureau<\/p>\n<\/li>\n<\/ul>\n<h3><strong style=\"font-size: 1.875rem;\">Vous avez des questions ?<\/strong><\/h3>\n<style id=\"wpforms-css-vars-3675\">\n\t\t\t\t#wpforms-3675 {\n\t\t\t\t\n\t\t\t}\n\t\t\t<\/style><div class=\"wpforms-container wpforms-container-full wpforms-render-modern\" id=\"wpforms-3675\"><form id=\"wpforms-form-3675\" class=\"wpforms-validate wpforms-form wpforms-ajax-form\" data-formid=\"3675\" method=\"post\" enctype=\"multipart\/form-data\" action=\"\/fr\/wp-json\/wp\/v2\/product\/15281\" data-token=\"9d579c4fe014830de7f99f3dcbfaaa07\" data-token-time=\"1777522419\"><noscript class=\"wpforms-error-noscript\">Veuillez activer JavaScript dans votre navigateur pour remplir ce formulaire.<\/noscript><div id=\"wpforms-error-noscript\" style=\"display: none;\">Veuillez activer JavaScript dans votre navigateur pour remplir ce formulaire.<\/div><div class=\"wpforms-field-container\"><div id=\"wpforms-3675-field_3-container\" class=\"wpforms-field wpforms-field-name\" data-field-id=\"3\"><fieldset><legend class=\"wpforms-field-label\">Nom <span class=\"wpforms-required-label\" aria-hidden=\"true\">*<\/span><\/legend><div class=\"wpforms-field-row wpforms-field-medium\"><div class=\"wpforms-field-row-block wpforms-first wpforms-one-half\"><input type=\"text\" id=\"wpforms-3675-field_3\" class=\"wpforms-field-name-first wpforms-field-required\" name=\"wpforms[fields][3][first]\" aria-errormessage=\"wpforms-3675-field_3-error\" required><label for=\"wpforms-3675-field_3\" class=\"wpforms-field-sublabel after\">Pr\u00e9nom<\/label><\/div><div class=\"wpforms-field-row-block wpforms-one-half\"><input type=\"text\" id=\"wpforms-3675-field_3-last\" class=\"wpforms-field-name-last wpforms-field-required\" name=\"wpforms[fields][3][last]\" aria-errormessage=\"wpforms-3675-field_3-last-error\" required><label for=\"wpforms-3675-field_3-last\" class=\"wpforms-field-sublabel after\">Nom<\/label><\/div><\/div><\/fieldset><\/div>\t\t<div id=\"wpforms-3675-field_1-container\"\n\t\t\tclass=\"wpforms-field wpforms-field-text\"\n\t\t\tdata-field-type=\"text\"\n\t\t\tdata-field-id=\"1\"\n\t\t\t>\n\t\t\t<label class=\"wpforms-field-label\" for=\"wpforms-3675-field_1\" >E-mail Nom Message<\/label>\n\t\t\t<input type=\"text\" id=\"wpforms-3675-field_1\" class=\"wpforms-field-medium\" name=\"wpforms[fields][1]\" >\n\t\t<\/div>\n\t\t<div id=\"wpforms-3675-field_4-container\" class=\"wpforms-field wpforms-field-email\" data-field-id=\"4\"><label class=\"wpforms-field-label\" for=\"wpforms-3675-field_4\">E-mail <span class=\"wpforms-required-label\" aria-hidden=\"true\">*<\/span><\/label><input type=\"email\" id=\"wpforms-3675-field_4\" class=\"wpforms-field-medium wpforms-field-required\" name=\"wpforms[fields][4]\" spellcheck=\"false\" aria-errormessage=\"wpforms-3675-field_4-error\" required><\/div><div id=\"wpforms-3675-field_5-container\" class=\"wpforms-field wpforms-field-textarea\" data-field-id=\"5\"><label class=\"wpforms-field-label\" for=\"wpforms-3675-field_5\">Message <span class=\"wpforms-required-label\" aria-hidden=\"true\">*<\/span><\/label><textarea id=\"wpforms-3675-field_5\" class=\"wpforms-field-medium wpforms-field-required\" name=\"wpforms[fields][5]\" aria-errormessage=\"wpforms-3675-field_5-error\" required><\/textarea><\/div><script>\n\t\t\t\t( function() {\n\t\t\t\t\tconst style = document.createElement( 'style' );\n\t\t\t\t\tstyle.appendChild( document.createTextNode( '#wpforms-3675-field_1-container { position: absolute !important; overflow: hidden !important; display: inline !important; height: 1px !important; width: 1px !important; z-index: -1000 !important; padding: 0 !important; } #wpforms-3675-field_1-container input { visibility: hidden; } #wpforms-conversational-form-page #wpforms-3675-field_1-container label { counter-increment: none; }' ) );\n\t\t\t\t\tdocument.head.appendChild( style );\n\t\t\t\t\tdocument.currentScript?.remove();\n\t\t\t\t} )();\n\t\t\t<\/script><\/div><!-- .wpforms-field-container --><div class=\"wpforms-submit-container\" ><input type=\"hidden\" name=\"wpforms[id]\" value=\"3675\"><input type=\"hidden\" name=\"page_title\" value=\"\"><input type=\"hidden\" name=\"page_url\" value=\"https:\/\/homeproject.fr\/fr\/wp-json\/wp\/v2\/product\/15281\"><input type=\"hidden\" name=\"url_referer\" value=\"\"><button type=\"submit\" name=\"wpforms[submit]\" id=\"wpforms-submit-3675\" class=\"wpforms-submit\" data-alt-text=\"Envoi...\" data-submit-text=\"Envoyer\" aria-live=\"assertive\" value=\"wpforms-submit\">Envoyer<\/button><img decoding=\"async\" src=\"https:\/\/homeproject.fr\/fr\/wp-content\/plugins\/wpforms-lite\/assets\/images\/submit-spin.svg\" class=\"wpforms-submit-spinner\" style=\"display: none;\" width=\"26\" height=\"26\" alt=\"Chargement en cours\"><\/div><\/form><\/div>  <!-- .wpforms-container -->\n","protected":false},"excerpt":{"rendered":"<p data-start=\"278\" data-end=\"715\">Le claustra <strong data-start=\"290\" data-end=\"307\">Mistral Black<\/strong> sign\u00e9 <strong data-start=\"314\" data-end=\"324\">Mutina<\/strong> et dessin\u00e9 par <strong data-start=\"340\" data-end=\"371\">Edward Barber &amp; Jay Osgerby<\/strong> est une pi\u00e8ce architecturale en terre cuite moul\u00e9e, pens\u00e9e comme un module tridimensionnel \u00e0 la fois fonctionnel et d\u00e9coratif. Inspir\u00e9 des <strong data-start=\"511\" data-end=\"547\">architectures rurales italiennes<\/strong> o\u00f9 les jalousies en terre cuite servaient \u00e0 ventiler naturellement granges et b\u00e2tisses, Mistral revisite cet h\u00e9ritage avec une approche contemporaine et minimaliste.<\/p>\n<p data-start=\"717\" data-end=\"1050\">Chaque module, produit artisanalement, peut \u00eatre install\u00e9 en <strong data-start=\"778\" data-end=\"818\">composition horizontale ou verticale<\/strong>, ferm\u00e9e ou ajour\u00e9e, permettant de cr\u00e9er des <strong data-start=\"863\" data-end=\"894\">jeux d\u2019ombres et de lumi\u00e8re<\/strong> uniques. Le coloris <strong data-start=\"915\" data-end=\"924\">Black<\/strong> offre un rendu \u00e9l\u00e9gant et intemporel, id\u00e9al pour structurer un espace int\u00e9rieur ou ext\u00e9rieur avec caract\u00e8re et raffinement.<\/p>\n","protected":false},"featured_media":15282,"template":"","meta":{"_uf_show_specific_survey":0,"_uf_disable_surveys":false,"iawp_total_views":11},"product_brand":[620],"product_cat":[20,194],"product_tag":[],"class_list":{"0":"post-15281","1":"product","2":"type-product","3":"status-publish","4":"has-post-thumbnail","6":"product_brand-mutina","7":"product_cat-carrelage","8":"product_cat-claustras","9":"product_shipping_class-carrelage","10":"pa_collection-mistral-par-mutina","11":"pa_designer-edward-barber-jay-osgerby","12":"pa_dimensions-nominales-125x255","13":"pa_effet-claustra","14":"pa_epaisseur-125mm","15":"pa_marque-mutina","17":"first","18":"instock","19":"sale","20":"taxable","21":"shipping-taxable","22":"purchasable","23":"product-type-simple"},"yoast_head":"<!-- This site is optimized with the Yoast SEO plugin v27.5 - https:\/\/yoast.com\/product\/yoast-seo-wordpress\/ -->\n<title>Claustra Mistral Black \u2013 Mutina L.12,5 x H.25,5 x P.12,5 cm - Homeproject.fr<\/title>\n<meta name=\"robots\" content=\"index, follow, max-snippet:-1, max-image-preview:large, max-video-preview:-1\" \/>\n<link rel=\"canonical\" href=\"https:\/\/homeproject.fr\/fr\/produit\/claustra-mistral-black-mutina-l-125-x-h-255-x-p-125-cm\/\" \/>\n<meta property=\"og:locale\" content=\"fr_FR\" \/>\n<meta property=\"og:type\" content=\"article\" \/>\n<meta property=\"og:title\" content=\"Claustra Mistral Black \u2013 Mutina L.12,5 x H.25,5 x P.12,5 cm - Homeproject.fr\" \/>\n<meta property=\"og:description\" content=\"Le claustra Mistral Black sign\u00e9 Mutina et dessin\u00e9 par Edward Barber &amp; Jay Osgerby est une pi\u00e8ce architecturale en terre cuite moul\u00e9e, pens\u00e9e comme un module tridimensionnel \u00e0 la fois fonctionnel et d\u00e9coratif. Inspir\u00e9 des architectures rurales italiennes o\u00f9 les jalousies en terre cuite servaient \u00e0 ventiler naturellement granges et b\u00e2tisses, Mistral revisite cet h\u00e9ritage avec une approche contemporaine et minimaliste. Chaque module, produit artisanalement, peut \u00eatre install\u00e9 en composition horizontale ou verticale, ferm\u00e9e ou ajour\u00e9e, permettant de cr\u00e9er des jeux d\u2019ombres et de lumi\u00e8re uniques. Le coloris Black offre un rendu \u00e9l\u00e9gant et intemporel, id\u00e9al pour structurer un espace int\u00e9rieur ou ext\u00e9rieur avec caract\u00e8re et raffinement.\" \/>\n<meta property=\"og:url\" content=\"https:\/\/homeproject.fr\/fr\/produit\/claustra-mistral-black-mutina-l-125-x-h-255-x-p-125-cm\/\" \/>\n<meta property=\"og:site_name\" content=\"Homeproject.fr\" \/>\n<meta property=\"article:modified_time\" content=\"2025-08-27T08:41:19+00:00\" \/>\n<meta property=\"og:image\" content=\"https:\/\/homeproject.fr\/fr\/wp-content\/uploads\/2025\/08\/Claustra-en-terre-cuite-coloree-Mistral-Black-dessine-par-Barber-et-Osgerby-pour-Mutina.jpg\" \/>\n\t<meta property=\"og:image:width\" content=\"1500\" \/>\n\t<meta property=\"og:image:height\" content=\"1500\" \/>\n\t<meta property=\"og:image:type\" content=\"image\/jpeg\" \/>\n<meta name=\"twitter:card\" content=\"summary_large_image\" \/>\n<meta name=\"twitter:label1\" content=\"Dur\u00e9e de lecture estim\u00e9e\" \/>\n\t<meta name=\"twitter:data1\" content=\"2 minutes\" \/>\n<script type=\"application\/ld+json\" class=\"yoast-schema-graph\">{\"@context\":\"https:\\\/\\\/schema.org\",\"@graph\":[{\"@type\":\"WebPage\",\"@id\":\"https:\\\/\\\/homeproject.fr\\\/fr\\\/produit\\\/claustra-mistral-black-mutina-l-125-x-h-255-x-p-125-cm\\\/\",\"url\":\"https:\\\/\\\/homeproject.fr\\\/fr\\\/produit\\\/claustra-mistral-black-mutina-l-125-x-h-255-x-p-125-cm\\\/\",\"name\":\"Claustra Mistral Black \u2013 Mutina L.12,5 x H.25,5 x P.12,5 cm - Homeproject.fr\",\"isPartOf\":{\"@id\":\"https:\\\/\\\/homeproject.fr\\\/fr\\\/#website\"},\"primaryImageOfPage\":{\"@id\":\"https:\\\/\\\/homeproject.fr\\\/fr\\\/produit\\\/claustra-mistral-black-mutina-l-125-x-h-255-x-p-125-cm\\\/#primaryimage\"},\"image\":{\"@id\":\"https:\\\/\\\/homeproject.fr\\\/fr\\\/produit\\\/claustra-mistral-black-mutina-l-125-x-h-255-x-p-125-cm\\\/#primaryimage\"},\"thumbnailUrl\":\"https:\\\/\\\/homeproject.fr\\\/fr\\\/wp-content\\\/uploads\\\/2025\\\/08\\\/Claustra-en-terre-cuite-coloree-Mistral-Black-dessine-par-Barber-et-Osgerby-pour-Mutina.jpg\",\"datePublished\":\"2025-08-27T08:30:25+00:00\",\"dateModified\":\"2025-08-27T08:41:19+00:00\",\"breadcrumb\":{\"@id\":\"https:\\\/\\\/homeproject.fr\\\/fr\\\/produit\\\/claustra-mistral-black-mutina-l-125-x-h-255-x-p-125-cm\\\/#breadcrumb\"},\"inLanguage\":\"fr-FR\",\"potentialAction\":[{\"@type\":\"ReadAction\",\"target\":[\"https:\\\/\\\/homeproject.fr\\\/fr\\\/produit\\\/claustra-mistral-black-mutina-l-125-x-h-255-x-p-125-cm\\\/\"]}]},{\"@type\":\"ImageObject\",\"inLanguage\":\"fr-FR\",\"@id\":\"https:\\\/\\\/homeproject.fr\\\/fr\\\/produit\\\/claustra-mistral-black-mutina-l-125-x-h-255-x-p-125-cm\\\/#primaryimage\",\"url\":\"https:\\\/\\\/homeproject.fr\\\/fr\\\/wp-content\\\/uploads\\\/2025\\\/08\\\/Claustra-en-terre-cuite-coloree-Mistral-Black-dessine-par-Barber-et-Osgerby-pour-Mutina.jpg\",\"contentUrl\":\"https:\\\/\\\/homeproject.fr\\\/fr\\\/wp-content\\\/uploads\\\/2025\\\/08\\\/Claustra-en-terre-cuite-coloree-Mistral-Black-dessine-par-Barber-et-Osgerby-pour-Mutina.jpg\",\"width\":1500,\"height\":1500},{\"@type\":\"BreadcrumbList\",\"@id\":\"https:\\\/\\\/homeproject.fr\\\/fr\\\/produit\\\/claustra-mistral-black-mutina-l-125-x-h-255-x-p-125-cm\\\/#breadcrumb\",\"itemListElement\":[{\"@type\":\"ListItem\",\"position\":1,\"name\":\"Accueil\",\"item\":\"https:\\\/\\\/homeproject.fr\\\/fr\\\/\"},{\"@type\":\"ListItem\",\"position\":2,\"name\":\"Boutique\",\"item\":\"https:\\\/\\\/homeproject.fr\\\/fr\\\/boutique\\\/\"},{\"@type\":\"ListItem\",\"position\":3,\"name\":\"Claustra Mistral Black \u2013 Mutina L.12,5 x H.25,5 x P.12,5 cm\"}]},{\"@type\":\"WebSite\",\"@id\":\"https:\\\/\\\/homeproject.fr\\\/fr\\\/#website\",\"url\":\"https:\\\/\\\/homeproject.fr\\\/fr\\\/\",\"name\":\"Homeproject.fr\",\"description\":\"Offrez l&#039;exceptionnel \u00e0 vos espaces \u00e0 vivre\",\"publisher\":{\"@id\":\"https:\\\/\\\/homeproject.fr\\\/fr\\\/#organization\"},\"potentialAction\":[{\"@type\":\"SearchAction\",\"target\":{\"@type\":\"EntryPoint\",\"urlTemplate\":\"https:\\\/\\\/homeproject.fr\\\/fr\\\/?s={search_term_string}\"},\"query-input\":{\"@type\":\"PropertyValueSpecification\",\"valueRequired\":true,\"valueName\":\"search_term_string\"}}],\"inLanguage\":\"fr-FR\"},{\"@type\":\"Organization\",\"@id\":\"https:\\\/\\\/homeproject.fr\\\/fr\\\/#organization\",\"name\":\"Homeproject.fr\",\"url\":\"https:\\\/\\\/homeproject.fr\\\/fr\\\/\",\"logo\":{\"@type\":\"ImageObject\",\"inLanguage\":\"fr-FR\",\"@id\":\"https:\\\/\\\/homeproject.fr\\\/fr\\\/#\\\/schema\\\/logo\\\/image\\\/\",\"url\":\"https:\\\/\\\/homeproject.fr\\\/fr\\\/wp-content\\\/uploads\\\/2024\\\/12\\\/Logo_HomeProject-noir-2.png\",\"contentUrl\":\"https:\\\/\\\/homeproject.fr\\\/fr\\\/wp-content\\\/uploads\\\/2024\\\/12\\\/Logo_HomeProject-noir-2.png\",\"width\":300,\"height\":91,\"caption\":\"Homeproject.fr\"},\"image\":{\"@id\":\"https:\\\/\\\/homeproject.fr\\\/fr\\\/#\\\/schema\\\/logo\\\/image\\\/\"}}]}<\/script>\n<!-- \/ Yoast SEO plugin. -->","yoast_head_json":{"title":"Claustra Mistral Black \u2013 Mutina L.12,5 x H.25,5 x P.12,5 cm - Homeproject.fr","robots":{"index":"index","follow":"follow","max-snippet":"max-snippet:-1","max-image-preview":"max-image-preview:large","max-video-preview":"max-video-preview:-1"},"canonical":"https:\/\/homeproject.fr\/fr\/produit\/claustra-mistral-black-mutina-l-125-x-h-255-x-p-125-cm\/","og_locale":"fr_FR","og_type":"article","og_title":"Claustra Mistral Black \u2013 Mutina L.12,5 x H.25,5 x P.12,5 cm - Homeproject.fr","og_description":"Le claustra Mistral Black sign\u00e9 Mutina et dessin\u00e9 par Edward Barber &amp; Jay Osgerby est une pi\u00e8ce architecturale en terre cuite moul\u00e9e, pens\u00e9e comme un module tridimensionnel \u00e0 la fois fonctionnel et d\u00e9coratif. Inspir\u00e9 des architectures rurales italiennes o\u00f9 les jalousies en terre cuite servaient \u00e0 ventiler naturellement granges et b\u00e2tisses, Mistral revisite cet h\u00e9ritage avec une approche contemporaine et minimaliste. Chaque module, produit artisanalement, peut \u00eatre install\u00e9 en composition horizontale ou verticale, ferm\u00e9e ou ajour\u00e9e, permettant de cr\u00e9er des jeux d\u2019ombres et de lumi\u00e8re uniques. Le coloris Black offre un rendu \u00e9l\u00e9gant et intemporel, id\u00e9al pour structurer un espace int\u00e9rieur ou ext\u00e9rieur avec caract\u00e8re et raffinement.","og_url":"https:\/\/homeproject.fr\/fr\/produit\/claustra-mistral-black-mutina-l-125-x-h-255-x-p-125-cm\/","og_site_name":"Homeproject.fr","article_modified_time":"2025-08-27T08:41:19+00:00","og_image":[{"width":1500,"height":1500,"url":"https:\/\/homeproject.fr\/fr\/wp-content\/uploads\/2025\/08\/Claustra-en-terre-cuite-coloree-Mistral-Black-dessine-par-Barber-et-Osgerby-pour-Mutina.jpg","type":"image\/jpeg"}],"twitter_card":"summary_large_image","twitter_misc":{"Dur\u00e9e de lecture estim\u00e9e":"2 minutes"},"schema":{"@context":"https:\/\/schema.org","@graph":[{"@type":"WebPage","@id":"https:\/\/homeproject.fr\/fr\/produit\/claustra-mistral-black-mutina-l-125-x-h-255-x-p-125-cm\/","url":"https:\/\/homeproject.fr\/fr\/produit\/claustra-mistral-black-mutina-l-125-x-h-255-x-p-125-cm\/","name":"Claustra Mistral Black \u2013 Mutina L.12,5 x H.25,5 x P.12,5 cm - Homeproject.fr","isPartOf":{"@id":"https:\/\/homeproject.fr\/fr\/#website"},"primaryImageOfPage":{"@id":"https:\/\/homeproject.fr\/fr\/produit\/claustra-mistral-black-mutina-l-125-x-h-255-x-p-125-cm\/#primaryimage"},"image":{"@id":"https:\/\/homeproject.fr\/fr\/produit\/claustra-mistral-black-mutina-l-125-x-h-255-x-p-125-cm\/#primaryimage"},"thumbnailUrl":"https:\/\/homeproject.fr\/fr\/wp-content\/uploads\/2025\/08\/Claustra-en-terre-cuite-coloree-Mistral-Black-dessine-par-Barber-et-Osgerby-pour-Mutina.jpg","datePublished":"2025-08-27T08:30:25+00:00","dateModified":"2025-08-27T08:41:19+00:00","breadcrumb":{"@id":"https:\/\/homeproject.fr\/fr\/produit\/claustra-mistral-black-mutina-l-125-x-h-255-x-p-125-cm\/#breadcrumb"},"inLanguage":"fr-FR","potentialAction":[{"@type":"ReadAction","target":["https:\/\/homeproject.fr\/fr\/produit\/claustra-mistral-black-mutina-l-125-x-h-255-x-p-125-cm\/"]}]},{"@type":"ImageObject","inLanguage":"fr-FR","@id":"https:\/\/homeproject.fr\/fr\/produit\/claustra-mistral-black-mutina-l-125-x-h-255-x-p-125-cm\/#primaryimage","url":"https:\/\/homeproject.fr\/fr\/wp-content\/uploads\/2025\/08\/Claustra-en-terre-cuite-coloree-Mistral-Black-dessine-par-Barber-et-Osgerby-pour-Mutina.jpg","contentUrl":"https:\/\/homeproject.fr\/fr\/wp-content\/uploads\/2025\/08\/Claustra-en-terre-cuite-coloree-Mistral-Black-dessine-par-Barber-et-Osgerby-pour-Mutina.jpg","width":1500,"height":1500},{"@type":"BreadcrumbList","@id":"https:\/\/homeproject.fr\/fr\/produit\/claustra-mistral-black-mutina-l-125-x-h-255-x-p-125-cm\/#breadcrumb","itemListElement":[{"@type":"ListItem","position":1,"name":"Accueil","item":"https:\/\/homeproject.fr\/fr\/"},{"@type":"ListItem","position":2,"name":"Boutique","item":"https:\/\/homeproject.fr\/fr\/boutique\/"},{"@type":"ListItem","position":3,"name":"Claustra Mistral Black \u2013 Mutina L.12,5 x H.25,5 x P.12,5 cm"}]},{"@type":"WebSite","@id":"https:\/\/homeproject.fr\/fr\/#website","url":"https:\/\/homeproject.fr\/fr\/","name":"Homeproject.fr","description":"Offrez l&#039;exceptionnel \u00e0 vos espaces \u00e0 vivre","publisher":{"@id":"https:\/\/homeproject.fr\/fr\/#organization"},"potentialAction":[{"@type":"SearchAction","target":{"@type":"EntryPoint","urlTemplate":"https:\/\/homeproject.fr\/fr\/?s={search_term_string}"},"query-input":{"@type":"PropertyValueSpecification","valueRequired":true,"valueName":"search_term_string"}}],"inLanguage":"fr-FR"},{"@type":"Organization","@id":"https:\/\/homeproject.fr\/fr\/#organization","name":"Homeproject.fr","url":"https:\/\/homeproject.fr\/fr\/","logo":{"@type":"ImageObject","inLanguage":"fr-FR","@id":"https:\/\/homeproject.fr\/fr\/#\/schema\/logo\/image\/","url":"https:\/\/homeproject.fr\/fr\/wp-content\/uploads\/2024\/12\/Logo_HomeProject-noir-2.png","contentUrl":"https:\/\/homeproject.fr\/fr\/wp-content\/uploads\/2024\/12\/Logo_HomeProject-noir-2.png","width":300,"height":91,"caption":"Homeproject.fr"},"image":{"@id":"https:\/\/homeproject.fr\/fr\/#\/schema\/logo\/image\/"}}]}},"_links":{"self":[{"href":"https:\/\/homeproject.fr\/fr\/wp-json\/wp\/v2\/product\/15281","targetHints":{"allow":["GET"]}}],"collection":[{"href":"https:\/\/homeproject.fr\/fr\/wp-json\/wp\/v2\/product"}],"about":[{"href":"https:\/\/homeproject.fr\/fr\/wp-json\/wp\/v2\/types\/product"}],"version-history":[{"count":1,"href":"https:\/\/homeproject.fr\/fr\/wp-json\/wp\/v2\/product\/15281\/revisions"}],"predecessor-version":[{"id":15289,"href":"https:\/\/homeproject.fr\/fr\/wp-json\/wp\/v2\/product\/15281\/revisions\/15289"}],"wp:featuredmedia":[{"embeddable":true,"href":"https:\/\/homeproject.fr\/fr\/wp-json\/wp\/v2\/media\/15282"}],"wp:attachment":[{"href":"https:\/\/homeproject.fr\/fr\/wp-json\/wp\/v2\/media?parent=15281"}],"wp:term":[{"taxonomy":"product_brand","embeddable":true,"href":"https:\/\/homeproject.fr\/fr\/wp-json\/wp\/v2\/product_brand?post=15281"},{"taxonomy":"product_cat","embeddable":true,"href":"https:\/\/homeproject.fr\/fr\/wp-json\/wp\/v2\/product_cat?post=15281"},{"taxonomy":"product_tag","embeddable":true,"href":"https:\/\/homeproject.fr\/fr\/wp-json\/wp\/v2\/product_tag?post=15281"}],"curies":[{"name":"wp","href":"https:\/\/api.w.org\/{rel}","templated":true}]}}