{"id":15212,"date":"2025-08-22T12:26:49","date_gmt":"2025-08-22T12:26:49","guid":{"rendered":"https:\/\/homeproject.fr\/fr\/?post_type=product&#038;p=15212"},"modified":"2025-08-22T12:41:54","modified_gmt":"2025-08-22T12:41:54","slug":"carrelage-florim-sensiterre-sabbia-naturale-15x30-r10-ptv-9mm","status":"publish","type":"product","link":"https:\/\/homeproject.fr\/fr\/produit\/carrelage-florim-sensiterre-sabbia-naturale-15x30-r10-ptv-9mm\/","title":{"rendered":"Carrelage Florim SensiTerre Sabbia Naturale 15&#215;30 R10 PTV 9mm"},"content":{"rendered":"<p><strong><a href=\"https:\/\/homeproject.fr\/fr\/produit\/echantillon-carrelage-florim-sensiterre-sabbia-natural-9mm-r10-ptv\/\">Commander un \u00e9chantillon<\/a><\/strong><\/p>\n<h3 data-start=\"958\" data-end=\"993\"><strong data-start=\"962\" data-end=\"993\">Caract\u00e9ristiques techniques<\/strong><\/h3>\n<div class=\"_tableContainer_sk2ct_1\">\n<div class=\"_tableWrapper_sk2ct_13 group flex w-fit flex-col-reverse\" tabindex=\"-1\">\n<table class=\"w-fit min-w-(--thread-content-width)\" data-start=\"995\" data-end=\"2054\">\n<thead data-start=\"995\" data-end=\"1075\">\n<tr data-start=\"995\" data-end=\"1075\">\n<th data-start=\"995\" data-end=\"1023\" data-col-size=\"sm\"><strong data-start=\"997\" data-end=\"1014\">Sp\u00e9cification<\/strong><\/th>\n<th data-start=\"1023\" data-end=\"1075\" data-col-size=\"md\"><strong data-start=\"1025\" data-end=\"1035\">D\u00e9tail<\/strong><\/th>\n<\/tr>\n<\/thead>\n<tbody data-start=\"1157\" data-end=\"2054\">\n<tr data-start=\"1157\" data-end=\"1238\">\n<td data-start=\"1157\" data-end=\"1185\" data-col-size=\"sm\">Marque<\/td>\n<td data-start=\"1185\" data-end=\"1238\" data-col-size=\"md\">Florim<\/td>\n<\/tr>\n<tr data-start=\"1239\" data-end=\"1320\">\n<td data-start=\"1239\" data-end=\"1267\" data-col-size=\"sm\">Collection<\/td>\n<td data-start=\"1267\" data-end=\"1320\" data-col-size=\"md\">SensiTerre<\/td>\n<\/tr>\n<tr data-start=\"1321\" data-end=\"1402\">\n<td data-start=\"1321\" data-end=\"1349\" data-col-size=\"sm\">Mod\u00e8le \/ R\u00e9f\u00e9rence<\/td>\n<td data-start=\"1349\" data-end=\"1402\" data-col-size=\"md\">Sabbia \u2013 781853<\/td>\n<\/tr>\n<tr data-start=\"1403\" data-end=\"1484\">\n<td data-start=\"1403\" data-end=\"1431\" data-col-size=\"sm\">Format<\/td>\n<td data-start=\"1431\" data-end=\"1484\" data-col-size=\"md\">15 \u00d7 30 cm<\/td>\n<\/tr>\n<tr data-start=\"1485\" data-end=\"1566\">\n<td data-start=\"1485\" data-end=\"1513\" data-col-size=\"sm\">\u00c9paisseur<\/td>\n<td data-start=\"1513\" data-end=\"1566\" data-col-size=\"md\">9 mm<\/td>\n<\/tr>\n<tr data-start=\"1567\" data-end=\"1648\">\n<td data-start=\"1567\" data-end=\"1595\" data-col-size=\"sm\">Finition<\/td>\n<td data-start=\"1595\" data-end=\"1648\" data-col-size=\"md\">Naturelle (mate)<\/td>\n<\/tr>\n<tr data-start=\"1649\" data-end=\"1730\">\n<td data-start=\"1649\" data-end=\"1677\" data-col-size=\"sm\">Antid\u00e9rapance<\/td>\n<td data-start=\"1677\" data-end=\"1730\" data-col-size=\"md\">R10 PTV \u2013 adh\u00e9rence mod\u00e9r\u00e9e<\/td>\n<\/tr>\n<tr data-start=\"1731\" data-end=\"1811\">\n<td data-start=\"1731\" data-end=\"1759\" data-col-size=\"sm\">Effet<\/td>\n<td data-start=\"1759\" data-end=\"1811\" data-col-size=\"md\">Ciment doux \/ Terre cuite contemporaine<\/td>\n<\/tr>\n<tr data-start=\"1812\" data-end=\"1892\">\n<td data-start=\"1812\" data-end=\"1840\" data-col-size=\"sm\">Couleur<\/td>\n<td data-col-size=\"md\" data-start=\"1840\" data-end=\"1892\">Sabbia (beige sable naturel)<\/td>\n<\/tr>\n<tr data-start=\"1893\" data-end=\"1973\">\n<td data-start=\"1893\" data-end=\"1921\" data-col-size=\"sm\">Utilisation<\/td>\n<td data-col-size=\"md\" data-start=\"1921\" data-end=\"1973\">Sols et murs \u2013 int\u00e9rieur et zones semi-couvertes<\/td>\n<\/tr>\n<tr data-start=\"1974\" data-end=\"2054\">\n<td data-start=\"1974\" data-end=\"2002\" data-col-size=\"sm\">Pose recommand\u00e9e<\/td>\n<td data-col-size=\"md\" data-start=\"2002\" data-end=\"2054\">droite, chevrons, quinconce, opus<\/td>\n<\/tr>\n<\/tbody>\n<\/table>\n<\/div>\n<\/div>\n<h3 data-start=\"2061\" data-end=\"2086\"><strong data-start=\"2065\" data-end=\"2086\">Avantages produit<\/strong><\/h3>\n<ul data-start=\"2087\" data-end=\"2450\">\n<li data-start=\"2087\" data-end=\"2167\">\n<p data-start=\"2089\" data-end=\"2167\">\u2705 Format 15\u00d730 cm modulable : id\u00e9al pour les motifs dynamiques ou classiques<\/p>\n<\/li>\n<li data-start=\"2168\" data-end=\"2259\">\n<p data-start=\"2170\" data-end=\"2259\">\u2705 Finition naturelle R10 : parfaite pour cuisines, s\u00e9jours, couloirs ou salles de bains<\/p>\n<\/li>\n<li data-start=\"2260\" data-end=\"2328\">\n<p data-start=\"2262\" data-end=\"2328\">\u2705 Esth\u00e9tique m\u00e9diterran\u00e9enne : effet ciment lumineux et apaisant<\/p>\n<\/li>\n<li data-start=\"2329\" data-end=\"2411\">\n<p data-start=\"2331\" data-end=\"2411\">\u2705 Surface mate, douce au toucher, r\u00e9sistante aux taches et facile \u00e0 entretenir<\/p>\n<\/li>\n<li data-start=\"2412\" data-end=\"2450\">\n<p data-start=\"2414\" data-end=\"2450\">\u2705 Compatible avec chauffage au sol<\/p>\n<\/li>\n<\/ul>\n<hr data-start=\"2452\" data-end=\"2455\" \/>\n<h3 data-start=\"2457\" data-end=\"2490\"><strong data-start=\"2461\" data-end=\"2490\">Applications recommand\u00e9es<\/strong><\/h3>\n<ul data-start=\"2491\" data-end=\"2667\">\n<li data-start=\"2491\" data-end=\"2529\">\n<p data-start=\"2493\" data-end=\"2529\">Pi\u00e8ces \u00e0 vivre, cuisines, chambres<\/p>\n<\/li>\n<li data-start=\"2530\" data-end=\"2568\">\n<p data-start=\"2532\" data-end=\"2568\">Murs de salle de bain ou cr\u00e9dences<\/p>\n<\/li>\n<li data-start=\"2569\" data-end=\"2617\">\n<p data-start=\"2571\" data-end=\"2617\">Espaces commerciaux au style brut et \u00e9l\u00e9gant<\/p>\n<\/li>\n<li data-start=\"2618\" data-end=\"2667\">\n<p data-start=\"2620\" data-end=\"2667\">R\u00e9novations d\u2019esprit naturel ou m\u00e9diterran\u00e9en<\/p>\n<\/li>\n<\/ul>\n<hr data-start=\"2669\" data-end=\"2672\" \/>\n<h3 data-start=\"2674\" data-end=\"2691\"><strong data-start=\"2678\" data-end=\"2691\">En r\u00e9sum\u00e9<\/strong><\/h3>\n<p data-start=\"2692\" data-end=\"2974\">Le carrelage <strong data-start=\"2705\" data-end=\"2735\">SensiTerre Sabbia 15\u00d730 cm<\/strong> offre un parfait \u00e9quilibre entre <strong data-start=\"2769\" data-end=\"2810\">authenticit\u00e9, modularit\u00e9 et modernit\u00e9<\/strong>. Une solution id\u00e9ale pour personnaliser vos int\u00e9rieurs avec <strong data-start=\"2871\" data-end=\"2908\">subtilit\u00e9, chaleur et raffinement<\/strong>, en conservant les performances techniques du gr\u00e8s c\u00e9rame Florim.<\/p>\n<h3 data-start=\"831\" data-end=\"866\"><strong style=\"font-family: inherit; font-size: 30px;\">Vous avez des questions ?<\/strong><\/h3>\n<style id=\"wpforms-css-vars-3675\">\n\t\t\t\t#wpforms-3675 {\n\t\t\t\t\n\t\t\t}\n\t\t\t<\/style><div class=\"wpforms-container wpforms-container-full wpforms-render-modern\" id=\"wpforms-3675\"><form id=\"wpforms-form-3675\" class=\"wpforms-validate wpforms-form wpforms-ajax-form\" data-formid=\"3675\" method=\"post\" enctype=\"multipart\/form-data\" action=\"\/fr\/wp-json\/wp\/v2\/product\/15212\" data-token=\"86cfa3cd8fc4572532d762e2357ac556\" data-token-time=\"1777824435\"><noscript class=\"wpforms-error-noscript\">Veuillez activer JavaScript dans votre navigateur pour remplir ce formulaire.<\/noscript><div id=\"wpforms-error-noscript\" style=\"display: none;\">Veuillez activer JavaScript dans votre navigateur pour remplir ce formulaire.<\/div><div class=\"wpforms-field-container\"><div id=\"wpforms-3675-field_3-container\" class=\"wpforms-field wpforms-field-name\" data-field-id=\"3\"><fieldset><legend class=\"wpforms-field-label\">Nom <span class=\"wpforms-required-label\" aria-hidden=\"true\">*<\/span><\/legend><div class=\"wpforms-field-row wpforms-field-medium\"><div class=\"wpforms-field-row-block wpforms-first wpforms-one-half\"><input type=\"text\" id=\"wpforms-3675-field_3\" class=\"wpforms-field-name-first wpforms-field-required\" name=\"wpforms[fields][3][first]\" aria-errormessage=\"wpforms-3675-field_3-error\" required><label for=\"wpforms-3675-field_3\" class=\"wpforms-field-sublabel after\">Pr\u00e9nom<\/label><\/div><div class=\"wpforms-field-row-block wpforms-one-half\"><input type=\"text\" id=\"wpforms-3675-field_3-last\" class=\"wpforms-field-name-last wpforms-field-required\" name=\"wpforms[fields][3][last]\" aria-errormessage=\"wpforms-3675-field_3-last-error\" required><label for=\"wpforms-3675-field_3-last\" class=\"wpforms-field-sublabel after\">Nom<\/label><\/div><\/div><\/fieldset><\/div>\t\t<div id=\"wpforms-3675-field_1-container\"\n\t\t\tclass=\"wpforms-field wpforms-field-text\"\n\t\t\tdata-field-type=\"text\"\n\t\t\tdata-field-id=\"1\"\n\t\t\t>\n\t\t\t<label class=\"wpforms-field-label\" for=\"wpforms-3675-field_1\" >Message E-mail Nom<\/label>\n\t\t\t<input type=\"text\" id=\"wpforms-3675-field_1\" class=\"wpforms-field-medium\" name=\"wpforms[fields][1]\" >\n\t\t<\/div>\n\t\t<div id=\"wpforms-3675-field_4-container\" class=\"wpforms-field wpforms-field-email\" data-field-id=\"4\"><label class=\"wpforms-field-label\" for=\"wpforms-3675-field_4\">E-mail <span class=\"wpforms-required-label\" aria-hidden=\"true\">*<\/span><\/label><input type=\"email\" id=\"wpforms-3675-field_4\" class=\"wpforms-field-medium wpforms-field-required\" name=\"wpforms[fields][4]\" spellcheck=\"false\" aria-errormessage=\"wpforms-3675-field_4-error\" required><\/div><div id=\"wpforms-3675-field_5-container\" class=\"wpforms-field wpforms-field-textarea\" data-field-id=\"5\"><label class=\"wpforms-field-label\" for=\"wpforms-3675-field_5\">Message <span class=\"wpforms-required-label\" aria-hidden=\"true\">*<\/span><\/label><textarea id=\"wpforms-3675-field_5\" class=\"wpforms-field-medium wpforms-field-required\" name=\"wpforms[fields][5]\" aria-errormessage=\"wpforms-3675-field_5-error\" required><\/textarea><\/div><script>\n\t\t\t\t( function() {\n\t\t\t\t\tconst style = document.createElement( 'style' );\n\t\t\t\t\tstyle.appendChild( document.createTextNode( '#wpforms-3675-field_1-container { position: absolute !important; overflow: hidden !important; display: inline !important; height: 1px !important; width: 1px !important; z-index: -1000 !important; padding: 0 !important; } #wpforms-3675-field_1-container input { visibility: hidden; } #wpforms-conversational-form-page #wpforms-3675-field_1-container label { counter-increment: none; }' ) );\n\t\t\t\t\tdocument.head.appendChild( style );\n\t\t\t\t\tdocument.currentScript?.remove();\n\t\t\t\t} )();\n\t\t\t<\/script><\/div><!-- .wpforms-field-container --><div class=\"wpforms-submit-container\" ><input type=\"hidden\" name=\"wpforms[id]\" value=\"3675\"><input type=\"hidden\" name=\"page_title\" value=\"\"><input type=\"hidden\" name=\"page_url\" value=\"https:\/\/homeproject.fr\/fr\/wp-json\/wp\/v2\/product\/15212\"><input type=\"hidden\" name=\"url_referer\" value=\"\"><button type=\"submit\" name=\"wpforms[submit]\" id=\"wpforms-submit-3675\" class=\"wpforms-submit\" data-alt-text=\"Envoi...\" data-submit-text=\"Envoyer\" aria-live=\"assertive\" value=\"wpforms-submit\">Envoyer<\/button><img decoding=\"async\" src=\"https:\/\/homeproject.fr\/fr\/wp-content\/plugins\/wpforms-lite\/assets\/images\/submit-spin.svg\" class=\"wpforms-submit-spinner\" style=\"display: none;\" width=\"26\" height=\"26\" alt=\"Chargement en cours\"><\/div><\/form><\/div>  <!-- .wpforms-container -->\n","protected":false},"excerpt":{"rendered":"<p data-start=\"280\" data-end=\"620\">Le carrelage <strong data-start=\"293\" data-end=\"323\">SensiTerre Sabbia 15\u00d730 cm<\/strong> de <strong data-start=\"327\" data-end=\"337\">Florim<\/strong> incarne la douceur de la terre cuite artisanale revisit\u00e9e dans un format rectangulaire au design \u00e9pur\u00e9. Sa <strong data-start=\"445\" data-end=\"466\">finition naturale<\/strong>, mate et min\u00e9rale, restitue l\u2019esth\u00e9tique du ciment brut, tout en offrant une <strong data-start=\"544\" data-end=\"579\">adh\u00e9rence confortable (R10 PTV)<\/strong> adapt\u00e9e aux espaces de vie du quotidien.<\/p>\n<p data-start=\"622\" data-end=\"951\">Son <strong data-start=\"626\" data-end=\"655\">format modulaire 15\u00d730 cm<\/strong> permet une grande vari\u00e9t\u00e9 de poses : droite, en quinconce, en b\u00e2ton rompu ou en opus, pour un rendu contemporain ou plus classique. Sa <strong data-start=\"788\" data-end=\"805\">teinte Sabbia<\/strong>, d\u2019un beige clair sabl\u00e9, cr\u00e9e une ambiance chaleureuse et naturelle, facile \u00e0 associer \u00e0 des mat\u00e9riaux comme le bois, la pierre ou le m\u00e9tal noir.<\/p>\n","protected":false},"featured_media":15213,"template":"","meta":{"_uf_show_specific_survey":0,"_uf_disable_surveys":false,"iawp_total_views":5},"product_brand":[607],"product_cat":[123,20,502],"product_tag":[],"class_list":{"0":"post-15212","1":"product","2":"type-product","3":"status-publish","4":"has-post-thumbnail","6":"product_brand-florim","7":"product_cat-aspect-beton","8":"product_cat-carrelage","9":"product_cat-terre-cuite","10":"product_shipping_class-carrelage","11":"pa_collection-sensiterre-par-florim","12":"pa_designer-matteo-thun","13":"pa_dimensions-nominales-15x30","14":"pa_effet-beton","15":"pa_effet-terre-cuite","16":"pa_epaisseur-9mm","17":"pa_marque-florim","18":"pa_materiau-gres-cerame-non-emaille","20":"first","21":"instock","22":"sale","23":"taxable","24":"shipping-taxable","25":"purchasable","26":"product-type-simple"},"yoast_head":"<!-- This site is optimized with the Yoast SEO plugin v27.5 - https:\/\/yoast.com\/product\/yoast-seo-wordpress\/ -->\n<title>Carrelage Florim SensiTerre Sabbia Naturale 15x30 R10 PTV 9mm - Homeproject.fr<\/title>\n<meta name=\"robots\" content=\"index, follow, max-snippet:-1, max-image-preview:large, max-video-preview:-1\" \/>\n<link rel=\"canonical\" href=\"https:\/\/homeproject.fr\/fr\/produit\/carrelage-florim-sensiterre-sabbia-naturale-15x30-r10-ptv-9mm\/\" \/>\n<meta property=\"og:locale\" content=\"fr_FR\" \/>\n<meta property=\"og:type\" content=\"article\" \/>\n<meta property=\"og:title\" content=\"Carrelage Florim SensiTerre Sabbia Naturale 15x30 R10 PTV 9mm - Homeproject.fr\" \/>\n<meta property=\"og:description\" content=\"Le carrelage SensiTerre Sabbia 15\u00d730 cm de Florim incarne la douceur de la terre cuite artisanale revisit\u00e9e dans un format rectangulaire au design \u00e9pur\u00e9. Sa finition naturale, mate et min\u00e9rale, restitue l\u2019esth\u00e9tique du ciment brut, tout en offrant une adh\u00e9rence confortable (R10 PTV) adapt\u00e9e aux espaces de vie du quotidien. Son format modulaire 15\u00d730 cm permet une grande vari\u00e9t\u00e9 de poses : droite, en quinconce, en b\u00e2ton rompu ou en opus, pour un rendu contemporain ou plus classique. Sa teinte Sabbia, d\u2019un beige clair sabl\u00e9, cr\u00e9e une ambiance chaleureuse et naturelle, facile \u00e0 associer \u00e0 des mat\u00e9riaux comme le bois, la pierre ou le m\u00e9tal noir.\" \/>\n<meta property=\"og:url\" content=\"https:\/\/homeproject.fr\/fr\/produit\/carrelage-florim-sensiterre-sabbia-naturale-15x30-r10-ptv-9mm\/\" \/>\n<meta property=\"og:site_name\" content=\"Homeproject.fr\" \/>\n<meta property=\"article:modified_time\" content=\"2025-08-22T12:41:54+00:00\" \/>\n<meta property=\"og:image\" content=\"https:\/\/homeproject.fr\/fr\/wp-content\/uploads\/2025\/08\/Carrelage-contemporain-aspect-terre-cuite-petit-format-SensiTerre-Florim-Sabbia-15x30-Naturale-R10-PTV-781853.jpg\" \/>\n\t<meta property=\"og:image:width\" content=\"1500\" \/>\n\t<meta property=\"og:image:height\" content=\"1500\" \/>\n\t<meta property=\"og:image:type\" content=\"image\/jpeg\" \/>\n<meta name=\"twitter:card\" content=\"summary_large_image\" \/>\n<meta name=\"twitter:label1\" content=\"Dur\u00e9e de lecture estim\u00e9e\" \/>\n\t<meta name=\"twitter:data1\" content=\"2 minutes\" \/>\n<script type=\"application\/ld+json\" class=\"yoast-schema-graph\">{\"@context\":\"https:\\\/\\\/schema.org\",\"@graph\":[{\"@type\":\"WebPage\",\"@id\":\"https:\\\/\\\/homeproject.fr\\\/fr\\\/produit\\\/carrelage-florim-sensiterre-sabbia-naturale-15x30-r10-ptv-9mm\\\/\",\"url\":\"https:\\\/\\\/homeproject.fr\\\/fr\\\/produit\\\/carrelage-florim-sensiterre-sabbia-naturale-15x30-r10-ptv-9mm\\\/\",\"name\":\"Carrelage Florim SensiTerre Sabbia Naturale 15x30 R10 PTV 9mm - Homeproject.fr\",\"isPartOf\":{\"@id\":\"https:\\\/\\\/homeproject.fr\\\/fr\\\/#website\"},\"primaryImageOfPage\":{\"@id\":\"https:\\\/\\\/homeproject.fr\\\/fr\\\/produit\\\/carrelage-florim-sensiterre-sabbia-naturale-15x30-r10-ptv-9mm\\\/#primaryimage\"},\"image\":{\"@id\":\"https:\\\/\\\/homeproject.fr\\\/fr\\\/produit\\\/carrelage-florim-sensiterre-sabbia-naturale-15x30-r10-ptv-9mm\\\/#primaryimage\"},\"thumbnailUrl\":\"https:\\\/\\\/homeproject.fr\\\/fr\\\/wp-content\\\/uploads\\\/2025\\\/08\\\/Carrelage-contemporain-aspect-terre-cuite-petit-format-SensiTerre-Florim-Sabbia-15x30-Naturale-R10-PTV-781853.jpg\",\"datePublished\":\"2025-08-22T12:26:49+00:00\",\"dateModified\":\"2025-08-22T12:41:54+00:00\",\"breadcrumb\":{\"@id\":\"https:\\\/\\\/homeproject.fr\\\/fr\\\/produit\\\/carrelage-florim-sensiterre-sabbia-naturale-15x30-r10-ptv-9mm\\\/#breadcrumb\"},\"inLanguage\":\"fr-FR\",\"potentialAction\":[{\"@type\":\"ReadAction\",\"target\":[\"https:\\\/\\\/homeproject.fr\\\/fr\\\/produit\\\/carrelage-florim-sensiterre-sabbia-naturale-15x30-r10-ptv-9mm\\\/\"]}]},{\"@type\":\"ImageObject\",\"inLanguage\":\"fr-FR\",\"@id\":\"https:\\\/\\\/homeproject.fr\\\/fr\\\/produit\\\/carrelage-florim-sensiterre-sabbia-naturale-15x30-r10-ptv-9mm\\\/#primaryimage\",\"url\":\"https:\\\/\\\/homeproject.fr\\\/fr\\\/wp-content\\\/uploads\\\/2025\\\/08\\\/Carrelage-contemporain-aspect-terre-cuite-petit-format-SensiTerre-Florim-Sabbia-15x30-Naturale-R10-PTV-781853.jpg\",\"contentUrl\":\"https:\\\/\\\/homeproject.fr\\\/fr\\\/wp-content\\\/uploads\\\/2025\\\/08\\\/Carrelage-contemporain-aspect-terre-cuite-petit-format-SensiTerre-Florim-Sabbia-15x30-Naturale-R10-PTV-781853.jpg\",\"width\":1500,\"height\":1500},{\"@type\":\"BreadcrumbList\",\"@id\":\"https:\\\/\\\/homeproject.fr\\\/fr\\\/produit\\\/carrelage-florim-sensiterre-sabbia-naturale-15x30-r10-ptv-9mm\\\/#breadcrumb\",\"itemListElement\":[{\"@type\":\"ListItem\",\"position\":1,\"name\":\"Accueil\",\"item\":\"https:\\\/\\\/homeproject.fr\\\/fr\\\/\"},{\"@type\":\"ListItem\",\"position\":2,\"name\":\"Boutique\",\"item\":\"https:\\\/\\\/homeproject.fr\\\/fr\\\/boutique\\\/\"},{\"@type\":\"ListItem\",\"position\":3,\"name\":\"Carrelage Florim SensiTerre Sabbia Naturale 15&#215;30 R10 PTV 9mm\"}]},{\"@type\":\"WebSite\",\"@id\":\"https:\\\/\\\/homeproject.fr\\\/fr\\\/#website\",\"url\":\"https:\\\/\\\/homeproject.fr\\\/fr\\\/\",\"name\":\"Homeproject.fr\",\"description\":\"Offrez l&#039;exceptionnel \u00e0 vos espaces \u00e0 vivre\",\"publisher\":{\"@id\":\"https:\\\/\\\/homeproject.fr\\\/fr\\\/#organization\"},\"potentialAction\":[{\"@type\":\"SearchAction\",\"target\":{\"@type\":\"EntryPoint\",\"urlTemplate\":\"https:\\\/\\\/homeproject.fr\\\/fr\\\/?s={search_term_string}\"},\"query-input\":{\"@type\":\"PropertyValueSpecification\",\"valueRequired\":true,\"valueName\":\"search_term_string\"}}],\"inLanguage\":\"fr-FR\"},{\"@type\":\"Organization\",\"@id\":\"https:\\\/\\\/homeproject.fr\\\/fr\\\/#organization\",\"name\":\"Homeproject.fr\",\"url\":\"https:\\\/\\\/homeproject.fr\\\/fr\\\/\",\"logo\":{\"@type\":\"ImageObject\",\"inLanguage\":\"fr-FR\",\"@id\":\"https:\\\/\\\/homeproject.fr\\\/fr\\\/#\\\/schema\\\/logo\\\/image\\\/\",\"url\":\"https:\\\/\\\/homeproject.fr\\\/fr\\\/wp-content\\\/uploads\\\/2024\\\/12\\\/Logo_HomeProject-noir-2.png\",\"contentUrl\":\"https:\\\/\\\/homeproject.fr\\\/fr\\\/wp-content\\\/uploads\\\/2024\\\/12\\\/Logo_HomeProject-noir-2.png\",\"width\":300,\"height\":91,\"caption\":\"Homeproject.fr\"},\"image\":{\"@id\":\"https:\\\/\\\/homeproject.fr\\\/fr\\\/#\\\/schema\\\/logo\\\/image\\\/\"}}]}<\/script>\n<!-- \/ Yoast SEO plugin. -->","yoast_head_json":{"title":"Carrelage Florim SensiTerre Sabbia Naturale 15x30 R10 PTV 9mm - Homeproject.fr","robots":{"index":"index","follow":"follow","max-snippet":"max-snippet:-1","max-image-preview":"max-image-preview:large","max-video-preview":"max-video-preview:-1"},"canonical":"https:\/\/homeproject.fr\/fr\/produit\/carrelage-florim-sensiterre-sabbia-naturale-15x30-r10-ptv-9mm\/","og_locale":"fr_FR","og_type":"article","og_title":"Carrelage Florim SensiTerre Sabbia Naturale 15x30 R10 PTV 9mm - Homeproject.fr","og_description":"Le carrelage SensiTerre Sabbia 15\u00d730 cm de Florim incarne la douceur de la terre cuite artisanale revisit\u00e9e dans un format rectangulaire au design \u00e9pur\u00e9. Sa finition naturale, mate et min\u00e9rale, restitue l\u2019esth\u00e9tique du ciment brut, tout en offrant une adh\u00e9rence confortable (R10 PTV) adapt\u00e9e aux espaces de vie du quotidien. Son format modulaire 15\u00d730 cm permet une grande vari\u00e9t\u00e9 de poses : droite, en quinconce, en b\u00e2ton rompu ou en opus, pour un rendu contemporain ou plus classique. Sa teinte Sabbia, d\u2019un beige clair sabl\u00e9, cr\u00e9e une ambiance chaleureuse et naturelle, facile \u00e0 associer \u00e0 des mat\u00e9riaux comme le bois, la pierre ou le m\u00e9tal noir.","og_url":"https:\/\/homeproject.fr\/fr\/produit\/carrelage-florim-sensiterre-sabbia-naturale-15x30-r10-ptv-9mm\/","og_site_name":"Homeproject.fr","article_modified_time":"2025-08-22T12:41:54+00:00","og_image":[{"width":1500,"height":1500,"url":"https:\/\/homeproject.fr\/fr\/wp-content\/uploads\/2025\/08\/Carrelage-contemporain-aspect-terre-cuite-petit-format-SensiTerre-Florim-Sabbia-15x30-Naturale-R10-PTV-781853.jpg","type":"image\/jpeg"}],"twitter_card":"summary_large_image","twitter_misc":{"Dur\u00e9e de lecture estim\u00e9e":"2 minutes"},"schema":{"@context":"https:\/\/schema.org","@graph":[{"@type":"WebPage","@id":"https:\/\/homeproject.fr\/fr\/produit\/carrelage-florim-sensiterre-sabbia-naturale-15x30-r10-ptv-9mm\/","url":"https:\/\/homeproject.fr\/fr\/produit\/carrelage-florim-sensiterre-sabbia-naturale-15x30-r10-ptv-9mm\/","name":"Carrelage Florim SensiTerre Sabbia Naturale 15x30 R10 PTV 9mm - Homeproject.fr","isPartOf":{"@id":"https:\/\/homeproject.fr\/fr\/#website"},"primaryImageOfPage":{"@id":"https:\/\/homeproject.fr\/fr\/produit\/carrelage-florim-sensiterre-sabbia-naturale-15x30-r10-ptv-9mm\/#primaryimage"},"image":{"@id":"https:\/\/homeproject.fr\/fr\/produit\/carrelage-florim-sensiterre-sabbia-naturale-15x30-r10-ptv-9mm\/#primaryimage"},"thumbnailUrl":"https:\/\/homeproject.fr\/fr\/wp-content\/uploads\/2025\/08\/Carrelage-contemporain-aspect-terre-cuite-petit-format-SensiTerre-Florim-Sabbia-15x30-Naturale-R10-PTV-781853.jpg","datePublished":"2025-08-22T12:26:49+00:00","dateModified":"2025-08-22T12:41:54+00:00","breadcrumb":{"@id":"https:\/\/homeproject.fr\/fr\/produit\/carrelage-florim-sensiterre-sabbia-naturale-15x30-r10-ptv-9mm\/#breadcrumb"},"inLanguage":"fr-FR","potentialAction":[{"@type":"ReadAction","target":["https:\/\/homeproject.fr\/fr\/produit\/carrelage-florim-sensiterre-sabbia-naturale-15x30-r10-ptv-9mm\/"]}]},{"@type":"ImageObject","inLanguage":"fr-FR","@id":"https:\/\/homeproject.fr\/fr\/produit\/carrelage-florim-sensiterre-sabbia-naturale-15x30-r10-ptv-9mm\/#primaryimage","url":"https:\/\/homeproject.fr\/fr\/wp-content\/uploads\/2025\/08\/Carrelage-contemporain-aspect-terre-cuite-petit-format-SensiTerre-Florim-Sabbia-15x30-Naturale-R10-PTV-781853.jpg","contentUrl":"https:\/\/homeproject.fr\/fr\/wp-content\/uploads\/2025\/08\/Carrelage-contemporain-aspect-terre-cuite-petit-format-SensiTerre-Florim-Sabbia-15x30-Naturale-R10-PTV-781853.jpg","width":1500,"height":1500},{"@type":"BreadcrumbList","@id":"https:\/\/homeproject.fr\/fr\/produit\/carrelage-florim-sensiterre-sabbia-naturale-15x30-r10-ptv-9mm\/#breadcrumb","itemListElement":[{"@type":"ListItem","position":1,"name":"Accueil","item":"https:\/\/homeproject.fr\/fr\/"},{"@type":"ListItem","position":2,"name":"Boutique","item":"https:\/\/homeproject.fr\/fr\/boutique\/"},{"@type":"ListItem","position":3,"name":"Carrelage Florim SensiTerre Sabbia Naturale 15&#215;30 R10 PTV 9mm"}]},{"@type":"WebSite","@id":"https:\/\/homeproject.fr\/fr\/#website","url":"https:\/\/homeproject.fr\/fr\/","name":"Homeproject.fr","description":"Offrez l&#039;exceptionnel \u00e0 vos espaces \u00e0 vivre","publisher":{"@id":"https:\/\/homeproject.fr\/fr\/#organization"},"potentialAction":[{"@type":"SearchAction","target":{"@type":"EntryPoint","urlTemplate":"https:\/\/homeproject.fr\/fr\/?s={search_term_string}"},"query-input":{"@type":"PropertyValueSpecification","valueRequired":true,"valueName":"search_term_string"}}],"inLanguage":"fr-FR"},{"@type":"Organization","@id":"https:\/\/homeproject.fr\/fr\/#organization","name":"Homeproject.fr","url":"https:\/\/homeproject.fr\/fr\/","logo":{"@type":"ImageObject","inLanguage":"fr-FR","@id":"https:\/\/homeproject.fr\/fr\/#\/schema\/logo\/image\/","url":"https:\/\/homeproject.fr\/fr\/wp-content\/uploads\/2024\/12\/Logo_HomeProject-noir-2.png","contentUrl":"https:\/\/homeproject.fr\/fr\/wp-content\/uploads\/2024\/12\/Logo_HomeProject-noir-2.png","width":300,"height":91,"caption":"Homeproject.fr"},"image":{"@id":"https:\/\/homeproject.fr\/fr\/#\/schema\/logo\/image\/"}}]}},"_links":{"self":[{"href":"https:\/\/homeproject.fr\/fr\/wp-json\/wp\/v2\/product\/15212","targetHints":{"allow":["GET"]}}],"collection":[{"href":"https:\/\/homeproject.fr\/fr\/wp-json\/wp\/v2\/product"}],"about":[{"href":"https:\/\/homeproject.fr\/fr\/wp-json\/wp\/v2\/types\/product"}],"version-history":[{"count":1,"href":"https:\/\/homeproject.fr\/fr\/wp-json\/wp\/v2\/product\/15212\/revisions"}],"predecessor-version":[{"id":15217,"href":"https:\/\/homeproject.fr\/fr\/wp-json\/wp\/v2\/product\/15212\/revisions\/15217"}],"wp:featuredmedia":[{"embeddable":true,"href":"https:\/\/homeproject.fr\/fr\/wp-json\/wp\/v2\/media\/15213"}],"wp:attachment":[{"href":"https:\/\/homeproject.fr\/fr\/wp-json\/wp\/v2\/media?parent=15212"}],"wp:term":[{"taxonomy":"product_brand","embeddable":true,"href":"https:\/\/homeproject.fr\/fr\/wp-json\/wp\/v2\/product_brand?post=15212"},{"taxonomy":"product_cat","embeddable":true,"href":"https:\/\/homeproject.fr\/fr\/wp-json\/wp\/v2\/product_cat?post=15212"},{"taxonomy":"product_tag","embeddable":true,"href":"https:\/\/homeproject.fr\/fr\/wp-json\/wp\/v2\/product_tag?post=15212"}],"curies":[{"name":"wp","href":"https:\/\/api.w.org\/{rel}","templated":true}]}}