{"id":15201,"date":"2025-08-22T11:07:08","date_gmt":"2025-08-22T11:07:08","guid":{"rendered":"https:\/\/homeproject.fr\/fr\/?post_type=product&#038;p=15201"},"modified":"2025-08-22T11:10:38","modified_gmt":"2025-08-22T11:10:38","slug":"carrelage-florim-sensiterre-sabbia-grana-antiderapant-60x120-r11-ptv-9mm","status":"publish","type":"product","link":"https:\/\/homeproject.fr\/fr\/produit\/carrelage-florim-sensiterre-sabbia-grana-antiderapant-60x120-r11-ptv-9mm\/","title":{"rendered":"Carrelage Florim SensiTerre Sabbia Grana Antid\u00e9rapant 60&#215;120 R11 PTV 9mm"},"content":{"rendered":"<p><strong><a href=\"https:\/\/homeproject.fr\/fr\/produit\/echantillon-carrelage-florim-sensiterre-sabbia-grana-9mm-r11-ptv\/\">Commander un \u00e9chantillon<\/a><\/strong><\/p>\n<div class=\"_tableContainer_1rjym_1\">\n<div class=\"_tableWrapper_1rjym_13 group flex w-fit flex-col-reverse\" tabindex=\"-1\">\n<h3 data-start=\"976\" data-end=\"1011\"><strong data-start=\"980\" data-end=\"1011\">Caract\u00e9ristiques techniques<\/strong><\/h3>\n<div class=\"_tableContainer_sk2ct_1\">\n<div class=\"_tableWrapper_sk2ct_13 group flex w-fit flex-col-reverse\" tabindex=\"-1\">\n<table class=\"w-fit min-w-(--thread-content-width)\" data-start=\"1013\" data-end=\"2070\">\n<thead data-start=\"1013\" data-end=\"1093\">\n<tr data-start=\"1013\" data-end=\"1093\">\n<th data-start=\"1013\" data-end=\"1041\" data-col-size=\"sm\"><strong data-start=\"1015\" data-end=\"1032\">Sp\u00e9cification<\/strong><\/th>\n<th data-start=\"1041\" data-end=\"1093\" data-col-size=\"md\"><strong data-start=\"1043\" data-end=\"1053\">D\u00e9tail<\/strong><\/th>\n<\/tr>\n<\/thead>\n<tbody data-start=\"1175\" data-end=\"2070\">\n<tr data-start=\"1175\" data-end=\"1256\">\n<td data-start=\"1175\" data-end=\"1203\" data-col-size=\"sm\">Marque<\/td>\n<td data-col-size=\"md\" data-start=\"1203\" data-end=\"1256\">Florim<\/td>\n<\/tr>\n<tr data-start=\"1257\" data-end=\"1338\">\n<td data-start=\"1257\" data-end=\"1285\" data-col-size=\"sm\">Collection<\/td>\n<td data-col-size=\"md\" data-start=\"1285\" data-end=\"1338\">SensiTerre<\/td>\n<\/tr>\n<tr data-start=\"1339\" data-end=\"1420\">\n<td data-start=\"1339\" data-end=\"1367\" data-col-size=\"sm\">Mod\u00e8le \/ R\u00e9f\u00e9rence<\/td>\n<td data-col-size=\"md\" data-start=\"1367\" data-end=\"1420\">Sabbia Grana \u2013 781490<\/td>\n<\/tr>\n<tr data-start=\"1421\" data-end=\"1502\">\n<td data-start=\"1421\" data-end=\"1449\" data-col-size=\"sm\">Format<\/td>\n<td data-col-size=\"md\" data-start=\"1449\" data-end=\"1502\">60 \u00d7 120 cm<\/td>\n<\/tr>\n<tr data-start=\"1503\" data-end=\"1584\">\n<td data-start=\"1503\" data-end=\"1531\" data-col-size=\"sm\">\u00c9paisseur<\/td>\n<td data-col-size=\"md\" data-start=\"1531\" data-end=\"1584\">9 mm<\/td>\n<\/tr>\n<tr data-start=\"1585\" data-end=\"1665\">\n<td data-start=\"1585\" data-end=\"1613\" data-col-size=\"sm\">Finition<\/td>\n<td data-col-size=\"md\" data-start=\"1613\" data-end=\"1665\">Grip (structur\u00e9e antid\u00e9rapante)<\/td>\n<\/tr>\n<tr data-start=\"1666\" data-end=\"1746\">\n<td data-start=\"1666\" data-end=\"1694\" data-col-size=\"sm\">Antid\u00e9rapance<\/td>\n<td data-col-size=\"md\" data-start=\"1694\" data-end=\"1746\">R11 PTV \u2013 tr\u00e8s forte adh\u00e9rence<\/td>\n<\/tr>\n<tr data-start=\"1747\" data-end=\"1827\">\n<td data-start=\"1747\" data-end=\"1775\" data-col-size=\"sm\">Effet<\/td>\n<td data-col-size=\"md\" data-start=\"1775\" data-end=\"1827\">Ciment \/ Terre cuite contemporaine<\/td>\n<\/tr>\n<tr data-start=\"1828\" data-end=\"1908\">\n<td data-start=\"1828\" data-end=\"1856\" data-col-size=\"sm\">Couleur<\/td>\n<td data-col-size=\"md\" data-start=\"1856\" data-end=\"1908\">Sabbia (beige sable naturel)<\/td>\n<\/tr>\n<tr data-start=\"1909\" data-end=\"1989\">\n<td data-start=\"1909\" data-end=\"1937\" data-col-size=\"sm\">Utilisation<\/td>\n<td data-col-size=\"md\" data-start=\"1937\" data-end=\"1989\">Sols et murs \u2013 int\u00e9rieur et ext\u00e9rieur abrit\u00e9<\/td>\n<\/tr>\n<tr data-start=\"1990\" data-end=\"2070\">\n<td data-start=\"1990\" data-end=\"2018\" data-col-size=\"sm\">Pose recommand\u00e9e<\/td>\n<td data-col-size=\"md\" data-start=\"2018\" data-end=\"2070\">droite, d\u00e9cal\u00e9e ou en quinconce<\/td>\n<\/tr>\n<\/tbody>\n<\/table>\n<\/div>\n<\/div>\n<h3 data-start=\"2077\" data-end=\"2094\"><strong data-start=\"2081\" data-end=\"2094\">Avantages<\/strong><\/h3>\n<ul data-start=\"2096\" data-end=\"2391\">\n<li data-start=\"2096\" data-end=\"2167\">\n<p data-start=\"2098\" data-end=\"2167\">\u2705 Finition Grip R11 : parfaite pour zones humides ou \u00e0 fort passage<\/p>\n<\/li>\n<li data-start=\"2168\" data-end=\"2225\">\n<p data-start=\"2170\" data-end=\"2225\">\u2705 Effet ciment textur\u00e9 : rendu authentique et min\u00e9ral<\/p>\n<\/li>\n<li data-start=\"2226\" data-end=\"2304\">\n<p data-start=\"2228\" data-end=\"2304\">\u2705 Grand format 60\u00d7120 cm : id\u00e9al pour cr\u00e9er des espaces modernes et \u00e9pur\u00e9s<\/p>\n<\/li>\n<li data-start=\"2305\" data-end=\"2340\">\n<p data-start=\"2307\" data-end=\"2340\">\u2705 Compatible plancher chauffant<\/p>\n<\/li>\n<li data-start=\"2341\" data-end=\"2391\">\n<p data-start=\"2343\" data-end=\"2391\">\u2705 Surface r\u00e9sistante : taches, usure, humidit\u00e9<\/p>\n<\/li>\n<\/ul>\n<hr data-start=\"2393\" data-end=\"2396\" \/>\n<h3 data-start=\"2398\" data-end=\"2431\"><strong data-start=\"2402\" data-end=\"2431\">Applications recommand\u00e9es<\/strong><\/h3>\n<ul data-start=\"2432\" data-end=\"2587\">\n<li data-start=\"2432\" data-end=\"2471\">\n<p data-start=\"2434\" data-end=\"2471\">Douches italiennes, salles de bains<\/p>\n<\/li>\n<li data-start=\"2472\" data-end=\"2503\">\n<p data-start=\"2474\" data-end=\"2503\">Cuisines, couloirs, entr\u00e9es<\/p>\n<\/li>\n<li data-start=\"2472\" data-end=\"2503\">Terrasses ext\u00e9rieures<\/li>\n<li data-start=\"2504\" data-end=\"2543\">\n<p data-start=\"2506\" data-end=\"2543\">Espaces professionnels ou h\u00f4teliers<\/p>\n<\/li>\n<li data-start=\"2544\" data-end=\"2587\">\n<p data-start=\"2546\" data-end=\"2587\">Murs d\u00e9coratifs ou sols \u00e0 effet mati\u00e8re<\/p>\n<\/li>\n<\/ul>\n<hr data-start=\"2589\" data-end=\"2592\" \/>\n<h3 data-start=\"2594\" data-end=\"2611\"><strong data-start=\"2598\" data-end=\"2611\">En r\u00e9sum\u00e9<\/strong><\/h3>\n<p data-start=\"2612\" data-end=\"2832\">Le carrelage <strong data-start=\"2625\" data-end=\"2678\">Florim SensiTerre Sabbia Grana 60\u00d7120 cm Grip R11<\/strong> est la solution parfaite pour allier <strong data-start=\"2716\" data-end=\"2764\">esth\u00e9tique naturelle, s\u00e9curit\u00e9 et durabilit\u00e9<\/strong>, dans des int\u00e9rieurs au design m\u00e9diterran\u00e9en, brut ou contemporain.<\/p>\n<h3 data-start=\"958\" data-end=\"993\"><strong style=\"font-family: inherit; font-size: 30px;\">Vous avez des questions ?<\/strong><\/h3>\n<\/div>\n<\/div>\n<style id=\"wpforms-css-vars-3675\">\n\t\t\t\t#wpforms-3675 {\n\t\t\t\t\n\t\t\t}\n\t\t\t<\/style><div class=\"wpforms-container wpforms-container-full wpforms-render-modern\" id=\"wpforms-3675\"><form id=\"wpforms-form-3675\" class=\"wpforms-validate wpforms-form wpforms-ajax-form\" data-formid=\"3675\" method=\"post\" enctype=\"multipart\/form-data\" action=\"\/fr\/wp-json\/wp\/v2\/product\/15201\" data-token=\"86cfa3cd8fc4572532d762e2357ac556\" data-token-time=\"1777821210\"><noscript class=\"wpforms-error-noscript\">Veuillez activer JavaScript dans votre navigateur pour remplir ce formulaire.<\/noscript><div id=\"wpforms-error-noscript\" style=\"display: none;\">Veuillez activer JavaScript dans votre navigateur pour remplir ce formulaire.<\/div><div class=\"wpforms-field-container\"><div id=\"wpforms-3675-field_3-container\" class=\"wpforms-field wpforms-field-name\" data-field-id=\"3\"><fieldset><legend class=\"wpforms-field-label\">Nom <span class=\"wpforms-required-label\" aria-hidden=\"true\">*<\/span><\/legend><div class=\"wpforms-field-row wpforms-field-medium\"><div class=\"wpforms-field-row-block wpforms-first wpforms-one-half\"><input type=\"text\" id=\"wpforms-3675-field_3\" class=\"wpforms-field-name-first wpforms-field-required\" name=\"wpforms[fields][3][first]\" aria-errormessage=\"wpforms-3675-field_3-error\" required><label for=\"wpforms-3675-field_3\" class=\"wpforms-field-sublabel after\">Pr\u00e9nom<\/label><\/div><div class=\"wpforms-field-row-block wpforms-one-half\"><input type=\"text\" id=\"wpforms-3675-field_3-last\" class=\"wpforms-field-name-last wpforms-field-required\" name=\"wpforms[fields][3][last]\" aria-errormessage=\"wpforms-3675-field_3-last-error\" required><label for=\"wpforms-3675-field_3-last\" class=\"wpforms-field-sublabel after\">Nom<\/label><\/div><\/div><\/fieldset><\/div><div id=\"wpforms-3675-field_4-container\" class=\"wpforms-field wpforms-field-email\" data-field-id=\"4\"><label class=\"wpforms-field-label\" for=\"wpforms-3675-field_4\">E-mail <span class=\"wpforms-required-label\" aria-hidden=\"true\">*<\/span><\/label><input type=\"email\" id=\"wpforms-3675-field_4\" class=\"wpforms-field-medium wpforms-field-required\" name=\"wpforms[fields][4]\" spellcheck=\"false\" aria-errormessage=\"wpforms-3675-field_4-error\" required><\/div>\t\t<div id=\"wpforms-3675-field_1-container\"\n\t\t\tclass=\"wpforms-field wpforms-field-text\"\n\t\t\tdata-field-type=\"text\"\n\t\t\tdata-field-id=\"1\"\n\t\t\t>\n\t\t\t<label class=\"wpforms-field-label\" for=\"wpforms-3675-field_1\" >E-mail Message Nom<\/label>\n\t\t\t<input type=\"text\" id=\"wpforms-3675-field_1\" class=\"wpforms-field-medium\" name=\"wpforms[fields][1]\" >\n\t\t<\/div>\n\t\t<div id=\"wpforms-3675-field_5-container\" class=\"wpforms-field wpforms-field-textarea\" data-field-id=\"5\"><label class=\"wpforms-field-label\" for=\"wpforms-3675-field_5\">Message <span class=\"wpforms-required-label\" aria-hidden=\"true\">*<\/span><\/label><textarea id=\"wpforms-3675-field_5\" class=\"wpforms-field-medium wpforms-field-required\" name=\"wpforms[fields][5]\" aria-errormessage=\"wpforms-3675-field_5-error\" required><\/textarea><\/div><script>\n\t\t\t\t( function() {\n\t\t\t\t\tconst style = document.createElement( 'style' );\n\t\t\t\t\tstyle.appendChild( document.createTextNode( '#wpforms-3675-field_1-container { position: absolute !important; overflow: hidden !important; display: inline !important; height: 1px !important; width: 1px !important; z-index: -1000 !important; padding: 0 !important; } #wpforms-3675-field_1-container input { visibility: hidden; } #wpforms-conversational-form-page #wpforms-3675-field_1-container label { counter-increment: none; }' ) );\n\t\t\t\t\tdocument.head.appendChild( style );\n\t\t\t\t\tdocument.currentScript?.remove();\n\t\t\t\t} )();\n\t\t\t<\/script><\/div><!-- .wpforms-field-container --><div class=\"wpforms-submit-container\" ><input type=\"hidden\" name=\"wpforms[id]\" value=\"3675\"><input type=\"hidden\" name=\"page_title\" value=\"\"><input type=\"hidden\" name=\"page_url\" value=\"https:\/\/homeproject.fr\/fr\/wp-json\/wp\/v2\/product\/15201\"><input type=\"hidden\" name=\"url_referer\" value=\"\"><button type=\"submit\" name=\"wpforms[submit]\" id=\"wpforms-submit-3675\" class=\"wpforms-submit\" data-alt-text=\"Envoi...\" data-submit-text=\"Envoyer\" aria-live=\"assertive\" value=\"wpforms-submit\">Envoyer<\/button><img decoding=\"async\" src=\"https:\/\/homeproject.fr\/fr\/wp-content\/plugins\/wpforms-lite\/assets\/images\/submit-spin.svg\" class=\"wpforms-submit-spinner\" style=\"display: none;\" width=\"26\" height=\"26\" alt=\"Chargement en cours\"><\/div><\/form><\/div>  <!-- .wpforms-container -->\n","protected":false},"excerpt":{"rendered":"<p data-start=\"271\" data-end=\"673\">Le carrelage <strong data-start=\"284\" data-end=\"311\">SensiTerre Sabbia Grana<\/strong> de <strong data-start=\"315\" data-end=\"325\">Florim<\/strong>, au format <strong data-start=\"337\" data-end=\"350\">60\u00d7120 cm<\/strong> et en <strong data-start=\"357\" data-end=\"375\">\u00e9paisseur 9 mm<\/strong>, marie l\u2019esth\u00e9tique brute de la terre naturelle \u00e0 la performance technique du gr\u00e8s c\u00e9rame. Sa <strong data-start=\"470\" data-end=\"497\">surface structur\u00e9e Grip<\/strong> offre une excellente adh\u00e9rence class\u00e9e <strong data-start=\"537\" data-end=\"548\">R11 PTV<\/strong>, id\u00e9ale pour les environnements humides ou \u00e0 fort passage, comme les douches \u00e0 l\u2019italienne, cuisines ou espaces commerciaux.<\/p>\n<p data-start=\"675\" data-end=\"969\">La <strong data-start=\"678\" data-end=\"695\">teinte Sabbia<\/strong>, d\u2019un beige sable doux et min\u00e9ral, \u00e9voque les paysages m\u00e9diterran\u00e9ens et s\u2019harmonise facilement avec des mat\u00e9riaux bruts tels que le bois, la pierre ou le m\u00e9tal. L\u2019effet ciment l\u00e9g\u00e8rement granuleux de la finition <strong data-start=\"909\" data-end=\"918\">Grana<\/strong> apporte du relief et de l\u2019authenticit\u00e9 \u00e0 vos sols.<\/p>\n","protected":false},"featured_media":15202,"template":"","meta":{"_uf_show_specific_survey":0,"_uf_disable_surveys":false,"iawp_total_views":7},"product_brand":[607],"product_cat":[123,20,128,502],"product_tag":[],"class_list":{"0":"post-15201","1":"product","2":"type-product","3":"status-publish","4":"has-post-thumbnail","6":"product_brand-florim","7":"product_cat-aspect-beton","8":"product_cat-carrelage","9":"product_cat-exterieur","10":"product_cat-terre-cuite","11":"product_shipping_class-carrelage","12":"pa_collection-sensiterre-par-florim","13":"pa_designer-matteo-thun","14":"pa_dimensions-nominales-60x120","15":"pa_effet-beton","16":"pa_effet-terre-cuite","17":"pa_epaisseur-9mm","18":"pa_marque-florim","19":"pa_materiau-gres-cerame-non-emaille","21":"first","22":"instock","23":"sale","24":"taxable","25":"shipping-taxable","26":"purchasable","27":"product-type-simple"},"yoast_head":"<!-- This site is optimized with the Yoast SEO plugin v27.5 - https:\/\/yoast.com\/product\/yoast-seo-wordpress\/ -->\n<title>Carrelage Florim SensiTerre Sabbia Grana Antid\u00e9rapant 60x120 R11 PTV 9mm - Homeproject.fr<\/title>\n<meta name=\"robots\" content=\"index, follow, max-snippet:-1, max-image-preview:large, max-video-preview:-1\" \/>\n<link rel=\"canonical\" href=\"https:\/\/homeproject.fr\/fr\/produit\/carrelage-florim-sensiterre-sabbia-grana-antiderapant-60x120-r11-ptv-9mm\/\" \/>\n<meta property=\"og:locale\" content=\"fr_FR\" \/>\n<meta property=\"og:type\" content=\"article\" \/>\n<meta property=\"og:title\" content=\"Carrelage Florim SensiTerre Sabbia Grana Antid\u00e9rapant 60x120 R11 PTV 9mm - Homeproject.fr\" \/>\n<meta property=\"og:description\" content=\"Le carrelage SensiTerre Sabbia Grana de Florim, au format 60\u00d7120 cm et en \u00e9paisseur 9 mm, marie l\u2019esth\u00e9tique brute de la terre naturelle \u00e0 la performance technique du gr\u00e8s c\u00e9rame. Sa surface structur\u00e9e Grip offre une excellente adh\u00e9rence class\u00e9e R11 PTV, id\u00e9ale pour les environnements humides ou \u00e0 fort passage, comme les douches \u00e0 l\u2019italienne, cuisines ou espaces commerciaux. La teinte Sabbia, d\u2019un beige sable doux et min\u00e9ral, \u00e9voque les paysages m\u00e9diterran\u00e9ens et s\u2019harmonise facilement avec des mat\u00e9riaux bruts tels que le bois, la pierre ou le m\u00e9tal. L\u2019effet ciment l\u00e9g\u00e8rement granuleux de la finition Grana apporte du relief et de l\u2019authenticit\u00e9 \u00e0 vos sols.\" \/>\n<meta property=\"og:url\" content=\"https:\/\/homeproject.fr\/fr\/produit\/carrelage-florim-sensiterre-sabbia-grana-antiderapant-60x120-r11-ptv-9mm\/\" \/>\n<meta property=\"og:site_name\" content=\"Homeproject.fr\" \/>\n<meta property=\"article:modified_time\" content=\"2025-08-22T11:10:38+00:00\" \/>\n<meta property=\"og:image\" content=\"https:\/\/homeproject.fr\/fr\/wp-content\/uploads\/2025\/08\/Carrelage-contemporain-aspect-terre-cuite-grand-format-SensiTerre-Florim-Sabbia-60x120-Grana-antiderapant-R11-PTV-781490.jpg\" \/>\n\t<meta property=\"og:image:width\" content=\"1500\" \/>\n\t<meta property=\"og:image:height\" content=\"1500\" \/>\n\t<meta property=\"og:image:type\" content=\"image\/jpeg\" \/>\n<meta name=\"twitter:card\" content=\"summary_large_image\" \/>\n<meta name=\"twitter:label1\" content=\"Dur\u00e9e de lecture estim\u00e9e\" \/>\n\t<meta name=\"twitter:data1\" content=\"2 minutes\" \/>\n<script type=\"application\/ld+json\" class=\"yoast-schema-graph\">{\"@context\":\"https:\\\/\\\/schema.org\",\"@graph\":[{\"@type\":\"WebPage\",\"@id\":\"https:\\\/\\\/homeproject.fr\\\/fr\\\/produit\\\/carrelage-florim-sensiterre-sabbia-grana-antiderapant-60x120-r11-ptv-9mm\\\/\",\"url\":\"https:\\\/\\\/homeproject.fr\\\/fr\\\/produit\\\/carrelage-florim-sensiterre-sabbia-grana-antiderapant-60x120-r11-ptv-9mm\\\/\",\"name\":\"Carrelage Florim SensiTerre Sabbia Grana Antid\u00e9rapant 60x120 R11 PTV 9mm - Homeproject.fr\",\"isPartOf\":{\"@id\":\"https:\\\/\\\/homeproject.fr\\\/fr\\\/#website\"},\"primaryImageOfPage\":{\"@id\":\"https:\\\/\\\/homeproject.fr\\\/fr\\\/produit\\\/carrelage-florim-sensiterre-sabbia-grana-antiderapant-60x120-r11-ptv-9mm\\\/#primaryimage\"},\"image\":{\"@id\":\"https:\\\/\\\/homeproject.fr\\\/fr\\\/produit\\\/carrelage-florim-sensiterre-sabbia-grana-antiderapant-60x120-r11-ptv-9mm\\\/#primaryimage\"},\"thumbnailUrl\":\"https:\\\/\\\/homeproject.fr\\\/fr\\\/wp-content\\\/uploads\\\/2025\\\/08\\\/Carrelage-contemporain-aspect-terre-cuite-grand-format-SensiTerre-Florim-Sabbia-60x120-Grana-antiderapant-R11-PTV-781490.jpg\",\"datePublished\":\"2025-08-22T11:07:08+00:00\",\"dateModified\":\"2025-08-22T11:10:38+00:00\",\"breadcrumb\":{\"@id\":\"https:\\\/\\\/homeproject.fr\\\/fr\\\/produit\\\/carrelage-florim-sensiterre-sabbia-grana-antiderapant-60x120-r11-ptv-9mm\\\/#breadcrumb\"},\"inLanguage\":\"fr-FR\",\"potentialAction\":[{\"@type\":\"ReadAction\",\"target\":[\"https:\\\/\\\/homeproject.fr\\\/fr\\\/produit\\\/carrelage-florim-sensiterre-sabbia-grana-antiderapant-60x120-r11-ptv-9mm\\\/\"]}]},{\"@type\":\"ImageObject\",\"inLanguage\":\"fr-FR\",\"@id\":\"https:\\\/\\\/homeproject.fr\\\/fr\\\/produit\\\/carrelage-florim-sensiterre-sabbia-grana-antiderapant-60x120-r11-ptv-9mm\\\/#primaryimage\",\"url\":\"https:\\\/\\\/homeproject.fr\\\/fr\\\/wp-content\\\/uploads\\\/2025\\\/08\\\/Carrelage-contemporain-aspect-terre-cuite-grand-format-SensiTerre-Florim-Sabbia-60x120-Grana-antiderapant-R11-PTV-781490.jpg\",\"contentUrl\":\"https:\\\/\\\/homeproject.fr\\\/fr\\\/wp-content\\\/uploads\\\/2025\\\/08\\\/Carrelage-contemporain-aspect-terre-cuite-grand-format-SensiTerre-Florim-Sabbia-60x120-Grana-antiderapant-R11-PTV-781490.jpg\",\"width\":1500,\"height\":1500},{\"@type\":\"BreadcrumbList\",\"@id\":\"https:\\\/\\\/homeproject.fr\\\/fr\\\/produit\\\/carrelage-florim-sensiterre-sabbia-grana-antiderapant-60x120-r11-ptv-9mm\\\/#breadcrumb\",\"itemListElement\":[{\"@type\":\"ListItem\",\"position\":1,\"name\":\"Accueil\",\"item\":\"https:\\\/\\\/homeproject.fr\\\/fr\\\/\"},{\"@type\":\"ListItem\",\"position\":2,\"name\":\"Boutique\",\"item\":\"https:\\\/\\\/homeproject.fr\\\/fr\\\/boutique\\\/\"},{\"@type\":\"ListItem\",\"position\":3,\"name\":\"Carrelage Florim SensiTerre Sabbia Grana Antid\u00e9rapant 60&#215;120 R11 PTV 9mm\"}]},{\"@type\":\"WebSite\",\"@id\":\"https:\\\/\\\/homeproject.fr\\\/fr\\\/#website\",\"url\":\"https:\\\/\\\/homeproject.fr\\\/fr\\\/\",\"name\":\"Homeproject.fr\",\"description\":\"Offrez l&#039;exceptionnel \u00e0 vos espaces \u00e0 vivre\",\"publisher\":{\"@id\":\"https:\\\/\\\/homeproject.fr\\\/fr\\\/#organization\"},\"potentialAction\":[{\"@type\":\"SearchAction\",\"target\":{\"@type\":\"EntryPoint\",\"urlTemplate\":\"https:\\\/\\\/homeproject.fr\\\/fr\\\/?s={search_term_string}\"},\"query-input\":{\"@type\":\"PropertyValueSpecification\",\"valueRequired\":true,\"valueName\":\"search_term_string\"}}],\"inLanguage\":\"fr-FR\"},{\"@type\":\"Organization\",\"@id\":\"https:\\\/\\\/homeproject.fr\\\/fr\\\/#organization\",\"name\":\"Homeproject.fr\",\"url\":\"https:\\\/\\\/homeproject.fr\\\/fr\\\/\",\"logo\":{\"@type\":\"ImageObject\",\"inLanguage\":\"fr-FR\",\"@id\":\"https:\\\/\\\/homeproject.fr\\\/fr\\\/#\\\/schema\\\/logo\\\/image\\\/\",\"url\":\"https:\\\/\\\/homeproject.fr\\\/fr\\\/wp-content\\\/uploads\\\/2024\\\/12\\\/Logo_HomeProject-noir-2.png\",\"contentUrl\":\"https:\\\/\\\/homeproject.fr\\\/fr\\\/wp-content\\\/uploads\\\/2024\\\/12\\\/Logo_HomeProject-noir-2.png\",\"width\":300,\"height\":91,\"caption\":\"Homeproject.fr\"},\"image\":{\"@id\":\"https:\\\/\\\/homeproject.fr\\\/fr\\\/#\\\/schema\\\/logo\\\/image\\\/\"}}]}<\/script>\n<!-- \/ Yoast SEO plugin. -->","yoast_head_json":{"title":"Carrelage Florim SensiTerre Sabbia Grana Antid\u00e9rapant 60x120 R11 PTV 9mm - Homeproject.fr","robots":{"index":"index","follow":"follow","max-snippet":"max-snippet:-1","max-image-preview":"max-image-preview:large","max-video-preview":"max-video-preview:-1"},"canonical":"https:\/\/homeproject.fr\/fr\/produit\/carrelage-florim-sensiterre-sabbia-grana-antiderapant-60x120-r11-ptv-9mm\/","og_locale":"fr_FR","og_type":"article","og_title":"Carrelage Florim SensiTerre Sabbia Grana Antid\u00e9rapant 60x120 R11 PTV 9mm - Homeproject.fr","og_description":"Le carrelage SensiTerre Sabbia Grana de Florim, au format 60\u00d7120 cm et en \u00e9paisseur 9 mm, marie l\u2019esth\u00e9tique brute de la terre naturelle \u00e0 la performance technique du gr\u00e8s c\u00e9rame. Sa surface structur\u00e9e Grip offre une excellente adh\u00e9rence class\u00e9e R11 PTV, id\u00e9ale pour les environnements humides ou \u00e0 fort passage, comme les douches \u00e0 l\u2019italienne, cuisines ou espaces commerciaux. La teinte Sabbia, d\u2019un beige sable doux et min\u00e9ral, \u00e9voque les paysages m\u00e9diterran\u00e9ens et s\u2019harmonise facilement avec des mat\u00e9riaux bruts tels que le bois, la pierre ou le m\u00e9tal. L\u2019effet ciment l\u00e9g\u00e8rement granuleux de la finition Grana apporte du relief et de l\u2019authenticit\u00e9 \u00e0 vos sols.","og_url":"https:\/\/homeproject.fr\/fr\/produit\/carrelage-florim-sensiterre-sabbia-grana-antiderapant-60x120-r11-ptv-9mm\/","og_site_name":"Homeproject.fr","article_modified_time":"2025-08-22T11:10:38+00:00","og_image":[{"width":1500,"height":1500,"url":"https:\/\/homeproject.fr\/fr\/wp-content\/uploads\/2025\/08\/Carrelage-contemporain-aspect-terre-cuite-grand-format-SensiTerre-Florim-Sabbia-60x120-Grana-antiderapant-R11-PTV-781490.jpg","type":"image\/jpeg"}],"twitter_card":"summary_large_image","twitter_misc":{"Dur\u00e9e de lecture estim\u00e9e":"2 minutes"},"schema":{"@context":"https:\/\/schema.org","@graph":[{"@type":"WebPage","@id":"https:\/\/homeproject.fr\/fr\/produit\/carrelage-florim-sensiterre-sabbia-grana-antiderapant-60x120-r11-ptv-9mm\/","url":"https:\/\/homeproject.fr\/fr\/produit\/carrelage-florim-sensiterre-sabbia-grana-antiderapant-60x120-r11-ptv-9mm\/","name":"Carrelage Florim SensiTerre Sabbia Grana Antid\u00e9rapant 60x120 R11 PTV 9mm - Homeproject.fr","isPartOf":{"@id":"https:\/\/homeproject.fr\/fr\/#website"},"primaryImageOfPage":{"@id":"https:\/\/homeproject.fr\/fr\/produit\/carrelage-florim-sensiterre-sabbia-grana-antiderapant-60x120-r11-ptv-9mm\/#primaryimage"},"image":{"@id":"https:\/\/homeproject.fr\/fr\/produit\/carrelage-florim-sensiterre-sabbia-grana-antiderapant-60x120-r11-ptv-9mm\/#primaryimage"},"thumbnailUrl":"https:\/\/homeproject.fr\/fr\/wp-content\/uploads\/2025\/08\/Carrelage-contemporain-aspect-terre-cuite-grand-format-SensiTerre-Florim-Sabbia-60x120-Grana-antiderapant-R11-PTV-781490.jpg","datePublished":"2025-08-22T11:07:08+00:00","dateModified":"2025-08-22T11:10:38+00:00","breadcrumb":{"@id":"https:\/\/homeproject.fr\/fr\/produit\/carrelage-florim-sensiterre-sabbia-grana-antiderapant-60x120-r11-ptv-9mm\/#breadcrumb"},"inLanguage":"fr-FR","potentialAction":[{"@type":"ReadAction","target":["https:\/\/homeproject.fr\/fr\/produit\/carrelage-florim-sensiterre-sabbia-grana-antiderapant-60x120-r11-ptv-9mm\/"]}]},{"@type":"ImageObject","inLanguage":"fr-FR","@id":"https:\/\/homeproject.fr\/fr\/produit\/carrelage-florim-sensiterre-sabbia-grana-antiderapant-60x120-r11-ptv-9mm\/#primaryimage","url":"https:\/\/homeproject.fr\/fr\/wp-content\/uploads\/2025\/08\/Carrelage-contemporain-aspect-terre-cuite-grand-format-SensiTerre-Florim-Sabbia-60x120-Grana-antiderapant-R11-PTV-781490.jpg","contentUrl":"https:\/\/homeproject.fr\/fr\/wp-content\/uploads\/2025\/08\/Carrelage-contemporain-aspect-terre-cuite-grand-format-SensiTerre-Florim-Sabbia-60x120-Grana-antiderapant-R11-PTV-781490.jpg","width":1500,"height":1500},{"@type":"BreadcrumbList","@id":"https:\/\/homeproject.fr\/fr\/produit\/carrelage-florim-sensiterre-sabbia-grana-antiderapant-60x120-r11-ptv-9mm\/#breadcrumb","itemListElement":[{"@type":"ListItem","position":1,"name":"Accueil","item":"https:\/\/homeproject.fr\/fr\/"},{"@type":"ListItem","position":2,"name":"Boutique","item":"https:\/\/homeproject.fr\/fr\/boutique\/"},{"@type":"ListItem","position":3,"name":"Carrelage Florim SensiTerre Sabbia Grana Antid\u00e9rapant 60&#215;120 R11 PTV 9mm"}]},{"@type":"WebSite","@id":"https:\/\/homeproject.fr\/fr\/#website","url":"https:\/\/homeproject.fr\/fr\/","name":"Homeproject.fr","description":"Offrez l&#039;exceptionnel \u00e0 vos espaces \u00e0 vivre","publisher":{"@id":"https:\/\/homeproject.fr\/fr\/#organization"},"potentialAction":[{"@type":"SearchAction","target":{"@type":"EntryPoint","urlTemplate":"https:\/\/homeproject.fr\/fr\/?s={search_term_string}"},"query-input":{"@type":"PropertyValueSpecification","valueRequired":true,"valueName":"search_term_string"}}],"inLanguage":"fr-FR"},{"@type":"Organization","@id":"https:\/\/homeproject.fr\/fr\/#organization","name":"Homeproject.fr","url":"https:\/\/homeproject.fr\/fr\/","logo":{"@type":"ImageObject","inLanguage":"fr-FR","@id":"https:\/\/homeproject.fr\/fr\/#\/schema\/logo\/image\/","url":"https:\/\/homeproject.fr\/fr\/wp-content\/uploads\/2024\/12\/Logo_HomeProject-noir-2.png","contentUrl":"https:\/\/homeproject.fr\/fr\/wp-content\/uploads\/2024\/12\/Logo_HomeProject-noir-2.png","width":300,"height":91,"caption":"Homeproject.fr"},"image":{"@id":"https:\/\/homeproject.fr\/fr\/#\/schema\/logo\/image\/"}}]}},"_links":{"self":[{"href":"https:\/\/homeproject.fr\/fr\/wp-json\/wp\/v2\/product\/15201","targetHints":{"allow":["GET"]}}],"collection":[{"href":"https:\/\/homeproject.fr\/fr\/wp-json\/wp\/v2\/product"}],"about":[{"href":"https:\/\/homeproject.fr\/fr\/wp-json\/wp\/v2\/types\/product"}],"version-history":[{"count":1,"href":"https:\/\/homeproject.fr\/fr\/wp-json\/wp\/v2\/product\/15201\/revisions"}],"predecessor-version":[{"id":15203,"href":"https:\/\/homeproject.fr\/fr\/wp-json\/wp\/v2\/product\/15201\/revisions\/15203"}],"wp:featuredmedia":[{"embeddable":true,"href":"https:\/\/homeproject.fr\/fr\/wp-json\/wp\/v2\/media\/15202"}],"wp:attachment":[{"href":"https:\/\/homeproject.fr\/fr\/wp-json\/wp\/v2\/media?parent=15201"}],"wp:term":[{"taxonomy":"product_brand","embeddable":true,"href":"https:\/\/homeproject.fr\/fr\/wp-json\/wp\/v2\/product_brand?post=15201"},{"taxonomy":"product_cat","embeddable":true,"href":"https:\/\/homeproject.fr\/fr\/wp-json\/wp\/v2\/product_cat?post=15201"},{"taxonomy":"product_tag","embeddable":true,"href":"https:\/\/homeproject.fr\/fr\/wp-json\/wp\/v2\/product_tag?post=15201"}],"curies":[{"name":"wp","href":"https:\/\/api.w.org\/{rel}","templated":true}]}}