{"id":15199,"date":"2025-08-22T10:51:38","date_gmt":"2025-08-22T10:51:38","guid":{"rendered":"https:\/\/homeproject.fr\/fr\/?post_type=product&#038;p=15199"},"modified":"2025-08-22T10:54:34","modified_gmt":"2025-08-22T10:54:34","slug":"dalle-exterieure-20mm-florim-sensiterre-sabbia-grana-120x120-cm-antiderapante-r11-ptv","status":"publish","type":"product","link":"https:\/\/homeproject.fr\/fr\/produit\/dalle-exterieure-20mm-florim-sensiterre-sabbia-grana-120x120-cm-antiderapante-r11-ptv\/","title":{"rendered":"Dalle ext\u00e9rieure 20mm Florim SensiTerre Sabbia Grana 120\u00d7120 cm antid\u00e9rapante R11 PTV"},"content":{"rendered":"<p><strong><a href=\"https:\/\/homeproject.fr\/fr\/produit\/echantillon-carrelage-florim-sensiterre-sabbia-grana-20mm-r11-ptv\/\">Commander un \u00e9chantillon<\/a><\/strong><\/p>\n<div class=\"_tableContainer_1rjym_1\">\n<div class=\"_tableWrapper_1rjym_13 group flex w-fit flex-col-reverse\" tabindex=\"-1\">\n<h4 data-start=\"891\" data-end=\"929\"><strong data-start=\"896\" data-end=\"929\">Caract\u00e9ristiques techniques :<\/strong><\/h4>\n<ul data-start=\"930\" data-end=\"1245\">\n<li data-start=\"930\" data-end=\"968\">\n<p data-start=\"932\" data-end=\"968\"><strong data-start=\"932\" data-end=\"948\">Collection :<\/strong> SensiTerre \u2013 Florim<\/p>\n<\/li>\n<li data-start=\"969\" data-end=\"997\">\n<p data-start=\"971\" data-end=\"997\"><strong data-start=\"971\" data-end=\"984\">Coloris :<\/strong> Sabbia Grana<\/p>\n<\/li>\n<li data-start=\"998\" data-end=\"1025\">\n<p data-start=\"1000\" data-end=\"1025\"><strong data-start=\"1000\" data-end=\"1012\">Format :<\/strong> 120 \u00d7 120 cm<\/p>\n<\/li>\n<li data-start=\"1026\" data-end=\"1049\">\n<p data-start=\"1028\" data-end=\"1049\"><strong data-start=\"1028\" data-end=\"1043\">\u00c9paisseur :<\/strong> 20 mm<\/p>\n<\/li>\n<li data-start=\"1050\" data-end=\"1085\">\n<p data-start=\"1052\" data-end=\"1085\"><strong data-start=\"1052\" data-end=\"1066\">Finition :<\/strong> Grip antid\u00e9rapante<\/p>\n<\/li>\n<li data-start=\"1086\" data-end=\"1121\">\n<p data-start=\"1088\" data-end=\"1121\"><strong data-start=\"1088\" data-end=\"1113\">Classe de glissance :<\/strong> R11 PTV<\/p>\n<\/li>\n<li data-start=\"1122\" data-end=\"1173\">\n<p data-start=\"1124\" data-end=\"1173\"><strong data-start=\"1124\" data-end=\"1135\">Effet :<\/strong> B\u00e9ton naturel \/ terre cuite revisit\u00e9e<\/p>\n<\/li>\n<li data-start=\"1174\" data-end=\"1245\">\n<p data-start=\"1176\" data-end=\"1245\"><strong data-start=\"1176\" data-end=\"1193\">Utilisation :<\/strong> Ext\u00e9rieur, pose sur plots, sur gravier ou sur chape<\/p>\n<\/li>\n<\/ul>\n<h4 data-start=\"1247\" data-end=\"1275\"><strong data-start=\"1252\" data-end=\"1275\">Avantages produit :<\/strong><\/h4>\n<ul data-start=\"1276\" data-end=\"1602\">\n<li data-start=\"1276\" data-end=\"1336\">\n<p data-start=\"1278\" data-end=\"1336\">Pose facile en ext\u00e9rieur (plots, gravier ou mortier-colle)<\/p>\n<\/li>\n<li data-start=\"1337\" data-end=\"1404\">\n<p data-start=\"1339\" data-end=\"1404\">R\u00e9sistance extr\u00eame au gel, \u00e0 l\u2019humidit\u00e9, aux chocs et \u00e0 la charge<\/p>\n<\/li>\n<li data-start=\"1405\" data-end=\"1450\">\n<p data-start=\"1407\" data-end=\"1450\">Antid\u00e9rapant R11 pour une s\u00e9curit\u00e9 optimale<\/p>\n<\/li>\n<li data-start=\"1451\" data-end=\"1522\">\n<p data-start=\"1453\" data-end=\"1522\">Aspect authentique et chaleureux inspir\u00e9 de la nature m\u00e9diterran\u00e9enne<\/p>\n<\/li>\n<li data-start=\"1523\" data-end=\"1602\">\n<p data-start=\"1525\" data-end=\"1602\">Id\u00e9al pour les projets d\u2019am\u00e9nagement paysager, r\u00e9sidentiels ou professionnels<\/p>\n<\/li>\n<\/ul>\n<\/div>\n<\/div>\n<hr data-start=\"2524\" data-end=\"2527\" \/>\n<h3 data-start=\"2529\" data-end=\"2562\"><strong data-start=\"2533\" data-end=\"2562\">Applications recommand\u00e9es<\/strong><\/h3>\n<ul data-start=\"2563\" data-end=\"2732\">\n<li data-start=\"2563\" data-end=\"2602\">\n<p data-start=\"2565\" data-end=\"2602\">Terrasses, patios, all\u00e9es de jardin<\/p>\n<\/li>\n<li data-start=\"2603\" data-end=\"2645\">\n<p data-start=\"2605\" data-end=\"2645\">Plages de piscine, douches ext\u00e9rieures<\/p>\n<\/li>\n<li data-start=\"2646\" data-end=\"2693\">\n<p data-start=\"2648\" data-end=\"2693\">Espaces publics : h\u00f4tels, restaurants, spas<\/p>\n<\/li>\n<li data-start=\"2694\" data-end=\"2732\">\n<p data-start=\"2696\" data-end=\"2732\">Cours int\u00e9rieures, rooftops, balcons<\/p>\n<\/li>\n<\/ul>\n<hr data-start=\"2734\" data-end=\"2737\" \/>\n<h3 data-start=\"2739\" data-end=\"2763\"><strong data-start=\"2743\" data-end=\"2763\">Conseils de pose<\/strong><\/h3>\n<p data-start=\"2764\" data-end=\"2958\">Pose possible sur plots, lit de gravier ou sable stabilis\u00e9. Peut \u00e9galement \u00eatre coll\u00e9e pour usage intensif ou circulation de v\u00e9hicules l\u00e9gers.<\/p>\n<hr data-start=\"2960\" data-end=\"2963\" \/>\n<h3 data-start=\"2965\" data-end=\"2982\"><strong data-start=\"2969\" data-end=\"2982\">En r\u00e9sum\u00e9<\/strong><\/h3>\n<p data-start=\"2983\" data-end=\"3157\">La dalle <strong data-start=\"2992\" data-end=\"3026\">SensiTerre Sabbia Grana 20 mm<\/strong> conjugue <strong data-start=\"3036\" data-end=\"3103\">mati\u00e8re brute, chaleur m\u00e9diterran\u00e9enne et performance technique<\/strong> pour cr\u00e9er des ext\u00e9rieurs durables, \u00e9l\u00e9gants et s\u00fbrs.<\/p>\n<hr data-start=\"2837\" data-end=\"2840\" \/>\n<h3 data-start=\"2842\" data-end=\"2878\"><strong data-start=\"2846\" data-end=\"2878\">Une collection sign\u00e9e Florim<\/strong><\/h3>\n<p data-start=\"2879\" data-end=\"3117\">La gamme <strong data-start=\"2888\" data-end=\"2902\">SensiTerre<\/strong> de Florim est n\u00e9e d\u2019un dialogue entre tradition artisanale et innovation industrielle. Le mod\u00e8le <strong data-start=\"3000\" data-end=\"3021\">Sabbia Grana R11<\/strong> incarne cette philosophie en alliant <strong data-start=\"3059\" data-end=\"3071\">s\u00e9curit\u00e9<\/strong>, <strong data-start=\"3073\" data-end=\"3094\">texture naturelle<\/strong> et <strong data-start=\"3098\" data-end=\"3116\">design italien<\/strong><\/p>\n<h3 data-start=\"1054\" data-end=\"1087\"><strong style=\"font-family: inherit; font-size: 30px;\">Vous avez des questions ?<\/strong><\/h3>\n<style id=\"wpforms-css-vars-3675\">\n\t\t\t\t#wpforms-3675 {\n\t\t\t\t\n\t\t\t}\n\t\t\t<\/style><div class=\"wpforms-container wpforms-container-full wpforms-render-modern\" id=\"wpforms-3675\"><form id=\"wpforms-form-3675\" class=\"wpforms-validate wpforms-form wpforms-ajax-form\" data-formid=\"3675\" method=\"post\" enctype=\"multipart\/form-data\" action=\"\/fr\/wp-json\/wp\/v2\/product\/15199\" data-token=\"86cfa3cd8fc4572532d762e2357ac556\" data-token-time=\"1777818675\"><noscript class=\"wpforms-error-noscript\">Veuillez activer JavaScript dans votre navigateur pour remplir ce formulaire.<\/noscript><div id=\"wpforms-error-noscript\" style=\"display: none;\">Veuillez activer JavaScript dans votre navigateur pour remplir ce formulaire.<\/div><div class=\"wpforms-field-container\">\t\t<div id=\"wpforms-3675-field_1-container\"\n\t\t\tclass=\"wpforms-field wpforms-field-text\"\n\t\t\tdata-field-type=\"text\"\n\t\t\tdata-field-id=\"1\"\n\t\t\t>\n\t\t\t<label class=\"wpforms-field-label\" for=\"wpforms-3675-field_1\" >Nom E-mail Message<\/label>\n\t\t\t<input type=\"text\" id=\"wpforms-3675-field_1\" class=\"wpforms-field-medium\" name=\"wpforms[fields][1]\" >\n\t\t<\/div>\n\t\t<div id=\"wpforms-3675-field_3-container\" class=\"wpforms-field wpforms-field-name\" data-field-id=\"3\"><fieldset><legend class=\"wpforms-field-label\">Nom <span class=\"wpforms-required-label\" aria-hidden=\"true\">*<\/span><\/legend><div class=\"wpforms-field-row wpforms-field-medium\"><div class=\"wpforms-field-row-block wpforms-first wpforms-one-half\"><input type=\"text\" id=\"wpforms-3675-field_3\" class=\"wpforms-field-name-first wpforms-field-required\" name=\"wpforms[fields][3][first]\" aria-errormessage=\"wpforms-3675-field_3-error\" required><label for=\"wpforms-3675-field_3\" class=\"wpforms-field-sublabel after\">Pr\u00e9nom<\/label><\/div><div class=\"wpforms-field-row-block wpforms-one-half\"><input type=\"text\" id=\"wpforms-3675-field_3-last\" class=\"wpforms-field-name-last wpforms-field-required\" name=\"wpforms[fields][3][last]\" aria-errormessage=\"wpforms-3675-field_3-last-error\" required><label for=\"wpforms-3675-field_3-last\" class=\"wpforms-field-sublabel after\">Nom<\/label><\/div><\/div><\/fieldset><\/div><div id=\"wpforms-3675-field_4-container\" class=\"wpforms-field wpforms-field-email\" data-field-id=\"4\"><label class=\"wpforms-field-label\" for=\"wpforms-3675-field_4\">E-mail <span class=\"wpforms-required-label\" aria-hidden=\"true\">*<\/span><\/label><input type=\"email\" id=\"wpforms-3675-field_4\" class=\"wpforms-field-medium wpforms-field-required\" name=\"wpforms[fields][4]\" spellcheck=\"false\" aria-errormessage=\"wpforms-3675-field_4-error\" required><\/div><div id=\"wpforms-3675-field_5-container\" class=\"wpforms-field wpforms-field-textarea\" data-field-id=\"5\"><label class=\"wpforms-field-label\" for=\"wpforms-3675-field_5\">Message <span class=\"wpforms-required-label\" aria-hidden=\"true\">*<\/span><\/label><textarea id=\"wpforms-3675-field_5\" class=\"wpforms-field-medium wpforms-field-required\" name=\"wpforms[fields][5]\" aria-errormessage=\"wpforms-3675-field_5-error\" required><\/textarea><\/div><script>\n\t\t\t\t( function() {\n\t\t\t\t\tconst style = document.createElement( 'style' );\n\t\t\t\t\tstyle.appendChild( document.createTextNode( '#wpforms-3675-field_1-container { position: absolute !important; overflow: hidden !important; display: inline !important; height: 1px !important; width: 1px !important; z-index: -1000 !important; padding: 0 !important; } #wpforms-3675-field_1-container input { visibility: hidden; } #wpforms-conversational-form-page #wpforms-3675-field_1-container label { counter-increment: none; }' ) );\n\t\t\t\t\tdocument.head.appendChild( style );\n\t\t\t\t\tdocument.currentScript?.remove();\n\t\t\t\t} )();\n\t\t\t<\/script><\/div><!-- .wpforms-field-container --><div class=\"wpforms-submit-container\" ><input type=\"hidden\" name=\"wpforms[id]\" value=\"3675\"><input type=\"hidden\" name=\"page_title\" value=\"\"><input type=\"hidden\" name=\"page_url\" value=\"https:\/\/homeproject.fr\/fr\/wp-json\/wp\/v2\/product\/15199\"><input type=\"hidden\" name=\"url_referer\" value=\"\"><button type=\"submit\" name=\"wpforms[submit]\" id=\"wpforms-submit-3675\" class=\"wpforms-submit\" data-alt-text=\"Envoi...\" data-submit-text=\"Envoyer\" aria-live=\"assertive\" value=\"wpforms-submit\">Envoyer<\/button><img decoding=\"async\" src=\"https:\/\/homeproject.fr\/fr\/wp-content\/plugins\/wpforms-lite\/assets\/images\/submit-spin.svg\" class=\"wpforms-submit-spinner\" style=\"display: none;\" width=\"26\" height=\"26\" alt=\"Chargement en cours\"><\/div><\/form><\/div>  <!-- .wpforms-container -->\n","protected":false},"excerpt":{"rendered":"<p data-start=\"311\" data-end=\"601\">La dalle grand format <strong data-start=\"333\" data-end=\"360\">SensiTerre Sabbia Grana<\/strong> en \u00e9paisseur <strong data-start=\"374\" data-end=\"383\">20 mm<\/strong> est une solution haut de gamme pour sublimer vos ext\u00e9rieurs avec style et durabilit\u00e9. Fabriqu\u00e9e en <strong data-start=\"483\" data-end=\"511\">gr\u00e8s c\u00e9rame pleine masse<\/strong>, elle \u00e9voque l\u2019authenticit\u00e9 de la terre cuite dans une version contemporaine et min\u00e9rale.<\/p>\n<p data-start=\"603\" data-end=\"889\">Son format g\u00e9n\u00e9reux <strong data-start=\"623\" data-end=\"637\">120\u00d7120 cm<\/strong> permet de cr\u00e9er des espaces \u00e9pur\u00e9s et \u00e9l\u00e9gants, tout en minimisant les joints. Gr\u00e2ce \u00e0 sa <strong data-start=\"728\" data-end=\"774\">surface Grip antid\u00e9rapante class\u00e9e R11 PTV<\/strong>, elle est parfaitement adapt\u00e9e aux terrasses, plages de piscine, all\u00e9es ou zones techniques soumises \u00e0 l\u2019humidit\u00e9.<\/p>\n","protected":false},"featured_media":15197,"template":"","meta":{"_uf_show_specific_survey":0,"_uf_disable_surveys":false,"iawp_total_views":11},"product_brand":[607],"product_cat":[20,613,128],"product_tag":[],"class_list":{"0":"post-15199","1":"product","2":"type-product","3":"status-publish","4":"has-post-thumbnail","6":"product_brand-florim","7":"product_cat-carrelage","8":"product_cat-dalles-20mm","9":"product_cat-exterieur","10":"product_shipping_class-carrelage","11":"pa_collection-sensiterre-par-florim","12":"pa_designer-matteo-thun","13":"pa_dimensions-nominales-120x120","14":"pa_effet-beton","15":"pa_effet-terre-cuite","16":"pa_epaisseur-9mm","17":"pa_marque-florim","18":"pa_materiau-gres-cerame-non-emaille","20":"first","21":"instock","22":"sale","23":"taxable","24":"shipping-taxable","25":"purchasable","26":"product-type-simple"},"yoast_head":"<!-- This site is optimized with the Yoast SEO plugin v27.5 - https:\/\/yoast.com\/product\/yoast-seo-wordpress\/ -->\n<title>Dalle ext\u00e9rieure 20mm Florim SensiTerre Sabbia Grana 120\u00d7120 cm antid\u00e9rapante R11 PTV - Homeproject.fr<\/title>\n<meta name=\"robots\" content=\"index, follow, max-snippet:-1, max-image-preview:large, max-video-preview:-1\" \/>\n<link rel=\"canonical\" href=\"https:\/\/homeproject.fr\/fr\/produit\/dalle-exterieure-20mm-florim-sensiterre-sabbia-grana-120x120-cm-antiderapante-r11-ptv\/\" \/>\n<meta property=\"og:locale\" content=\"fr_FR\" \/>\n<meta property=\"og:type\" content=\"article\" \/>\n<meta property=\"og:title\" content=\"Dalle ext\u00e9rieure 20mm Florim SensiTerre Sabbia Grana 120\u00d7120 cm antid\u00e9rapante R11 PTV - Homeproject.fr\" \/>\n<meta property=\"og:description\" content=\"La dalle grand format SensiTerre Sabbia Grana en \u00e9paisseur 20 mm est une solution haut de gamme pour sublimer vos ext\u00e9rieurs avec style et durabilit\u00e9. Fabriqu\u00e9e en gr\u00e8s c\u00e9rame pleine masse, elle \u00e9voque l\u2019authenticit\u00e9 de la terre cuite dans une version contemporaine et min\u00e9rale. Son format g\u00e9n\u00e9reux 120\u00d7120 cm permet de cr\u00e9er des espaces \u00e9pur\u00e9s et \u00e9l\u00e9gants, tout en minimisant les joints. Gr\u00e2ce \u00e0 sa surface Grip antid\u00e9rapante class\u00e9e R11 PTV, elle est parfaitement adapt\u00e9e aux terrasses, plages de piscine, all\u00e9es ou zones techniques soumises \u00e0 l\u2019humidit\u00e9.\" \/>\n<meta property=\"og:url\" content=\"https:\/\/homeproject.fr\/fr\/produit\/dalle-exterieure-20mm-florim-sensiterre-sabbia-grana-120x120-cm-antiderapante-r11-ptv\/\" \/>\n<meta property=\"og:site_name\" content=\"Homeproject.fr\" \/>\n<meta property=\"article:modified_time\" content=\"2025-08-22T10:54:34+00:00\" \/>\n<meta property=\"og:image\" content=\"https:\/\/homeproject.fr\/fr\/wp-content\/uploads\/2025\/08\/Dalle-exterieure-aspect-terre-cuite-grand-format-SensiTerre-Florim-Sabbia-Grana-antiderapant-120x120-20mm-R11-781543.jpg\" \/>\n\t<meta property=\"og:image:width\" content=\"1500\" \/>\n\t<meta property=\"og:image:height\" content=\"1500\" \/>\n\t<meta property=\"og:image:type\" content=\"image\/jpeg\" \/>\n<meta name=\"twitter:card\" content=\"summary_large_image\" \/>\n<meta name=\"twitter:label1\" content=\"Dur\u00e9e de lecture estim\u00e9e\" \/>\n\t<meta name=\"twitter:data1\" content=\"2 minutes\" \/>\n<script type=\"application\/ld+json\" class=\"yoast-schema-graph\">{\"@context\":\"https:\\\/\\\/schema.org\",\"@graph\":[{\"@type\":\"WebPage\",\"@id\":\"https:\\\/\\\/homeproject.fr\\\/fr\\\/produit\\\/dalle-exterieure-20mm-florim-sensiterre-sabbia-grana-120x120-cm-antiderapante-r11-ptv\\\/\",\"url\":\"https:\\\/\\\/homeproject.fr\\\/fr\\\/produit\\\/dalle-exterieure-20mm-florim-sensiterre-sabbia-grana-120x120-cm-antiderapante-r11-ptv\\\/\",\"name\":\"Dalle ext\u00e9rieure 20mm Florim SensiTerre Sabbia Grana 120\u00d7120 cm antid\u00e9rapante R11 PTV - Homeproject.fr\",\"isPartOf\":{\"@id\":\"https:\\\/\\\/homeproject.fr\\\/fr\\\/#website\"},\"primaryImageOfPage\":{\"@id\":\"https:\\\/\\\/homeproject.fr\\\/fr\\\/produit\\\/dalle-exterieure-20mm-florim-sensiterre-sabbia-grana-120x120-cm-antiderapante-r11-ptv\\\/#primaryimage\"},\"image\":{\"@id\":\"https:\\\/\\\/homeproject.fr\\\/fr\\\/produit\\\/dalle-exterieure-20mm-florim-sensiterre-sabbia-grana-120x120-cm-antiderapante-r11-ptv\\\/#primaryimage\"},\"thumbnailUrl\":\"https:\\\/\\\/homeproject.fr\\\/fr\\\/wp-content\\\/uploads\\\/2025\\\/08\\\/Dalle-exterieure-aspect-terre-cuite-grand-format-SensiTerre-Florim-Sabbia-Grana-antiderapant-120x120-20mm-R11-781543.jpg\",\"datePublished\":\"2025-08-22T10:51:38+00:00\",\"dateModified\":\"2025-08-22T10:54:34+00:00\",\"breadcrumb\":{\"@id\":\"https:\\\/\\\/homeproject.fr\\\/fr\\\/produit\\\/dalle-exterieure-20mm-florim-sensiterre-sabbia-grana-120x120-cm-antiderapante-r11-ptv\\\/#breadcrumb\"},\"inLanguage\":\"fr-FR\",\"potentialAction\":[{\"@type\":\"ReadAction\",\"target\":[\"https:\\\/\\\/homeproject.fr\\\/fr\\\/produit\\\/dalle-exterieure-20mm-florim-sensiterre-sabbia-grana-120x120-cm-antiderapante-r11-ptv\\\/\"]}]},{\"@type\":\"ImageObject\",\"inLanguage\":\"fr-FR\",\"@id\":\"https:\\\/\\\/homeproject.fr\\\/fr\\\/produit\\\/dalle-exterieure-20mm-florim-sensiterre-sabbia-grana-120x120-cm-antiderapante-r11-ptv\\\/#primaryimage\",\"url\":\"https:\\\/\\\/homeproject.fr\\\/fr\\\/wp-content\\\/uploads\\\/2025\\\/08\\\/Dalle-exterieure-aspect-terre-cuite-grand-format-SensiTerre-Florim-Sabbia-Grana-antiderapant-120x120-20mm-R11-781543.jpg\",\"contentUrl\":\"https:\\\/\\\/homeproject.fr\\\/fr\\\/wp-content\\\/uploads\\\/2025\\\/08\\\/Dalle-exterieure-aspect-terre-cuite-grand-format-SensiTerre-Florim-Sabbia-Grana-antiderapant-120x120-20mm-R11-781543.jpg\",\"width\":1500,\"height\":1500},{\"@type\":\"BreadcrumbList\",\"@id\":\"https:\\\/\\\/homeproject.fr\\\/fr\\\/produit\\\/dalle-exterieure-20mm-florim-sensiterre-sabbia-grana-120x120-cm-antiderapante-r11-ptv\\\/#breadcrumb\",\"itemListElement\":[{\"@type\":\"ListItem\",\"position\":1,\"name\":\"Accueil\",\"item\":\"https:\\\/\\\/homeproject.fr\\\/fr\\\/\"},{\"@type\":\"ListItem\",\"position\":2,\"name\":\"Boutique\",\"item\":\"https:\\\/\\\/homeproject.fr\\\/fr\\\/boutique\\\/\"},{\"@type\":\"ListItem\",\"position\":3,\"name\":\"Dalle ext\u00e9rieure 20mm Florim SensiTerre Sabbia Grana 120\u00d7120 cm antid\u00e9rapante R11 PTV\"}]},{\"@type\":\"WebSite\",\"@id\":\"https:\\\/\\\/homeproject.fr\\\/fr\\\/#website\",\"url\":\"https:\\\/\\\/homeproject.fr\\\/fr\\\/\",\"name\":\"Homeproject.fr\",\"description\":\"Offrez l&#039;exceptionnel \u00e0 vos espaces \u00e0 vivre\",\"publisher\":{\"@id\":\"https:\\\/\\\/homeproject.fr\\\/fr\\\/#organization\"},\"potentialAction\":[{\"@type\":\"SearchAction\",\"target\":{\"@type\":\"EntryPoint\",\"urlTemplate\":\"https:\\\/\\\/homeproject.fr\\\/fr\\\/?s={search_term_string}\"},\"query-input\":{\"@type\":\"PropertyValueSpecification\",\"valueRequired\":true,\"valueName\":\"search_term_string\"}}],\"inLanguage\":\"fr-FR\"},{\"@type\":\"Organization\",\"@id\":\"https:\\\/\\\/homeproject.fr\\\/fr\\\/#organization\",\"name\":\"Homeproject.fr\",\"url\":\"https:\\\/\\\/homeproject.fr\\\/fr\\\/\",\"logo\":{\"@type\":\"ImageObject\",\"inLanguage\":\"fr-FR\",\"@id\":\"https:\\\/\\\/homeproject.fr\\\/fr\\\/#\\\/schema\\\/logo\\\/image\\\/\",\"url\":\"https:\\\/\\\/homeproject.fr\\\/fr\\\/wp-content\\\/uploads\\\/2024\\\/12\\\/Logo_HomeProject-noir-2.png\",\"contentUrl\":\"https:\\\/\\\/homeproject.fr\\\/fr\\\/wp-content\\\/uploads\\\/2024\\\/12\\\/Logo_HomeProject-noir-2.png\",\"width\":300,\"height\":91,\"caption\":\"Homeproject.fr\"},\"image\":{\"@id\":\"https:\\\/\\\/homeproject.fr\\\/fr\\\/#\\\/schema\\\/logo\\\/image\\\/\"}}]}<\/script>\n<!-- \/ Yoast SEO plugin. -->","yoast_head_json":{"title":"Dalle ext\u00e9rieure 20mm Florim SensiTerre Sabbia Grana 120\u00d7120 cm antid\u00e9rapante R11 PTV - Homeproject.fr","robots":{"index":"index","follow":"follow","max-snippet":"max-snippet:-1","max-image-preview":"max-image-preview:large","max-video-preview":"max-video-preview:-1"},"canonical":"https:\/\/homeproject.fr\/fr\/produit\/dalle-exterieure-20mm-florim-sensiterre-sabbia-grana-120x120-cm-antiderapante-r11-ptv\/","og_locale":"fr_FR","og_type":"article","og_title":"Dalle ext\u00e9rieure 20mm Florim SensiTerre Sabbia Grana 120\u00d7120 cm antid\u00e9rapante R11 PTV - Homeproject.fr","og_description":"La dalle grand format SensiTerre Sabbia Grana en \u00e9paisseur 20 mm est une solution haut de gamme pour sublimer vos ext\u00e9rieurs avec style et durabilit\u00e9. Fabriqu\u00e9e en gr\u00e8s c\u00e9rame pleine masse, elle \u00e9voque l\u2019authenticit\u00e9 de la terre cuite dans une version contemporaine et min\u00e9rale. Son format g\u00e9n\u00e9reux 120\u00d7120 cm permet de cr\u00e9er des espaces \u00e9pur\u00e9s et \u00e9l\u00e9gants, tout en minimisant les joints. Gr\u00e2ce \u00e0 sa surface Grip antid\u00e9rapante class\u00e9e R11 PTV, elle est parfaitement adapt\u00e9e aux terrasses, plages de piscine, all\u00e9es ou zones techniques soumises \u00e0 l\u2019humidit\u00e9.","og_url":"https:\/\/homeproject.fr\/fr\/produit\/dalle-exterieure-20mm-florim-sensiterre-sabbia-grana-120x120-cm-antiderapante-r11-ptv\/","og_site_name":"Homeproject.fr","article_modified_time":"2025-08-22T10:54:34+00:00","og_image":[{"width":1500,"height":1500,"url":"https:\/\/homeproject.fr\/fr\/wp-content\/uploads\/2025\/08\/Dalle-exterieure-aspect-terre-cuite-grand-format-SensiTerre-Florim-Sabbia-Grana-antiderapant-120x120-20mm-R11-781543.jpg","type":"image\/jpeg"}],"twitter_card":"summary_large_image","twitter_misc":{"Dur\u00e9e de lecture estim\u00e9e":"2 minutes"},"schema":{"@context":"https:\/\/schema.org","@graph":[{"@type":"WebPage","@id":"https:\/\/homeproject.fr\/fr\/produit\/dalle-exterieure-20mm-florim-sensiterre-sabbia-grana-120x120-cm-antiderapante-r11-ptv\/","url":"https:\/\/homeproject.fr\/fr\/produit\/dalle-exterieure-20mm-florim-sensiterre-sabbia-grana-120x120-cm-antiderapante-r11-ptv\/","name":"Dalle ext\u00e9rieure 20mm Florim SensiTerre Sabbia Grana 120\u00d7120 cm antid\u00e9rapante R11 PTV - Homeproject.fr","isPartOf":{"@id":"https:\/\/homeproject.fr\/fr\/#website"},"primaryImageOfPage":{"@id":"https:\/\/homeproject.fr\/fr\/produit\/dalle-exterieure-20mm-florim-sensiterre-sabbia-grana-120x120-cm-antiderapante-r11-ptv\/#primaryimage"},"image":{"@id":"https:\/\/homeproject.fr\/fr\/produit\/dalle-exterieure-20mm-florim-sensiterre-sabbia-grana-120x120-cm-antiderapante-r11-ptv\/#primaryimage"},"thumbnailUrl":"https:\/\/homeproject.fr\/fr\/wp-content\/uploads\/2025\/08\/Dalle-exterieure-aspect-terre-cuite-grand-format-SensiTerre-Florim-Sabbia-Grana-antiderapant-120x120-20mm-R11-781543.jpg","datePublished":"2025-08-22T10:51:38+00:00","dateModified":"2025-08-22T10:54:34+00:00","breadcrumb":{"@id":"https:\/\/homeproject.fr\/fr\/produit\/dalle-exterieure-20mm-florim-sensiterre-sabbia-grana-120x120-cm-antiderapante-r11-ptv\/#breadcrumb"},"inLanguage":"fr-FR","potentialAction":[{"@type":"ReadAction","target":["https:\/\/homeproject.fr\/fr\/produit\/dalle-exterieure-20mm-florim-sensiterre-sabbia-grana-120x120-cm-antiderapante-r11-ptv\/"]}]},{"@type":"ImageObject","inLanguage":"fr-FR","@id":"https:\/\/homeproject.fr\/fr\/produit\/dalle-exterieure-20mm-florim-sensiterre-sabbia-grana-120x120-cm-antiderapante-r11-ptv\/#primaryimage","url":"https:\/\/homeproject.fr\/fr\/wp-content\/uploads\/2025\/08\/Dalle-exterieure-aspect-terre-cuite-grand-format-SensiTerre-Florim-Sabbia-Grana-antiderapant-120x120-20mm-R11-781543.jpg","contentUrl":"https:\/\/homeproject.fr\/fr\/wp-content\/uploads\/2025\/08\/Dalle-exterieure-aspect-terre-cuite-grand-format-SensiTerre-Florim-Sabbia-Grana-antiderapant-120x120-20mm-R11-781543.jpg","width":1500,"height":1500},{"@type":"BreadcrumbList","@id":"https:\/\/homeproject.fr\/fr\/produit\/dalle-exterieure-20mm-florim-sensiterre-sabbia-grana-120x120-cm-antiderapante-r11-ptv\/#breadcrumb","itemListElement":[{"@type":"ListItem","position":1,"name":"Accueil","item":"https:\/\/homeproject.fr\/fr\/"},{"@type":"ListItem","position":2,"name":"Boutique","item":"https:\/\/homeproject.fr\/fr\/boutique\/"},{"@type":"ListItem","position":3,"name":"Dalle ext\u00e9rieure 20mm Florim SensiTerre Sabbia Grana 120\u00d7120 cm antid\u00e9rapante R11 PTV"}]},{"@type":"WebSite","@id":"https:\/\/homeproject.fr\/fr\/#website","url":"https:\/\/homeproject.fr\/fr\/","name":"Homeproject.fr","description":"Offrez l&#039;exceptionnel \u00e0 vos espaces \u00e0 vivre","publisher":{"@id":"https:\/\/homeproject.fr\/fr\/#organization"},"potentialAction":[{"@type":"SearchAction","target":{"@type":"EntryPoint","urlTemplate":"https:\/\/homeproject.fr\/fr\/?s={search_term_string}"},"query-input":{"@type":"PropertyValueSpecification","valueRequired":true,"valueName":"search_term_string"}}],"inLanguage":"fr-FR"},{"@type":"Organization","@id":"https:\/\/homeproject.fr\/fr\/#organization","name":"Homeproject.fr","url":"https:\/\/homeproject.fr\/fr\/","logo":{"@type":"ImageObject","inLanguage":"fr-FR","@id":"https:\/\/homeproject.fr\/fr\/#\/schema\/logo\/image\/","url":"https:\/\/homeproject.fr\/fr\/wp-content\/uploads\/2024\/12\/Logo_HomeProject-noir-2.png","contentUrl":"https:\/\/homeproject.fr\/fr\/wp-content\/uploads\/2024\/12\/Logo_HomeProject-noir-2.png","width":300,"height":91,"caption":"Homeproject.fr"},"image":{"@id":"https:\/\/homeproject.fr\/fr\/#\/schema\/logo\/image\/"}}]}},"_links":{"self":[{"href":"https:\/\/homeproject.fr\/fr\/wp-json\/wp\/v2\/product\/15199","targetHints":{"allow":["GET"]}}],"collection":[{"href":"https:\/\/homeproject.fr\/fr\/wp-json\/wp\/v2\/product"}],"about":[{"href":"https:\/\/homeproject.fr\/fr\/wp-json\/wp\/v2\/types\/product"}],"version-history":[{"count":1,"href":"https:\/\/homeproject.fr\/fr\/wp-json\/wp\/v2\/product\/15199\/revisions"}],"predecessor-version":[{"id":15200,"href":"https:\/\/homeproject.fr\/fr\/wp-json\/wp\/v2\/product\/15199\/revisions\/15200"}],"wp:featuredmedia":[{"embeddable":true,"href":"https:\/\/homeproject.fr\/fr\/wp-json\/wp\/v2\/media\/15197"}],"wp:attachment":[{"href":"https:\/\/homeproject.fr\/fr\/wp-json\/wp\/v2\/media?parent=15199"}],"wp:term":[{"taxonomy":"product_brand","embeddable":true,"href":"https:\/\/homeproject.fr\/fr\/wp-json\/wp\/v2\/product_brand?post=15199"},{"taxonomy":"product_cat","embeddable":true,"href":"https:\/\/homeproject.fr\/fr\/wp-json\/wp\/v2\/product_cat?post=15199"},{"taxonomy":"product_tag","embeddable":true,"href":"https:\/\/homeproject.fr\/fr\/wp-json\/wp\/v2\/product_tag?post=15199"}],"curies":[{"name":"wp","href":"https:\/\/api.w.org\/{rel}","templated":true}]}}