{"id":15138,"date":"2025-08-22T08:22:08","date_gmt":"2025-08-22T08:22:08","guid":{"rendered":"https:\/\/homeproject.fr\/fr\/?post_type=product&#038;p=15138"},"modified":"2025-08-22T08:28:32","modified_gmt":"2025-08-22T08:28:32","slug":"carrelage-florim-sensiterre-mattone-grana-antiderapant-60x120-r11-ptv-9mm","status":"publish","type":"product","link":"https:\/\/homeproject.fr\/fr\/produit\/carrelage-florim-sensiterre-mattone-grana-antiderapant-60x120-r11-ptv-9mm\/","title":{"rendered":"Carrelage Florim SensiTerre Mattone Grana Antid\u00e9rapant 60&#215;120 R11 PTV 9mm"},"content":{"rendered":"<p><strong><a href=\"https:\/\/homeproject.fr\/fr\/produit\/echantillon-carrelage-florim-sensiterre-mattone-grana-antiderapant-r11\/\">Commander un \u00e9chantillon<\/a><\/strong><\/p>\n<div class=\"_tableContainer_1rjym_1\">\n<div class=\"_tableWrapper_1rjym_13 group flex w-fit flex-col-reverse\" tabindex=\"-1\">\n<h3 data-start=\"958\" data-end=\"993\"><strong data-start=\"962\" data-end=\"993\">Caract\u00e9ristiques techniques<\/strong><\/h3>\n<div class=\"_tableContainer_sk2ct_1\">\n<div class=\"_tableWrapper_sk2ct_13 group flex w-fit flex-col-reverse\" tabindex=\"-1\">\n<table class=\"w-fit min-w-(--thread-content-width)\" data-start=\"995\" data-end=\"2043\">\n<thead data-start=\"995\" data-end=\"1074\">\n<tr data-start=\"995\" data-end=\"1074\">\n<th data-start=\"995\" data-end=\"1023\" data-col-size=\"sm\"><strong data-start=\"997\" data-end=\"1014\">Sp\u00e9cification<\/strong><\/th>\n<th data-start=\"1023\" data-end=\"1074\" data-col-size=\"md\"><strong data-start=\"1025\" data-end=\"1035\">D\u00e9tail<\/strong><\/th>\n<\/tr>\n<\/thead>\n<tbody data-start=\"1155\" data-end=\"2043\">\n<tr data-start=\"1155\" data-end=\"1235\">\n<td data-start=\"1155\" data-end=\"1183\" data-col-size=\"sm\">Marque<\/td>\n<td data-start=\"1183\" data-end=\"1235\" data-col-size=\"md\">Florim<\/td>\n<\/tr>\n<tr data-start=\"1236\" data-end=\"1316\">\n<td data-start=\"1236\" data-end=\"1264\" data-col-size=\"sm\">Collection<\/td>\n<td data-start=\"1264\" data-end=\"1316\" data-col-size=\"md\">SensiTerre<\/td>\n<\/tr>\n<tr data-start=\"1317\" data-end=\"1397\">\n<td data-start=\"1317\" data-end=\"1345\" data-col-size=\"sm\">Mod\u00e8le \/ R\u00e9f\u00e9rence<\/td>\n<td data-start=\"1345\" data-end=\"1397\" data-col-size=\"md\">Mattone Grana \u2013 781492<\/td>\n<\/tr>\n<tr data-start=\"1398\" data-end=\"1478\">\n<td data-start=\"1398\" data-end=\"1426\" data-col-size=\"sm\">Format<\/td>\n<td data-start=\"1426\" data-end=\"1478\" data-col-size=\"md\">60 \u00d7 120 cm<\/td>\n<\/tr>\n<tr data-start=\"1479\" data-end=\"1559\">\n<td data-start=\"1479\" data-end=\"1507\" data-col-size=\"sm\">\u00c9paisseur<\/td>\n<td data-start=\"1507\" data-end=\"1559\" data-col-size=\"md\">9 mm<\/td>\n<\/tr>\n<tr data-start=\"1560\" data-end=\"1639\">\n<td data-start=\"1560\" data-end=\"1588\" data-col-size=\"sm\">Finition<\/td>\n<td data-start=\"1588\" data-end=\"1639\" data-col-size=\"md\">Grip (structur\u00e9e, antid\u00e9rapante)<\/td>\n<\/tr>\n<tr data-start=\"1640\" data-end=\"1720\">\n<td data-start=\"1640\" data-end=\"1668\" data-col-size=\"sm\">Antid\u00e9rapance<\/td>\n<td data-start=\"1668\" data-end=\"1720\" data-col-size=\"md\">R11 PTV \u2013 tr\u00e8s forte adh\u00e9rence<\/td>\n<\/tr>\n<tr data-start=\"1721\" data-end=\"1801\">\n<td data-start=\"1721\" data-end=\"1749\" data-col-size=\"sm\">Effet<\/td>\n<td data-start=\"1749\" data-end=\"1801\" data-col-size=\"md\">Ciment \/ Terre cuite moderne<\/td>\n<\/tr>\n<tr data-start=\"1802\" data-end=\"1881\">\n<td data-start=\"1802\" data-end=\"1830\" data-col-size=\"sm\">Teinte<\/td>\n<td data-start=\"1830\" data-end=\"1881\" data-col-size=\"md\">Mattone (rouge argile naturel)<\/td>\n<\/tr>\n<tr data-start=\"1882\" data-end=\"1962\">\n<td data-start=\"1882\" data-end=\"1910\" data-col-size=\"sm\">Pose<\/td>\n<td data-start=\"1910\" data-end=\"1962\" data-col-size=\"md\">Sols & murs \u2013 int\u00e9rieur et ext\u00e9rieur<\/td>\n<\/tr>\n<tr data-start=\"1963\" data-end=\"2043\">\n<td data-start=\"1963\" data-end=\"1991\" data-col-size=\"sm\">R\u00e9sistances<\/td>\n<td data-start=\"1991\" data-end=\"2043\" data-col-size=\"md\">Taches, gel, rayures, humidit\u00e9<\/td>\n<\/tr>\n<\/tbody>\n<\/table>\n<\/div>\n<\/div>\n<\/div>\n<\/div>\n<h3 data-start=\"2050\" data-end=\"2067\"><strong data-start=\"2054\" data-end=\"2067\">Avantages<\/strong><\/h3>\n<ul data-start=\"2068\" data-end=\"2433\">\n<li data-start=\"2068\" data-end=\"2163\">\n<p data-start=\"2070\" data-end=\"2163\"><strong data-start=\"2070\" data-end=\"2095\">Finition Grip R11 PTV<\/strong> : s\u00e9curit\u00e9 renforc\u00e9e pour salles d\u2019eau, douches, zones de passage, terrasses ext\u00e9rieures<\/p>\n<\/li>\n<li data-start=\"2164\" data-end=\"2272\">\n<p data-start=\"2166\" data-end=\"2272\"><strong data-start=\"2166\" data-end=\"2192\">Grand format 60\u00d7120 cm<\/strong> : effet visuel moderne, id\u00e9al pour grandes surfaces ou perspectives allong\u00e9es<\/p>\n<\/li>\n<li data-start=\"2273\" data-end=\"2363\">\n<p data-start=\"2275\" data-end=\"2363\"><strong data-start=\"2275\" data-end=\"2311\">Aspect terre cuite brut revisit\u00e9<\/strong> : texture min\u00e9rale, nuances chaudes et naturelles<\/p>\n<\/li>\n<li data-start=\"2364\" data-end=\"2433\">\n<p data-start=\"2366\" data-end=\"2433\"><strong data-start=\"2366\" data-end=\"2394\">Surface technique Florim<\/strong> : facile d\u2019entretien, haute durabilit\u00e9<\/p>\n<\/li>\n<\/ul>\n<hr data-start=\"2435\" data-end=\"2438\" \/>\n<h3 data-start=\"2440\" data-end=\"2473\"><strong data-start=\"2444\" data-end=\"2473\">Applications recommand\u00e9es<\/strong><\/h3>\n<ul data-start=\"2474\" data-end=\"2664\">\n<li data-start=\"2474\" data-end=\"2513\">\n<p data-start=\"2476\" data-end=\"2513\">Salles de bains, douches italiennes<\/p>\n<\/li>\n<li data-start=\"2514\" data-end=\"2556\">\n<p data-start=\"2516\" data-end=\"2556\">Entr\u00e9es, couloirs, cuisines familiales<\/p>\n<\/li>\n<li data-start=\"2557\" data-end=\"2598\">\n<p data-start=\"2559\" data-end=\"2598\">Terrasses, patios, tour de piscines<\/p>\n<\/li>\n<li data-start=\"2599\" data-end=\"2664\">\n<p data-start=\"2601\" data-end=\"2664\">Espaces professionnels ou lieux publics<\/p>\n<\/li>\n<\/ul>\n<hr data-start=\"2666\" data-end=\"2669\" \/>\n<h3 data-start=\"2671\" data-end=\"2688\"><strong data-start=\"2675\" data-end=\"2688\">En r\u00e9sum\u00e9<\/strong><\/h3>\n<p data-start=\"2689\" data-end=\"2915\">Le carrelage <strong data-start=\"2702\" data-end=\"2746\">SensiTerre Mattone Grana 60\u00d7120 Grip R11<\/strong> est un choix \u00e9l\u00e9gant et s\u00fbr pour ceux qui souhaitent associer <strong data-start=\"2809\" data-end=\"2839\">esth\u00e9tique m\u00e9diterran\u00e9enne<\/strong>, <strong data-start=\"2841\" data-end=\"2870\">authenticit\u00e9 des mati\u00e8res<\/strong>, et <strong data-start=\"2875\" data-end=\"2914\">technologie antid\u00e9rapante de pointe<\/strong>.<\/p>\n<h3 data-start=\"1970\" data-end=\"1992\"><strong style=\"font-family: inherit; font-size: 30px;\">Vous avez des questions ?<\/strong><\/h3>\n<style id=\"wpforms-css-vars-3675\">\n\t\t\t\t#wpforms-3675 {\n\t\t\t\t\n\t\t\t}\n\t\t\t<\/style><div class=\"wpforms-container wpforms-container-full wpforms-render-modern\" id=\"wpforms-3675\"><form id=\"wpforms-form-3675\" class=\"wpforms-validate wpforms-form wpforms-ajax-form\" data-formid=\"3675\" method=\"post\" enctype=\"multipart\/form-data\" action=\"\/fr\/wp-json\/wp\/v2\/product\/15138\" data-token=\"86cfa3cd8fc4572532d762e2357ac556\" data-token-time=\"1777821263\"><noscript class=\"wpforms-error-noscript\">Veuillez activer JavaScript dans votre navigateur pour remplir ce formulaire.<\/noscript><div id=\"wpforms-error-noscript\" style=\"display: none;\">Veuillez activer JavaScript dans votre navigateur pour remplir ce formulaire.<\/div><div class=\"wpforms-field-container\">\t\t<div id=\"wpforms-3675-field_1-container\"\n\t\t\tclass=\"wpforms-field wpforms-field-text\"\n\t\t\tdata-field-type=\"text\"\n\t\t\tdata-field-id=\"1\"\n\t\t\t>\n\t\t\t<label class=\"wpforms-field-label\" for=\"wpforms-3675-field_1\" >E-mail Nom Message<\/label>\n\t\t\t<input type=\"text\" id=\"wpforms-3675-field_1\" class=\"wpforms-field-medium\" name=\"wpforms[fields][1]\" >\n\t\t<\/div>\n\t\t<div id=\"wpforms-3675-field_3-container\" class=\"wpforms-field wpforms-field-name\" data-field-id=\"3\"><fieldset><legend class=\"wpforms-field-label\">Nom <span class=\"wpforms-required-label\" aria-hidden=\"true\">*<\/span><\/legend><div class=\"wpforms-field-row wpforms-field-medium\"><div class=\"wpforms-field-row-block wpforms-first wpforms-one-half\"><input type=\"text\" id=\"wpforms-3675-field_3\" class=\"wpforms-field-name-first wpforms-field-required\" name=\"wpforms[fields][3][first]\" aria-errormessage=\"wpforms-3675-field_3-error\" required><label for=\"wpforms-3675-field_3\" class=\"wpforms-field-sublabel after\">Pr\u00e9nom<\/label><\/div><div class=\"wpforms-field-row-block wpforms-one-half\"><input type=\"text\" id=\"wpforms-3675-field_3-last\" class=\"wpforms-field-name-last wpforms-field-required\" name=\"wpforms[fields][3][last]\" aria-errormessage=\"wpforms-3675-field_3-last-error\" required><label for=\"wpforms-3675-field_3-last\" class=\"wpforms-field-sublabel after\">Nom<\/label><\/div><\/div><\/fieldset><\/div><div id=\"wpforms-3675-field_4-container\" class=\"wpforms-field wpforms-field-email\" data-field-id=\"4\"><label class=\"wpforms-field-label\" for=\"wpforms-3675-field_4\">E-mail <span class=\"wpforms-required-label\" aria-hidden=\"true\">*<\/span><\/label><input type=\"email\" id=\"wpforms-3675-field_4\" class=\"wpforms-field-medium wpforms-field-required\" name=\"wpforms[fields][4]\" spellcheck=\"false\" aria-errormessage=\"wpforms-3675-field_4-error\" required><\/div><div id=\"wpforms-3675-field_5-container\" class=\"wpforms-field wpforms-field-textarea\" data-field-id=\"5\"><label class=\"wpforms-field-label\" for=\"wpforms-3675-field_5\">Message <span class=\"wpforms-required-label\" aria-hidden=\"true\">*<\/span><\/label><textarea id=\"wpforms-3675-field_5\" class=\"wpforms-field-medium wpforms-field-required\" name=\"wpforms[fields][5]\" aria-errormessage=\"wpforms-3675-field_5-error\" required><\/textarea><\/div><script>\n\t\t\t\t( function() {\n\t\t\t\t\tconst style = document.createElement( 'style' );\n\t\t\t\t\tstyle.appendChild( document.createTextNode( '#wpforms-3675-field_1-container { position: absolute !important; overflow: hidden !important; display: inline !important; height: 1px !important; width: 1px !important; z-index: -1000 !important; padding: 0 !important; } #wpforms-3675-field_1-container input { visibility: hidden; } #wpforms-conversational-form-page #wpforms-3675-field_1-container label { counter-increment: none; }' ) );\n\t\t\t\t\tdocument.head.appendChild( style );\n\t\t\t\t\tdocument.currentScript?.remove();\n\t\t\t\t} )();\n\t\t\t<\/script><\/div><!-- .wpforms-field-container --><div class=\"wpforms-submit-container\" ><input type=\"hidden\" name=\"wpforms[id]\" value=\"3675\"><input type=\"hidden\" name=\"page_title\" value=\"\"><input type=\"hidden\" name=\"page_url\" value=\"https:\/\/homeproject.fr\/fr\/wp-json\/wp\/v2\/product\/15138\"><input type=\"hidden\" name=\"url_referer\" value=\"\"><button type=\"submit\" name=\"wpforms[submit]\" id=\"wpforms-submit-3675\" class=\"wpforms-submit\" data-alt-text=\"Envoi...\" data-submit-text=\"Envoyer\" aria-live=\"assertive\" value=\"wpforms-submit\">Envoyer<\/button><img decoding=\"async\" src=\"https:\/\/homeproject.fr\/fr\/wp-content\/plugins\/wpforms-lite\/assets\/images\/submit-spin.svg\" class=\"wpforms-submit-spinner\" style=\"display: none;\" width=\"26\" height=\"26\" alt=\"Chargement en cours\"><\/div><\/form><\/div>  <!-- .wpforms-container -->\n","protected":false},"excerpt":{"rendered":"<p data-start=\"290\" data-end=\"702\">Le carrelage <strong data-start=\"303\" data-end=\"348\">Florim SensiTerre Mattone Grana 60\u00d7120 cm<\/strong> incarne la rencontre entre esth\u00e9tique artisanale et performance technique. Son <strong data-start=\"428\" data-end=\"444\">effet ciment<\/strong> subtilement pigment\u00e9 dans une teinte <strong data-start=\"482\" data-end=\"493\">Mattone<\/strong> chaude et min\u00e9rale \u00e9voque la terre cuite traditionnelle revisit\u00e9e. Sa surface <strong data-start=\"572\" data-end=\"591\">structur\u00e9e Grip<\/strong>, class\u00e9e <strong data-start=\"601\" data-end=\"612\">R11 PTV<\/strong>, garantit une <strong data-start=\"627\" data-end=\"649\">adh\u00e9rence optimale<\/strong>, m\u00eame dans des zones humides ou \u00e0 forte circulation.<\/p>\n<p data-start=\"704\" data-end=\"951\">Avec son <strong data-start=\"713\" data-end=\"753\">grand format rectangulaire 60\u00d7120 cm<\/strong> et ses <strong data-start=\"761\" data-end=\"781\">9 mm d\u2019\u00e9paisseur<\/strong>, ce mod\u00e8le est parfaitement adapt\u00e9 aux projets contemporains : r\u00e9sidences, terrasses couvertes, h\u00f4tels ou espaces commerciaux recherchant du caract\u00e8re et de la s\u00e9curit\u00e9.<\/p>\n","protected":false},"featured_media":15139,"template":"","meta":{"_uf_show_specific_survey":0,"_uf_disable_surveys":false,"iawp_total_views":26},"product_brand":[607],"product_cat":[123,20,128,502],"product_tag":[],"class_list":{"0":"post-15138","1":"product","2":"type-product","3":"status-publish","4":"has-post-thumbnail","6":"product_brand-florim","7":"product_cat-aspect-beton","8":"product_cat-carrelage","9":"product_cat-exterieur","10":"product_cat-terre-cuite","11":"product_shipping_class-carrelage","12":"pa_collection-sensiterre-par-florim","13":"pa_designer-matteo-thun","14":"pa_dimensions-nominales-60x120","15":"pa_effet-beton","16":"pa_effet-terre-cuite","17":"pa_epaisseur-9mm","18":"pa_marque-florim","19":"pa_materiau-gres-cerame-non-emaille","21":"first","22":"instock","23":"sale","24":"taxable","25":"shipping-taxable","26":"purchasable","27":"product-type-simple"},"yoast_head":"<!-- This site is optimized with the Yoast SEO plugin v27.5 - https:\/\/yoast.com\/product\/yoast-seo-wordpress\/ -->\n<title>Carrelage Florim SensiTerre Mattone Grana Antid\u00e9rapant 60x120 R11 PTV 9mm - Homeproject.fr<\/title>\n<meta name=\"robots\" content=\"index, follow, max-snippet:-1, max-image-preview:large, max-video-preview:-1\" \/>\n<link rel=\"canonical\" href=\"https:\/\/homeproject.fr\/fr\/produit\/carrelage-florim-sensiterre-mattone-grana-antiderapant-60x120-r11-ptv-9mm\/\" \/>\n<meta property=\"og:locale\" content=\"fr_FR\" \/>\n<meta property=\"og:type\" content=\"article\" \/>\n<meta property=\"og:title\" content=\"Carrelage Florim SensiTerre Mattone Grana Antid\u00e9rapant 60x120 R11 PTV 9mm - Homeproject.fr\" \/>\n<meta property=\"og:description\" content=\"Le carrelage Florim SensiTerre Mattone Grana 60\u00d7120 cm incarne la rencontre entre esth\u00e9tique artisanale et performance technique. Son effet ciment subtilement pigment\u00e9 dans une teinte Mattone chaude et min\u00e9rale \u00e9voque la terre cuite traditionnelle revisit\u00e9e. Sa surface structur\u00e9e Grip, class\u00e9e R11 PTV, garantit une adh\u00e9rence optimale, m\u00eame dans des zones humides ou \u00e0 forte circulation. Avec son grand format rectangulaire 60\u00d7120 cm et ses 9 mm d\u2019\u00e9paisseur, ce mod\u00e8le est parfaitement adapt\u00e9 aux projets contemporains : r\u00e9sidences, terrasses couvertes, h\u00f4tels ou espaces commerciaux recherchant du caract\u00e8re et de la s\u00e9curit\u00e9.\" \/>\n<meta property=\"og:url\" content=\"https:\/\/homeproject.fr\/fr\/produit\/carrelage-florim-sensiterre-mattone-grana-antiderapant-60x120-r11-ptv-9mm\/\" \/>\n<meta property=\"og:site_name\" content=\"Homeproject.fr\" \/>\n<meta property=\"article:modified_time\" content=\"2025-08-22T08:28:32+00:00\" \/>\n<meta property=\"og:image\" content=\"https:\/\/homeproject.fr\/fr\/wp-content\/uploads\/2025\/08\/Carrelage-contemporain-aspect-terre-cuite-rectangulaire-grand-format-antiderapant-SensiTerre-Florim-Mattone-Grana-60x120-R11-PTV-781492.jpg\" \/>\n\t<meta property=\"og:image:width\" content=\"1500\" \/>\n\t<meta property=\"og:image:height\" content=\"1500\" \/>\n\t<meta property=\"og:image:type\" content=\"image\/jpeg\" \/>\n<meta name=\"twitter:card\" content=\"summary_large_image\" \/>\n<meta name=\"twitter:label1\" content=\"Dur\u00e9e de lecture estim\u00e9e\" \/>\n\t<meta name=\"twitter:data1\" content=\"2 minutes\" \/>\n<script type=\"application\/ld+json\" class=\"yoast-schema-graph\">{\"@context\":\"https:\\\/\\\/schema.org\",\"@graph\":[{\"@type\":\"WebPage\",\"@id\":\"https:\\\/\\\/homeproject.fr\\\/fr\\\/produit\\\/carrelage-florim-sensiterre-mattone-grana-antiderapant-60x120-r11-ptv-9mm\\\/\",\"url\":\"https:\\\/\\\/homeproject.fr\\\/fr\\\/produit\\\/carrelage-florim-sensiterre-mattone-grana-antiderapant-60x120-r11-ptv-9mm\\\/\",\"name\":\"Carrelage Florim SensiTerre Mattone Grana Antid\u00e9rapant 60x120 R11 PTV 9mm - Homeproject.fr\",\"isPartOf\":{\"@id\":\"https:\\\/\\\/homeproject.fr\\\/fr\\\/#website\"},\"primaryImageOfPage\":{\"@id\":\"https:\\\/\\\/homeproject.fr\\\/fr\\\/produit\\\/carrelage-florim-sensiterre-mattone-grana-antiderapant-60x120-r11-ptv-9mm\\\/#primaryimage\"},\"image\":{\"@id\":\"https:\\\/\\\/homeproject.fr\\\/fr\\\/produit\\\/carrelage-florim-sensiterre-mattone-grana-antiderapant-60x120-r11-ptv-9mm\\\/#primaryimage\"},\"thumbnailUrl\":\"https:\\\/\\\/homeproject.fr\\\/fr\\\/wp-content\\\/uploads\\\/2025\\\/08\\\/Carrelage-contemporain-aspect-terre-cuite-rectangulaire-grand-format-antiderapant-SensiTerre-Florim-Mattone-Grana-60x120-R11-PTV-781492.jpg\",\"datePublished\":\"2025-08-22T08:22:08+00:00\",\"dateModified\":\"2025-08-22T08:28:32+00:00\",\"breadcrumb\":{\"@id\":\"https:\\\/\\\/homeproject.fr\\\/fr\\\/produit\\\/carrelage-florim-sensiterre-mattone-grana-antiderapant-60x120-r11-ptv-9mm\\\/#breadcrumb\"},\"inLanguage\":\"fr-FR\",\"potentialAction\":[{\"@type\":\"ReadAction\",\"target\":[\"https:\\\/\\\/homeproject.fr\\\/fr\\\/produit\\\/carrelage-florim-sensiterre-mattone-grana-antiderapant-60x120-r11-ptv-9mm\\\/\"]}]},{\"@type\":\"ImageObject\",\"inLanguage\":\"fr-FR\",\"@id\":\"https:\\\/\\\/homeproject.fr\\\/fr\\\/produit\\\/carrelage-florim-sensiterre-mattone-grana-antiderapant-60x120-r11-ptv-9mm\\\/#primaryimage\",\"url\":\"https:\\\/\\\/homeproject.fr\\\/fr\\\/wp-content\\\/uploads\\\/2025\\\/08\\\/Carrelage-contemporain-aspect-terre-cuite-rectangulaire-grand-format-antiderapant-SensiTerre-Florim-Mattone-Grana-60x120-R11-PTV-781492.jpg\",\"contentUrl\":\"https:\\\/\\\/homeproject.fr\\\/fr\\\/wp-content\\\/uploads\\\/2025\\\/08\\\/Carrelage-contemporain-aspect-terre-cuite-rectangulaire-grand-format-antiderapant-SensiTerre-Florim-Mattone-Grana-60x120-R11-PTV-781492.jpg\",\"width\":1500,\"height\":1500},{\"@type\":\"BreadcrumbList\",\"@id\":\"https:\\\/\\\/homeproject.fr\\\/fr\\\/produit\\\/carrelage-florim-sensiterre-mattone-grana-antiderapant-60x120-r11-ptv-9mm\\\/#breadcrumb\",\"itemListElement\":[{\"@type\":\"ListItem\",\"position\":1,\"name\":\"Accueil\",\"item\":\"https:\\\/\\\/homeproject.fr\\\/fr\\\/\"},{\"@type\":\"ListItem\",\"position\":2,\"name\":\"Boutique\",\"item\":\"https:\\\/\\\/homeproject.fr\\\/fr\\\/boutique\\\/\"},{\"@type\":\"ListItem\",\"position\":3,\"name\":\"Carrelage Florim SensiTerre Mattone Grana Antid\u00e9rapant 60&#215;120 R11 PTV 9mm\"}]},{\"@type\":\"WebSite\",\"@id\":\"https:\\\/\\\/homeproject.fr\\\/fr\\\/#website\",\"url\":\"https:\\\/\\\/homeproject.fr\\\/fr\\\/\",\"name\":\"Homeproject.fr\",\"description\":\"Offrez l&#039;exceptionnel \u00e0 vos espaces \u00e0 vivre\",\"publisher\":{\"@id\":\"https:\\\/\\\/homeproject.fr\\\/fr\\\/#organization\"},\"potentialAction\":[{\"@type\":\"SearchAction\",\"target\":{\"@type\":\"EntryPoint\",\"urlTemplate\":\"https:\\\/\\\/homeproject.fr\\\/fr\\\/?s={search_term_string}\"},\"query-input\":{\"@type\":\"PropertyValueSpecification\",\"valueRequired\":true,\"valueName\":\"search_term_string\"}}],\"inLanguage\":\"fr-FR\"},{\"@type\":\"Organization\",\"@id\":\"https:\\\/\\\/homeproject.fr\\\/fr\\\/#organization\",\"name\":\"Homeproject.fr\",\"url\":\"https:\\\/\\\/homeproject.fr\\\/fr\\\/\",\"logo\":{\"@type\":\"ImageObject\",\"inLanguage\":\"fr-FR\",\"@id\":\"https:\\\/\\\/homeproject.fr\\\/fr\\\/#\\\/schema\\\/logo\\\/image\\\/\",\"url\":\"https:\\\/\\\/homeproject.fr\\\/fr\\\/wp-content\\\/uploads\\\/2024\\\/12\\\/Logo_HomeProject-noir-2.png\",\"contentUrl\":\"https:\\\/\\\/homeproject.fr\\\/fr\\\/wp-content\\\/uploads\\\/2024\\\/12\\\/Logo_HomeProject-noir-2.png\",\"width\":300,\"height\":91,\"caption\":\"Homeproject.fr\"},\"image\":{\"@id\":\"https:\\\/\\\/homeproject.fr\\\/fr\\\/#\\\/schema\\\/logo\\\/image\\\/\"}}]}<\/script>\n<!-- \/ Yoast SEO plugin. -->","yoast_head_json":{"title":"Carrelage Florim SensiTerre Mattone Grana Antid\u00e9rapant 60x120 R11 PTV 9mm - Homeproject.fr","robots":{"index":"index","follow":"follow","max-snippet":"max-snippet:-1","max-image-preview":"max-image-preview:large","max-video-preview":"max-video-preview:-1"},"canonical":"https:\/\/homeproject.fr\/fr\/produit\/carrelage-florim-sensiterre-mattone-grana-antiderapant-60x120-r11-ptv-9mm\/","og_locale":"fr_FR","og_type":"article","og_title":"Carrelage Florim SensiTerre Mattone Grana Antid\u00e9rapant 60x120 R11 PTV 9mm - Homeproject.fr","og_description":"Le carrelage Florim SensiTerre Mattone Grana 60\u00d7120 cm incarne la rencontre entre esth\u00e9tique artisanale et performance technique. Son effet ciment subtilement pigment\u00e9 dans une teinte Mattone chaude et min\u00e9rale \u00e9voque la terre cuite traditionnelle revisit\u00e9e. Sa surface structur\u00e9e Grip, class\u00e9e R11 PTV, garantit une adh\u00e9rence optimale, m\u00eame dans des zones humides ou \u00e0 forte circulation. Avec son grand format rectangulaire 60\u00d7120 cm et ses 9 mm d\u2019\u00e9paisseur, ce mod\u00e8le est parfaitement adapt\u00e9 aux projets contemporains : r\u00e9sidences, terrasses couvertes, h\u00f4tels ou espaces commerciaux recherchant du caract\u00e8re et de la s\u00e9curit\u00e9.","og_url":"https:\/\/homeproject.fr\/fr\/produit\/carrelage-florim-sensiterre-mattone-grana-antiderapant-60x120-r11-ptv-9mm\/","og_site_name":"Homeproject.fr","article_modified_time":"2025-08-22T08:28:32+00:00","og_image":[{"width":1500,"height":1500,"url":"https:\/\/homeproject.fr\/fr\/wp-content\/uploads\/2025\/08\/Carrelage-contemporain-aspect-terre-cuite-rectangulaire-grand-format-antiderapant-SensiTerre-Florim-Mattone-Grana-60x120-R11-PTV-781492.jpg","type":"image\/jpeg"}],"twitter_card":"summary_large_image","twitter_misc":{"Dur\u00e9e de lecture estim\u00e9e":"2 minutes"},"schema":{"@context":"https:\/\/schema.org","@graph":[{"@type":"WebPage","@id":"https:\/\/homeproject.fr\/fr\/produit\/carrelage-florim-sensiterre-mattone-grana-antiderapant-60x120-r11-ptv-9mm\/","url":"https:\/\/homeproject.fr\/fr\/produit\/carrelage-florim-sensiterre-mattone-grana-antiderapant-60x120-r11-ptv-9mm\/","name":"Carrelage Florim SensiTerre Mattone Grana Antid\u00e9rapant 60x120 R11 PTV 9mm - Homeproject.fr","isPartOf":{"@id":"https:\/\/homeproject.fr\/fr\/#website"},"primaryImageOfPage":{"@id":"https:\/\/homeproject.fr\/fr\/produit\/carrelage-florim-sensiterre-mattone-grana-antiderapant-60x120-r11-ptv-9mm\/#primaryimage"},"image":{"@id":"https:\/\/homeproject.fr\/fr\/produit\/carrelage-florim-sensiterre-mattone-grana-antiderapant-60x120-r11-ptv-9mm\/#primaryimage"},"thumbnailUrl":"https:\/\/homeproject.fr\/fr\/wp-content\/uploads\/2025\/08\/Carrelage-contemporain-aspect-terre-cuite-rectangulaire-grand-format-antiderapant-SensiTerre-Florim-Mattone-Grana-60x120-R11-PTV-781492.jpg","datePublished":"2025-08-22T08:22:08+00:00","dateModified":"2025-08-22T08:28:32+00:00","breadcrumb":{"@id":"https:\/\/homeproject.fr\/fr\/produit\/carrelage-florim-sensiterre-mattone-grana-antiderapant-60x120-r11-ptv-9mm\/#breadcrumb"},"inLanguage":"fr-FR","potentialAction":[{"@type":"ReadAction","target":["https:\/\/homeproject.fr\/fr\/produit\/carrelage-florim-sensiterre-mattone-grana-antiderapant-60x120-r11-ptv-9mm\/"]}]},{"@type":"ImageObject","inLanguage":"fr-FR","@id":"https:\/\/homeproject.fr\/fr\/produit\/carrelage-florim-sensiterre-mattone-grana-antiderapant-60x120-r11-ptv-9mm\/#primaryimage","url":"https:\/\/homeproject.fr\/fr\/wp-content\/uploads\/2025\/08\/Carrelage-contemporain-aspect-terre-cuite-rectangulaire-grand-format-antiderapant-SensiTerre-Florim-Mattone-Grana-60x120-R11-PTV-781492.jpg","contentUrl":"https:\/\/homeproject.fr\/fr\/wp-content\/uploads\/2025\/08\/Carrelage-contemporain-aspect-terre-cuite-rectangulaire-grand-format-antiderapant-SensiTerre-Florim-Mattone-Grana-60x120-R11-PTV-781492.jpg","width":1500,"height":1500},{"@type":"BreadcrumbList","@id":"https:\/\/homeproject.fr\/fr\/produit\/carrelage-florim-sensiterre-mattone-grana-antiderapant-60x120-r11-ptv-9mm\/#breadcrumb","itemListElement":[{"@type":"ListItem","position":1,"name":"Accueil","item":"https:\/\/homeproject.fr\/fr\/"},{"@type":"ListItem","position":2,"name":"Boutique","item":"https:\/\/homeproject.fr\/fr\/boutique\/"},{"@type":"ListItem","position":3,"name":"Carrelage Florim SensiTerre Mattone Grana Antid\u00e9rapant 60&#215;120 R11 PTV 9mm"}]},{"@type":"WebSite","@id":"https:\/\/homeproject.fr\/fr\/#website","url":"https:\/\/homeproject.fr\/fr\/","name":"Homeproject.fr","description":"Offrez l&#039;exceptionnel \u00e0 vos espaces \u00e0 vivre","publisher":{"@id":"https:\/\/homeproject.fr\/fr\/#organization"},"potentialAction":[{"@type":"SearchAction","target":{"@type":"EntryPoint","urlTemplate":"https:\/\/homeproject.fr\/fr\/?s={search_term_string}"},"query-input":{"@type":"PropertyValueSpecification","valueRequired":true,"valueName":"search_term_string"}}],"inLanguage":"fr-FR"},{"@type":"Organization","@id":"https:\/\/homeproject.fr\/fr\/#organization","name":"Homeproject.fr","url":"https:\/\/homeproject.fr\/fr\/","logo":{"@type":"ImageObject","inLanguage":"fr-FR","@id":"https:\/\/homeproject.fr\/fr\/#\/schema\/logo\/image\/","url":"https:\/\/homeproject.fr\/fr\/wp-content\/uploads\/2024\/12\/Logo_HomeProject-noir-2.png","contentUrl":"https:\/\/homeproject.fr\/fr\/wp-content\/uploads\/2024\/12\/Logo_HomeProject-noir-2.png","width":300,"height":91,"caption":"Homeproject.fr"},"image":{"@id":"https:\/\/homeproject.fr\/fr\/#\/schema\/logo\/image\/"}}]}},"_links":{"self":[{"href":"https:\/\/homeproject.fr\/fr\/wp-json\/wp\/v2\/product\/15138","targetHints":{"allow":["GET"]}}],"collection":[{"href":"https:\/\/homeproject.fr\/fr\/wp-json\/wp\/v2\/product"}],"about":[{"href":"https:\/\/homeproject.fr\/fr\/wp-json\/wp\/v2\/types\/product"}],"version-history":[{"count":1,"href":"https:\/\/homeproject.fr\/fr\/wp-json\/wp\/v2\/product\/15138\/revisions"}],"predecessor-version":[{"id":15140,"href":"https:\/\/homeproject.fr\/fr\/wp-json\/wp\/v2\/product\/15138\/revisions\/15140"}],"wp:featuredmedia":[{"embeddable":true,"href":"https:\/\/homeproject.fr\/fr\/wp-json\/wp\/v2\/media\/15139"}],"wp:attachment":[{"href":"https:\/\/homeproject.fr\/fr\/wp-json\/wp\/v2\/media?parent=15138"}],"wp:term":[{"taxonomy":"product_brand","embeddable":true,"href":"https:\/\/homeproject.fr\/fr\/wp-json\/wp\/v2\/product_brand?post=15138"},{"taxonomy":"product_cat","embeddable":true,"href":"https:\/\/homeproject.fr\/fr\/wp-json\/wp\/v2\/product_cat?post=15138"},{"taxonomy":"product_tag","embeddable":true,"href":"https:\/\/homeproject.fr\/fr\/wp-json\/wp\/v2\/product_tag?post=15138"}],"curies":[{"name":"wp","href":"https:\/\/api.w.org\/{rel}","templated":true}]}}