{"id":15128,"date":"2025-08-22T07:45:32","date_gmt":"2025-08-22T07:45:32","guid":{"rendered":"https:\/\/homeproject.fr\/fr\/?post_type=product&#038;p=15128"},"modified":"2025-08-22T08:04:46","modified_gmt":"2025-08-22T08:04:46","slug":"carrelage-florim-sensiterre-mattone-grana-antiderapant-15x30-r11-9mm","status":"publish","type":"product","link":"https:\/\/homeproject.fr\/fr\/produit\/carrelage-florim-sensiterre-mattone-grana-antiderapant-15x30-r11-9mm\/","title":{"rendered":"Carrelage Florim SensiTerre Mattone Grana Antid\u00e9rapant 15&#215;30 R11 9mm"},"content":{"rendered":"<p><strong><a href=\"https:\/\/homeproject.fr\/fr\/produit\/echantillon-carrelage-florim-sensiterre-mattone-grana-antiderapant-r11\/\">Commander un \u00e9chantillon<\/a><\/strong><\/p>\n<div class=\"_tableContainer_1rjym_1\">\n<div class=\"_tableWrapper_1rjym_13 group flex w-fit flex-col-reverse\" tabindex=\"-1\">\n<h3 data-start=\"824\" data-end=\"859\"><strong data-start=\"828\" data-end=\"859\">Caract\u00e9ristiques techniques<\/strong><\/h3>\n<div class=\"_tableContainer_sk2ct_1\">\n<div class=\"_tableWrapper_sk2ct_13 group flex w-fit flex-col-reverse\" tabindex=\"-1\">\n<table class=\"w-fit min-w-(--thread-content-width)\" data-start=\"861\" data-end=\"1905\">\n<thead data-start=\"861\" data-end=\"940\">\n<tr data-start=\"861\" data-end=\"940\">\n<th data-start=\"861\" data-end=\"889\" data-col-size=\"sm\"><strong data-start=\"863\" data-end=\"880\">Sp\u00e9cification<\/strong><\/th>\n<th data-start=\"889\" data-end=\"940\" data-col-size=\"md\"><strong data-start=\"891\" data-end=\"901\">D\u00e9tail<\/strong><\/th>\n<\/tr>\n<\/thead>\n<tbody data-start=\"1021\" data-end=\"1905\">\n<tr data-start=\"1021\" data-end=\"1101\">\n<td data-start=\"1021\" data-end=\"1049\" data-col-size=\"sm\">Marque<\/td>\n<td data-col-size=\"md\" data-start=\"1049\" data-end=\"1101\">Florim<\/td>\n<\/tr>\n<tr data-start=\"1102\" data-end=\"1182\">\n<td data-start=\"1102\" data-end=\"1130\" data-col-size=\"sm\">Collection<\/td>\n<td data-col-size=\"md\" data-start=\"1130\" data-end=\"1182\">SensiTerre<\/td>\n<\/tr>\n<tr data-start=\"1183\" data-end=\"1263\">\n<td data-start=\"1183\" data-end=\"1211\" data-col-size=\"sm\">Mod\u00e8le \/ R\u00e9f. produit<\/td>\n<td data-col-size=\"md\" data-start=\"1211\" data-end=\"1263\">Mattone Grana \u2013 781789<\/td>\n<\/tr>\n<tr data-start=\"1264\" data-end=\"1344\">\n<td data-start=\"1264\" data-end=\"1292\" data-col-size=\"sm\">Format<\/td>\n<td data-col-size=\"md\" data-start=\"1292\" data-end=\"1344\">15 \u00d7 30 cm<\/td>\n<\/tr>\n<tr data-start=\"1345\" data-end=\"1425\">\n<td data-start=\"1345\" data-end=\"1373\" data-col-size=\"sm\">\u00c9paisseur<\/td>\n<td data-start=\"1373\" data-end=\"1425\" data-col-size=\"md\">9 mm<\/td>\n<\/tr>\n<tr data-start=\"1426\" data-end=\"1505\">\n<td data-start=\"1426\" data-end=\"1454\" data-col-size=\"sm\">Finition<\/td>\n<td data-start=\"1454\" data-end=\"1505\" data-col-size=\"md\">Grip (structur\u00e9e, adh\u00e9rente)<\/td>\n<\/tr>\n<tr data-start=\"1506\" data-end=\"1585\">\n<td data-start=\"1506\" data-end=\"1534\" data-col-size=\"sm\">Antid\u00e9rapance<\/td>\n<td data-start=\"1534\" data-end=\"1585\" data-col-size=\"md\">R11 PTV \u2013 s\u00e9curit\u00e9 zones humides\/ext\u00e9rieures<\/td>\n<\/tr>\n<tr data-start=\"1586\" data-end=\"1665\">\n<td data-start=\"1586\" data-end=\"1614\" data-col-size=\"sm\">Effet<\/td>\n<td data-start=\"1614\" data-end=\"1665\" data-col-size=\"md\">Ciment \/ Terre cuite contemporaine<\/td>\n<\/tr>\n<tr data-start=\"1666\" data-end=\"1745\">\n<td data-start=\"1666\" data-end=\"1694\" data-col-size=\"sm\">Couleur<\/td>\n<td data-start=\"1694\" data-end=\"1745\" data-col-size=\"md\">Mattone (rouge brique naturel)<\/td>\n<\/tr>\n<tr data-start=\"1746\" data-end=\"1825\">\n<td data-start=\"1746\" data-end=\"1774\" data-col-size=\"sm\">Utilisation<\/td>\n<td data-col-size=\"md\" data-start=\"1774\" data-end=\"1825\">Sols & murs \u2013 int\u00e9rieur et ext\u00e9rieur<\/td>\n<\/tr>\n<tr data-start=\"1826\" data-end=\"1905\">\n<td data-start=\"1826\" data-end=\"1854\" data-col-size=\"sm\">Pose<\/td>\n<td data-start=\"1854\" data-end=\"1905\" data-col-size=\"md\">Pose droite, en b\u00e2ton rompu, ou opus modul\u00e9<\/td>\n<\/tr>\n<\/tbody>\n<\/table>\n<\/div>\n<\/div>\n<\/div>\n<\/div>\n<h3 data-start=\"1912\" data-end=\"1929\"><strong data-start=\"1916\" data-end=\"1929\">Avantages<\/strong><\/h3>\n<ul data-start=\"1930\" data-end=\"2320\">\n<li data-start=\"1930\" data-end=\"2020\">\n<p data-start=\"1932\" data-end=\"2020\"><strong data-start=\"1932\" data-end=\"1961\">Surface antid\u00e9rapante R11<\/strong> : parfaite pour terrasses, douches, escaliers ou entr\u00e9es<\/p>\n<\/li>\n<li data-start=\"2021\" data-end=\"2125\">\n<p data-start=\"2023\" data-end=\"2125\"><strong data-start=\"2023\" data-end=\"2052\">Format modulaire 15\u00d730 cm<\/strong> : s\u2019associe facilement \u00e0 d\u2019autres formats pour un calepinage graphique<\/p>\n<\/li>\n<li data-start=\"2126\" data-end=\"2232\">\n<p data-start=\"2128\" data-end=\"2232\"><strong data-start=\"2128\" data-end=\"2152\">Esth\u00e9tique naturelle<\/strong> : effet terre cuite min\u00e9ral r\u00e9chauff\u00e9 d\u2019une teinte Mattone douce et pigment\u00e9e<\/p>\n<\/li>\n<li data-start=\"2233\" data-end=\"2320\">\n<p data-start=\"2235\" data-end=\"2320\"><strong data-start=\"2235\" data-end=\"2266\">R\u00e9sistance technique Florim<\/strong> : anti-gel, antitache, durable et facile \u00e0 entretenir<\/p>\n<\/li>\n<\/ul>\n<hr data-start=\"2322\" data-end=\"2325\" \/>\n<h3 data-start=\"2327\" data-end=\"2360\"><strong data-start=\"2331\" data-end=\"2360\">Applications recommand\u00e9es<\/strong><\/h3>\n<ul data-start=\"2361\" data-end=\"2545\">\n<li data-start=\"2361\" data-end=\"2400\">\n<p data-start=\"2363\" data-end=\"2400\">Salles de bains, douches italiennes<\/p>\n<\/li>\n<li data-start=\"2401\" data-end=\"2436\">\n<p data-start=\"2403\" data-end=\"2436\">Escaliers int\u00e9rieurs\/ext\u00e9rieurs<\/p>\n<\/li>\n<li data-start=\"2437\" data-end=\"2467\">\n<p data-start=\"2439\" data-end=\"2467\">Terrasses, all\u00e9es, porches<\/p>\n<\/li>\n<li data-start=\"2468\" data-end=\"2510\">\n<p data-start=\"2470\" data-end=\"2510\">Cuisines, arri\u00e8re-cuisines, buanderies<\/p>\n<\/li>\n<li data-start=\"2511\" data-end=\"2545\">\n<p data-start=\"2513\" data-end=\"2545\">Espaces commerciaux ou h\u00f4teliers<\/p>\n<\/li>\n<\/ul>\n<hr data-start=\"2547\" data-end=\"2550\" \/>\n<h3 data-start=\"2552\" data-end=\"2569\"><strong data-start=\"2556\" data-end=\"2569\">En r\u00e9sum\u00e9<\/strong><\/h3>\n<p data-start=\"2570\" data-end=\"2760\">Ce mod\u00e8le <strong data-start=\"2580\" data-end=\"2601\">15\u00d730 cm Grip R11<\/strong> de la collection <strong data-start=\"2619\" data-end=\"2633\">SensiTerre<\/strong> combine <strong data-start=\"2642\" data-end=\"2661\">format pratique<\/strong>, <strong data-start=\"2663\" data-end=\"2683\">style chaleureux<\/strong> et <strong data-start=\"2687\" data-end=\"2714\">performances techniques<\/strong>, pour des sols s\u00fbrs, \u00e9l\u00e9gants et intemporels.<\/p>\n<h3 data-start=\"2012\" data-end=\"2034\"><strong style=\"font-family: inherit; font-size: 30px;\">Vous avez des questions ?<\/strong><\/h3>\n<style id=\"wpforms-css-vars-3675\">\n\t\t\t\t#wpforms-3675 {\n\t\t\t\t\n\t\t\t}\n\t\t\t<\/style><div class=\"wpforms-container wpforms-container-full wpforms-render-modern\" id=\"wpforms-3675\"><form id=\"wpforms-form-3675\" class=\"wpforms-validate wpforms-form wpforms-ajax-form\" data-formid=\"3675\" method=\"post\" enctype=\"multipart\/form-data\" action=\"\/fr\/wp-json\/wp\/v2\/product\/15128\" data-token=\"86cfa3cd8fc4572532d762e2357ac556\" data-token-time=\"1777821255\"><noscript class=\"wpforms-error-noscript\">Veuillez activer JavaScript dans votre navigateur pour remplir ce formulaire.<\/noscript><div id=\"wpforms-error-noscript\" style=\"display: none;\">Veuillez activer JavaScript dans votre navigateur pour remplir ce formulaire.<\/div><div class=\"wpforms-field-container\"><div id=\"wpforms-3675-field_3-container\" class=\"wpforms-field wpforms-field-name\" data-field-id=\"3\"><fieldset><legend class=\"wpforms-field-label\">Nom <span class=\"wpforms-required-label\" aria-hidden=\"true\">*<\/span><\/legend><div class=\"wpforms-field-row wpforms-field-medium\"><div class=\"wpforms-field-row-block wpforms-first wpforms-one-half\"><input type=\"text\" id=\"wpforms-3675-field_3\" class=\"wpforms-field-name-first wpforms-field-required\" name=\"wpforms[fields][3][first]\" aria-errormessage=\"wpforms-3675-field_3-error\" required><label for=\"wpforms-3675-field_3\" class=\"wpforms-field-sublabel after\">Pr\u00e9nom<\/label><\/div><div class=\"wpforms-field-row-block wpforms-one-half\"><input type=\"text\" id=\"wpforms-3675-field_3-last\" class=\"wpforms-field-name-last wpforms-field-required\" name=\"wpforms[fields][3][last]\" aria-errormessage=\"wpforms-3675-field_3-last-error\" required><label for=\"wpforms-3675-field_3-last\" class=\"wpforms-field-sublabel after\">Nom<\/label><\/div><\/div><\/fieldset><\/div><div id=\"wpforms-3675-field_4-container\" class=\"wpforms-field wpforms-field-email\" data-field-id=\"4\"><label class=\"wpforms-field-label\" for=\"wpforms-3675-field_4\">E-mail <span class=\"wpforms-required-label\" aria-hidden=\"true\">*<\/span><\/label><input type=\"email\" id=\"wpforms-3675-field_4\" class=\"wpforms-field-medium wpforms-field-required\" name=\"wpforms[fields][4]\" spellcheck=\"false\" aria-errormessage=\"wpforms-3675-field_4-error\" required><\/div>\t\t<div id=\"wpforms-3675-field_1-container\"\n\t\t\tclass=\"wpforms-field wpforms-field-text\"\n\t\t\tdata-field-type=\"text\"\n\t\t\tdata-field-id=\"1\"\n\t\t\t>\n\t\t\t<label class=\"wpforms-field-label\" for=\"wpforms-3675-field_1\" >Message E-mail Nom<\/label>\n\t\t\t<input type=\"text\" id=\"wpforms-3675-field_1\" class=\"wpforms-field-medium\" name=\"wpforms[fields][1]\" >\n\t\t<\/div>\n\t\t<div id=\"wpforms-3675-field_5-container\" class=\"wpforms-field wpforms-field-textarea\" data-field-id=\"5\"><label class=\"wpforms-field-label\" for=\"wpforms-3675-field_5\">Message <span class=\"wpforms-required-label\" aria-hidden=\"true\">*<\/span><\/label><textarea id=\"wpforms-3675-field_5\" class=\"wpforms-field-medium wpforms-field-required\" name=\"wpforms[fields][5]\" aria-errormessage=\"wpforms-3675-field_5-error\" required><\/textarea><\/div><script>\n\t\t\t\t( function() {\n\t\t\t\t\tconst style = document.createElement( 'style' );\n\t\t\t\t\tstyle.appendChild( document.createTextNode( '#wpforms-3675-field_1-container { position: absolute !important; overflow: hidden !important; display: inline !important; height: 1px !important; width: 1px !important; z-index: -1000 !important; padding: 0 !important; } #wpforms-3675-field_1-container input { visibility: hidden; } #wpforms-conversational-form-page #wpforms-3675-field_1-container label { counter-increment: none; }' ) );\n\t\t\t\t\tdocument.head.appendChild( style );\n\t\t\t\t\tdocument.currentScript?.remove();\n\t\t\t\t} )();\n\t\t\t<\/script><\/div><!-- .wpforms-field-container --><div class=\"wpforms-submit-container\" ><input type=\"hidden\" name=\"wpforms[id]\" value=\"3675\"><input type=\"hidden\" name=\"page_title\" value=\"\"><input type=\"hidden\" name=\"page_url\" value=\"https:\/\/homeproject.fr\/fr\/wp-json\/wp\/v2\/product\/15128\"><input type=\"hidden\" name=\"url_referer\" value=\"\"><button type=\"submit\" name=\"wpforms[submit]\" id=\"wpforms-submit-3675\" class=\"wpforms-submit\" data-alt-text=\"Envoi...\" data-submit-text=\"Envoyer\" aria-live=\"assertive\" value=\"wpforms-submit\">Envoyer<\/button><img decoding=\"async\" src=\"https:\/\/homeproject.fr\/fr\/wp-content\/plugins\/wpforms-lite\/assets\/images\/submit-spin.svg\" class=\"wpforms-submit-spinner\" style=\"display: none;\" width=\"26\" height=\"26\" alt=\"Chargement en cours\"><\/div><\/form><\/div>  <!-- .wpforms-container -->\n","protected":false},"excerpt":{"rendered":"<p data-start=\"279\" data-end=\"610\">Le carrelage <strong data-start=\"292\" data-end=\"336\">Florim SensiTerre Mattone Grana 15\u00d730 cm<\/strong> est une solution id\u00e9ale pour les projets d\u2019am\u00e9nagement int\u00e9rieur ou ext\u00e9rieur alliant <strong data-start=\"423\" data-end=\"450\">authenticit\u00e9 artisanale<\/strong> et <strong data-start=\"454\" data-end=\"476\">s\u00e9curit\u00e9 technique<\/strong>. Sa finition <strong data-start=\"490\" data-end=\"506\">Grip R11 PTV<\/strong> assure une excellente adh\u00e9rence, m\u00eame en zones humides, tout en conservant un toucher min\u00e9ral agr\u00e9able.<\/p>\n<p data-start=\"612\" data-end=\"817\">Inspir\u00e9 de la <strong data-start=\"626\" data-end=\"656\">terre cuite traditionnelle<\/strong>, son <strong data-start=\"662\" data-end=\"678\">effet ciment<\/strong> revisit\u00e9 dans une teinte <strong data-start=\"704\" data-end=\"727\">Mattone chaleureuse<\/strong> s\u2019int\u00e8gre naturellement dans les univers m\u00e9diterran\u00e9ens, contemporains ou rustiques chic.<\/p>\n","protected":false},"featured_media":15129,"template":"","meta":{"_uf_show_specific_survey":0,"_uf_disable_surveys":false,"iawp_total_views":15},"product_brand":[607],"product_cat":[123,20,128,502],"product_tag":[],"class_list":{"0":"post-15128","1":"product","2":"type-product","3":"status-publish","4":"has-post-thumbnail","6":"product_brand-florim","7":"product_cat-aspect-beton","8":"product_cat-carrelage","9":"product_cat-exterieur","10":"product_cat-terre-cuite","11":"product_shipping_class-carrelage","12":"pa_collection-sensiterre-par-florim","13":"pa_designer-matteo-thun","14":"pa_dimensions-nominales-15x30","15":"pa_effet-beton","16":"pa_effet-terre-cuite","17":"pa_epaisseur-9mm","18":"pa_marque-florim","19":"pa_materiau-gres-cerame-non-emaille","21":"first","22":"instock","23":"sale","24":"taxable","25":"shipping-taxable","26":"purchasable","27":"product-type-simple"},"yoast_head":"<!-- This site is optimized with the Yoast SEO plugin v27.5 - https:\/\/yoast.com\/product\/yoast-seo-wordpress\/ -->\n<title>Carrelage Florim SensiTerre Mattone Grana Antid\u00e9rapant 15x30 R11 9mm - Homeproject.fr<\/title>\n<meta name=\"robots\" content=\"index, follow, max-snippet:-1, max-image-preview:large, max-video-preview:-1\" \/>\n<link rel=\"canonical\" href=\"https:\/\/homeproject.fr\/fr\/produit\/carrelage-florim-sensiterre-mattone-grana-antiderapant-15x30-r11-9mm\/\" \/>\n<meta property=\"og:locale\" content=\"fr_FR\" \/>\n<meta property=\"og:type\" content=\"article\" \/>\n<meta property=\"og:title\" content=\"Carrelage Florim SensiTerre Mattone Grana Antid\u00e9rapant 15x30 R11 9mm - Homeproject.fr\" \/>\n<meta property=\"og:description\" content=\"Le carrelage Florim SensiTerre Mattone Grana 15\u00d730 cm est une solution id\u00e9ale pour les projets d\u2019am\u00e9nagement int\u00e9rieur ou ext\u00e9rieur alliant authenticit\u00e9 artisanale et s\u00e9curit\u00e9 technique. Sa finition Grip R11 PTV assure une excellente adh\u00e9rence, m\u00eame en zones humides, tout en conservant un toucher min\u00e9ral agr\u00e9able. Inspir\u00e9 de la terre cuite traditionnelle, son effet ciment revisit\u00e9 dans une teinte Mattone chaleureuse s\u2019int\u00e8gre naturellement dans les univers m\u00e9diterran\u00e9ens, contemporains ou rustiques chic.\" \/>\n<meta property=\"og:url\" content=\"https:\/\/homeproject.fr\/fr\/produit\/carrelage-florim-sensiterre-mattone-grana-antiderapant-15x30-r11-9mm\/\" \/>\n<meta property=\"og:site_name\" content=\"Homeproject.fr\" \/>\n<meta property=\"article:modified_time\" content=\"2025-08-22T08:04:46+00:00\" \/>\n<meta property=\"og:image\" content=\"https:\/\/homeproject.fr\/fr\/wp-content\/uploads\/2025\/08\/Carrelage-contemporain-aspect-terre-cuite-rectangulaire-SensiTerre-Florim-Mattone-Grana-antiderapant-15x30-R11-781789.jpg\" \/>\n\t<meta property=\"og:image:width\" content=\"1500\" \/>\n\t<meta property=\"og:image:height\" content=\"1500\" \/>\n\t<meta property=\"og:image:type\" content=\"image\/jpeg\" \/>\n<meta name=\"twitter:card\" content=\"summary_large_image\" \/>\n<meta name=\"twitter:label1\" content=\"Dur\u00e9e de lecture estim\u00e9e\" \/>\n\t<meta name=\"twitter:data1\" content=\"2 minutes\" \/>\n<script type=\"application\/ld+json\" class=\"yoast-schema-graph\">{\"@context\":\"https:\\\/\\\/schema.org\",\"@graph\":[{\"@type\":\"WebPage\",\"@id\":\"https:\\\/\\\/homeproject.fr\\\/fr\\\/produit\\\/carrelage-florim-sensiterre-mattone-grana-antiderapant-15x30-r11-9mm\\\/\",\"url\":\"https:\\\/\\\/homeproject.fr\\\/fr\\\/produit\\\/carrelage-florim-sensiterre-mattone-grana-antiderapant-15x30-r11-9mm\\\/\",\"name\":\"Carrelage Florim SensiTerre Mattone Grana Antid\u00e9rapant 15x30 R11 9mm - Homeproject.fr\",\"isPartOf\":{\"@id\":\"https:\\\/\\\/homeproject.fr\\\/fr\\\/#website\"},\"primaryImageOfPage\":{\"@id\":\"https:\\\/\\\/homeproject.fr\\\/fr\\\/produit\\\/carrelage-florim-sensiterre-mattone-grana-antiderapant-15x30-r11-9mm\\\/#primaryimage\"},\"image\":{\"@id\":\"https:\\\/\\\/homeproject.fr\\\/fr\\\/produit\\\/carrelage-florim-sensiterre-mattone-grana-antiderapant-15x30-r11-9mm\\\/#primaryimage\"},\"thumbnailUrl\":\"https:\\\/\\\/homeproject.fr\\\/fr\\\/wp-content\\\/uploads\\\/2025\\\/08\\\/Carrelage-contemporain-aspect-terre-cuite-rectangulaire-SensiTerre-Florim-Mattone-Grana-antiderapant-15x30-R11-781789.jpg\",\"datePublished\":\"2025-08-22T07:45:32+00:00\",\"dateModified\":\"2025-08-22T08:04:46+00:00\",\"breadcrumb\":{\"@id\":\"https:\\\/\\\/homeproject.fr\\\/fr\\\/produit\\\/carrelage-florim-sensiterre-mattone-grana-antiderapant-15x30-r11-9mm\\\/#breadcrumb\"},\"inLanguage\":\"fr-FR\",\"potentialAction\":[{\"@type\":\"ReadAction\",\"target\":[\"https:\\\/\\\/homeproject.fr\\\/fr\\\/produit\\\/carrelage-florim-sensiterre-mattone-grana-antiderapant-15x30-r11-9mm\\\/\"]}]},{\"@type\":\"ImageObject\",\"inLanguage\":\"fr-FR\",\"@id\":\"https:\\\/\\\/homeproject.fr\\\/fr\\\/produit\\\/carrelage-florim-sensiterre-mattone-grana-antiderapant-15x30-r11-9mm\\\/#primaryimage\",\"url\":\"https:\\\/\\\/homeproject.fr\\\/fr\\\/wp-content\\\/uploads\\\/2025\\\/08\\\/Carrelage-contemporain-aspect-terre-cuite-rectangulaire-SensiTerre-Florim-Mattone-Grana-antiderapant-15x30-R11-781789.jpg\",\"contentUrl\":\"https:\\\/\\\/homeproject.fr\\\/fr\\\/wp-content\\\/uploads\\\/2025\\\/08\\\/Carrelage-contemporain-aspect-terre-cuite-rectangulaire-SensiTerre-Florim-Mattone-Grana-antiderapant-15x30-R11-781789.jpg\",\"width\":1500,\"height\":1500},{\"@type\":\"BreadcrumbList\",\"@id\":\"https:\\\/\\\/homeproject.fr\\\/fr\\\/produit\\\/carrelage-florim-sensiterre-mattone-grana-antiderapant-15x30-r11-9mm\\\/#breadcrumb\",\"itemListElement\":[{\"@type\":\"ListItem\",\"position\":1,\"name\":\"Accueil\",\"item\":\"https:\\\/\\\/homeproject.fr\\\/fr\\\/\"},{\"@type\":\"ListItem\",\"position\":2,\"name\":\"Boutique\",\"item\":\"https:\\\/\\\/homeproject.fr\\\/fr\\\/boutique\\\/\"},{\"@type\":\"ListItem\",\"position\":3,\"name\":\"Carrelage Florim SensiTerre Mattone Grana Antid\u00e9rapant 15&#215;30 R11 9mm\"}]},{\"@type\":\"WebSite\",\"@id\":\"https:\\\/\\\/homeproject.fr\\\/fr\\\/#website\",\"url\":\"https:\\\/\\\/homeproject.fr\\\/fr\\\/\",\"name\":\"Homeproject.fr\",\"description\":\"Offrez l&#039;exceptionnel \u00e0 vos espaces \u00e0 vivre\",\"publisher\":{\"@id\":\"https:\\\/\\\/homeproject.fr\\\/fr\\\/#organization\"},\"potentialAction\":[{\"@type\":\"SearchAction\",\"target\":{\"@type\":\"EntryPoint\",\"urlTemplate\":\"https:\\\/\\\/homeproject.fr\\\/fr\\\/?s={search_term_string}\"},\"query-input\":{\"@type\":\"PropertyValueSpecification\",\"valueRequired\":true,\"valueName\":\"search_term_string\"}}],\"inLanguage\":\"fr-FR\"},{\"@type\":\"Organization\",\"@id\":\"https:\\\/\\\/homeproject.fr\\\/fr\\\/#organization\",\"name\":\"Homeproject.fr\",\"url\":\"https:\\\/\\\/homeproject.fr\\\/fr\\\/\",\"logo\":{\"@type\":\"ImageObject\",\"inLanguage\":\"fr-FR\",\"@id\":\"https:\\\/\\\/homeproject.fr\\\/fr\\\/#\\\/schema\\\/logo\\\/image\\\/\",\"url\":\"https:\\\/\\\/homeproject.fr\\\/fr\\\/wp-content\\\/uploads\\\/2024\\\/12\\\/Logo_HomeProject-noir-2.png\",\"contentUrl\":\"https:\\\/\\\/homeproject.fr\\\/fr\\\/wp-content\\\/uploads\\\/2024\\\/12\\\/Logo_HomeProject-noir-2.png\",\"width\":300,\"height\":91,\"caption\":\"Homeproject.fr\"},\"image\":{\"@id\":\"https:\\\/\\\/homeproject.fr\\\/fr\\\/#\\\/schema\\\/logo\\\/image\\\/\"}}]}<\/script>\n<!-- \/ Yoast SEO plugin. -->","yoast_head_json":{"title":"Carrelage Florim SensiTerre Mattone Grana Antid\u00e9rapant 15x30 R11 9mm - Homeproject.fr","robots":{"index":"index","follow":"follow","max-snippet":"max-snippet:-1","max-image-preview":"max-image-preview:large","max-video-preview":"max-video-preview:-1"},"canonical":"https:\/\/homeproject.fr\/fr\/produit\/carrelage-florim-sensiterre-mattone-grana-antiderapant-15x30-r11-9mm\/","og_locale":"fr_FR","og_type":"article","og_title":"Carrelage Florim SensiTerre Mattone Grana Antid\u00e9rapant 15x30 R11 9mm - Homeproject.fr","og_description":"Le carrelage Florim SensiTerre Mattone Grana 15\u00d730 cm est une solution id\u00e9ale pour les projets d\u2019am\u00e9nagement int\u00e9rieur ou ext\u00e9rieur alliant authenticit\u00e9 artisanale et s\u00e9curit\u00e9 technique. Sa finition Grip R11 PTV assure une excellente adh\u00e9rence, m\u00eame en zones humides, tout en conservant un toucher min\u00e9ral agr\u00e9able. Inspir\u00e9 de la terre cuite traditionnelle, son effet ciment revisit\u00e9 dans une teinte Mattone chaleureuse s\u2019int\u00e8gre naturellement dans les univers m\u00e9diterran\u00e9ens, contemporains ou rustiques chic.","og_url":"https:\/\/homeproject.fr\/fr\/produit\/carrelage-florim-sensiterre-mattone-grana-antiderapant-15x30-r11-9mm\/","og_site_name":"Homeproject.fr","article_modified_time":"2025-08-22T08:04:46+00:00","og_image":[{"width":1500,"height":1500,"url":"https:\/\/homeproject.fr\/fr\/wp-content\/uploads\/2025\/08\/Carrelage-contemporain-aspect-terre-cuite-rectangulaire-SensiTerre-Florim-Mattone-Grana-antiderapant-15x30-R11-781789.jpg","type":"image\/jpeg"}],"twitter_card":"summary_large_image","twitter_misc":{"Dur\u00e9e de lecture estim\u00e9e":"2 minutes"},"schema":{"@context":"https:\/\/schema.org","@graph":[{"@type":"WebPage","@id":"https:\/\/homeproject.fr\/fr\/produit\/carrelage-florim-sensiterre-mattone-grana-antiderapant-15x30-r11-9mm\/","url":"https:\/\/homeproject.fr\/fr\/produit\/carrelage-florim-sensiterre-mattone-grana-antiderapant-15x30-r11-9mm\/","name":"Carrelage Florim SensiTerre Mattone Grana Antid\u00e9rapant 15x30 R11 9mm - Homeproject.fr","isPartOf":{"@id":"https:\/\/homeproject.fr\/fr\/#website"},"primaryImageOfPage":{"@id":"https:\/\/homeproject.fr\/fr\/produit\/carrelage-florim-sensiterre-mattone-grana-antiderapant-15x30-r11-9mm\/#primaryimage"},"image":{"@id":"https:\/\/homeproject.fr\/fr\/produit\/carrelage-florim-sensiterre-mattone-grana-antiderapant-15x30-r11-9mm\/#primaryimage"},"thumbnailUrl":"https:\/\/homeproject.fr\/fr\/wp-content\/uploads\/2025\/08\/Carrelage-contemporain-aspect-terre-cuite-rectangulaire-SensiTerre-Florim-Mattone-Grana-antiderapant-15x30-R11-781789.jpg","datePublished":"2025-08-22T07:45:32+00:00","dateModified":"2025-08-22T08:04:46+00:00","breadcrumb":{"@id":"https:\/\/homeproject.fr\/fr\/produit\/carrelage-florim-sensiterre-mattone-grana-antiderapant-15x30-r11-9mm\/#breadcrumb"},"inLanguage":"fr-FR","potentialAction":[{"@type":"ReadAction","target":["https:\/\/homeproject.fr\/fr\/produit\/carrelage-florim-sensiterre-mattone-grana-antiderapant-15x30-r11-9mm\/"]}]},{"@type":"ImageObject","inLanguage":"fr-FR","@id":"https:\/\/homeproject.fr\/fr\/produit\/carrelage-florim-sensiterre-mattone-grana-antiderapant-15x30-r11-9mm\/#primaryimage","url":"https:\/\/homeproject.fr\/fr\/wp-content\/uploads\/2025\/08\/Carrelage-contemporain-aspect-terre-cuite-rectangulaire-SensiTerre-Florim-Mattone-Grana-antiderapant-15x30-R11-781789.jpg","contentUrl":"https:\/\/homeproject.fr\/fr\/wp-content\/uploads\/2025\/08\/Carrelage-contemporain-aspect-terre-cuite-rectangulaire-SensiTerre-Florim-Mattone-Grana-antiderapant-15x30-R11-781789.jpg","width":1500,"height":1500},{"@type":"BreadcrumbList","@id":"https:\/\/homeproject.fr\/fr\/produit\/carrelage-florim-sensiterre-mattone-grana-antiderapant-15x30-r11-9mm\/#breadcrumb","itemListElement":[{"@type":"ListItem","position":1,"name":"Accueil","item":"https:\/\/homeproject.fr\/fr\/"},{"@type":"ListItem","position":2,"name":"Boutique","item":"https:\/\/homeproject.fr\/fr\/boutique\/"},{"@type":"ListItem","position":3,"name":"Carrelage Florim SensiTerre Mattone Grana Antid\u00e9rapant 15&#215;30 R11 9mm"}]},{"@type":"WebSite","@id":"https:\/\/homeproject.fr\/fr\/#website","url":"https:\/\/homeproject.fr\/fr\/","name":"Homeproject.fr","description":"Offrez l&#039;exceptionnel \u00e0 vos espaces \u00e0 vivre","publisher":{"@id":"https:\/\/homeproject.fr\/fr\/#organization"},"potentialAction":[{"@type":"SearchAction","target":{"@type":"EntryPoint","urlTemplate":"https:\/\/homeproject.fr\/fr\/?s={search_term_string}"},"query-input":{"@type":"PropertyValueSpecification","valueRequired":true,"valueName":"search_term_string"}}],"inLanguage":"fr-FR"},{"@type":"Organization","@id":"https:\/\/homeproject.fr\/fr\/#organization","name":"Homeproject.fr","url":"https:\/\/homeproject.fr\/fr\/","logo":{"@type":"ImageObject","inLanguage":"fr-FR","@id":"https:\/\/homeproject.fr\/fr\/#\/schema\/logo\/image\/","url":"https:\/\/homeproject.fr\/fr\/wp-content\/uploads\/2024\/12\/Logo_HomeProject-noir-2.png","contentUrl":"https:\/\/homeproject.fr\/fr\/wp-content\/uploads\/2024\/12\/Logo_HomeProject-noir-2.png","width":300,"height":91,"caption":"Homeproject.fr"},"image":{"@id":"https:\/\/homeproject.fr\/fr\/#\/schema\/logo\/image\/"}}]}},"_links":{"self":[{"href":"https:\/\/homeproject.fr\/fr\/wp-json\/wp\/v2\/product\/15128","targetHints":{"allow":["GET"]}}],"collection":[{"href":"https:\/\/homeproject.fr\/fr\/wp-json\/wp\/v2\/product"}],"about":[{"href":"https:\/\/homeproject.fr\/fr\/wp-json\/wp\/v2\/types\/product"}],"version-history":[{"count":1,"href":"https:\/\/homeproject.fr\/fr\/wp-json\/wp\/v2\/product\/15128\/revisions"}],"predecessor-version":[{"id":15131,"href":"https:\/\/homeproject.fr\/fr\/wp-json\/wp\/v2\/product\/15128\/revisions\/15131"}],"wp:featuredmedia":[{"embeddable":true,"href":"https:\/\/homeproject.fr\/fr\/wp-json\/wp\/v2\/media\/15129"}],"wp:attachment":[{"href":"https:\/\/homeproject.fr\/fr\/wp-json\/wp\/v2\/media?parent=15128"}],"wp:term":[{"taxonomy":"product_brand","embeddable":true,"href":"https:\/\/homeproject.fr\/fr\/wp-json\/wp\/v2\/product_brand?post=15128"},{"taxonomy":"product_cat","embeddable":true,"href":"https:\/\/homeproject.fr\/fr\/wp-json\/wp\/v2\/product_cat?post=15128"},{"taxonomy":"product_tag","embeddable":true,"href":"https:\/\/homeproject.fr\/fr\/wp-json\/wp\/v2\/product_tag?post=15128"}],"curies":[{"name":"wp","href":"https:\/\/api.w.org\/{rel}","templated":true}]}}