{"id":15110,"date":"2025-08-22T06:58:01","date_gmt":"2025-08-22T06:58:01","guid":{"rendered":"https:\/\/homeproject.fr\/fr\/?post_type=product&#038;p=15110"},"modified":"2025-08-22T10:45:35","modified_gmt":"2025-08-22T10:45:35","slug":"carrelage-florim-sensiterre-mattone-naturale-23x44-r10-ptv-9mm","status":"publish","type":"product","link":"https:\/\/homeproject.fr\/fr\/produit\/carrelage-florim-sensiterre-mattone-naturale-23x44-r10-ptv-9mm\/","title":{"rendered":"Carrelage Florim SensiTerre Mattone Naturale 23&#215;44 R10 PTV 9mm"},"content":{"rendered":"<p><strong><a href=\"https:\/\/homeproject.fr\/fr\/produit\/carrelage-florim-sensiterre-mattone-naturale-23x44-r10-ptv-9mm\/\">Commander un \u00e9chantillon<\/a><\/strong><\/p>\n<h3 data-start=\"872\" data-end=\"907\"><strong data-start=\"876\" data-end=\"907\">Caract\u00e9ristiques techniques<\/strong><\/h3>\n<p><img fetchpriority=\"high\" decoding=\"async\" class=\"alignnone size-full wp-image-15112\" src=\"https:\/\/homeproject.fr\/fr\/wp-content\/uploads\/2025\/08\/Schema-23x44-1.jpg\" alt=\"\" width=\"649\" height=\"339\" srcset=\"https:\/\/homeproject.fr\/fr\/wp-content\/uploads\/2025\/08\/Schema-23x44-1.jpg 649w, https:\/\/homeproject.fr\/fr\/wp-content\/uploads\/2025\/08\/Schema-23x44-1-300x157.jpg 300w, https:\/\/homeproject.fr\/fr\/wp-content\/uploads\/2025\/08\/Schema-23x44-1-18x9.jpg 18w\" sizes=\"(max-width: 649px) 100vw, 649px\" \/><\/p>\n<div class=\"_tableContainer_sk2ct_1\">\n<div class=\"_tableWrapper_sk2ct_13 group flex w-fit flex-col-reverse\" tabindex=\"-1\">\n<table class=\"w-fit min-w-(--thread-content-width)\" data-start=\"909\" data-end=\"1861\">\n<thead data-start=\"909\" data-end=\"987\">\n<tr data-start=\"909\" data-end=\"987\">\n<th data-start=\"909\" data-end=\"937\" data-col-size=\"sm\"><strong data-start=\"911\" data-end=\"928\">Sp\u00e9cification<\/strong><\/th>\n<th data-start=\"937\" data-end=\"987\" data-col-size=\"sm\"><strong data-start=\"939\" data-end=\"949\">D\u00e9tail<\/strong><\/th>\n<\/tr>\n<\/thead>\n<tbody data-start=\"1067\" data-end=\"1861\">\n<tr data-start=\"1067\" data-end=\"1146\">\n<td data-start=\"1067\" data-end=\"1095\" data-col-size=\"sm\">Marque<\/td>\n<td data-start=\"1095\" data-end=\"1146\" data-col-size=\"sm\">Florim<\/td>\n<\/tr>\n<tr data-start=\"1147\" data-end=\"1226\">\n<td data-start=\"1147\" data-end=\"1175\" data-col-size=\"sm\">Collection<\/td>\n<td data-start=\"1175\" data-end=\"1226\" data-col-size=\"sm\">SensiTerre<\/td>\n<\/tr>\n<tr data-start=\"1227\" data-end=\"1306\">\n<td data-start=\"1227\" data-end=\"1255\" data-col-size=\"sm\">R\u00e9f\u00e9rence produit<\/td>\n<td data-start=\"1255\" data-end=\"1306\" data-col-size=\"sm\">781825<\/td>\n<\/tr>\n<tr data-start=\"1307\" data-end=\"1386\">\n<td data-start=\"1307\" data-end=\"1335\" data-col-size=\"sm\">Format<\/td>\n<td data-start=\"1335\" data-end=\"1386\" data-col-size=\"sm\">23 \u00d7 44 cm sur trame (tesselles de 3x15cm)<\/td>\n<\/tr>\n<tr data-start=\"1387\" data-end=\"1466\">\n<td data-start=\"1387\" data-end=\"1415\" data-col-size=\"sm\">\u00c9paisseur<\/td>\n<td data-start=\"1415\" data-end=\"1466\" data-col-size=\"sm\">9 mm<\/td>\n<\/tr>\n<tr data-start=\"1467\" data-end=\"1545\">\n<td data-start=\"1467\" data-end=\"1495\" data-col-size=\"sm\">Finition<\/td>\n<td data-start=\"1495\" data-end=\"1545\" data-col-size=\"sm\">Naturelle (mate, non brillante)<\/td>\n<\/tr>\n<tr data-start=\"1546\" data-end=\"1624\">\n<td data-start=\"1546\" data-end=\"1574\" data-col-size=\"sm\">Antid\u00e9rapance<\/td>\n<td data-start=\"1574\" data-end=\"1624\" data-col-size=\"sm\">R10 PTV \u2013 Adh\u00e9rence s\u00fbre<\/td>\n<\/tr>\n<tr data-start=\"1625\" data-end=\"1703\">\n<td data-start=\"1625\" data-end=\"1653\" data-col-size=\"sm\">Effet<\/td>\n<td data-start=\"1653\" data-end=\"1703\" data-col-size=\"sm\">Ciment textur\u00e9, nuances Mattone<\/td>\n<\/tr>\n<tr data-start=\"1704\" data-end=\"1782\">\n<td data-start=\"1704\" data-end=\"1732\" data-col-size=\"sm\">Pose<\/td>\n<td data-start=\"1732\" data-end=\"1782\" data-col-size=\"sm\">Sols et murs int\u00e9rieurs<\/td>\n<\/tr>\n<tr data-start=\"1783\" data-end=\"1861\">\n<td data-start=\"1783\" data-end=\"1811\" data-col-size=\"sm\">Rectifi\u00e9<\/td>\n<td data-start=\"1811\" data-end=\"1861\" data-col-size=\"sm\">Oui<\/td>\n<\/tr>\n<\/tbody>\n<\/table>\n<\/div>\n<\/div>\n<h3 data-start=\"1868\" data-end=\"1890\"><strong data-start=\"1872\" data-end=\"1890\">Atouts produit<\/strong><\/h3>\n<ul data-start=\"1891\" data-end=\"2354\">\n<li data-start=\"1891\" data-end=\"1985\">\n<p data-start=\"1893\" data-end=\"1985\"><strong data-start=\"1893\" data-end=\"1922\">Format graphique 23\u00d744 cm<\/strong> : id\u00e9al pour poses cr\u00e9atives en chevrons, \u00e9chelles, ou opus.<\/p>\n<\/li>\n<li data-start=\"1986\" data-end=\"2094\">\n<p data-start=\"1988\" data-end=\"2094\"><strong data-start=\"1988\" data-end=\"2020\">Esth\u00e9tique ciment chaleureux<\/strong> : alliance parfaite entre min\u00e9ralit\u00e9 contemporaine et teinte naturelle.<\/p>\n<\/li>\n<li data-start=\"2095\" data-end=\"2191\">\n<p data-start=\"2097\" data-end=\"2191\"><strong data-start=\"2097\" data-end=\"2121\">Antid\u00e9rapant R10 PTV<\/strong> : s\u00e9curit\u00e9 renforc\u00e9e pour cuisines, salles de bains, pi\u00e8ces de vie.<\/p>\n<\/li>\n<li data-start=\"2192\" data-end=\"2278\">\n<p data-start=\"2194\" data-end=\"2278\"><strong data-start=\"2194\" data-end=\"2215\">Surface naturelle<\/strong> : douce au toucher, facile \u00e0 entretenir, non r\u00e9fl\u00e9chissante.<\/p>\n<\/li>\n<li data-start=\"2279\" data-end=\"2354\">\n<p data-start=\"2281\" data-end=\"2354\"><strong data-start=\"2281\" data-end=\"2305\">Marque haut de gamme<\/strong> : design et fabrication italienne sign\u00e9e Florim.<\/p>\n<\/li>\n<\/ul>\n<hr data-start=\"2356\" data-end=\"2359\" \/>\n<h3 data-start=\"2361\" data-end=\"2381\"><strong data-start=\"2365\" data-end=\"2381\">Applications<\/strong><\/h3>\n<ul data-start=\"2382\" data-end=\"2582\">\n<li data-start=\"2382\" data-end=\"2403\">\n<p data-start=\"2384\" data-end=\"2403\">S\u00e9jours et salons<\/p>\n<\/li>\n<li data-start=\"2404\" data-end=\"2433\">\n<p data-start=\"2406\" data-end=\"2433\">Halls d\u2019entr\u00e9e ou bureaux<\/p>\n<\/li>\n<li data-start=\"2434\" data-end=\"2463\">\n<p data-start=\"2436\" data-end=\"2463\">Salles de bains, cuisines<\/p>\n<\/li>\n<li data-start=\"2464\" data-end=\"2496\">\n<p data-start=\"2466\" data-end=\"2496\">Chambres \u00e0 coucher ou h\u00f4tels<\/p>\n<\/li>\n<li data-start=\"2497\" data-end=\"2582\">\n<p data-start=\"2499\" data-end=\"2582\">Parfaits en association avec d\u2019autres formats ou d\u00e9cors de la collection SensiTerre<\/p>\n<\/li>\n<\/ul>\n<hr data-start=\"2584\" data-end=\"2587\" \/>\n<h3 data-start=\"2589\" data-end=\"2613\"><strong data-start=\"2593\" data-end=\"2613\">Conseils de pose<\/strong><\/h3>\n<p data-start=\"2614\" data-end=\"2803\">Pose en chevrons pr\u00e9dispos\u00e9 sur trame pour un effet visuel dynamique. Joints fins et colle adapt\u00e9e selon usage. Id\u00e9al en combinaison avec les mod\u00e8les d\u00e9coratifs ou unis de la m\u00eame collection.<\/p>\n<hr data-start=\"2805\" data-end=\"2808\" \/>\n<h3 data-start=\"2810\" data-end=\"2827\"><strong data-start=\"2814\" data-end=\"2827\">En r\u00e9sum\u00e9<\/strong><\/h3>\n<p data-start=\"2828\" data-end=\"3072\">Le mod\u00e8le <strong data-start=\"2838\" data-end=\"2871\">Mattone 23\u00d744 cm effet ciment<\/strong> de la collection SensiTerre offre un <strong data-start=\"2909\" data-end=\"3002\">\u00e9quilibre subtil entre design contemporain, tradition artisanale et performance technique<\/strong>, pour des projets r\u00e9sidentiels ou commerciaux empreints de caract\u00e8re.<\/p>\n<h3 data-start=\"934\" data-end=\"969\"><strong style=\"font-family: inherit; font-size: 30px;\">Vous avez des questions ?<\/strong><\/h3>\n<style id=\"wpforms-css-vars-3675\">\n\t\t\t\t#wpforms-3675 {\n\t\t\t\t\n\t\t\t}\n\t\t\t<\/style><div class=\"wpforms-container wpforms-container-full wpforms-render-modern\" id=\"wpforms-3675\"><form id=\"wpforms-form-3675\" class=\"wpforms-validate wpforms-form wpforms-ajax-form\" data-formid=\"3675\" method=\"post\" enctype=\"multipart\/form-data\" action=\"\/fr\/wp-json\/wp\/v2\/product\/15110\" data-token=\"86cfa3cd8fc4572532d762e2357ac556\" data-token-time=\"1777821220\"><noscript class=\"wpforms-error-noscript\">Veuillez activer JavaScript dans votre navigateur pour remplir ce formulaire.<\/noscript><div id=\"wpforms-error-noscript\" style=\"display: none;\">Veuillez activer JavaScript dans votre navigateur pour remplir ce formulaire.<\/div><div class=\"wpforms-field-container\"><div id=\"wpforms-3675-field_3-container\" class=\"wpforms-field wpforms-field-name\" data-field-id=\"3\"><fieldset><legend class=\"wpforms-field-label\">Nom <span class=\"wpforms-required-label\" aria-hidden=\"true\">*<\/span><\/legend><div class=\"wpforms-field-row wpforms-field-medium\"><div class=\"wpforms-field-row-block wpforms-first wpforms-one-half\"><input type=\"text\" id=\"wpforms-3675-field_3\" class=\"wpforms-field-name-first wpforms-field-required\" name=\"wpforms[fields][3][first]\" aria-errormessage=\"wpforms-3675-field_3-error\" required><label for=\"wpforms-3675-field_3\" class=\"wpforms-field-sublabel after\">Pr\u00e9nom<\/label><\/div><div class=\"wpforms-field-row-block wpforms-one-half\"><input type=\"text\" id=\"wpforms-3675-field_3-last\" class=\"wpforms-field-name-last wpforms-field-required\" name=\"wpforms[fields][3][last]\" aria-errormessage=\"wpforms-3675-field_3-last-error\" required><label for=\"wpforms-3675-field_3-last\" class=\"wpforms-field-sublabel after\">Nom<\/label><\/div><\/div><\/fieldset><\/div>\t\t<div id=\"wpforms-3675-field_1-container\"\n\t\t\tclass=\"wpforms-field wpforms-field-text\"\n\t\t\tdata-field-type=\"text\"\n\t\t\tdata-field-id=\"1\"\n\t\t\t>\n\t\t\t<label class=\"wpforms-field-label\" for=\"wpforms-3675-field_1\" >Message E-mail Nom<\/label>\n\t\t\t<input type=\"text\" id=\"wpforms-3675-field_1\" class=\"wpforms-field-medium\" name=\"wpforms[fields][1]\" >\n\t\t<\/div>\n\t\t<div id=\"wpforms-3675-field_4-container\" class=\"wpforms-field wpforms-field-email\" data-field-id=\"4\"><label class=\"wpforms-field-label\" for=\"wpforms-3675-field_4\">E-mail <span class=\"wpforms-required-label\" aria-hidden=\"true\">*<\/span><\/label><input type=\"email\" id=\"wpforms-3675-field_4\" class=\"wpforms-field-medium wpforms-field-required\" name=\"wpforms[fields][4]\" spellcheck=\"false\" aria-errormessage=\"wpforms-3675-field_4-error\" required><\/div><div id=\"wpforms-3675-field_5-container\" class=\"wpforms-field wpforms-field-textarea\" data-field-id=\"5\"><label class=\"wpforms-field-label\" for=\"wpforms-3675-field_5\">Message <span class=\"wpforms-required-label\" aria-hidden=\"true\">*<\/span><\/label><textarea id=\"wpforms-3675-field_5\" class=\"wpforms-field-medium wpforms-field-required\" name=\"wpforms[fields][5]\" aria-errormessage=\"wpforms-3675-field_5-error\" required><\/textarea><\/div><script>\n\t\t\t\t( function() {\n\t\t\t\t\tconst style = document.createElement( 'style' );\n\t\t\t\t\tstyle.appendChild( document.createTextNode( '#wpforms-3675-field_1-container { position: absolute !important; overflow: hidden !important; display: inline !important; height: 1px !important; width: 1px !important; z-index: -1000 !important; padding: 0 !important; } #wpforms-3675-field_1-container input { visibility: hidden; } #wpforms-conversational-form-page #wpforms-3675-field_1-container label { counter-increment: none; }' ) );\n\t\t\t\t\tdocument.head.appendChild( style );\n\t\t\t\t\tdocument.currentScript?.remove();\n\t\t\t\t} )();\n\t\t\t<\/script><\/div><!-- .wpforms-field-container --><div class=\"wpforms-submit-container\" ><input type=\"hidden\" name=\"wpforms[id]\" value=\"3675\"><input type=\"hidden\" name=\"page_title\" value=\"\"><input type=\"hidden\" name=\"page_url\" value=\"https:\/\/homeproject.fr\/fr\/wp-json\/wp\/v2\/product\/15110\"><input type=\"hidden\" name=\"url_referer\" value=\"\"><button type=\"submit\" name=\"wpforms[submit]\" id=\"wpforms-submit-3675\" class=\"wpforms-submit\" data-alt-text=\"Envoi...\" data-submit-text=\"Envoyer\" aria-live=\"assertive\" value=\"wpforms-submit\">Envoyer<\/button><img decoding=\"async\" src=\"https:\/\/homeproject.fr\/fr\/wp-content\/plugins\/wpforms-lite\/assets\/images\/submit-spin.svg\" class=\"wpforms-submit-spinner\" style=\"display: none;\" width=\"26\" height=\"26\" alt=\"Chargement en cours\"><\/div><\/form><\/div>  <!-- .wpforms-container -->\n","protected":false},"excerpt":{"rendered":"<p data-start=\"282\" data-end=\"638\">Le carrelage <strong data-start=\"295\" data-end=\"326\">SensiTerre Mattone 23\u00d744 cm<\/strong> de Florim se distingue par son <strong data-start=\"358\" data-end=\"390\">format rectangulaire <\/strong>allong\u00e9 dispos\u00e9 en<strong data-start=\"358\" data-end=\"390\"> pose b\u00e2ton rompu,<\/strong>, et sa <strong data-start=\"446\" data-end=\"467\">finitura naturale<\/strong> au rendu mat poudr\u00e9. Son <strong data-start=\"493\" data-end=\"530\">effet ciment teint\u00e9 dans la masse<\/strong>, enrichi d\u2019une nuance <strong data-start=\"553\" data-end=\"576\">terre cuite Mattone<\/strong>, \u00e9voque les sols artisanaux tout en restant sobre et moderne.<\/p>\n<p data-start=\"640\" data-end=\"865\">Gr\u00e2ce \u00e0 son <strong data-start=\"652\" data-end=\"674\">classement R10 PTV<\/strong>, ce rev\u00eatement assure une <strong data-start=\"701\" data-end=\"720\">bonne adh\u00e9rence<\/strong>, y compris dans les espaces humides. Une solution esth\u00e9tique et technique pour les int\u00e9rieurs contemporains en qu\u00eate de chaleur et de caract\u00e8re.<\/p>\n","protected":false},"featured_media":15108,"template":"","meta":{"_uf_show_specific_survey":0,"_uf_disable_surveys":false,"iawp_total_views":22},"product_brand":[607],"product_cat":[123,20,502],"product_tag":[],"class_list":{"0":"post-15110","1":"product","2":"type-product","3":"status-publish","4":"has-post-thumbnail","6":"product_brand-florim","7":"product_cat-aspect-beton","8":"product_cat-carrelage","9":"product_cat-terre-cuite","10":"product_shipping_class-carrelage","11":"pa_collection-sensiterre-par-florim","12":"pa_designer-matteo-thun","13":"pa_dimensions-nominales-23x44","14":"pa_effet-beton","15":"pa_effet-terre-cuite","16":"pa_epaisseur-9mm","17":"pa_marque-florim","18":"pa_materiau-gres-cerame-non-emaille","20":"first","21":"instock","22":"sale","23":"taxable","24":"shipping-taxable","25":"purchasable","26":"product-type-simple"},"yoast_head":"<!-- This site is optimized with the Yoast SEO plugin v27.5 - https:\/\/yoast.com\/product\/yoast-seo-wordpress\/ -->\n<title>Carrelage Florim SensiTerre Mattone Naturale 23x44 R10 PTV 9mm - Homeproject.fr<\/title>\n<meta name=\"robots\" content=\"index, follow, max-snippet:-1, max-image-preview:large, max-video-preview:-1\" \/>\n<link rel=\"canonical\" href=\"https:\/\/homeproject.fr\/fr\/produit\/carrelage-florim-sensiterre-mattone-naturale-23x44-r10-ptv-9mm\/\" \/>\n<meta property=\"og:locale\" content=\"fr_FR\" \/>\n<meta property=\"og:type\" content=\"article\" \/>\n<meta property=\"og:title\" content=\"Carrelage Florim SensiTerre Mattone Naturale 23x44 R10 PTV 9mm - Homeproject.fr\" \/>\n<meta property=\"og:description\" content=\"Le carrelage SensiTerre Mattone 23\u00d744 cm de Florim se distingue par son format rectangulaire allong\u00e9 dispos\u00e9 en pose b\u00e2ton rompu,, et sa finitura naturale au rendu mat poudr\u00e9. Son effet ciment teint\u00e9 dans la masse, enrichi d\u2019une nuance terre cuite Mattone, \u00e9voque les sols artisanaux tout en restant sobre et moderne. Gr\u00e2ce \u00e0 son classement R10 PTV, ce rev\u00eatement assure une bonne adh\u00e9rence, y compris dans les espaces humides. Une solution esth\u00e9tique et technique pour les int\u00e9rieurs contemporains en qu\u00eate de chaleur et de caract\u00e8re.\" \/>\n<meta property=\"og:url\" content=\"https:\/\/homeproject.fr\/fr\/produit\/carrelage-florim-sensiterre-mattone-naturale-23x44-r10-ptv-9mm\/\" \/>\n<meta property=\"og:site_name\" content=\"Homeproject.fr\" \/>\n<meta property=\"article:modified_time\" content=\"2025-08-22T10:45:35+00:00\" \/>\n<meta property=\"og:image\" content=\"https:\/\/homeproject.fr\/fr\/wp-content\/uploads\/2025\/08\/Carrelage-contemporain-aspect-terre-cuite-petit-format-SensiTerre-Florim-Mattone-23x44cm-Naturale-R10-PTV-781825.jpg\" \/>\n\t<meta property=\"og:image:width\" content=\"1500\" \/>\n\t<meta property=\"og:image:height\" content=\"1500\" \/>\n\t<meta property=\"og:image:type\" content=\"image\/jpeg\" \/>\n<meta name=\"twitter:card\" content=\"summary_large_image\" \/>\n<meta name=\"twitter:label1\" content=\"Dur\u00e9e de lecture estim\u00e9e\" \/>\n\t<meta name=\"twitter:data1\" content=\"2 minutes\" \/>\n<script type=\"application\/ld+json\" class=\"yoast-schema-graph\">{\"@context\":\"https:\\\/\\\/schema.org\",\"@graph\":[{\"@type\":\"WebPage\",\"@id\":\"https:\\\/\\\/homeproject.fr\\\/fr\\\/produit\\\/carrelage-florim-sensiterre-mattone-naturale-23x44-r10-ptv-9mm\\\/\",\"url\":\"https:\\\/\\\/homeproject.fr\\\/fr\\\/produit\\\/carrelage-florim-sensiterre-mattone-naturale-23x44-r10-ptv-9mm\\\/\",\"name\":\"Carrelage Florim SensiTerre Mattone Naturale 23x44 R10 PTV 9mm - Homeproject.fr\",\"isPartOf\":{\"@id\":\"https:\\\/\\\/homeproject.fr\\\/fr\\\/#website\"},\"primaryImageOfPage\":{\"@id\":\"https:\\\/\\\/homeproject.fr\\\/fr\\\/produit\\\/carrelage-florim-sensiterre-mattone-naturale-23x44-r10-ptv-9mm\\\/#primaryimage\"},\"image\":{\"@id\":\"https:\\\/\\\/homeproject.fr\\\/fr\\\/produit\\\/carrelage-florim-sensiterre-mattone-naturale-23x44-r10-ptv-9mm\\\/#primaryimage\"},\"thumbnailUrl\":\"https:\\\/\\\/homeproject.fr\\\/fr\\\/wp-content\\\/uploads\\\/2025\\\/08\\\/Carrelage-contemporain-aspect-terre-cuite-petit-format-SensiTerre-Florim-Mattone-23x44cm-Naturale-R10-PTV-781825.jpg\",\"datePublished\":\"2025-08-22T06:58:01+00:00\",\"dateModified\":\"2025-08-22T10:45:35+00:00\",\"breadcrumb\":{\"@id\":\"https:\\\/\\\/homeproject.fr\\\/fr\\\/produit\\\/carrelage-florim-sensiterre-mattone-naturale-23x44-r10-ptv-9mm\\\/#breadcrumb\"},\"inLanguage\":\"fr-FR\",\"potentialAction\":[{\"@type\":\"ReadAction\",\"target\":[\"https:\\\/\\\/homeproject.fr\\\/fr\\\/produit\\\/carrelage-florim-sensiterre-mattone-naturale-23x44-r10-ptv-9mm\\\/\"]}]},{\"@type\":\"ImageObject\",\"inLanguage\":\"fr-FR\",\"@id\":\"https:\\\/\\\/homeproject.fr\\\/fr\\\/produit\\\/carrelage-florim-sensiterre-mattone-naturale-23x44-r10-ptv-9mm\\\/#primaryimage\",\"url\":\"https:\\\/\\\/homeproject.fr\\\/fr\\\/wp-content\\\/uploads\\\/2025\\\/08\\\/Carrelage-contemporain-aspect-terre-cuite-petit-format-SensiTerre-Florim-Mattone-23x44cm-Naturale-R10-PTV-781825.jpg\",\"contentUrl\":\"https:\\\/\\\/homeproject.fr\\\/fr\\\/wp-content\\\/uploads\\\/2025\\\/08\\\/Carrelage-contemporain-aspect-terre-cuite-petit-format-SensiTerre-Florim-Mattone-23x44cm-Naturale-R10-PTV-781825.jpg\",\"width\":1500,\"height\":1500},{\"@type\":\"BreadcrumbList\",\"@id\":\"https:\\\/\\\/homeproject.fr\\\/fr\\\/produit\\\/carrelage-florim-sensiterre-mattone-naturale-23x44-r10-ptv-9mm\\\/#breadcrumb\",\"itemListElement\":[{\"@type\":\"ListItem\",\"position\":1,\"name\":\"Accueil\",\"item\":\"https:\\\/\\\/homeproject.fr\\\/fr\\\/\"},{\"@type\":\"ListItem\",\"position\":2,\"name\":\"Boutique\",\"item\":\"https:\\\/\\\/homeproject.fr\\\/fr\\\/boutique\\\/\"},{\"@type\":\"ListItem\",\"position\":3,\"name\":\"Carrelage Florim SensiTerre Mattone Naturale 23&#215;44 R10 PTV 9mm\"}]},{\"@type\":\"WebSite\",\"@id\":\"https:\\\/\\\/homeproject.fr\\\/fr\\\/#website\",\"url\":\"https:\\\/\\\/homeproject.fr\\\/fr\\\/\",\"name\":\"Homeproject.fr\",\"description\":\"Offrez l&#039;exceptionnel \u00e0 vos espaces \u00e0 vivre\",\"publisher\":{\"@id\":\"https:\\\/\\\/homeproject.fr\\\/fr\\\/#organization\"},\"potentialAction\":[{\"@type\":\"SearchAction\",\"target\":{\"@type\":\"EntryPoint\",\"urlTemplate\":\"https:\\\/\\\/homeproject.fr\\\/fr\\\/?s={search_term_string}\"},\"query-input\":{\"@type\":\"PropertyValueSpecification\",\"valueRequired\":true,\"valueName\":\"search_term_string\"}}],\"inLanguage\":\"fr-FR\"},{\"@type\":\"Organization\",\"@id\":\"https:\\\/\\\/homeproject.fr\\\/fr\\\/#organization\",\"name\":\"Homeproject.fr\",\"url\":\"https:\\\/\\\/homeproject.fr\\\/fr\\\/\",\"logo\":{\"@type\":\"ImageObject\",\"inLanguage\":\"fr-FR\",\"@id\":\"https:\\\/\\\/homeproject.fr\\\/fr\\\/#\\\/schema\\\/logo\\\/image\\\/\",\"url\":\"https:\\\/\\\/homeproject.fr\\\/fr\\\/wp-content\\\/uploads\\\/2024\\\/12\\\/Logo_HomeProject-noir-2.png\",\"contentUrl\":\"https:\\\/\\\/homeproject.fr\\\/fr\\\/wp-content\\\/uploads\\\/2024\\\/12\\\/Logo_HomeProject-noir-2.png\",\"width\":300,\"height\":91,\"caption\":\"Homeproject.fr\"},\"image\":{\"@id\":\"https:\\\/\\\/homeproject.fr\\\/fr\\\/#\\\/schema\\\/logo\\\/image\\\/\"}}]}<\/script>\n<!-- \/ Yoast SEO plugin. -->","yoast_head_json":{"title":"Carrelage Florim SensiTerre Mattone Naturale 23x44 R10 PTV 9mm - Homeproject.fr","robots":{"index":"index","follow":"follow","max-snippet":"max-snippet:-1","max-image-preview":"max-image-preview:large","max-video-preview":"max-video-preview:-1"},"canonical":"https:\/\/homeproject.fr\/fr\/produit\/carrelage-florim-sensiterre-mattone-naturale-23x44-r10-ptv-9mm\/","og_locale":"fr_FR","og_type":"article","og_title":"Carrelage Florim SensiTerre Mattone Naturale 23x44 R10 PTV 9mm - Homeproject.fr","og_description":"Le carrelage SensiTerre Mattone 23\u00d744 cm de Florim se distingue par son format rectangulaire allong\u00e9 dispos\u00e9 en pose b\u00e2ton rompu,, et sa finitura naturale au rendu mat poudr\u00e9. Son effet ciment teint\u00e9 dans la masse, enrichi d\u2019une nuance terre cuite Mattone, \u00e9voque les sols artisanaux tout en restant sobre et moderne. Gr\u00e2ce \u00e0 son classement R10 PTV, ce rev\u00eatement assure une bonne adh\u00e9rence, y compris dans les espaces humides. Une solution esth\u00e9tique et technique pour les int\u00e9rieurs contemporains en qu\u00eate de chaleur et de caract\u00e8re.","og_url":"https:\/\/homeproject.fr\/fr\/produit\/carrelage-florim-sensiterre-mattone-naturale-23x44-r10-ptv-9mm\/","og_site_name":"Homeproject.fr","article_modified_time":"2025-08-22T10:45:35+00:00","og_image":[{"width":1500,"height":1500,"url":"https:\/\/homeproject.fr\/fr\/wp-content\/uploads\/2025\/08\/Carrelage-contemporain-aspect-terre-cuite-petit-format-SensiTerre-Florim-Mattone-23x44cm-Naturale-R10-PTV-781825.jpg","type":"image\/jpeg"}],"twitter_card":"summary_large_image","twitter_misc":{"Dur\u00e9e de lecture estim\u00e9e":"2 minutes"},"schema":{"@context":"https:\/\/schema.org","@graph":[{"@type":"WebPage","@id":"https:\/\/homeproject.fr\/fr\/produit\/carrelage-florim-sensiterre-mattone-naturale-23x44-r10-ptv-9mm\/","url":"https:\/\/homeproject.fr\/fr\/produit\/carrelage-florim-sensiterre-mattone-naturale-23x44-r10-ptv-9mm\/","name":"Carrelage Florim SensiTerre Mattone Naturale 23x44 R10 PTV 9mm - Homeproject.fr","isPartOf":{"@id":"https:\/\/homeproject.fr\/fr\/#website"},"primaryImageOfPage":{"@id":"https:\/\/homeproject.fr\/fr\/produit\/carrelage-florim-sensiterre-mattone-naturale-23x44-r10-ptv-9mm\/#primaryimage"},"image":{"@id":"https:\/\/homeproject.fr\/fr\/produit\/carrelage-florim-sensiterre-mattone-naturale-23x44-r10-ptv-9mm\/#primaryimage"},"thumbnailUrl":"https:\/\/homeproject.fr\/fr\/wp-content\/uploads\/2025\/08\/Carrelage-contemporain-aspect-terre-cuite-petit-format-SensiTerre-Florim-Mattone-23x44cm-Naturale-R10-PTV-781825.jpg","datePublished":"2025-08-22T06:58:01+00:00","dateModified":"2025-08-22T10:45:35+00:00","breadcrumb":{"@id":"https:\/\/homeproject.fr\/fr\/produit\/carrelage-florim-sensiterre-mattone-naturale-23x44-r10-ptv-9mm\/#breadcrumb"},"inLanguage":"fr-FR","potentialAction":[{"@type":"ReadAction","target":["https:\/\/homeproject.fr\/fr\/produit\/carrelage-florim-sensiterre-mattone-naturale-23x44-r10-ptv-9mm\/"]}]},{"@type":"ImageObject","inLanguage":"fr-FR","@id":"https:\/\/homeproject.fr\/fr\/produit\/carrelage-florim-sensiterre-mattone-naturale-23x44-r10-ptv-9mm\/#primaryimage","url":"https:\/\/homeproject.fr\/fr\/wp-content\/uploads\/2025\/08\/Carrelage-contemporain-aspect-terre-cuite-petit-format-SensiTerre-Florim-Mattone-23x44cm-Naturale-R10-PTV-781825.jpg","contentUrl":"https:\/\/homeproject.fr\/fr\/wp-content\/uploads\/2025\/08\/Carrelage-contemporain-aspect-terre-cuite-petit-format-SensiTerre-Florim-Mattone-23x44cm-Naturale-R10-PTV-781825.jpg","width":1500,"height":1500},{"@type":"BreadcrumbList","@id":"https:\/\/homeproject.fr\/fr\/produit\/carrelage-florim-sensiterre-mattone-naturale-23x44-r10-ptv-9mm\/#breadcrumb","itemListElement":[{"@type":"ListItem","position":1,"name":"Accueil","item":"https:\/\/homeproject.fr\/fr\/"},{"@type":"ListItem","position":2,"name":"Boutique","item":"https:\/\/homeproject.fr\/fr\/boutique\/"},{"@type":"ListItem","position":3,"name":"Carrelage Florim SensiTerre Mattone Naturale 23&#215;44 R10 PTV 9mm"}]},{"@type":"WebSite","@id":"https:\/\/homeproject.fr\/fr\/#website","url":"https:\/\/homeproject.fr\/fr\/","name":"Homeproject.fr","description":"Offrez l&#039;exceptionnel \u00e0 vos espaces \u00e0 vivre","publisher":{"@id":"https:\/\/homeproject.fr\/fr\/#organization"},"potentialAction":[{"@type":"SearchAction","target":{"@type":"EntryPoint","urlTemplate":"https:\/\/homeproject.fr\/fr\/?s={search_term_string}"},"query-input":{"@type":"PropertyValueSpecification","valueRequired":true,"valueName":"search_term_string"}}],"inLanguage":"fr-FR"},{"@type":"Organization","@id":"https:\/\/homeproject.fr\/fr\/#organization","name":"Homeproject.fr","url":"https:\/\/homeproject.fr\/fr\/","logo":{"@type":"ImageObject","inLanguage":"fr-FR","@id":"https:\/\/homeproject.fr\/fr\/#\/schema\/logo\/image\/","url":"https:\/\/homeproject.fr\/fr\/wp-content\/uploads\/2024\/12\/Logo_HomeProject-noir-2.png","contentUrl":"https:\/\/homeproject.fr\/fr\/wp-content\/uploads\/2024\/12\/Logo_HomeProject-noir-2.png","width":300,"height":91,"caption":"Homeproject.fr"},"image":{"@id":"https:\/\/homeproject.fr\/fr\/#\/schema\/logo\/image\/"}}]}},"_links":{"self":[{"href":"https:\/\/homeproject.fr\/fr\/wp-json\/wp\/v2\/product\/15110","targetHints":{"allow":["GET"]}}],"collection":[{"href":"https:\/\/homeproject.fr\/fr\/wp-json\/wp\/v2\/product"}],"about":[{"href":"https:\/\/homeproject.fr\/fr\/wp-json\/wp\/v2\/types\/product"}],"version-history":[{"count":4,"href":"https:\/\/homeproject.fr\/fr\/wp-json\/wp\/v2\/product\/15110\/revisions"}],"predecessor-version":[{"id":15115,"href":"https:\/\/homeproject.fr\/fr\/wp-json\/wp\/v2\/product\/15110\/revisions\/15115"}],"wp:featuredmedia":[{"embeddable":true,"href":"https:\/\/homeproject.fr\/fr\/wp-json\/wp\/v2\/media\/15108"}],"wp:attachment":[{"href":"https:\/\/homeproject.fr\/fr\/wp-json\/wp\/v2\/media?parent=15110"}],"wp:term":[{"taxonomy":"product_brand","embeddable":true,"href":"https:\/\/homeproject.fr\/fr\/wp-json\/wp\/v2\/product_brand?post=15110"},{"taxonomy":"product_cat","embeddable":true,"href":"https:\/\/homeproject.fr\/fr\/wp-json\/wp\/v2\/product_cat?post=15110"},{"taxonomy":"product_tag","embeddable":true,"href":"https:\/\/homeproject.fr\/fr\/wp-json\/wp\/v2\/product_tag?post=15110"}],"curies":[{"name":"wp","href":"https:\/\/api.w.org\/{rel}","templated":true}]}}