{"id":15100,"date":"2025-08-21T14:10:23","date_gmt":"2025-08-21T14:10:23","guid":{"rendered":"https:\/\/homeproject.fr\/fr\/?post_type=product&#038;p=15100"},"modified":"2025-08-21T14:24:08","modified_gmt":"2025-08-21T14:24:08","slug":"carrelage-florim-sensiterre-mattone-grana-antiderapant-20x20-r11-9mm","status":"publish","type":"product","link":"https:\/\/homeproject.fr\/fr\/produit\/carrelage-florim-sensiterre-mattone-grana-antiderapant-20x20-r11-9mm\/","title":{"rendered":"Carrelage Florim SensiTerre Mattone Grana Antid\u00e9rapant 20&#215;20 R11 9mm"},"content":{"rendered":"<p><strong><a href=\"https:\/\/homeproject.fr\/fr\/produit\/echantillon-carrelage-florim-sensiterre-mattone-grana-antiderapant-r11\/\">Commander un \u00e9chantillon<\/a><\/strong><\/p>\n<h3 data-start=\"934\" data-end=\"969\"><strong data-start=\"938\" data-end=\"969\">Caract\u00e9ristiques techniques<\/strong><\/h3>\n<div class=\"_tableContainer_1rjym_1\">\n<div class=\"_tableWrapper_1rjym_13 group flex w-fit flex-col-reverse\" tabindex=\"-1\">\n<table class=\"w-fit min-w-(--thread-content-width)\" data-start=\"971\" data-end=\"2005\">\n<thead data-start=\"971\" data-end=\"1049\">\n<tr data-start=\"971\" data-end=\"1049\">\n<th data-start=\"971\" data-end=\"999\" data-col-size=\"sm\"><strong data-start=\"973\" data-end=\"990\">Sp\u00e9cification<\/strong><\/th>\n<th data-start=\"999\" data-end=\"1049\" data-col-size=\"sm\"><strong data-start=\"1001\" data-end=\"1011\">D\u00e9tail<\/strong><\/th>\n<\/tr>\n<\/thead>\n<tbody data-start=\"1129\" data-end=\"2005\">\n<tr data-start=\"1129\" data-end=\"1208\">\n<td data-start=\"1129\" data-end=\"1157\" data-col-size=\"sm\">Marque<\/td>\n<td data-col-size=\"sm\" data-start=\"1157\" data-end=\"1208\">Florim<\/td>\n<\/tr>\n<tr data-start=\"1209\" data-end=\"1288\">\n<td data-start=\"1209\" data-end=\"1237\" data-col-size=\"sm\">Collection<\/td>\n<td data-col-size=\"sm\" data-start=\"1237\" data-end=\"1288\">SensiTerre<\/td>\n<\/tr>\n<tr data-start=\"1289\" data-end=\"1368\">\n<td data-start=\"1289\" data-end=\"1317\" data-col-size=\"sm\">Mod\u00e8le<\/td>\n<td data-col-size=\"sm\" data-start=\"1317\" data-end=\"1368\">Mattone Grana<\/td>\n<\/tr>\n<tr data-start=\"1369\" data-end=\"1448\">\n<td data-start=\"1369\" data-end=\"1397\" data-col-size=\"sm\">Format<\/td>\n<td data-col-size=\"sm\" data-start=\"1397\" data-end=\"1448\">20 \u00d7 20 cm<\/td>\n<\/tr>\n<tr data-start=\"1449\" data-end=\"1528\">\n<td data-start=\"1449\" data-end=\"1477\" data-col-size=\"sm\">\u00c9paisseur<\/td>\n<td data-col-size=\"sm\" data-start=\"1477\" data-end=\"1528\">9 mm<\/td>\n<\/tr>\n<tr data-start=\"1529\" data-end=\"1607\">\n<td data-start=\"1529\" data-end=\"1557\" data-col-size=\"sm\">Finition<\/td>\n<td data-col-size=\"sm\" data-start=\"1557\" data-end=\"1607\">Grana (granul\u00e9e, effet sabl\u00e9)<\/td>\n<\/tr>\n<tr data-start=\"1608\" data-end=\"1686\">\n<td data-start=\"1608\" data-end=\"1636\" data-col-size=\"sm\">Couleur<\/td>\n<td data-col-size=\"sm\" data-start=\"1636\" data-end=\"1686\">Mattone (terre cuite rouge)<\/td>\n<\/tr>\n<tr data-start=\"1687\" data-end=\"1766\">\n<td data-start=\"1687\" data-end=\"1715\" data-col-size=\"sm\">Rectifi\u00e9<\/td>\n<td data-col-size=\"sm\" data-start=\"1715\" data-end=\"1766\">Oui<\/td>\n<\/tr>\n<tr data-start=\"1767\" data-end=\"1845\">\n<td data-start=\"1767\" data-end=\"1795\" data-col-size=\"sm\">Adh\u00e9rence<\/td>\n<td data-col-size=\"sm\" data-start=\"1795\" data-end=\"1845\">R11 \u2013 tr\u00e8s forte adh\u00e9rence<\/td>\n<\/tr>\n<tr data-start=\"1846\" data-end=\"1925\">\n<td data-start=\"1846\" data-end=\"1874\" data-col-size=\"sm\">Utilisation<\/td>\n<td data-col-size=\"sm\" data-start=\"1874\" data-end=\"1925\">Sols int\u00e9rieurs et ext\u00e9rieurs<\/td>\n<\/tr>\n<tr data-start=\"1926\" data-end=\"2005\">\n<td data-start=\"1926\" data-end=\"1954\" data-col-size=\"sm\">R\u00e9sistance<\/td>\n<td data-col-size=\"sm\" data-start=\"1954\" data-end=\"2005\">Gel, UV, taches, abrasions<\/td>\n<\/tr>\n<\/tbody>\n<\/table>\n<\/div>\n<\/div>\n<h3 data-start=\"2012\" data-end=\"2034\"><strong data-start=\"2016\" data-end=\"2034\">Atouts produit<\/strong><\/h3>\n<ul data-start=\"2035\" data-end=\"2385\">\n<li data-start=\"2035\" data-end=\"2122\">\n<p data-start=\"2037\" data-end=\"2122\"><strong data-start=\"2037\" data-end=\"2057\">Antid\u00e9rapant R11<\/strong> : id\u00e9al pour douches, plages de piscine, terrasses, escaliers.<\/p>\n<\/li>\n<li data-start=\"2220\" data-end=\"2314\">\n<p data-start=\"2222\" data-end=\"2314\"><strong data-start=\"2222\" data-end=\"2248\">Inspiration artisanale<\/strong> : parfait pour recr\u00e9er l\u2019esprit m\u00e9diterran\u00e9en ou rustique chic.<\/p>\n<\/li>\n<li data-start=\"2315\" data-end=\"2385\">\n<p data-start=\"2317\" data-end=\"2385\"><strong data-start=\"2317\" data-end=\"2337\">Surface textur\u00e9e<\/strong> : agr\u00e9able au pied et visuellement authentique.<\/p>\n<\/li>\n<\/ul>\n<hr data-start=\"2387\" data-end=\"2390\" \/>\n<h3 data-start=\"2392\" data-end=\"2420\"><strong data-start=\"2396\" data-end=\"2420\">Applications id\u00e9ales<\/strong><\/h3>\n<ul data-start=\"2421\" data-end=\"2581\">\n<li data-start=\"2421\" data-end=\"2451\">\n<p data-start=\"2423\" data-end=\"2451\">Terrasses, balcons, patios<\/p>\n<\/li>\n<li data-start=\"2452\" data-end=\"2493\">\n<p data-start=\"2454\" data-end=\"2493\">Jardins d\u2019hiver, escaliers ext\u00e9rieurs<\/p>\n<\/li>\n<li data-start=\"2494\" data-end=\"2538\">\n<p data-start=\"2496\" data-end=\"2538\">Douches \u00e0 l\u2019italienne ou salles de bains<\/p>\n<\/li>\n<li data-start=\"2539\" data-end=\"2581\">\n<p data-start=\"2541\" data-end=\"2581\">Entr\u00e9es, restaurants, h\u00f4tels de charme<\/p>\n<\/li>\n<\/ul>\n<hr data-start=\"2583\" data-end=\"2586\" \/>\n<h3 data-start=\"2588\" data-end=\"2613\"><strong data-start=\"2592\" data-end=\"2613\">Pose et entretien<\/strong><\/h3>\n<p data-start=\"2614\" data-end=\"2770\">Nettoyage facile \u00e0 l\u2019eau claire, entretien minimal.<\/p>\n<h3 data-start=\"913\" data-end=\"948\"><strong style=\"font-family: inherit; font-size: 30px;\">Vous avez des questions ?<\/strong><\/h3>\n<style id=\"wpforms-css-vars-3675\">\n\t\t\t\t#wpforms-3675 {\n\t\t\t\t\n\t\t\t}\n\t\t\t<\/style><div class=\"wpforms-container wpforms-container-full wpforms-render-modern\" id=\"wpforms-3675\"><form id=\"wpforms-form-3675\" class=\"wpforms-validate wpforms-form wpforms-ajax-form\" data-formid=\"3675\" method=\"post\" enctype=\"multipart\/form-data\" action=\"\/fr\/wp-json\/wp\/v2\/product\/15100\" data-token=\"86cfa3cd8fc4572532d762e2357ac556\" data-token-time=\"1777821218\"><noscript class=\"wpforms-error-noscript\">Veuillez activer JavaScript dans votre navigateur pour remplir ce formulaire.<\/noscript><div id=\"wpforms-error-noscript\" style=\"display: none;\">Veuillez activer JavaScript dans votre navigateur pour remplir ce formulaire.<\/div><div class=\"wpforms-field-container\">\t\t<div id=\"wpforms-3675-field_1-container\"\n\t\t\tclass=\"wpforms-field wpforms-field-text\"\n\t\t\tdata-field-type=\"text\"\n\t\t\tdata-field-id=\"1\"\n\t\t\t>\n\t\t\t<label class=\"wpforms-field-label\" for=\"wpforms-3675-field_1\" >E-mail Message Nom<\/label>\n\t\t\t<input type=\"text\" id=\"wpforms-3675-field_1\" class=\"wpforms-field-medium\" name=\"wpforms[fields][1]\" >\n\t\t<\/div>\n\t\t<div id=\"wpforms-3675-field_3-container\" class=\"wpforms-field wpforms-field-name\" data-field-id=\"3\"><fieldset><legend class=\"wpforms-field-label\">Nom <span class=\"wpforms-required-label\" aria-hidden=\"true\">*<\/span><\/legend><div class=\"wpforms-field-row wpforms-field-medium\"><div class=\"wpforms-field-row-block wpforms-first wpforms-one-half\"><input type=\"text\" id=\"wpforms-3675-field_3\" class=\"wpforms-field-name-first wpforms-field-required\" name=\"wpforms[fields][3][first]\" aria-errormessage=\"wpforms-3675-field_3-error\" required><label for=\"wpforms-3675-field_3\" class=\"wpforms-field-sublabel after\">Pr\u00e9nom<\/label><\/div><div class=\"wpforms-field-row-block wpforms-one-half\"><input type=\"text\" id=\"wpforms-3675-field_3-last\" class=\"wpforms-field-name-last wpforms-field-required\" name=\"wpforms[fields][3][last]\" aria-errormessage=\"wpforms-3675-field_3-last-error\" required><label for=\"wpforms-3675-field_3-last\" class=\"wpforms-field-sublabel after\">Nom<\/label><\/div><\/div><\/fieldset><\/div><div id=\"wpforms-3675-field_4-container\" class=\"wpforms-field wpforms-field-email\" data-field-id=\"4\"><label class=\"wpforms-field-label\" for=\"wpforms-3675-field_4\">E-mail <span class=\"wpforms-required-label\" aria-hidden=\"true\">*<\/span><\/label><input type=\"email\" id=\"wpforms-3675-field_4\" class=\"wpforms-field-medium wpforms-field-required\" name=\"wpforms[fields][4]\" spellcheck=\"false\" aria-errormessage=\"wpforms-3675-field_4-error\" required><\/div><div id=\"wpforms-3675-field_5-container\" class=\"wpforms-field wpforms-field-textarea\" data-field-id=\"5\"><label class=\"wpforms-field-label\" for=\"wpforms-3675-field_5\">Message <span class=\"wpforms-required-label\" aria-hidden=\"true\">*<\/span><\/label><textarea id=\"wpforms-3675-field_5\" class=\"wpforms-field-medium wpforms-field-required\" name=\"wpforms[fields][5]\" aria-errormessage=\"wpforms-3675-field_5-error\" required><\/textarea><\/div><script>\n\t\t\t\t( function() {\n\t\t\t\t\tconst style = document.createElement( 'style' );\n\t\t\t\t\tstyle.appendChild( document.createTextNode( '#wpforms-3675-field_1-container { position: absolute !important; overflow: hidden !important; display: inline !important; height: 1px !important; width: 1px !important; z-index: -1000 !important; padding: 0 !important; } #wpforms-3675-field_1-container input { visibility: hidden; } #wpforms-conversational-form-page #wpforms-3675-field_1-container label { counter-increment: none; }' ) );\n\t\t\t\t\tdocument.head.appendChild( style );\n\t\t\t\t\tdocument.currentScript?.remove();\n\t\t\t\t} )();\n\t\t\t<\/script><\/div><!-- .wpforms-field-container --><div class=\"wpforms-submit-container\" ><input type=\"hidden\" name=\"wpforms[id]\" value=\"3675\"><input type=\"hidden\" name=\"page_title\" value=\"\"><input type=\"hidden\" name=\"page_url\" value=\"https:\/\/homeproject.fr\/fr\/wp-json\/wp\/v2\/product\/15100\"><input type=\"hidden\" name=\"url_referer\" value=\"\"><button type=\"submit\" name=\"wpforms[submit]\" id=\"wpforms-submit-3675\" class=\"wpforms-submit\" data-alt-text=\"Envoi...\" data-submit-text=\"Envoyer\" aria-live=\"assertive\" value=\"wpforms-submit\">Envoyer<\/button><img decoding=\"async\" src=\"https:\/\/homeproject.fr\/fr\/wp-content\/plugins\/wpforms-lite\/assets\/images\/submit-spin.svg\" class=\"wpforms-submit-spinner\" style=\"display: none;\" width=\"26\" height=\"26\" alt=\"Chargement en cours\"><\/div><\/form><\/div>  <!-- .wpforms-container -->\n","protected":false},"excerpt":{"rendered":"<p data-start=\"324\" data-end=\"781\">Avec son <strong data-start=\"333\" data-end=\"358\">format carr\u00e9 20\u00d720 cm<\/strong>, le carrelage <strong data-start=\"373\" data-end=\"408\">Florim SensiTerre Mattone Grana<\/strong> rend hommage aux sols traditionnels en terre cuite tout en r\u00e9pondant aux exigences contemporaines en mati\u00e8re de s\u00e9curit\u00e9 et de durabilit\u00e9. Sa <strong data-start=\"551\" data-end=\"569\">finition Grana<\/strong>, subtilement granuleuse, et sa <strong data-start=\"601\" data-end=\"615\">classe R11<\/strong> en font un rev\u00eatement id\u00e9al pour les <strong data-start=\"653\" data-end=\"695\">espaces ext\u00e9rieurs ou \u00e0 forte humidit\u00e9<\/strong>, sans compromettre l\u2019esth\u00e9tique naturelle et chaleureuse de la collection SensiTerre.<\/p>\n<p data-start=\"783\" data-end=\"927\">Son coloris <strong data-start=\"795\" data-end=\"806\">Mattone<\/strong>, typique des terres argileuses du sud, \u00e9voque les patios m\u00e9diterran\u00e9ens, les all\u00e9es de villa ou les terrasses ombrag\u00e9es<\/p>\n","protected":false},"featured_media":15101,"template":"","meta":{"_uf_show_specific_survey":0,"_uf_disable_surveys":false,"iawp_total_views":25},"product_brand":[607],"product_cat":[123,20,128,502],"product_tag":[],"class_list":{"0":"post-15100","1":"product","2":"type-product","3":"status-publish","4":"has-post-thumbnail","6":"product_brand-florim","7":"product_cat-aspect-beton","8":"product_cat-carrelage","9":"product_cat-exterieur","10":"product_cat-terre-cuite","11":"product_shipping_class-carrelage","12":"pa_collection-sensiterre-par-florim","13":"pa_designer-matteo-thun","14":"pa_dimensions-nominales-20x20","15":"pa_effet-beton","16":"pa_effet-terre-cuite","17":"pa_epaisseur-9mm","18":"pa_marque-florim","19":"pa_materiau-gres-cerame-non-emaille","21":"first","22":"instock","23":"sale","24":"taxable","25":"shipping-taxable","26":"purchasable","27":"product-type-simple"},"yoast_head":"<!-- This site is optimized with the Yoast SEO plugin v27.5 - https:\/\/yoast.com\/product\/yoast-seo-wordpress\/ -->\n<title>Carrelage Florim SensiTerre Mattone Grana Antid\u00e9rapant 20x20 R11 9mm - Homeproject.fr<\/title>\n<meta name=\"robots\" content=\"index, follow, max-snippet:-1, max-image-preview:large, max-video-preview:-1\" \/>\n<link rel=\"canonical\" href=\"https:\/\/homeproject.fr\/fr\/produit\/carrelage-florim-sensiterre-mattone-grana-antiderapant-20x20-r11-9mm\/\" \/>\n<meta property=\"og:locale\" content=\"fr_FR\" \/>\n<meta property=\"og:type\" content=\"article\" \/>\n<meta property=\"og:title\" content=\"Carrelage Florim SensiTerre Mattone Grana Antid\u00e9rapant 20x20 R11 9mm - Homeproject.fr\" \/>\n<meta property=\"og:description\" content=\"Avec son format carr\u00e9 20\u00d720 cm, le carrelage Florim SensiTerre Mattone Grana rend hommage aux sols traditionnels en terre cuite tout en r\u00e9pondant aux exigences contemporaines en mati\u00e8re de s\u00e9curit\u00e9 et de durabilit\u00e9. Sa finition Grana, subtilement granuleuse, et sa classe R11 en font un rev\u00eatement id\u00e9al pour les espaces ext\u00e9rieurs ou \u00e0 forte humidit\u00e9, sans compromettre l\u2019esth\u00e9tique naturelle et chaleureuse de la collection SensiTerre. Son coloris Mattone, typique des terres argileuses du sud, \u00e9voque les patios m\u00e9diterran\u00e9ens, les all\u00e9es de villa ou les terrasses ombrag\u00e9es\" \/>\n<meta property=\"og:url\" content=\"https:\/\/homeproject.fr\/fr\/produit\/carrelage-florim-sensiterre-mattone-grana-antiderapant-20x20-r11-9mm\/\" \/>\n<meta property=\"og:site_name\" content=\"Homeproject.fr\" \/>\n<meta property=\"article:modified_time\" content=\"2025-08-21T14:24:08+00:00\" \/>\n<meta property=\"og:image\" content=\"https:\/\/homeproject.fr\/fr\/wp-content\/uploads\/2025\/08\/Carrelage-contemporain-aspect-terre-cuite-petit-format-SensiTerre-Florim-Mattone-Grana-antiderapant-20x20-R11-781801.jpg\" \/>\n\t<meta property=\"og:image:width\" content=\"1500\" \/>\n\t<meta property=\"og:image:height\" content=\"1500\" \/>\n\t<meta property=\"og:image:type\" content=\"image\/jpeg\" \/>\n<meta name=\"twitter:card\" content=\"summary_large_image\" \/>\n<meta name=\"twitter:label1\" content=\"Dur\u00e9e de lecture estim\u00e9e\" \/>\n\t<meta name=\"twitter:data1\" content=\"1 minute\" \/>\n<script type=\"application\/ld+json\" class=\"yoast-schema-graph\">{\"@context\":\"https:\\\/\\\/schema.org\",\"@graph\":[{\"@type\":\"WebPage\",\"@id\":\"https:\\\/\\\/homeproject.fr\\\/fr\\\/produit\\\/carrelage-florim-sensiterre-mattone-grana-antiderapant-20x20-r11-9mm\\\/\",\"url\":\"https:\\\/\\\/homeproject.fr\\\/fr\\\/produit\\\/carrelage-florim-sensiterre-mattone-grana-antiderapant-20x20-r11-9mm\\\/\",\"name\":\"Carrelage Florim SensiTerre Mattone Grana Antid\u00e9rapant 20x20 R11 9mm - Homeproject.fr\",\"isPartOf\":{\"@id\":\"https:\\\/\\\/homeproject.fr\\\/fr\\\/#website\"},\"primaryImageOfPage\":{\"@id\":\"https:\\\/\\\/homeproject.fr\\\/fr\\\/produit\\\/carrelage-florim-sensiterre-mattone-grana-antiderapant-20x20-r11-9mm\\\/#primaryimage\"},\"image\":{\"@id\":\"https:\\\/\\\/homeproject.fr\\\/fr\\\/produit\\\/carrelage-florim-sensiterre-mattone-grana-antiderapant-20x20-r11-9mm\\\/#primaryimage\"},\"thumbnailUrl\":\"https:\\\/\\\/homeproject.fr\\\/fr\\\/wp-content\\\/uploads\\\/2025\\\/08\\\/Carrelage-contemporain-aspect-terre-cuite-petit-format-SensiTerre-Florim-Mattone-Grana-antiderapant-20x20-R11-781801.jpg\",\"datePublished\":\"2025-08-21T14:10:23+00:00\",\"dateModified\":\"2025-08-21T14:24:08+00:00\",\"breadcrumb\":{\"@id\":\"https:\\\/\\\/homeproject.fr\\\/fr\\\/produit\\\/carrelage-florim-sensiterre-mattone-grana-antiderapant-20x20-r11-9mm\\\/#breadcrumb\"},\"inLanguage\":\"fr-FR\",\"potentialAction\":[{\"@type\":\"ReadAction\",\"target\":[\"https:\\\/\\\/homeproject.fr\\\/fr\\\/produit\\\/carrelage-florim-sensiterre-mattone-grana-antiderapant-20x20-r11-9mm\\\/\"]}]},{\"@type\":\"ImageObject\",\"inLanguage\":\"fr-FR\",\"@id\":\"https:\\\/\\\/homeproject.fr\\\/fr\\\/produit\\\/carrelage-florim-sensiterre-mattone-grana-antiderapant-20x20-r11-9mm\\\/#primaryimage\",\"url\":\"https:\\\/\\\/homeproject.fr\\\/fr\\\/wp-content\\\/uploads\\\/2025\\\/08\\\/Carrelage-contemporain-aspect-terre-cuite-petit-format-SensiTerre-Florim-Mattone-Grana-antiderapant-20x20-R11-781801.jpg\",\"contentUrl\":\"https:\\\/\\\/homeproject.fr\\\/fr\\\/wp-content\\\/uploads\\\/2025\\\/08\\\/Carrelage-contemporain-aspect-terre-cuite-petit-format-SensiTerre-Florim-Mattone-Grana-antiderapant-20x20-R11-781801.jpg\",\"width\":1500,\"height\":1500},{\"@type\":\"BreadcrumbList\",\"@id\":\"https:\\\/\\\/homeproject.fr\\\/fr\\\/produit\\\/carrelage-florim-sensiterre-mattone-grana-antiderapant-20x20-r11-9mm\\\/#breadcrumb\",\"itemListElement\":[{\"@type\":\"ListItem\",\"position\":1,\"name\":\"Accueil\",\"item\":\"https:\\\/\\\/homeproject.fr\\\/fr\\\/\"},{\"@type\":\"ListItem\",\"position\":2,\"name\":\"Boutique\",\"item\":\"https:\\\/\\\/homeproject.fr\\\/fr\\\/boutique\\\/\"},{\"@type\":\"ListItem\",\"position\":3,\"name\":\"Carrelage Florim SensiTerre Mattone Grana Antid\u00e9rapant 20&#215;20 R11 9mm\"}]},{\"@type\":\"WebSite\",\"@id\":\"https:\\\/\\\/homeproject.fr\\\/fr\\\/#website\",\"url\":\"https:\\\/\\\/homeproject.fr\\\/fr\\\/\",\"name\":\"Homeproject.fr\",\"description\":\"Offrez l&#039;exceptionnel \u00e0 vos espaces \u00e0 vivre\",\"publisher\":{\"@id\":\"https:\\\/\\\/homeproject.fr\\\/fr\\\/#organization\"},\"potentialAction\":[{\"@type\":\"SearchAction\",\"target\":{\"@type\":\"EntryPoint\",\"urlTemplate\":\"https:\\\/\\\/homeproject.fr\\\/fr\\\/?s={search_term_string}\"},\"query-input\":{\"@type\":\"PropertyValueSpecification\",\"valueRequired\":true,\"valueName\":\"search_term_string\"}}],\"inLanguage\":\"fr-FR\"},{\"@type\":\"Organization\",\"@id\":\"https:\\\/\\\/homeproject.fr\\\/fr\\\/#organization\",\"name\":\"Homeproject.fr\",\"url\":\"https:\\\/\\\/homeproject.fr\\\/fr\\\/\",\"logo\":{\"@type\":\"ImageObject\",\"inLanguage\":\"fr-FR\",\"@id\":\"https:\\\/\\\/homeproject.fr\\\/fr\\\/#\\\/schema\\\/logo\\\/image\\\/\",\"url\":\"https:\\\/\\\/homeproject.fr\\\/fr\\\/wp-content\\\/uploads\\\/2024\\\/12\\\/Logo_HomeProject-noir-2.png\",\"contentUrl\":\"https:\\\/\\\/homeproject.fr\\\/fr\\\/wp-content\\\/uploads\\\/2024\\\/12\\\/Logo_HomeProject-noir-2.png\",\"width\":300,\"height\":91,\"caption\":\"Homeproject.fr\"},\"image\":{\"@id\":\"https:\\\/\\\/homeproject.fr\\\/fr\\\/#\\\/schema\\\/logo\\\/image\\\/\"}}]}<\/script>\n<!-- \/ Yoast SEO plugin. -->","yoast_head_json":{"title":"Carrelage Florim SensiTerre Mattone Grana Antid\u00e9rapant 20x20 R11 9mm - Homeproject.fr","robots":{"index":"index","follow":"follow","max-snippet":"max-snippet:-1","max-image-preview":"max-image-preview:large","max-video-preview":"max-video-preview:-1"},"canonical":"https:\/\/homeproject.fr\/fr\/produit\/carrelage-florim-sensiterre-mattone-grana-antiderapant-20x20-r11-9mm\/","og_locale":"fr_FR","og_type":"article","og_title":"Carrelage Florim SensiTerre Mattone Grana Antid\u00e9rapant 20x20 R11 9mm - Homeproject.fr","og_description":"Avec son format carr\u00e9 20\u00d720 cm, le carrelage Florim SensiTerre Mattone Grana rend hommage aux sols traditionnels en terre cuite tout en r\u00e9pondant aux exigences contemporaines en mati\u00e8re de s\u00e9curit\u00e9 et de durabilit\u00e9. Sa finition Grana, subtilement granuleuse, et sa classe R11 en font un rev\u00eatement id\u00e9al pour les espaces ext\u00e9rieurs ou \u00e0 forte humidit\u00e9, sans compromettre l\u2019esth\u00e9tique naturelle et chaleureuse de la collection SensiTerre. Son coloris Mattone, typique des terres argileuses du sud, \u00e9voque les patios m\u00e9diterran\u00e9ens, les all\u00e9es de villa ou les terrasses ombrag\u00e9es","og_url":"https:\/\/homeproject.fr\/fr\/produit\/carrelage-florim-sensiterre-mattone-grana-antiderapant-20x20-r11-9mm\/","og_site_name":"Homeproject.fr","article_modified_time":"2025-08-21T14:24:08+00:00","og_image":[{"width":1500,"height":1500,"url":"https:\/\/homeproject.fr\/fr\/wp-content\/uploads\/2025\/08\/Carrelage-contemporain-aspect-terre-cuite-petit-format-SensiTerre-Florim-Mattone-Grana-antiderapant-20x20-R11-781801.jpg","type":"image\/jpeg"}],"twitter_card":"summary_large_image","twitter_misc":{"Dur\u00e9e de lecture estim\u00e9e":"1 minute"},"schema":{"@context":"https:\/\/schema.org","@graph":[{"@type":"WebPage","@id":"https:\/\/homeproject.fr\/fr\/produit\/carrelage-florim-sensiterre-mattone-grana-antiderapant-20x20-r11-9mm\/","url":"https:\/\/homeproject.fr\/fr\/produit\/carrelage-florim-sensiterre-mattone-grana-antiderapant-20x20-r11-9mm\/","name":"Carrelage Florim SensiTerre Mattone Grana Antid\u00e9rapant 20x20 R11 9mm - Homeproject.fr","isPartOf":{"@id":"https:\/\/homeproject.fr\/fr\/#website"},"primaryImageOfPage":{"@id":"https:\/\/homeproject.fr\/fr\/produit\/carrelage-florim-sensiterre-mattone-grana-antiderapant-20x20-r11-9mm\/#primaryimage"},"image":{"@id":"https:\/\/homeproject.fr\/fr\/produit\/carrelage-florim-sensiterre-mattone-grana-antiderapant-20x20-r11-9mm\/#primaryimage"},"thumbnailUrl":"https:\/\/homeproject.fr\/fr\/wp-content\/uploads\/2025\/08\/Carrelage-contemporain-aspect-terre-cuite-petit-format-SensiTerre-Florim-Mattone-Grana-antiderapant-20x20-R11-781801.jpg","datePublished":"2025-08-21T14:10:23+00:00","dateModified":"2025-08-21T14:24:08+00:00","breadcrumb":{"@id":"https:\/\/homeproject.fr\/fr\/produit\/carrelage-florim-sensiterre-mattone-grana-antiderapant-20x20-r11-9mm\/#breadcrumb"},"inLanguage":"fr-FR","potentialAction":[{"@type":"ReadAction","target":["https:\/\/homeproject.fr\/fr\/produit\/carrelage-florim-sensiterre-mattone-grana-antiderapant-20x20-r11-9mm\/"]}]},{"@type":"ImageObject","inLanguage":"fr-FR","@id":"https:\/\/homeproject.fr\/fr\/produit\/carrelage-florim-sensiterre-mattone-grana-antiderapant-20x20-r11-9mm\/#primaryimage","url":"https:\/\/homeproject.fr\/fr\/wp-content\/uploads\/2025\/08\/Carrelage-contemporain-aspect-terre-cuite-petit-format-SensiTerre-Florim-Mattone-Grana-antiderapant-20x20-R11-781801.jpg","contentUrl":"https:\/\/homeproject.fr\/fr\/wp-content\/uploads\/2025\/08\/Carrelage-contemporain-aspect-terre-cuite-petit-format-SensiTerre-Florim-Mattone-Grana-antiderapant-20x20-R11-781801.jpg","width":1500,"height":1500},{"@type":"BreadcrumbList","@id":"https:\/\/homeproject.fr\/fr\/produit\/carrelage-florim-sensiterre-mattone-grana-antiderapant-20x20-r11-9mm\/#breadcrumb","itemListElement":[{"@type":"ListItem","position":1,"name":"Accueil","item":"https:\/\/homeproject.fr\/fr\/"},{"@type":"ListItem","position":2,"name":"Boutique","item":"https:\/\/homeproject.fr\/fr\/boutique\/"},{"@type":"ListItem","position":3,"name":"Carrelage Florim SensiTerre Mattone Grana Antid\u00e9rapant 20&#215;20 R11 9mm"}]},{"@type":"WebSite","@id":"https:\/\/homeproject.fr\/fr\/#website","url":"https:\/\/homeproject.fr\/fr\/","name":"Homeproject.fr","description":"Offrez l&#039;exceptionnel \u00e0 vos espaces \u00e0 vivre","publisher":{"@id":"https:\/\/homeproject.fr\/fr\/#organization"},"potentialAction":[{"@type":"SearchAction","target":{"@type":"EntryPoint","urlTemplate":"https:\/\/homeproject.fr\/fr\/?s={search_term_string}"},"query-input":{"@type":"PropertyValueSpecification","valueRequired":true,"valueName":"search_term_string"}}],"inLanguage":"fr-FR"},{"@type":"Organization","@id":"https:\/\/homeproject.fr\/fr\/#organization","name":"Homeproject.fr","url":"https:\/\/homeproject.fr\/fr\/","logo":{"@type":"ImageObject","inLanguage":"fr-FR","@id":"https:\/\/homeproject.fr\/fr\/#\/schema\/logo\/image\/","url":"https:\/\/homeproject.fr\/fr\/wp-content\/uploads\/2024\/12\/Logo_HomeProject-noir-2.png","contentUrl":"https:\/\/homeproject.fr\/fr\/wp-content\/uploads\/2024\/12\/Logo_HomeProject-noir-2.png","width":300,"height":91,"caption":"Homeproject.fr"},"image":{"@id":"https:\/\/homeproject.fr\/fr\/#\/schema\/logo\/image\/"}}]}},"_links":{"self":[{"href":"https:\/\/homeproject.fr\/fr\/wp-json\/wp\/v2\/product\/15100","targetHints":{"allow":["GET"]}}],"collection":[{"href":"https:\/\/homeproject.fr\/fr\/wp-json\/wp\/v2\/product"}],"about":[{"href":"https:\/\/homeproject.fr\/fr\/wp-json\/wp\/v2\/types\/product"}],"version-history":[{"count":1,"href":"https:\/\/homeproject.fr\/fr\/wp-json\/wp\/v2\/product\/15100\/revisions"}],"predecessor-version":[{"id":15104,"href":"https:\/\/homeproject.fr\/fr\/wp-json\/wp\/v2\/product\/15100\/revisions\/15104"}],"wp:featuredmedia":[{"embeddable":true,"href":"https:\/\/homeproject.fr\/fr\/wp-json\/wp\/v2\/media\/15101"}],"wp:attachment":[{"href":"https:\/\/homeproject.fr\/fr\/wp-json\/wp\/v2\/media?parent=15100"}],"wp:term":[{"taxonomy":"product_brand","embeddable":true,"href":"https:\/\/homeproject.fr\/fr\/wp-json\/wp\/v2\/product_brand?post=15100"},{"taxonomy":"product_cat","embeddable":true,"href":"https:\/\/homeproject.fr\/fr\/wp-json\/wp\/v2\/product_cat?post=15100"},{"taxonomy":"product_tag","embeddable":true,"href":"https:\/\/homeproject.fr\/fr\/wp-json\/wp\/v2\/product_tag?post=15100"}],"curies":[{"name":"wp","href":"https:\/\/api.w.org\/{rel}","templated":true}]}}