{"id":15083,"date":"2025-08-21T12:18:14","date_gmt":"2025-08-21T12:18:14","guid":{"rendered":"https:\/\/homeproject.fr\/fr\/?post_type=product&#038;p=15083"},"modified":"2025-08-21T14:19:10","modified_gmt":"2025-08-21T14:19:10","slug":"carrelage-florim-sensiterre-mattone-grana-antiderapant-120x120-r11-9mm","status":"publish","type":"product","link":"https:\/\/homeproject.fr\/fr\/produit\/carrelage-florim-sensiterre-mattone-grana-antiderapant-120x120-r11-9mm\/","title":{"rendered":"Carrelage Florim SensiTerre Mattone Grana Antid\u00e9rapant 120&#215;120 R11 9mm"},"content":{"rendered":"<p><strong><a href=\"https:\/\/homeproject.fr\/fr\/produit\/echantillon-carrelage-florim-sensiterre-mattone-grana-antiderapant-r11\/\">Commander un \u00e9chantillon<\/a><\/strong><\/p>\n<h3 data-start=\"913\" data-end=\"948\"><strong data-start=\"917\" data-end=\"948\">Caract\u00e9ristiques techniques<\/strong><\/h3>\n<div class=\"_tableContainer_1rjym_1\">\n<div class=\"_tableWrapper_1rjym_13 group flex w-fit flex-col-reverse\" tabindex=\"-1\">\n<table class=\"w-fit min-w-(--thread-content-width)\" data-start=\"950\" data-end=\"1963\">\n<thead data-start=\"950\" data-end=\"1027\">\n<tr data-start=\"950\" data-end=\"1027\">\n<th data-start=\"950\" data-end=\"978\" data-col-size=\"sm\"><strong data-start=\"952\" data-end=\"970\">Sp\u00e9cifications<\/strong><\/th>\n<th data-start=\"978\" data-end=\"1027\" data-col-size=\"md\"><strong data-start=\"980\" data-end=\"991\">D\u00e9tails<\/strong><\/th>\n<\/tr>\n<\/thead>\n<tbody data-start=\"1106\" data-end=\"1963\">\n<tr data-start=\"1106\" data-end=\"1183\">\n<td data-start=\"1106\" data-end=\"1134\" data-col-size=\"sm\">Marque<\/td>\n<td data-col-size=\"md\" data-start=\"1134\" data-end=\"1183\">Florim<\/td>\n<\/tr>\n<tr data-start=\"1184\" data-end=\"1261\">\n<td data-start=\"1184\" data-end=\"1212\" data-col-size=\"sm\">Collection<\/td>\n<td data-col-size=\"md\" data-start=\"1212\" data-end=\"1261\">SensiTerre<\/td>\n<\/tr>\n<tr data-start=\"1262\" data-end=\"1339\">\n<td data-start=\"1262\" data-end=\"1290\" data-col-size=\"sm\">Mod\u00e8le<\/td>\n<td data-col-size=\"md\" data-start=\"1290\" data-end=\"1339\">Mattone Grana<\/td>\n<\/tr>\n<tr data-start=\"1340\" data-end=\"1417\">\n<td data-start=\"1340\" data-end=\"1368\" data-col-size=\"sm\">Format<\/td>\n<td data-col-size=\"md\" data-start=\"1368\" data-end=\"1417\">120 \u00d7 120 cm<\/td>\n<\/tr>\n<tr data-start=\"1418\" data-end=\"1495\">\n<td data-start=\"1418\" data-end=\"1446\" data-col-size=\"sm\">\u00c9paisseur<\/td>\n<td data-col-size=\"md\" data-start=\"1446\" data-end=\"1495\">9 mm<\/td>\n<\/tr>\n<tr data-start=\"1496\" data-end=\"1573\">\n<td data-start=\"1496\" data-end=\"1524\" data-col-size=\"sm\">Finition<\/td>\n<td data-col-size=\"md\" data-start=\"1524\" data-end=\"1573\">Structur\u00e9e \/ Antid\u00e9rapante<\/td>\n<\/tr>\n<tr data-start=\"1574\" data-end=\"1651\">\n<td data-start=\"1574\" data-end=\"1602\" data-col-size=\"sm\">Classe antid\u00e9rapance<\/td>\n<td data-col-size=\"md\" data-start=\"1602\" data-end=\"1651\">R11 \u2013 usage intensif, zones humides<\/td>\n<\/tr>\n<tr data-start=\"1652\" data-end=\"1729\">\n<td data-start=\"1652\" data-end=\"1680\" data-col-size=\"sm\">Teinte<\/td>\n<td data-col-size=\"md\" data-start=\"1680\" data-end=\"1729\">Mattone \u2013 Terre cuite naturelle<\/td>\n<\/tr>\n<tr data-start=\"1730\" data-end=\"1807\">\n<td data-start=\"1730\" data-end=\"1758\" data-col-size=\"sm\">Rectifi\u00e9<\/td>\n<td data-col-size=\"md\" data-start=\"1758\" data-end=\"1807\">Oui \u2013 pour des joints fins et r\u00e9guliers<\/td>\n<\/tr>\n<tr data-start=\"1808\" data-end=\"1885\">\n<td data-start=\"1808\" data-end=\"1836\" data-col-size=\"sm\">Utilisation<\/td>\n<td data-col-size=\"md\" data-start=\"1836\" data-end=\"1885\">Sols ext\u00e9rieurs, piscines, terrasses, douches<\/td>\n<\/tr>\n<tr data-start=\"1886\" data-end=\"1963\">\n<td data-start=\"1886\" data-end=\"1914\" data-col-size=\"sm\">R\u00e9sistance<\/td>\n<td data-col-size=\"md\" data-start=\"1914\" data-end=\"1963\">Ing\u00e9lif, antitache, facile d\u2019entretien<\/td>\n<\/tr>\n<\/tbody>\n<\/table>\n<\/div>\n<\/div>\n<h3 data-start=\"1970\" data-end=\"1992\"><strong data-start=\"1974\" data-end=\"1992\">Atouts produit<\/strong><\/h3>\n<ul data-start=\"1993\" data-end=\"2356\">\n<li data-start=\"1993\" data-end=\"2082\">\n<p data-start=\"1995\" data-end=\"2082\"><strong data-start=\"1995\" data-end=\"2024\">Surface R11 antid\u00e9rapante<\/strong> : parfaite pour zones expos\u00e9es \u00e0 l\u2019eau ou \u00e0 l\u2019humidit\u00e9.<\/p>\n<\/li>\n<li data-start=\"2083\" data-end=\"2158\">\n<p data-start=\"2085\" data-end=\"2158\"><strong data-start=\"2085\" data-end=\"2103\">Look artisanal<\/strong> : une finition textur\u00e9e qui \u00e9voque la mati\u00e8re brute.<\/p>\n<\/li>\n<li data-start=\"2159\" data-end=\"2251\">\n<p data-start=\"2161\" data-end=\"2251\"><strong data-start=\"2161\" data-end=\"2190\">Durabilit\u00e9 exceptionnelle<\/strong> : id\u00e9al pour un usage r\u00e9sidentiel ou commercial ext\u00e9rieur.<\/p>\n<\/li>\n<li data-start=\"2252\" data-end=\"2356\">\n<p data-start=\"2254\" data-end=\"2356\"><strong data-start=\"2254\" data-end=\"2278\">Esth\u00e9tique naturelle<\/strong> : une nuance chaude et authentique qui se marie avec bois, pierre et b\u00e9ton.<\/p>\n<\/li>\n<\/ul>\n<hr data-start=\"2358\" data-end=\"2361\" \/>\n<h3 data-start=\"2363\" data-end=\"2393\"><strong data-start=\"2367\" data-end=\"2393\">Domaines d\u2019application<\/strong><\/h3>\n<ul data-start=\"2394\" data-end=\"2554\">\n<li data-start=\"2394\" data-end=\"2415\">\n<p data-start=\"2396\" data-end=\"2415\">Plages de piscine<\/p>\n<\/li>\n<li data-start=\"2416\" data-end=\"2440\">\n<p data-start=\"2418\" data-end=\"2440\">Terrasses et balcons<\/p>\n<\/li>\n<li data-start=\"2441\" data-end=\"2465\">\n<p data-start=\"2443\" data-end=\"2465\">Escaliers ext\u00e9rieurs<\/p>\n<\/li>\n<li data-start=\"2466\" data-end=\"2503\">\n<p data-start=\"2468\" data-end=\"2503\">Douches italiennes, spas, hammams<\/p>\n<\/li>\n<li data-start=\"2504\" data-end=\"2554\">\n<p data-start=\"2506\" data-end=\"2554\">Espaces publics \u00e0 forte fr\u00e9quentation ext\u00e9rieure<\/p>\n<\/li>\n<\/ul>\n<hr data-start=\"2837\" data-end=\"2840\" \/>\n<h3 data-start=\"2842\" data-end=\"2878\"><strong data-start=\"2846\" data-end=\"2878\">Une collection sign\u00e9e Florim<\/strong><\/h3>\n<p data-start=\"2879\" data-end=\"3117\">La gamme <strong data-start=\"2888\" data-end=\"2902\">SensiTerre<\/strong> de Florim est n\u00e9e d\u2019un dialogue entre tradition artisanale et innovation industrielle. Le mod\u00e8le <strong data-start=\"3000\" data-end=\"3021\">Mattone Grana R11<\/strong> incarne cette philosophie en alliant <strong data-start=\"3059\" data-end=\"3071\">s\u00e9curit\u00e9<\/strong>, <strong data-start=\"3073\" data-end=\"3094\">texture naturelle<\/strong> et <strong data-start=\"3098\" data-end=\"3116\">design italien<\/strong><\/p>\n<h3 data-start=\"1054\" data-end=\"1087\"><strong style=\"font-family: inherit; font-size: 30px;\">Vous avez des questions ?<\/strong><\/h3>\n<style id=\"wpforms-css-vars-3675\">\n\t\t\t\t#wpforms-3675 {\n\t\t\t\t\n\t\t\t}\n\t\t\t<\/style><div class=\"wpforms-container wpforms-container-full wpforms-render-modern\" id=\"wpforms-3675\"><form id=\"wpforms-form-3675\" class=\"wpforms-validate wpforms-form wpforms-ajax-form\" data-formid=\"3675\" method=\"post\" enctype=\"multipart\/form-data\" action=\"\/fr\/wp-json\/wp\/v2\/product\/15083\" data-token=\"86cfa3cd8fc4572532d762e2357ac556\" data-token-time=\"1777821191\"><noscript class=\"wpforms-error-noscript\">Veuillez activer JavaScript dans votre navigateur pour remplir ce formulaire.<\/noscript><div id=\"wpforms-error-noscript\" style=\"display: none;\">Veuillez activer JavaScript dans votre navigateur pour remplir ce formulaire.<\/div><div class=\"wpforms-field-container\"><div id=\"wpforms-3675-field_3-container\" class=\"wpforms-field wpforms-field-name\" data-field-id=\"3\"><fieldset><legend class=\"wpforms-field-label\">Nom <span class=\"wpforms-required-label\" aria-hidden=\"true\">*<\/span><\/legend><div class=\"wpforms-field-row wpforms-field-medium\"><div class=\"wpforms-field-row-block wpforms-first wpforms-one-half\"><input type=\"text\" id=\"wpforms-3675-field_3\" class=\"wpforms-field-name-first wpforms-field-required\" name=\"wpforms[fields][3][first]\" aria-errormessage=\"wpforms-3675-field_3-error\" required><label for=\"wpforms-3675-field_3\" class=\"wpforms-field-sublabel after\">Pr\u00e9nom<\/label><\/div><div class=\"wpforms-field-row-block wpforms-one-half\"><input type=\"text\" id=\"wpforms-3675-field_3-last\" class=\"wpforms-field-name-last wpforms-field-required\" name=\"wpforms[fields][3][last]\" aria-errormessage=\"wpforms-3675-field_3-last-error\" required><label for=\"wpforms-3675-field_3-last\" class=\"wpforms-field-sublabel after\">Nom<\/label><\/div><\/div><\/fieldset><\/div>\t\t<div id=\"wpforms-3675-field_1-container\"\n\t\t\tclass=\"wpforms-field wpforms-field-text\"\n\t\t\tdata-field-type=\"text\"\n\t\t\tdata-field-id=\"1\"\n\t\t\t>\n\t\t\t<label class=\"wpforms-field-label\" for=\"wpforms-3675-field_1\" >Nom E-mail Message<\/label>\n\t\t\t<input type=\"text\" id=\"wpforms-3675-field_1\" class=\"wpforms-field-medium\" name=\"wpforms[fields][1]\" >\n\t\t<\/div>\n\t\t<div id=\"wpforms-3675-field_4-container\" class=\"wpforms-field wpforms-field-email\" data-field-id=\"4\"><label class=\"wpforms-field-label\" for=\"wpforms-3675-field_4\">E-mail <span class=\"wpforms-required-label\" aria-hidden=\"true\">*<\/span><\/label><input type=\"email\" id=\"wpforms-3675-field_4\" class=\"wpforms-field-medium wpforms-field-required\" name=\"wpforms[fields][4]\" spellcheck=\"false\" aria-errormessage=\"wpforms-3675-field_4-error\" required><\/div><div id=\"wpforms-3675-field_5-container\" class=\"wpforms-field wpforms-field-textarea\" data-field-id=\"5\"><label class=\"wpforms-field-label\" for=\"wpforms-3675-field_5\">Message <span class=\"wpforms-required-label\" aria-hidden=\"true\">*<\/span><\/label><textarea id=\"wpforms-3675-field_5\" class=\"wpforms-field-medium wpforms-field-required\" name=\"wpforms[fields][5]\" aria-errormessage=\"wpforms-3675-field_5-error\" required><\/textarea><\/div><script>\n\t\t\t\t( function() {\n\t\t\t\t\tconst style = document.createElement( 'style' );\n\t\t\t\t\tstyle.appendChild( document.createTextNode( '#wpforms-3675-field_1-container { position: absolute !important; overflow: hidden !important; display: inline !important; height: 1px !important; width: 1px !important; z-index: -1000 !important; padding: 0 !important; } #wpforms-3675-field_1-container input { visibility: hidden; } #wpforms-conversational-form-page #wpforms-3675-field_1-container label { counter-increment: none; }' ) );\n\t\t\t\t\tdocument.head.appendChild( style );\n\t\t\t\t\tdocument.currentScript?.remove();\n\t\t\t\t} )();\n\t\t\t<\/script><\/div><!-- .wpforms-field-container --><div class=\"wpforms-submit-container\" ><input type=\"hidden\" name=\"wpforms[id]\" value=\"3675\"><input type=\"hidden\" name=\"page_title\" value=\"\"><input type=\"hidden\" name=\"page_url\" value=\"https:\/\/homeproject.fr\/fr\/wp-json\/wp\/v2\/product\/15083\"><input type=\"hidden\" name=\"url_referer\" value=\"\"><button type=\"submit\" name=\"wpforms[submit]\" id=\"wpforms-submit-3675\" class=\"wpforms-submit\" data-alt-text=\"Envoi...\" data-submit-text=\"Envoyer\" aria-live=\"assertive\" value=\"wpforms-submit\">Envoyer<\/button><img decoding=\"async\" src=\"https:\/\/homeproject.fr\/fr\/wp-content\/plugins\/wpforms-lite\/assets\/images\/submit-spin.svg\" class=\"wpforms-submit-spinner\" style=\"display: none;\" width=\"26\" height=\"26\" alt=\"Chargement en cours\"><\/div><\/form><\/div>  <!-- .wpforms-container -->\n","protected":false},"excerpt":{"rendered":"<p data-start=\"312\" data-end=\"725\">Le carrelage <strong data-start=\"325\" data-end=\"360\">Florim SensiTerre Mattone Grana<\/strong> est l\u2019expression brute et min\u00e9rale de la terre cuite revisit\u00e9e. Sa finition <strong data-start=\"437\" data-end=\"452\">antid\u00e9rapante R11<\/strong> le rend id\u00e9al pour les espaces ext\u00e9rieurs ou humides, tout en conservant l\u2019esth\u00e9tique chaleureuse et artisanale de la gamme SensiTerre. Avec son <strong data-start=\"598\" data-end=\"625\">grand format 120\u00d7120 cm<\/strong>, il sublime les surfaces en r\u00e9duisant les joints, cr\u00e9ant ainsi un rendu harmonieux et contemporain.<\/p>\n<p data-start=\"727\" data-end=\"906\">Pens\u00e9e pour durer, sa surface structur\u00e9e et sa <strong data-start=\"774\" data-end=\"793\">couleur Mattone<\/strong> \u00e9voquent les sols m\u00e9diterran\u00e9ens d\u2019antan tout en r\u00e9pondant aux exigences modernes de s\u00e9curit\u00e9 et de performance.<\/p>\n","protected":false},"featured_media":15084,"template":"","meta":{"_uf_show_specific_survey":0,"_uf_disable_surveys":false,"iawp_total_views":14},"product_brand":[607],"product_cat":[123,20,128,502],"product_tag":[],"class_list":{"0":"post-15083","1":"product","2":"type-product","3":"status-publish","4":"has-post-thumbnail","6":"product_brand-florim","7":"product_cat-aspect-beton","8":"product_cat-carrelage","9":"product_cat-exterieur","10":"product_cat-terre-cuite","11":"product_shipping_class-carrelage","12":"pa_collection-sensiterre-par-florim","13":"pa_designer-matteo-thun","14":"pa_dimensions-nominales-120x120","15":"pa_effet-beton","16":"pa_effet-terre-cuite","17":"pa_epaisseur-9mm","18":"pa_marque-florim","19":"pa_materiau-gres-cerame-non-emaille","21":"first","22":"instock","23":"sale","24":"taxable","25":"shipping-taxable","26":"purchasable","27":"product-type-simple"},"yoast_head":"<!-- This site is optimized with the Yoast SEO plugin v27.5 - https:\/\/yoast.com\/product\/yoast-seo-wordpress\/ -->\n<title>Carrelage Florim SensiTerre Mattone Grana Antid\u00e9rapant 120x120 R11 9mm - Homeproject.fr<\/title>\n<meta name=\"robots\" content=\"index, follow, max-snippet:-1, max-image-preview:large, max-video-preview:-1\" \/>\n<link rel=\"canonical\" href=\"https:\/\/homeproject.fr\/fr\/produit\/carrelage-florim-sensiterre-mattone-grana-antiderapant-120x120-r11-9mm\/\" \/>\n<meta property=\"og:locale\" content=\"fr_FR\" \/>\n<meta property=\"og:type\" content=\"article\" \/>\n<meta property=\"og:title\" content=\"Carrelage Florim SensiTerre Mattone Grana Antid\u00e9rapant 120x120 R11 9mm - Homeproject.fr\" \/>\n<meta property=\"og:description\" content=\"Le carrelage Florim SensiTerre Mattone Grana est l\u2019expression brute et min\u00e9rale de la terre cuite revisit\u00e9e. Sa finition antid\u00e9rapante R11 le rend id\u00e9al pour les espaces ext\u00e9rieurs ou humides, tout en conservant l\u2019esth\u00e9tique chaleureuse et artisanale de la gamme SensiTerre. Avec son grand format 120\u00d7120 cm, il sublime les surfaces en r\u00e9duisant les joints, cr\u00e9ant ainsi un rendu harmonieux et contemporain. Pens\u00e9e pour durer, sa surface structur\u00e9e et sa couleur Mattone \u00e9voquent les sols m\u00e9diterran\u00e9ens d\u2019antan tout en r\u00e9pondant aux exigences modernes de s\u00e9curit\u00e9 et de performance.\" \/>\n<meta property=\"og:url\" content=\"https:\/\/homeproject.fr\/fr\/produit\/carrelage-florim-sensiterre-mattone-grana-antiderapant-120x120-r11-9mm\/\" \/>\n<meta property=\"og:site_name\" content=\"Homeproject.fr\" \/>\n<meta property=\"article:modified_time\" content=\"2025-08-21T14:19:10+00:00\" \/>\n<meta property=\"og:image\" content=\"https:\/\/homeproject.fr\/fr\/wp-content\/uploads\/2025\/08\/Carrelage-contemporain-aspect-terre-cuite-grand-format-SensiTerre-Florim-Mattone-Grana-antiderapant-120x120-R11-781539.jpg\" \/>\n\t<meta property=\"og:image:width\" content=\"1500\" \/>\n\t<meta property=\"og:image:height\" content=\"1500\" \/>\n\t<meta property=\"og:image:type\" content=\"image\/jpeg\" \/>\n<meta name=\"twitter:card\" content=\"summary_large_image\" \/>\n<meta name=\"twitter:label1\" content=\"Dur\u00e9e de lecture estim\u00e9e\" \/>\n\t<meta name=\"twitter:data1\" content=\"2 minutes\" \/>\n<script type=\"application\/ld+json\" class=\"yoast-schema-graph\">{\"@context\":\"https:\\\/\\\/schema.org\",\"@graph\":[{\"@type\":\"WebPage\",\"@id\":\"https:\\\/\\\/homeproject.fr\\\/fr\\\/produit\\\/carrelage-florim-sensiterre-mattone-grana-antiderapant-120x120-r11-9mm\\\/\",\"url\":\"https:\\\/\\\/homeproject.fr\\\/fr\\\/produit\\\/carrelage-florim-sensiterre-mattone-grana-antiderapant-120x120-r11-9mm\\\/\",\"name\":\"Carrelage Florim SensiTerre Mattone Grana Antid\u00e9rapant 120x120 R11 9mm - Homeproject.fr\",\"isPartOf\":{\"@id\":\"https:\\\/\\\/homeproject.fr\\\/fr\\\/#website\"},\"primaryImageOfPage\":{\"@id\":\"https:\\\/\\\/homeproject.fr\\\/fr\\\/produit\\\/carrelage-florim-sensiterre-mattone-grana-antiderapant-120x120-r11-9mm\\\/#primaryimage\"},\"image\":{\"@id\":\"https:\\\/\\\/homeproject.fr\\\/fr\\\/produit\\\/carrelage-florim-sensiterre-mattone-grana-antiderapant-120x120-r11-9mm\\\/#primaryimage\"},\"thumbnailUrl\":\"https:\\\/\\\/homeproject.fr\\\/fr\\\/wp-content\\\/uploads\\\/2025\\\/08\\\/Carrelage-contemporain-aspect-terre-cuite-grand-format-SensiTerre-Florim-Mattone-Grana-antiderapant-120x120-R11-781539.jpg\",\"datePublished\":\"2025-08-21T12:18:14+00:00\",\"dateModified\":\"2025-08-21T14:19:10+00:00\",\"breadcrumb\":{\"@id\":\"https:\\\/\\\/homeproject.fr\\\/fr\\\/produit\\\/carrelage-florim-sensiterre-mattone-grana-antiderapant-120x120-r11-9mm\\\/#breadcrumb\"},\"inLanguage\":\"fr-FR\",\"potentialAction\":[{\"@type\":\"ReadAction\",\"target\":[\"https:\\\/\\\/homeproject.fr\\\/fr\\\/produit\\\/carrelage-florim-sensiterre-mattone-grana-antiderapant-120x120-r11-9mm\\\/\"]}]},{\"@type\":\"ImageObject\",\"inLanguage\":\"fr-FR\",\"@id\":\"https:\\\/\\\/homeproject.fr\\\/fr\\\/produit\\\/carrelage-florim-sensiterre-mattone-grana-antiderapant-120x120-r11-9mm\\\/#primaryimage\",\"url\":\"https:\\\/\\\/homeproject.fr\\\/fr\\\/wp-content\\\/uploads\\\/2025\\\/08\\\/Carrelage-contemporain-aspect-terre-cuite-grand-format-SensiTerre-Florim-Mattone-Grana-antiderapant-120x120-R11-781539.jpg\",\"contentUrl\":\"https:\\\/\\\/homeproject.fr\\\/fr\\\/wp-content\\\/uploads\\\/2025\\\/08\\\/Carrelage-contemporain-aspect-terre-cuite-grand-format-SensiTerre-Florim-Mattone-Grana-antiderapant-120x120-R11-781539.jpg\",\"width\":1500,\"height\":1500},{\"@type\":\"BreadcrumbList\",\"@id\":\"https:\\\/\\\/homeproject.fr\\\/fr\\\/produit\\\/carrelage-florim-sensiterre-mattone-grana-antiderapant-120x120-r11-9mm\\\/#breadcrumb\",\"itemListElement\":[{\"@type\":\"ListItem\",\"position\":1,\"name\":\"Accueil\",\"item\":\"https:\\\/\\\/homeproject.fr\\\/fr\\\/\"},{\"@type\":\"ListItem\",\"position\":2,\"name\":\"Boutique\",\"item\":\"https:\\\/\\\/homeproject.fr\\\/fr\\\/boutique\\\/\"},{\"@type\":\"ListItem\",\"position\":3,\"name\":\"Carrelage Florim SensiTerre Mattone Grana Antid\u00e9rapant 120&#215;120 R11 9mm\"}]},{\"@type\":\"WebSite\",\"@id\":\"https:\\\/\\\/homeproject.fr\\\/fr\\\/#website\",\"url\":\"https:\\\/\\\/homeproject.fr\\\/fr\\\/\",\"name\":\"Homeproject.fr\",\"description\":\"Offrez l&#039;exceptionnel \u00e0 vos espaces \u00e0 vivre\",\"publisher\":{\"@id\":\"https:\\\/\\\/homeproject.fr\\\/fr\\\/#organization\"},\"potentialAction\":[{\"@type\":\"SearchAction\",\"target\":{\"@type\":\"EntryPoint\",\"urlTemplate\":\"https:\\\/\\\/homeproject.fr\\\/fr\\\/?s={search_term_string}\"},\"query-input\":{\"@type\":\"PropertyValueSpecification\",\"valueRequired\":true,\"valueName\":\"search_term_string\"}}],\"inLanguage\":\"fr-FR\"},{\"@type\":\"Organization\",\"@id\":\"https:\\\/\\\/homeproject.fr\\\/fr\\\/#organization\",\"name\":\"Homeproject.fr\",\"url\":\"https:\\\/\\\/homeproject.fr\\\/fr\\\/\",\"logo\":{\"@type\":\"ImageObject\",\"inLanguage\":\"fr-FR\",\"@id\":\"https:\\\/\\\/homeproject.fr\\\/fr\\\/#\\\/schema\\\/logo\\\/image\\\/\",\"url\":\"https:\\\/\\\/homeproject.fr\\\/fr\\\/wp-content\\\/uploads\\\/2024\\\/12\\\/Logo_HomeProject-noir-2.png\",\"contentUrl\":\"https:\\\/\\\/homeproject.fr\\\/fr\\\/wp-content\\\/uploads\\\/2024\\\/12\\\/Logo_HomeProject-noir-2.png\",\"width\":300,\"height\":91,\"caption\":\"Homeproject.fr\"},\"image\":{\"@id\":\"https:\\\/\\\/homeproject.fr\\\/fr\\\/#\\\/schema\\\/logo\\\/image\\\/\"}}]}<\/script>\n<!-- \/ Yoast SEO plugin. -->","yoast_head_json":{"title":"Carrelage Florim SensiTerre Mattone Grana Antid\u00e9rapant 120x120 R11 9mm - Homeproject.fr","robots":{"index":"index","follow":"follow","max-snippet":"max-snippet:-1","max-image-preview":"max-image-preview:large","max-video-preview":"max-video-preview:-1"},"canonical":"https:\/\/homeproject.fr\/fr\/produit\/carrelage-florim-sensiterre-mattone-grana-antiderapant-120x120-r11-9mm\/","og_locale":"fr_FR","og_type":"article","og_title":"Carrelage Florim SensiTerre Mattone Grana Antid\u00e9rapant 120x120 R11 9mm - Homeproject.fr","og_description":"Le carrelage Florim SensiTerre Mattone Grana est l\u2019expression brute et min\u00e9rale de la terre cuite revisit\u00e9e. Sa finition antid\u00e9rapante R11 le rend id\u00e9al pour les espaces ext\u00e9rieurs ou humides, tout en conservant l\u2019esth\u00e9tique chaleureuse et artisanale de la gamme SensiTerre. Avec son grand format 120\u00d7120 cm, il sublime les surfaces en r\u00e9duisant les joints, cr\u00e9ant ainsi un rendu harmonieux et contemporain. Pens\u00e9e pour durer, sa surface structur\u00e9e et sa couleur Mattone \u00e9voquent les sols m\u00e9diterran\u00e9ens d\u2019antan tout en r\u00e9pondant aux exigences modernes de s\u00e9curit\u00e9 et de performance.","og_url":"https:\/\/homeproject.fr\/fr\/produit\/carrelage-florim-sensiterre-mattone-grana-antiderapant-120x120-r11-9mm\/","og_site_name":"Homeproject.fr","article_modified_time":"2025-08-21T14:19:10+00:00","og_image":[{"width":1500,"height":1500,"url":"https:\/\/homeproject.fr\/fr\/wp-content\/uploads\/2025\/08\/Carrelage-contemporain-aspect-terre-cuite-grand-format-SensiTerre-Florim-Mattone-Grana-antiderapant-120x120-R11-781539.jpg","type":"image\/jpeg"}],"twitter_card":"summary_large_image","twitter_misc":{"Dur\u00e9e de lecture estim\u00e9e":"2 minutes"},"schema":{"@context":"https:\/\/schema.org","@graph":[{"@type":"WebPage","@id":"https:\/\/homeproject.fr\/fr\/produit\/carrelage-florim-sensiterre-mattone-grana-antiderapant-120x120-r11-9mm\/","url":"https:\/\/homeproject.fr\/fr\/produit\/carrelage-florim-sensiterre-mattone-grana-antiderapant-120x120-r11-9mm\/","name":"Carrelage Florim SensiTerre Mattone Grana Antid\u00e9rapant 120x120 R11 9mm - Homeproject.fr","isPartOf":{"@id":"https:\/\/homeproject.fr\/fr\/#website"},"primaryImageOfPage":{"@id":"https:\/\/homeproject.fr\/fr\/produit\/carrelage-florim-sensiterre-mattone-grana-antiderapant-120x120-r11-9mm\/#primaryimage"},"image":{"@id":"https:\/\/homeproject.fr\/fr\/produit\/carrelage-florim-sensiterre-mattone-grana-antiderapant-120x120-r11-9mm\/#primaryimage"},"thumbnailUrl":"https:\/\/homeproject.fr\/fr\/wp-content\/uploads\/2025\/08\/Carrelage-contemporain-aspect-terre-cuite-grand-format-SensiTerre-Florim-Mattone-Grana-antiderapant-120x120-R11-781539.jpg","datePublished":"2025-08-21T12:18:14+00:00","dateModified":"2025-08-21T14:19:10+00:00","breadcrumb":{"@id":"https:\/\/homeproject.fr\/fr\/produit\/carrelage-florim-sensiterre-mattone-grana-antiderapant-120x120-r11-9mm\/#breadcrumb"},"inLanguage":"fr-FR","potentialAction":[{"@type":"ReadAction","target":["https:\/\/homeproject.fr\/fr\/produit\/carrelage-florim-sensiterre-mattone-grana-antiderapant-120x120-r11-9mm\/"]}]},{"@type":"ImageObject","inLanguage":"fr-FR","@id":"https:\/\/homeproject.fr\/fr\/produit\/carrelage-florim-sensiterre-mattone-grana-antiderapant-120x120-r11-9mm\/#primaryimage","url":"https:\/\/homeproject.fr\/fr\/wp-content\/uploads\/2025\/08\/Carrelage-contemporain-aspect-terre-cuite-grand-format-SensiTerre-Florim-Mattone-Grana-antiderapant-120x120-R11-781539.jpg","contentUrl":"https:\/\/homeproject.fr\/fr\/wp-content\/uploads\/2025\/08\/Carrelage-contemporain-aspect-terre-cuite-grand-format-SensiTerre-Florim-Mattone-Grana-antiderapant-120x120-R11-781539.jpg","width":1500,"height":1500},{"@type":"BreadcrumbList","@id":"https:\/\/homeproject.fr\/fr\/produit\/carrelage-florim-sensiterre-mattone-grana-antiderapant-120x120-r11-9mm\/#breadcrumb","itemListElement":[{"@type":"ListItem","position":1,"name":"Accueil","item":"https:\/\/homeproject.fr\/fr\/"},{"@type":"ListItem","position":2,"name":"Boutique","item":"https:\/\/homeproject.fr\/fr\/boutique\/"},{"@type":"ListItem","position":3,"name":"Carrelage Florim SensiTerre Mattone Grana Antid\u00e9rapant 120&#215;120 R11 9mm"}]},{"@type":"WebSite","@id":"https:\/\/homeproject.fr\/fr\/#website","url":"https:\/\/homeproject.fr\/fr\/","name":"Homeproject.fr","description":"Offrez l&#039;exceptionnel \u00e0 vos espaces \u00e0 vivre","publisher":{"@id":"https:\/\/homeproject.fr\/fr\/#organization"},"potentialAction":[{"@type":"SearchAction","target":{"@type":"EntryPoint","urlTemplate":"https:\/\/homeproject.fr\/fr\/?s={search_term_string}"},"query-input":{"@type":"PropertyValueSpecification","valueRequired":true,"valueName":"search_term_string"}}],"inLanguage":"fr-FR"},{"@type":"Organization","@id":"https:\/\/homeproject.fr\/fr\/#organization","name":"Homeproject.fr","url":"https:\/\/homeproject.fr\/fr\/","logo":{"@type":"ImageObject","inLanguage":"fr-FR","@id":"https:\/\/homeproject.fr\/fr\/#\/schema\/logo\/image\/","url":"https:\/\/homeproject.fr\/fr\/wp-content\/uploads\/2024\/12\/Logo_HomeProject-noir-2.png","contentUrl":"https:\/\/homeproject.fr\/fr\/wp-content\/uploads\/2024\/12\/Logo_HomeProject-noir-2.png","width":300,"height":91,"caption":"Homeproject.fr"},"image":{"@id":"https:\/\/homeproject.fr\/fr\/#\/schema\/logo\/image\/"}}]}},"_links":{"self":[{"href":"https:\/\/homeproject.fr\/fr\/wp-json\/wp\/v2\/product\/15083","targetHints":{"allow":["GET"]}}],"collection":[{"href":"https:\/\/homeproject.fr\/fr\/wp-json\/wp\/v2\/product"}],"about":[{"href":"https:\/\/homeproject.fr\/fr\/wp-json\/wp\/v2\/types\/product"}],"version-history":[{"count":2,"href":"https:\/\/homeproject.fr\/fr\/wp-json\/wp\/v2\/product\/15083\/revisions"}],"predecessor-version":[{"id":15103,"href":"https:\/\/homeproject.fr\/fr\/wp-json\/wp\/v2\/product\/15083\/revisions\/15103"}],"wp:featuredmedia":[{"embeddable":true,"href":"https:\/\/homeproject.fr\/fr\/wp-json\/wp\/v2\/media\/15084"}],"wp:attachment":[{"href":"https:\/\/homeproject.fr\/fr\/wp-json\/wp\/v2\/media?parent=15083"}],"wp:term":[{"taxonomy":"product_brand","embeddable":true,"href":"https:\/\/homeproject.fr\/fr\/wp-json\/wp\/v2\/product_brand?post=15083"},{"taxonomy":"product_cat","embeddable":true,"href":"https:\/\/homeproject.fr\/fr\/wp-json\/wp\/v2\/product_cat?post=15083"},{"taxonomy":"product_tag","embeddable":true,"href":"https:\/\/homeproject.fr\/fr\/wp-json\/wp\/v2\/product_tag?post=15083"}],"curies":[{"name":"wp","href":"https:\/\/api.w.org\/{rel}","templated":true}]}}