{"id":13699,"date":"2025-06-07T09:17:22","date_gmt":"2025-06-07T09:17:22","guid":{"rendered":"https:\/\/homeproject.fr\/fr\/?post_type=product&#038;p=13699"},"modified":"2025-06-07T09:25:50","modified_gmt":"2025-06-07T09:25:50","slug":"carreau-en-terre-cuite-artisanale-20x20-cm-serie-ecologica","status":"publish","type":"product","link":"https:\/\/homeproject.fr\/fr\/produit\/carreau-en-terre-cuite-artisanale-20x20-cm-serie-ecologica\/","title":{"rendered":"Carreau en Terre Cuite Artisanale 20&#215;20 cm \u2013 S\u00e9rie Ecologica"},"content":{"rendered":"<p><strong><a href=\"https:\/\/homeproject.fr\/fr\/produit\/echantillon-terre-cuite-artisanale-carree-20x20-cm-serie-ecologica\/\">Commander un \u00e9chantillon<\/a><\/strong><\/p>\n<div class=\"flex max-w-full flex-col flex-grow\">\n<div class=\"min-h-8 text-message flex w-full flex-col items-end gap-2 whitespace-normal break-words text-start [.text-message+&]:mt-5\" dir=\"auto\" data-message-author-role=\"assistant\" data-message-id=\"fd2864f8-4d08-4e5b-8c3b-190065db2f0e\" data-message-model-slug=\"gpt-4o\">\n<div class=\"flex w-full flex-col gap-1 empty:hidden first:pt-[3px]\">\n<div class=\"markdown prose w-full break-words dark:prose-invert light\">\n<h3 data-start=\"948\" data-end=\"995\">\u2705 <strong data-start=\"954\" data-end=\"995\">Les points forts du format 20\u00d720 cm :<\/strong><\/h3>\n<ul data-start=\"996\" data-end=\"1413\">\n<li data-start=\"996\" data-end=\"1069\">\n<p data-start=\"998\" data-end=\"1069\"><strong data-start=\"998\" data-end=\"1040\">Terre cuite 100 % artisanale italienne<\/strong> : chaque carreau est unique.<\/p>\n<\/li>\n<li data-start=\"1070\" data-end=\"1141\">\n<p data-start=\"1072\" data-end=\"1141\"><strong data-start=\"1072\" data-end=\"1093\">Pr\u00e9traitement BIO<\/strong> : antitache, imperm\u00e9abilis\u00e9, simple \u00e0 nettoyer.<\/p>\n<\/li>\n<li data-start=\"1142\" data-end=\"1239\">\n<p data-start=\"1144\" data-end=\"1239\"><strong data-start=\"1144\" data-end=\"1159\">Pose facile<\/strong> : pas de traitement suppl\u00e9mentaire, compatible avec les colles traditionnelles.<\/p>\n<\/li>\n<li data-start=\"1240\" data-end=\"1334\">\n<p data-start=\"1242\" data-end=\"1334\"><strong data-start=\"1242\" data-end=\"1276\">Format classique et polyvalent<\/strong> : id\u00e9al pour sol ou mur, en int\u00e9rieur comme en ext\u00e9rieur.<\/p>\n<\/li>\n<li data-start=\"1335\" data-end=\"1413\">\n<p data-start=\"1337\" data-end=\"1413\"><strong data-start=\"1337\" data-end=\"1366\">Durabilit\u00e9 exceptionnelle<\/strong> : con\u00e7u pour traverser le temps avec \u00e9l\u00e9gance.<\/p>\n<\/li>\n<\/ul>\n<h3 data-start=\"1415\" data-end=\"1455\">\ud83d\udcd0 <strong data-start=\"1422\" data-end=\"1455\">Caract\u00e9ristiques techniques :<\/strong><\/h3>\n<ul data-start=\"1456\" data-end=\"1904\">\n<li data-start=\"1456\" data-end=\"1481\">\n<p data-start=\"1458\" data-end=\"1481\"><strong data-start=\"1458\" data-end=\"1468\">Format<\/strong> : 20\u00d720 cm<\/p>\n<\/li>\n<li data-start=\"1482\" data-end=\"1507\">\n<p data-start=\"1484\" data-end=\"1507\"><strong data-start=\"1484\" data-end=\"1497\">\u00c9paisseur<\/strong> : 20 mm<\/p>\n<\/li>\n<li data-start=\"1508\" data-end=\"1538\">\n<p data-start=\"1510\" data-end=\"1538\"><strong data-start=\"1510\" data-end=\"1522\">Finition<\/strong> : Mat<\/p>\n<\/li>\n<li data-start=\"1539\" data-end=\"1585\">\n<p data-start=\"1541\" data-end=\"1585\"><strong data-start=\"1541\" data-end=\"1552\">Couleur<\/strong> : Rose \/ Terre cuite naturelle<\/p>\n<\/li>\n<li data-start=\"1586\" data-end=\"1632\">\n<p data-start=\"1588\" data-end=\"1632\"><strong data-start=\"1588\" data-end=\"1597\">Style<\/strong> : Rustique, artisanal, fait main<\/p>\n<\/li>\n<li data-start=\"1684\" data-end=\"1742\">\n<p data-start=\"1686\" data-end=\"1742\"><strong data-start=\"1686\" data-end=\"1701\">Utilisation<\/strong> : Sols et murs \u2013 Int\u00e9rieur & Ext\u00e9rieur<\/p>\n<\/li>\n<li data-start=\"1743\" data-end=\"1821\">\n<p data-start=\"1745\" data-end=\"1821\"><strong data-start=\"1745\" data-end=\"1768\">Pi\u00e8ces recommand\u00e9es<\/strong> : Cuisine, Salle de bain, Chambre, Salon, Terrasse<\/p>\n<\/li>\n<li data-start=\"1822\" data-end=\"1844\">\n<p data-start=\"1824\" data-end=\"1844\"><strong data-start=\"1824\" data-end=\"1836\">Rectifi\u00e9<\/strong> : Non<\/p>\n<\/li>\n<\/ul>\n<h4 class=\"\" data-start=\"1028\" data-end=\"1062\"><strong style=\"font-family: inherit; font-size: 30px;\">Vous avez des questions ?<\/strong><\/h4>\n<\/div>\n<\/div>\n<\/div>\n<\/div>\n<style id=\"wpforms-css-vars-3675\">\n\t\t\t\t#wpforms-3675 {\n\t\t\t\t\n\t\t\t}\n\t\t\t<\/style><div class=\"wpforms-container wpforms-container-full wpforms-render-modern\" id=\"wpforms-3675\"><form id=\"wpforms-form-3675\" class=\"wpforms-validate wpforms-form wpforms-ajax-form\" data-formid=\"3675\" method=\"post\" enctype=\"multipart\/form-data\" action=\"\/fr\/wp-json\/wp\/v2\/product\/13699\" data-token=\"86cfa3cd8fc4572532d762e2357ac556\" data-token-time=\"1777815195\"><noscript class=\"wpforms-error-noscript\">Veuillez activer JavaScript dans votre navigateur pour remplir ce formulaire.<\/noscript><div id=\"wpforms-error-noscript\" style=\"display: none;\">Veuillez activer JavaScript dans votre navigateur pour remplir ce formulaire.<\/div><div class=\"wpforms-field-container\"><div id=\"wpforms-3675-field_3-container\" class=\"wpforms-field wpforms-field-name\" data-field-id=\"3\"><fieldset><legend class=\"wpforms-field-label\">Nom <span class=\"wpforms-required-label\" aria-hidden=\"true\">*<\/span><\/legend><div class=\"wpforms-field-row wpforms-field-medium\"><div class=\"wpforms-field-row-block wpforms-first wpforms-one-half\"><input type=\"text\" id=\"wpforms-3675-field_3\" class=\"wpforms-field-name-first wpforms-field-required\" name=\"wpforms[fields][3][first]\" aria-errormessage=\"wpforms-3675-field_3-error\" required><label for=\"wpforms-3675-field_3\" class=\"wpforms-field-sublabel after\">Pr\u00e9nom<\/label><\/div><div class=\"wpforms-field-row-block wpforms-one-half\"><input type=\"text\" id=\"wpforms-3675-field_3-last\" class=\"wpforms-field-name-last wpforms-field-required\" name=\"wpforms[fields][3][last]\" aria-errormessage=\"wpforms-3675-field_3-last-error\" required><label for=\"wpforms-3675-field_3-last\" class=\"wpforms-field-sublabel after\">Nom<\/label><\/div><\/div><\/fieldset><\/div>\t\t<div id=\"wpforms-3675-field_1-container\"\n\t\t\tclass=\"wpforms-field wpforms-field-text\"\n\t\t\tdata-field-type=\"text\"\n\t\t\tdata-field-id=\"1\"\n\t\t\t>\n\t\t\t<label class=\"wpforms-field-label\" for=\"wpforms-3675-field_1\" >E-mail Message Nom<\/label>\n\t\t\t<input type=\"text\" id=\"wpforms-3675-field_1\" class=\"wpforms-field-medium\" name=\"wpforms[fields][1]\" >\n\t\t<\/div>\n\t\t<div id=\"wpforms-3675-field_4-container\" class=\"wpforms-field wpforms-field-email\" data-field-id=\"4\"><label class=\"wpforms-field-label\" for=\"wpforms-3675-field_4\">E-mail <span class=\"wpforms-required-label\" aria-hidden=\"true\">*<\/span><\/label><input type=\"email\" id=\"wpforms-3675-field_4\" class=\"wpforms-field-medium wpforms-field-required\" name=\"wpforms[fields][4]\" spellcheck=\"false\" aria-errormessage=\"wpforms-3675-field_4-error\" required><\/div><div id=\"wpforms-3675-field_5-container\" class=\"wpforms-field wpforms-field-textarea\" data-field-id=\"5\"><label class=\"wpforms-field-label\" for=\"wpforms-3675-field_5\">Message <span class=\"wpforms-required-label\" aria-hidden=\"true\">*<\/span><\/label><textarea id=\"wpforms-3675-field_5\" class=\"wpforms-field-medium wpforms-field-required\" name=\"wpforms[fields][5]\" aria-errormessage=\"wpforms-3675-field_5-error\" required><\/textarea><\/div><script>\n\t\t\t\t( function() {\n\t\t\t\t\tconst style = document.createElement( 'style' );\n\t\t\t\t\tstyle.appendChild( document.createTextNode( '#wpforms-3675-field_1-container { position: absolute !important; overflow: hidden !important; display: inline !important; height: 1px !important; width: 1px !important; z-index: -1000 !important; padding: 0 !important; } #wpforms-3675-field_1-container input { visibility: hidden; } #wpforms-conversational-form-page #wpforms-3675-field_1-container label { counter-increment: none; }' ) );\n\t\t\t\t\tdocument.head.appendChild( style );\n\t\t\t\t\tdocument.currentScript?.remove();\n\t\t\t\t} )();\n\t\t\t<\/script><\/div><!-- .wpforms-field-container --><div class=\"wpforms-submit-container\" ><input type=\"hidden\" name=\"wpforms[id]\" value=\"3675\"><input type=\"hidden\" name=\"page_title\" value=\"\"><input type=\"hidden\" name=\"page_url\" value=\"https:\/\/homeproject.fr\/fr\/wp-json\/wp\/v2\/product\/13699\"><input type=\"hidden\" name=\"url_referer\" value=\"\"><button type=\"submit\" name=\"wpforms[submit]\" id=\"wpforms-submit-3675\" class=\"wpforms-submit\" data-alt-text=\"Envoi...\" data-submit-text=\"Envoyer\" aria-live=\"assertive\" value=\"wpforms-submit\">Envoyer<\/button><img decoding=\"async\" src=\"https:\/\/homeproject.fr\/fr\/wp-content\/plugins\/wpforms-lite\/assets\/images\/submit-spin.svg\" class=\"wpforms-submit-spinner\" style=\"display: none;\" width=\"26\" height=\"26\" alt=\"Chargement en cours\"><\/div><\/form><\/div>  <!-- .wpforms-container -->\n","protected":false},"excerpt":{"rendered":"<p data-start=\"262\" data-end=\"365\"><strong data-start=\"262\" data-end=\"365\">Un format intemporel pour un carrelage artisanal au charme authentique et \u00e0 la performance moderne.<\/strong><\/p>\n<p data-start=\"367\" data-end=\"750\">Fabriqu\u00e9 \u00e0 la main en Italie, le carreau <strong data-start=\"408\" data-end=\"420\">20&#215;20 cm<\/strong> de la collection <em data-start=\"438\" data-end=\"449\">Ecologica<\/em> associe l\u2019\u00e9l\u00e9gance rustique de la <strong data-start=\"484\" data-end=\"510\">terre cuite artisanale<\/strong> \u00e0 un <strong data-start=\"516\" data-end=\"543\">traitement BIO innovant<\/strong> qui le rend <strong data-start=\"556\" data-end=\"605\">imperm\u00e9able, antitache et facile \u00e0 entretenir<\/strong>. Ce carreau s\u00e9duit par sa <strong data-start=\"632\" data-end=\"674\">texture naturelle, ses nuances chaudes<\/strong> et sa capacit\u00e9 \u00e0 s\u2019adapter \u00e0 tous les espaces, int\u00e9rieurs comme ext\u00e9rieurs.<\/p>\n<p data-start=\"752\" data-end=\"946\">Gr\u00e2ce \u00e0 sa <strong data-start=\"763\" data-end=\"778\">pose simple<\/strong> avec des colles standards pour gr\u00e8s c\u00e9rame, il permet de cr\u00e9er rapidement des ambiances chaleureuses, qu\u2019elles soient m\u00e9diterran\u00e9ennes, boh\u00e8mes ou plus contemporaines.<\/p>\n","protected":false},"featured_media":13702,"template":"","meta":{"_uf_show_specific_survey":0,"_uf_disable_surveys":false,"iawp_total_views":34},"product_brand":[],"product_cat":[20,502],"product_tag":[],"class_list":{"0":"post-13699","1":"product","2":"type-product","3":"status-publish","4":"has-post-thumbnail","6":"product_cat-carrelage","7":"product_cat-terre-cuite","8":"product_shipping_class-carrelage","9":"pa_collection-ecologica","10":"pa_dimensions-nominales-20x20","11":"pa_effet-artisanal","12":"pa_effet-terre-cuite","13":"pa_epaisseur-20-mm","14":"pa_materiau-terre-cuite","16":"first","17":"instock","18":"sale","19":"taxable","20":"shipping-taxable","21":"purchasable","22":"product-type-simple"},"yoast_head":"<!-- This site is optimized with the Yoast SEO plugin v27.5 - https:\/\/yoast.com\/product\/yoast-seo-wordpress\/ -->\n<title>Carreau en Terre Cuite Artisanale 20x20 cm \u2013 S\u00e9rie Ecologica - Homeproject.fr<\/title>\n<meta name=\"robots\" content=\"index, follow, max-snippet:-1, max-image-preview:large, max-video-preview:-1\" \/>\n<link rel=\"canonical\" href=\"https:\/\/homeproject.fr\/fr\/produit\/carreau-en-terre-cuite-artisanale-20x20-cm-serie-ecologica\/\" \/>\n<meta property=\"og:locale\" content=\"fr_FR\" \/>\n<meta property=\"og:type\" content=\"article\" \/>\n<meta property=\"og:title\" content=\"Carreau en Terre Cuite Artisanale 20x20 cm \u2013 S\u00e9rie Ecologica - Homeproject.fr\" \/>\n<meta property=\"og:description\" content=\"Un format intemporel pour un carrelage artisanal au charme authentique et \u00e0 la performance moderne. Fabriqu\u00e9 \u00e0 la main en Italie, le carreau 20x20 cm de la collection Ecologica associe l\u2019\u00e9l\u00e9gance rustique de la terre cuite artisanale \u00e0 un traitement BIO innovant qui le rend imperm\u00e9able, antitache et facile \u00e0 entretenir. Ce carreau s\u00e9duit par sa texture naturelle, ses nuances chaudes et sa capacit\u00e9 \u00e0 s\u2019adapter \u00e0 tous les espaces, int\u00e9rieurs comme ext\u00e9rieurs. Gr\u00e2ce \u00e0 sa pose simple avec des colles standards pour gr\u00e8s c\u00e9rame, il permet de cr\u00e9er rapidement des ambiances chaleureuses, qu\u2019elles soient m\u00e9diterran\u00e9ennes, boh\u00e8mes ou plus contemporaines.\" \/>\n<meta property=\"og:url\" content=\"https:\/\/homeproject.fr\/fr\/produit\/carreau-en-terre-cuite-artisanale-20x20-cm-serie-ecologica\/\" \/>\n<meta property=\"og:site_name\" content=\"Homeproject.fr\" \/>\n<meta property=\"article:modified_time\" content=\"2025-06-07T09:25:50+00:00\" \/>\n<meta property=\"og:image\" content=\"https:\/\/homeproject.fr\/fr\/wp-content\/uploads\/2025\/06\/Terre-cuite-faite-a-la-main-carree-artisanale-Ecologica-Bio-20x20-3.jpg\" \/>\n\t<meta property=\"og:image:width\" content=\"1100\" \/>\n\t<meta property=\"og:image:height\" content=\"1100\" \/>\n\t<meta property=\"og:image:type\" content=\"image\/jpeg\" \/>\n<meta name=\"twitter:card\" content=\"summary_large_image\" \/>\n<meta name=\"twitter:label1\" content=\"Dur\u00e9e de lecture estim\u00e9e\" \/>\n\t<meta name=\"twitter:data1\" content=\"1 minute\" \/>\n<script type=\"application\/ld+json\" class=\"yoast-schema-graph\">{\"@context\":\"https:\\\/\\\/schema.org\",\"@graph\":[{\"@type\":\"WebPage\",\"@id\":\"https:\\\/\\\/homeproject.fr\\\/fr\\\/produit\\\/carreau-en-terre-cuite-artisanale-20x20-cm-serie-ecologica\\\/\",\"url\":\"https:\\\/\\\/homeproject.fr\\\/fr\\\/produit\\\/carreau-en-terre-cuite-artisanale-20x20-cm-serie-ecologica\\\/\",\"name\":\"Carreau en Terre Cuite Artisanale 20x20 cm \u2013 S\u00e9rie Ecologica - Homeproject.fr\",\"isPartOf\":{\"@id\":\"https:\\\/\\\/homeproject.fr\\\/fr\\\/#website\"},\"primaryImageOfPage\":{\"@id\":\"https:\\\/\\\/homeproject.fr\\\/fr\\\/produit\\\/carreau-en-terre-cuite-artisanale-20x20-cm-serie-ecologica\\\/#primaryimage\"},\"image\":{\"@id\":\"https:\\\/\\\/homeproject.fr\\\/fr\\\/produit\\\/carreau-en-terre-cuite-artisanale-20x20-cm-serie-ecologica\\\/#primaryimage\"},\"thumbnailUrl\":\"https:\\\/\\\/homeproject.fr\\\/fr\\\/wp-content\\\/uploads\\\/2025\\\/06\\\/Terre-cuite-faite-a-la-main-carree-artisanale-Ecologica-Bio-20x20-3.jpg\",\"datePublished\":\"2025-06-07T09:17:22+00:00\",\"dateModified\":\"2025-06-07T09:25:50+00:00\",\"breadcrumb\":{\"@id\":\"https:\\\/\\\/homeproject.fr\\\/fr\\\/produit\\\/carreau-en-terre-cuite-artisanale-20x20-cm-serie-ecologica\\\/#breadcrumb\"},\"inLanguage\":\"fr-FR\",\"potentialAction\":[{\"@type\":\"ReadAction\",\"target\":[\"https:\\\/\\\/homeproject.fr\\\/fr\\\/produit\\\/carreau-en-terre-cuite-artisanale-20x20-cm-serie-ecologica\\\/\"]}]},{\"@type\":\"ImageObject\",\"inLanguage\":\"fr-FR\",\"@id\":\"https:\\\/\\\/homeproject.fr\\\/fr\\\/produit\\\/carreau-en-terre-cuite-artisanale-20x20-cm-serie-ecologica\\\/#primaryimage\",\"url\":\"https:\\\/\\\/homeproject.fr\\\/fr\\\/wp-content\\\/uploads\\\/2025\\\/06\\\/Terre-cuite-faite-a-la-main-carree-artisanale-Ecologica-Bio-20x20-3.jpg\",\"contentUrl\":\"https:\\\/\\\/homeproject.fr\\\/fr\\\/wp-content\\\/uploads\\\/2025\\\/06\\\/Terre-cuite-faite-a-la-main-carree-artisanale-Ecologica-Bio-20x20-3.jpg\",\"width\":1100,\"height\":1100},{\"@type\":\"BreadcrumbList\",\"@id\":\"https:\\\/\\\/homeproject.fr\\\/fr\\\/produit\\\/carreau-en-terre-cuite-artisanale-20x20-cm-serie-ecologica\\\/#breadcrumb\",\"itemListElement\":[{\"@type\":\"ListItem\",\"position\":1,\"name\":\"Accueil\",\"item\":\"https:\\\/\\\/homeproject.fr\\\/fr\\\/\"},{\"@type\":\"ListItem\",\"position\":2,\"name\":\"Boutique\",\"item\":\"https:\\\/\\\/homeproject.fr\\\/fr\\\/boutique\\\/\"},{\"@type\":\"ListItem\",\"position\":3,\"name\":\"Carreau en Terre Cuite Artisanale 20&#215;20 cm \u2013 S\u00e9rie Ecologica\"}]},{\"@type\":\"WebSite\",\"@id\":\"https:\\\/\\\/homeproject.fr\\\/fr\\\/#website\",\"url\":\"https:\\\/\\\/homeproject.fr\\\/fr\\\/\",\"name\":\"Homeproject.fr\",\"description\":\"Offrez l&#039;exceptionnel \u00e0 vos espaces \u00e0 vivre\",\"publisher\":{\"@id\":\"https:\\\/\\\/homeproject.fr\\\/fr\\\/#organization\"},\"potentialAction\":[{\"@type\":\"SearchAction\",\"target\":{\"@type\":\"EntryPoint\",\"urlTemplate\":\"https:\\\/\\\/homeproject.fr\\\/fr\\\/?s={search_term_string}\"},\"query-input\":{\"@type\":\"PropertyValueSpecification\",\"valueRequired\":true,\"valueName\":\"search_term_string\"}}],\"inLanguage\":\"fr-FR\"},{\"@type\":\"Organization\",\"@id\":\"https:\\\/\\\/homeproject.fr\\\/fr\\\/#organization\",\"name\":\"Homeproject.fr\",\"url\":\"https:\\\/\\\/homeproject.fr\\\/fr\\\/\",\"logo\":{\"@type\":\"ImageObject\",\"inLanguage\":\"fr-FR\",\"@id\":\"https:\\\/\\\/homeproject.fr\\\/fr\\\/#\\\/schema\\\/logo\\\/image\\\/\",\"url\":\"https:\\\/\\\/homeproject.fr\\\/fr\\\/wp-content\\\/uploads\\\/2024\\\/12\\\/Logo_HomeProject-noir-2.png\",\"contentUrl\":\"https:\\\/\\\/homeproject.fr\\\/fr\\\/wp-content\\\/uploads\\\/2024\\\/12\\\/Logo_HomeProject-noir-2.png\",\"width\":300,\"height\":91,\"caption\":\"Homeproject.fr\"},\"image\":{\"@id\":\"https:\\\/\\\/homeproject.fr\\\/fr\\\/#\\\/schema\\\/logo\\\/image\\\/\"}}]}<\/script>\n<!-- \/ Yoast SEO plugin. -->","yoast_head_json":{"title":"Carreau en Terre Cuite Artisanale 20x20 cm \u2013 S\u00e9rie Ecologica - Homeproject.fr","robots":{"index":"index","follow":"follow","max-snippet":"max-snippet:-1","max-image-preview":"max-image-preview:large","max-video-preview":"max-video-preview:-1"},"canonical":"https:\/\/homeproject.fr\/fr\/produit\/carreau-en-terre-cuite-artisanale-20x20-cm-serie-ecologica\/","og_locale":"fr_FR","og_type":"article","og_title":"Carreau en Terre Cuite Artisanale 20x20 cm \u2013 S\u00e9rie Ecologica - Homeproject.fr","og_description":"Un format intemporel pour un carrelage artisanal au charme authentique et \u00e0 la performance moderne. Fabriqu\u00e9 \u00e0 la main en Italie, le carreau 20x20 cm de la collection Ecologica associe l\u2019\u00e9l\u00e9gance rustique de la terre cuite artisanale \u00e0 un traitement BIO innovant qui le rend imperm\u00e9able, antitache et facile \u00e0 entretenir. Ce carreau s\u00e9duit par sa texture naturelle, ses nuances chaudes et sa capacit\u00e9 \u00e0 s\u2019adapter \u00e0 tous les espaces, int\u00e9rieurs comme ext\u00e9rieurs. Gr\u00e2ce \u00e0 sa pose simple avec des colles standards pour gr\u00e8s c\u00e9rame, il permet de cr\u00e9er rapidement des ambiances chaleureuses, qu\u2019elles soient m\u00e9diterran\u00e9ennes, boh\u00e8mes ou plus contemporaines.","og_url":"https:\/\/homeproject.fr\/fr\/produit\/carreau-en-terre-cuite-artisanale-20x20-cm-serie-ecologica\/","og_site_name":"Homeproject.fr","article_modified_time":"2025-06-07T09:25:50+00:00","og_image":[{"width":1100,"height":1100,"url":"https:\/\/homeproject.fr\/fr\/wp-content\/uploads\/2025\/06\/Terre-cuite-faite-a-la-main-carree-artisanale-Ecologica-Bio-20x20-3.jpg","type":"image\/jpeg"}],"twitter_card":"summary_large_image","twitter_misc":{"Dur\u00e9e de lecture estim\u00e9e":"1 minute"},"schema":{"@context":"https:\/\/schema.org","@graph":[{"@type":"WebPage","@id":"https:\/\/homeproject.fr\/fr\/produit\/carreau-en-terre-cuite-artisanale-20x20-cm-serie-ecologica\/","url":"https:\/\/homeproject.fr\/fr\/produit\/carreau-en-terre-cuite-artisanale-20x20-cm-serie-ecologica\/","name":"Carreau en Terre Cuite Artisanale 20x20 cm \u2013 S\u00e9rie Ecologica - Homeproject.fr","isPartOf":{"@id":"https:\/\/homeproject.fr\/fr\/#website"},"primaryImageOfPage":{"@id":"https:\/\/homeproject.fr\/fr\/produit\/carreau-en-terre-cuite-artisanale-20x20-cm-serie-ecologica\/#primaryimage"},"image":{"@id":"https:\/\/homeproject.fr\/fr\/produit\/carreau-en-terre-cuite-artisanale-20x20-cm-serie-ecologica\/#primaryimage"},"thumbnailUrl":"https:\/\/homeproject.fr\/fr\/wp-content\/uploads\/2025\/06\/Terre-cuite-faite-a-la-main-carree-artisanale-Ecologica-Bio-20x20-3.jpg","datePublished":"2025-06-07T09:17:22+00:00","dateModified":"2025-06-07T09:25:50+00:00","breadcrumb":{"@id":"https:\/\/homeproject.fr\/fr\/produit\/carreau-en-terre-cuite-artisanale-20x20-cm-serie-ecologica\/#breadcrumb"},"inLanguage":"fr-FR","potentialAction":[{"@type":"ReadAction","target":["https:\/\/homeproject.fr\/fr\/produit\/carreau-en-terre-cuite-artisanale-20x20-cm-serie-ecologica\/"]}]},{"@type":"ImageObject","inLanguage":"fr-FR","@id":"https:\/\/homeproject.fr\/fr\/produit\/carreau-en-terre-cuite-artisanale-20x20-cm-serie-ecologica\/#primaryimage","url":"https:\/\/homeproject.fr\/fr\/wp-content\/uploads\/2025\/06\/Terre-cuite-faite-a-la-main-carree-artisanale-Ecologica-Bio-20x20-3.jpg","contentUrl":"https:\/\/homeproject.fr\/fr\/wp-content\/uploads\/2025\/06\/Terre-cuite-faite-a-la-main-carree-artisanale-Ecologica-Bio-20x20-3.jpg","width":1100,"height":1100},{"@type":"BreadcrumbList","@id":"https:\/\/homeproject.fr\/fr\/produit\/carreau-en-terre-cuite-artisanale-20x20-cm-serie-ecologica\/#breadcrumb","itemListElement":[{"@type":"ListItem","position":1,"name":"Accueil","item":"https:\/\/homeproject.fr\/fr\/"},{"@type":"ListItem","position":2,"name":"Boutique","item":"https:\/\/homeproject.fr\/fr\/boutique\/"},{"@type":"ListItem","position":3,"name":"Carreau en Terre Cuite Artisanale 20&#215;20 cm \u2013 S\u00e9rie Ecologica"}]},{"@type":"WebSite","@id":"https:\/\/homeproject.fr\/fr\/#website","url":"https:\/\/homeproject.fr\/fr\/","name":"Homeproject.fr","description":"Offrez l&#039;exceptionnel \u00e0 vos espaces \u00e0 vivre","publisher":{"@id":"https:\/\/homeproject.fr\/fr\/#organization"},"potentialAction":[{"@type":"SearchAction","target":{"@type":"EntryPoint","urlTemplate":"https:\/\/homeproject.fr\/fr\/?s={search_term_string}"},"query-input":{"@type":"PropertyValueSpecification","valueRequired":true,"valueName":"search_term_string"}}],"inLanguage":"fr-FR"},{"@type":"Organization","@id":"https:\/\/homeproject.fr\/fr\/#organization","name":"Homeproject.fr","url":"https:\/\/homeproject.fr\/fr\/","logo":{"@type":"ImageObject","inLanguage":"fr-FR","@id":"https:\/\/homeproject.fr\/fr\/#\/schema\/logo\/image\/","url":"https:\/\/homeproject.fr\/fr\/wp-content\/uploads\/2024\/12\/Logo_HomeProject-noir-2.png","contentUrl":"https:\/\/homeproject.fr\/fr\/wp-content\/uploads\/2024\/12\/Logo_HomeProject-noir-2.png","width":300,"height":91,"caption":"Homeproject.fr"},"image":{"@id":"https:\/\/homeproject.fr\/fr\/#\/schema\/logo\/image\/"}}]}},"_links":{"self":[{"href":"https:\/\/homeproject.fr\/fr\/wp-json\/wp\/v2\/product\/13699","targetHints":{"allow":["GET"]}}],"collection":[{"href":"https:\/\/homeproject.fr\/fr\/wp-json\/wp\/v2\/product"}],"about":[{"href":"https:\/\/homeproject.fr\/fr\/wp-json\/wp\/v2\/types\/product"}],"version-history":[{"count":1,"href":"https:\/\/homeproject.fr\/fr\/wp-json\/wp\/v2\/product\/13699\/revisions"}],"predecessor-version":[{"id":13704,"href":"https:\/\/homeproject.fr\/fr\/wp-json\/wp\/v2\/product\/13699\/revisions\/13704"}],"wp:featuredmedia":[{"embeddable":true,"href":"https:\/\/homeproject.fr\/fr\/wp-json\/wp\/v2\/media\/13702"}],"wp:attachment":[{"href":"https:\/\/homeproject.fr\/fr\/wp-json\/wp\/v2\/media?parent=13699"}],"wp:term":[{"taxonomy":"product_brand","embeddable":true,"href":"https:\/\/homeproject.fr\/fr\/wp-json\/wp\/v2\/product_brand?post=13699"},{"taxonomy":"product_cat","embeddable":true,"href":"https:\/\/homeproject.fr\/fr\/wp-json\/wp\/v2\/product_cat?post=13699"},{"taxonomy":"product_tag","embeddable":true,"href":"https:\/\/homeproject.fr\/fr\/wp-json\/wp\/v2\/product_tag?post=13699"}],"curies":[{"name":"wp","href":"https:\/\/api.w.org\/{rel}","templated":true}]}}